{"id":13509425,"date":"2026-04-09T14:08:36","date_gmt":"2026-04-09T13:08:36","guid":{"rendered":"https:\/\/grupo-garcia.es\/properties\/villa-xuquer-nieuwe-villa-te-koop-met-panoramisch-uitzicht-op-zee-en-de-bergen-26137025\/"},"modified":"2026-04-28T05:37:51","modified_gmt":"2026-04-28T04:37:51","slug":"villa-xuquer-nieuwe-villa-te-koop-met-panoramisch-uitzicht-op-zee-en-de-bergen-26137025","status":"publish","type":"properties","link":"https:\/\/grupo-garcia.es\/nl\/properties\/villa-xuquer-nieuwe-villa-te-koop-met-panoramisch-uitzicht-op-zee-en-de-bergen-26137025\/","title":{"rendered":"Villa X\u00faquer. Nieuwe villa te koop met panoramisch uitzicht op zee en de bergen."},"content":{"rendered":"<p>Maak kennis met Villa X\u00faquer \u2013 een verfijnde luxe residentie in het exclusieve Monte Solana-complex, met een adembenemend panoramisch uitzicht op zowel de Middellandse Zee als de omliggende bergen. Deze prachtige woning is gelegen op een ruim priv\u00e9perceel van 1.250 m\u00b2 en beschikt over een royaal zwembad, dat de essentie van het mediterrane leven belichaamt.<\/p>\n<p>Villa X\u00faquer is zorgvuldig ontworpen met moderne architectuur en onderscheidt zich door zijn indrukwekkende woonoppervlak, compleet met een hoog plafond van dubbele hoogte en kamerhoge ramen die het pittoreske natuurlijke landschap naadloos omlijsten. De residentie biedt in totaal 210 m\u00b2 woonoppervlak, met vier ruime slaapkamers en vier elegante badkamers. Een priv\u00e9lift zorgt voor gemakkelijke toegang tot alle verdiepingen, terwijl er een beveiligde parkeerplaats is voor twee auto&#8217;s.<\/p>\n<p>Een van de kenmerkende eigenschappen van Villa X\u00faquer is de volledige aanpasbaarheid. Kopers hebben de unieke mogelijkheid om het project aan te passen aan hun persoonlijke voorkeuren en zo een woning te cre\u00ebren die perfect bij hun levensstijl past. Of u nu ruime open ruimtes, verfijnde afwerkingen of op maat gemaakte voorzieningen wenst, deze woning biedt de flexibiliteit om uw visie te verwezenlijken. De villa is te koop vanaf \u20ac 950.000 exclusief belastingen, met bouwwerkzaamheden op aanvraag.<\/p>\n<p>Villa X\u00faquer ligt in het charmante stadje Pedreguer, op een bevoorrechte locatie op slechts enkele minuten van idyllische stranden en het beroemde winkel- en recreatiecomplex Portal de la Marina. De woning biedt gemakkelijke toegang tot de snelweg, die u in minder dan 15 minuten verbindt met de bruisende kustplaatsen D\u00e9nia, Ondara en J\u00e1vea. Het gebied staat bekend om zijn rustige sfeer, prachtige natuur en de nabijheid van essenti\u00eble voorzieningen, waardoor het een ideale keuze is voor wie op zoek is naar rust en connectiviteit. Of het nu gaat om een permanente woning of een luxe vakantieverblijf, Villa X\u00faquer biedt een unieke kans om het mediterrane leven op zijn best te ervaren.<\/p><\/p>\n","protected":false},"featured_media":13529958,"template":"","meta":{"id_inmovilla":["26137025"],"property_type":["Villa"],"property_ref":["PG6628"],"property_price":["995000"],"property_city":["Pedreguer"],"property_region":["ALICANTE"],"zona-auxiliar":["Comunidad valenciana"],"tipo-via":[""],"domicilio":[""],"numero":[""],"codigo-postal":["03750"],"altura":[""],"planta":[""],"piso":[""],"puerta":[""],"escalera":[""],"bloque":[""],"edificio":[""],"habitaciones-dobles":["4"],"bedrooms":["0"],"banos":["4"],"aseos":["0"],"salones":["0"],"parking":["0","2"],"plantas":["0"],"fecha-construccion":["0"],"distancia-playa":["0"],"comunidad":["0"],"periodicidad-comunidad":["MES"],"ibi":["0.00"],"distancia-al-mar":["0"],"metros-utiles":["0.00"],"metros-construidos":["210.00"],"metros-parcela":["1250"],"metros-de-la-terraza":["0.00"],"metros-de-la-cocina":["0.00"],"metros-del-comedor":["0.00"],"metros-del-salon":["0.00"],"estado":["Nuevo"],"carpinteria-exterior":["Aluminio\/Climalit"],"tipo-suelo":["Stoneware"],"orientacion":[""],"carpinteria-interior":["Lacado Blanco"],"vistas":["Panorama's"],"tipo-de-calefaccion":["23"],"agua-caliente":["0"],"tipo-cocina":[""],"instalacion-electrica":["0"],"fachada":[""],"acceso-pmr":["false"],"armarios-empotrados":["false"],"calefaccion":["true"],"garaje":["false"],"jacuzzi":["false"],"solarium":["false"],"vivienda-adaptada":["false"],"ascensor":["true"],"calefaccion-central":["false"],"garaje-doble":["false"],"jardin":["true"],"puerta-blindada":["true"],"t-v":["false"],"aire-acond-central":["true"],"balcon":["false"],"chimenea":["false"],"gas-ciudad":["false"],"lavanderia":["false"],"patio":["false"],"aire-acondicionado":["false"],"bar":["false"],"deposito-agua":["false"],"gimnasio":["false"],"luminoso":["true"],"pergola":["false"],"terraza":["true"],"alarma":["false"],"barbacoa":["false"],"descalcificador":["false"],"hab-juegos":["false"],"luz":["false"],"piscina-comunitaria":["false"],"satelite":["false"],"terraza-acristalada":["false"],"alarma-incendio":["false"],"bomba-frio-y-calor":["false"],"despensa":["false"],"hidromasaje":["false"],"mirador":["false"],"piscina-propia":["true"],"sauna":["false"],"trastero":["false"],"apart-separado":["false"],"buhardilla":["false"],"esquina":["false"],"muebles":["false"],"preinst-aacc":["false"],"sotano":["false"],"videoportero":[""],"autobuses":["false"],"centros-comerciales":["false"],"colegios":["false"],"hospitales":["false"],"urbanizacion":["false"],"vistas-al-mar":["true"],"zonas-infantiles":["false"],"arboles":["false"],"centros-medicos":["false"],"costa":["true"],"metro":["false"],"primera-linea":["false"],"tranvia":["false"],"vallado":["false"],"golf":["false"],"montana":["false"],"rural":["false"],"tren":["false"],"exclusividad":["false"],"tour-virtual":[""],"video":[""],"disponibilidad-propiedad":["Libre"],"habitaciones_totales":["4"],"ojo_de_buey":["true"],"certificado_energetico":["G"],"energia_valor":["0"],"_wp_page_template":["default"],"galeria":["a:14:{i:13529958;s:59:\"https:\/\/grupo-garcia.es\/wp-content\/uploads\/2026\/01\/14-1.jpg\";i:13530058;s:59:\"https:\/\/grupo-garcia.es\/wp-content\/uploads\/2026\/01\/14-2.jpg\";i:13530059;s:59:\"https:\/\/grupo-garcia.es\/wp-content\/uploads\/2026\/01\/14-3.jpg\";i:13530060;s:59:\"https:\/\/grupo-garcia.es\/wp-content\/uploads\/2026\/01\/14-4.jpg\";i:13530061;s:59:\"https:\/\/grupo-garcia.es\/wp-content\/uploads\/2026\/01\/14-5.jpg\";i:13530062;s:59:\"https:\/\/grupo-garcia.es\/wp-content\/uploads\/2026\/01\/14-6.jpg\";i:13530063;s:59:\"https:\/\/grupo-garcia.es\/wp-content\/uploads\/2026\/01\/14-7.jpg\";i:13530064;s:59:\"https:\/\/grupo-garcia.es\/wp-content\/uploads\/2026\/01\/14-8.jpg\";i:13530065;s:59:\"https:\/\/grupo-garcia.es\/wp-content\/uploads\/2026\/01\/14-9.jpg\";i:13530066;s:67:\"https:\/\/grupo-garcia.es\/wp-content\/uploads\/2026\/01\/14-10-scaled.jpg\";i:13530067;s:67:\"https:\/\/grupo-garcia.es\/wp-content\/uploads\/2026\/01\/14-11-scaled.jpg\";i:13530068;s:67:\"https:\/\/grupo-garcia.es\/wp-content\/uploads\/2026\/01\/14-12-scaled.jpg\";i:13530069;s:67:\"https:\/\/grupo-garcia.es\/wp-content\/uploads\/2026\/01\/14-13-scaled.jpg\";i:13530070;s:67:\"https:\/\/grupo-garcia.es\/wp-content\/uploads\/2026\/01\/14-14-scaled.jpg\";}"],"_thumbnail_id":["13529958"],"_wpml_word_count":["360"]},"property-state":[208],"property-type":[404],"zone":[474],"city":[66],"property_categories":[268],"class_list":["post-13509425","properties","type-properties","status-publish","has-post-thumbnail","hentry","property-state-een-nieuw-gebouw-kopen","property-type-villas-nl-2","zone-comunidad-valenciana","city-pedreguer","property_categories-verkoop"],"yoast_head":"<!-- This site is optimized with the Yoast SEO plugin v27.5 - https:\/\/yoast.com\/product\/yoast-seo-wordpress\/ -->\n<title>Villa X\u00faquer. Nieuwe villa te koop met panoramisch uitzicht op zee en de bergen. | Grupo Garcia<\/title>\n<meta name=\"description\" content=\"Villa X\u00faquer. Nieuwe villa te koop met panoramisch uitzicht op zee en de bergen. Maak kennis met Villa X\u00faquer \u2013 een verfijnde luxe residentie in het exclusieve Monte Solana-complex, met een adembenemend panoramisch uitzicht op zowel de\" \/>\n<meta name=\"robots\" content=\"index, follow, max-snippet:-1, max-image-preview:large, max-video-preview:-1\" \/>\n<link rel=\"canonical\" href=\"https:\/\/grupo-garcia.es\/nl\/properties\/villa-xuquer-nieuwe-villa-te-koop-met-panoramisch-uitzicht-op-zee-en-de-bergen-26137025\/\" \/>\n<meta property=\"og:locale\" content=\"nl_NL\" \/>\n<meta property=\"og:type\" content=\"article\" \/>\n<meta property=\"og:title\" content=\"Villa X\u00faquer. Nieuwe villa te koop met panoramisch uitzicht op zee en de bergen. | Grupo Garcia\" \/>\n<meta property=\"og:description\" content=\"Villa X\u00faquer. Nieuwe villa te koop met panoramisch uitzicht op zee en de bergen. Maak kennis met Villa X\u00faquer \u2013 een verfijnde luxe residentie in het exclusieve Monte Solana-complex, met een adembenemend panoramisch uitzicht op zowel de\" \/>\n<meta property=\"og:url\" content=\"https:\/\/grupo-garcia.es\/nl\/properties\/villa-xuquer-nieuwe-villa-te-koop-met-panoramisch-uitzicht-op-zee-en-de-bergen-26137025\/\" \/>\n<meta property=\"og:site_name\" content=\"Grupo Garcia\" \/>\n<meta property=\"article:publisher\" content=\"https:\/\/www.facebook.com\/grupogarciacostablanca\/\" \/>\n<meta property=\"article:modified_time\" content=\"2026-04-28T04:37:51+00:00\" \/>\n<meta property=\"og:image\" content=\"https:\/\/grupo-garcia.es\/wp-content\/uploads\/2026\/01\/14-1.jpg\" \/>\n\t<meta property=\"og:image:width\" content=\"640\" \/>\n\t<meta property=\"og:image:height\" content=\"480\" \/>\n\t<meta property=\"og:image:type\" content=\"image\/jpeg\" \/>\n<meta name=\"twitter:card\" content=\"summary_large_image\" \/>\n<meta name=\"twitter:label1\" content=\"Geschatte leestijd\" \/>\n\t<meta name=\"twitter:data1\" content=\"2 minuten\" \/>\n<script type=\"application\/ld+json\" class=\"yoast-schema-graph\">{\"@context\":\"https:\\\/\\\/schema.org\",\"@graph\":[{\"@type\":[\"WebPage\",\"RealEstateListing\"],\"@id\":\"https:\\\/\\\/grupo-garcia.es\\\/nl\\\/properties\\\/villa-xuquer-nieuwe-villa-te-koop-met-panoramisch-uitzicht-op-zee-en-de-bergen-26137025\\\/\",\"url\":\"https:\\\/\\\/grupo-garcia.es\\\/nl\\\/properties\\\/villa-xuquer-nieuwe-villa-te-koop-met-panoramisch-uitzicht-op-zee-en-de-bergen-26137025\\\/\",\"name\":\"Villa X\u00faquer. Nieuwe villa te koop met panoramisch uitzicht op zee en de bergen. | Grupo Garcia\",\"isPartOf\":{\"@id\":\"https:\\\/\\\/grupo-garcia.es\\\/nl\\\/#website\"},\"primaryImageOfPage\":{\"@id\":\"https:\\\/\\\/grupo-garcia.es\\\/nl\\\/properties\\\/villa-xuquer-nieuwe-villa-te-koop-met-panoramisch-uitzicht-op-zee-en-de-bergen-26137025\\\/#primaryimage\"},\"image\":{\"@id\":\"https:\\\/\\\/grupo-garcia.es\\\/nl\\\/properties\\\/villa-xuquer-nieuwe-villa-te-koop-met-panoramisch-uitzicht-op-zee-en-de-bergen-26137025\\\/#primaryimage\"},\"thumbnailUrl\":\"https:\\\/\\\/grupo-garcia.es\\\/wp-content\\\/uploads\\\/2026\\\/01\\\/14-1.jpg\",\"datePublished\":\"2026-04-09T13:08:36+00:00\",\"dateModified\":\"2026-04-28T04:37:51+00:00\",\"description\":\"Villa X\u00faquer. Nieuwe villa te koop met panoramisch uitzicht op zee en de bergen. Maak kennis met Villa X\u00faquer \u2013 een verfijnde luxe residentie in het exclusieve Monte Solana-complex, met een adembenemend panoramisch uitzicht op zowel de\",\"breadcrumb\":{\"@id\":\"https:\\\/\\\/grupo-garcia.es\\\/nl\\\/properties\\\/villa-xuquer-nieuwe-villa-te-koop-met-panoramisch-uitzicht-op-zee-en-de-bergen-26137025\\\/#breadcrumb\"},\"inLanguage\":\"nl-NL\",\"potentialAction\":[{\"@type\":\"ReadAction\",\"target\":[\"https:\\\/\\\/grupo-garcia.es\\\/nl\\\/properties\\\/villa-xuquer-nieuwe-villa-te-koop-met-panoramisch-uitzicht-op-zee-en-de-bergen-26137025\\\/\"]}]},{\"@type\":\"ImageObject\",\"inLanguage\":\"nl-NL\",\"@id\":\"https:\\\/\\\/grupo-garcia.es\\\/nl\\\/properties\\\/villa-xuquer-nieuwe-villa-te-koop-met-panoramisch-uitzicht-op-zee-en-de-bergen-26137025\\\/#primaryimage\",\"url\":\"https:\\\/\\\/grupo-garcia.es\\\/wp-content\\\/uploads\\\/2026\\\/01\\\/14-1.jpg\",\"contentUrl\":\"https:\\\/\\\/grupo-garcia.es\\\/wp-content\\\/uploads\\\/2026\\\/01\\\/14-1.jpg\",\"width\":640,\"height\":480},{\"@type\":\"BreadcrumbList\",\"@id\":\"https:\\\/\\\/grupo-garcia.es\\\/nl\\\/properties\\\/villa-xuquer-nieuwe-villa-te-koop-met-panoramisch-uitzicht-op-zee-en-de-bergen-26137025\\\/#breadcrumb\",\"itemListElement\":[{\"@type\":\"ListItem\",\"position\":1,\"name\":\"Portada\",\"item\":\"https:\\\/\\\/grupo-garcia.es\\\/nl\\\/\"},{\"@type\":\"ListItem\",\"position\":2,\"name\":\"Properties\",\"item\":\"https:\\\/\\\/grupo-garcia.es\\\/nl\\\/properties\\\/\"},{\"@type\":\"ListItem\",\"position\":3,\"name\":\"Villa X\u00faquer. Nieuwe villa te koop met panoramisch uitzicht op zee en de bergen.\"}]},{\"@type\":\"WebSite\",\"@id\":\"https:\\\/\\\/grupo-garcia.es\\\/nl\\\/#website\",\"url\":\"https:\\\/\\\/grupo-garcia.es\\\/nl\\\/\",\"name\":\"Grupo Garcia\",\"description\":\"Inmobiliaria en J\u00e1vea y Jal\u00f3n\",\"potentialAction\":[{\"@type\":\"SearchAction\",\"target\":{\"@type\":\"EntryPoint\",\"urlTemplate\":\"https:\\\/\\\/grupo-garcia.es\\\/nl\\\/?s={search_term_string}\"},\"query-input\":{\"@type\":\"PropertyValueSpecification\",\"valueRequired\":true,\"valueName\":\"search_term_string\"}}],\"inLanguage\":\"nl-NL\"}]}<\/script>\n<!-- \/ Yoast SEO plugin. -->","yoast_head_json":{"title":"Villa X\u00faquer. Nieuwe villa te koop met panoramisch uitzicht op zee en de bergen. | Grupo Garcia","description":"Villa X\u00faquer. Nieuwe villa te koop met panoramisch uitzicht op zee en de bergen. Maak kennis met Villa X\u00faquer \u2013 een verfijnde luxe residentie in het exclusieve Monte Solana-complex, met een adembenemend panoramisch uitzicht op zowel de","robots":{"index":"index","follow":"follow","max-snippet":"max-snippet:-1","max-image-preview":"max-image-preview:large","max-video-preview":"max-video-preview:-1"},"canonical":"https:\/\/grupo-garcia.es\/nl\/properties\/villa-xuquer-nieuwe-villa-te-koop-met-panoramisch-uitzicht-op-zee-en-de-bergen-26137025\/","og_locale":"nl_NL","og_type":"article","og_title":"Villa X\u00faquer. Nieuwe villa te koop met panoramisch uitzicht op zee en de bergen. | Grupo Garcia","og_description":"Villa X\u00faquer. Nieuwe villa te koop met panoramisch uitzicht op zee en de bergen. Maak kennis met Villa X\u00faquer \u2013 een verfijnde luxe residentie in het exclusieve Monte Solana-complex, met een adembenemend panoramisch uitzicht op zowel de","og_url":"https:\/\/grupo-garcia.es\/nl\/properties\/villa-xuquer-nieuwe-villa-te-koop-met-panoramisch-uitzicht-op-zee-en-de-bergen-26137025\/","og_site_name":"Grupo Garcia","article_publisher":"https:\/\/www.facebook.com\/grupogarciacostablanca\/","article_modified_time":"2026-04-28T04:37:51+00:00","og_image":[{"width":640,"height":480,"url":"https:\/\/grupo-garcia.es\/wp-content\/uploads\/2026\/01\/14-1.jpg","type":"image\/jpeg"}],"twitter_card":"summary_large_image","twitter_misc":{"Geschatte leestijd":"2 minuten"},"schema":{"@context":"https:\/\/schema.org","@graph":[{"@type":["WebPage","RealEstateListing"],"@id":"https:\/\/grupo-garcia.es\/nl\/properties\/villa-xuquer-nieuwe-villa-te-koop-met-panoramisch-uitzicht-op-zee-en-de-bergen-26137025\/","url":"https:\/\/grupo-garcia.es\/nl\/properties\/villa-xuquer-nieuwe-villa-te-koop-met-panoramisch-uitzicht-op-zee-en-de-bergen-26137025\/","name":"Villa X\u00faquer. Nieuwe villa te koop met panoramisch uitzicht op zee en de bergen. | Grupo Garcia","isPartOf":{"@id":"https:\/\/grupo-garcia.es\/nl\/#website"},"primaryImageOfPage":{"@id":"https:\/\/grupo-garcia.es\/nl\/properties\/villa-xuquer-nieuwe-villa-te-koop-met-panoramisch-uitzicht-op-zee-en-de-bergen-26137025\/#primaryimage"},"image":{"@id":"https:\/\/grupo-garcia.es\/nl\/properties\/villa-xuquer-nieuwe-villa-te-koop-met-panoramisch-uitzicht-op-zee-en-de-bergen-26137025\/#primaryimage"},"thumbnailUrl":"https:\/\/grupo-garcia.es\/wp-content\/uploads\/2026\/01\/14-1.jpg","datePublished":"2026-04-09T13:08:36+00:00","dateModified":"2026-04-28T04:37:51+00:00","description":"Villa X\u00faquer. Nieuwe villa te koop met panoramisch uitzicht op zee en de bergen. Maak kennis met Villa X\u00faquer \u2013 een verfijnde luxe residentie in het exclusieve Monte Solana-complex, met een adembenemend panoramisch uitzicht op zowel de","breadcrumb":{"@id":"https:\/\/grupo-garcia.es\/nl\/properties\/villa-xuquer-nieuwe-villa-te-koop-met-panoramisch-uitzicht-op-zee-en-de-bergen-26137025\/#breadcrumb"},"inLanguage":"nl-NL","potentialAction":[{"@type":"ReadAction","target":["https:\/\/grupo-garcia.es\/nl\/properties\/villa-xuquer-nieuwe-villa-te-koop-met-panoramisch-uitzicht-op-zee-en-de-bergen-26137025\/"]}]},{"@type":"ImageObject","inLanguage":"nl-NL","@id":"https:\/\/grupo-garcia.es\/nl\/properties\/villa-xuquer-nieuwe-villa-te-koop-met-panoramisch-uitzicht-op-zee-en-de-bergen-26137025\/#primaryimage","url":"https:\/\/grupo-garcia.es\/wp-content\/uploads\/2026\/01\/14-1.jpg","contentUrl":"https:\/\/grupo-garcia.es\/wp-content\/uploads\/2026\/01\/14-1.jpg","width":640,"height":480},{"@type":"BreadcrumbList","@id":"https:\/\/grupo-garcia.es\/nl\/properties\/villa-xuquer-nieuwe-villa-te-koop-met-panoramisch-uitzicht-op-zee-en-de-bergen-26137025\/#breadcrumb","itemListElement":[{"@type":"ListItem","position":1,"name":"Portada","item":"https:\/\/grupo-garcia.es\/nl\/"},{"@type":"ListItem","position":2,"name":"Properties","item":"https:\/\/grupo-garcia.es\/nl\/properties\/"},{"@type":"ListItem","position":3,"name":"Villa X\u00faquer. Nieuwe villa te koop met panoramisch uitzicht op zee en de bergen."}]},{"@type":"WebSite","@id":"https:\/\/grupo-garcia.es\/nl\/#website","url":"https:\/\/grupo-garcia.es\/nl\/","name":"Grupo Garcia","description":"Inmobiliaria en J\u00e1vea y Jal\u00f3n","potentialAction":[{"@type":"SearchAction","target":{"@type":"EntryPoint","urlTemplate":"https:\/\/grupo-garcia.es\/nl\/?s={search_term_string}"},"query-input":{"@type":"PropertyValueSpecification","valueRequired":true,"valueName":"search_term_string"}}],"inLanguage":"nl-NL"}]}},"_links":{"self":[{"href":"https:\/\/grupo-garcia.es\/nl\/wp-json\/wp\/v2\/properties\/13509425","targetHints":{"allow":["GET"]}}],"collection":[{"href":"https:\/\/grupo-garcia.es\/nl\/wp-json\/wp\/v2\/properties"}],"about":[{"href":"https:\/\/grupo-garcia.es\/nl\/wp-json\/wp\/v2\/types\/properties"}],"wp:featuredmedia":[{"embeddable":true,"href":"https:\/\/grupo-garcia.es\/nl\/wp-json\/wp\/v2\/media\/13529958"}],"wp:attachment":[{"href":"https:\/\/grupo-garcia.es\/nl\/wp-json\/wp\/v2\/media?parent=13509425"}],"wp:term":[{"taxonomy":"property-state","embeddable":true,"href":"https:\/\/grupo-garcia.es\/nl\/wp-json\/wp\/v2\/property-state?post=13509425"},{"taxonomy":"property-type","embeddable":true,"href":"https:\/\/grupo-garcia.es\/nl\/wp-json\/wp\/v2\/property-type?post=13509425"},{"taxonomy":"zone","embeddable":true,"href":"https:\/\/grupo-garcia.es\/nl\/wp-json\/wp\/v2\/zone?post=13509425"},{"taxonomy":"city","embeddable":true,"href":"https:\/\/grupo-garcia.es\/nl\/wp-json\/wp\/v2\/city?post=13509425"},{"taxonomy":"property_categories","embeddable":true,"href":"https:\/\/grupo-garcia.es\/nl\/wp-json\/wp\/v2\/property_categories?post=13509425"}],"curies":[{"name":"wp","href":"https:\/\/api.w.org\/{rel}","templated":true}]}}