{"id":13493872,"date":"2026-02-21T10:30:24","date_gmt":"2026-02-21T09:30:24","guid":{"rendered":"https:\/\/grupo-garcia.es\/properties\/exclusieve-villas-met-zeezicht-en-de-bergen-in-finestrat-alicante-23706516\/"},"modified":"2026-04-28T05:36:26","modified_gmt":"2026-04-28T04:36:26","slug":"exclusieve-villas-met-zeezicht-en-de-bergen-in-finestrat-alicante-23706516","status":"publish","type":"properties","link":"https:\/\/grupo-garcia.es\/nl\/properties\/exclusieve-villas-met-zeezicht-en-de-bergen-in-finestrat-alicante-23706516\/","title":{"rendered":"Exclusieve villa&#8217;s met zeezicht en de bergen in Finestrat, Alicante."},"content":{"rendered":"<p>Exclusieve villa&#8217;s met uitzicht op zee en de bergen in Finestrat, Alicante. Type 1 \/ 595.000 Euro &#8211; Type 2 \/ 725.000 Euro.<\/p>\n<p>Dit is een nieuw project met 10 moderne designvilla&#8217;s in een natuurlijke omgeving, met prachtig uitzicht op zee en de bergen. Het ligt in de buurt van de golfbaan Puig Campana, op korte afstand van de steden Finestrat en Benidorm.<\/p>\n<p>Het project wordt uitgevoerd in twee bouwfasen en biedt twee typen woningen: villa&#8217;s met \u00e9\u00e9n of twee verdiepingen, elk met 3 tweepersoonsslaapkamers, 2 of 3 complete badkamers, een open woon-eetkamer met ge\u00efntegreerde keuken, wasruimte, ruim terras, tuin, priv\u00e9zwembad, parkeerplaats buiten, 1 of 2 multifunctionele kelders en, in sommige modellen, een afgesloten ondergrondse garage.<\/p>\n<p>De villas liggen op een bevoorrechte locatie aan de Costa Blanca, genesteld aan de voet van de bergen en midden in de natuur, met een adembenemend uitzicht op de zee en de omgeving. De villa&#8217;s zijn over de weg goed verbonden met de nabijgelegen stad Finestrat, op slechts 10 minuten van winkelcentra, de snelweg A7, stranden en de steden Benidorm en Villajoyosa. De stad Alicante en de internationale luchthaven liggen op slechts 30 minuten rijden met de auto.<\/p>\n<p>Allemaal gebouwd met de beste kwaliteiten en de nieuwste ontwikkelingen in onder andere de bouw:<\/p>\n<p>&#8211; Glazen balustrades die de continu\u00efteit van het uitzicht niet verbreken.<\/p>\n<p>&#8211; Topkwaliteit vloeren van porcellanato.<\/p>\n<p>&#8211; Gepantserde voordeur.<\/p>\n<p>&#8211; Aluminium buitenschrijnwerk met koudebrugonderbreking en isolerende dubbele beglazing met lage emissiewaarde met luchtkamer en veiligheidsbeglazing in zones met risico op breuk.<\/p>\n<p>&#8211; Gladde binnenschrijnwerkerij in wit gelakt hout met roestvrijstalen handgrepen en beslag.<\/p>\n<p>&#8211; Volledig ingerichte schuifkasten en kleedkamers.<\/p>\n<p>&#8211; Sanitair warm water productie door middel van een warmtepomp systeem met 100L accumulator tank, met ondersteuning van zonnepanelen op het dak.<\/p>\n<p>&#8211; Hoogwaardige elektrische installatie 9.2kw.<\/p>\n<p>&#8211; Airconditioninginstallatie via leidingen met machines inbegrepen.<\/p>\n<p>&#8211; Minimalistische designkeukens, volledig uitgerust met kookeiland, meubels en elektrische apparaten inbegrepen.<\/p>\n<p>&#8211; Priv\u00e9 zwembad met verlichting en verhard of kunstgras strandgedeelte.<\/p>\n<p>&#8211; Volledig aanpasbare multifunctionele kelder, afhankelijk van het model, met garageruimte voor voertuigen en pre-installatie voor elektrisch voertuig.<\/p>\n<p>De eerste woningen worden in het tweede kwartaal van 2026 opgeleverd. Mis de kans niet om te wonen op een exclusieve locatie aan de Costa Blanca.<\/p><\/p>\n","protected":false},"featured_media":13493740,"template":"","meta":{"id_inmovilla":["23706516"],"property_type":["Villa"],"property_ref":["PG6566"],"property_price":["595000"],"property_city":["Finestrat"],"property_region":["ALICANTE"],"zona-auxiliar":["Sector 13"],"tipo-via":[""],"domicilio":[""],"numero":[""],"codigo-postal":["03509"],"altura":[""],"planta":[""],"piso":[""],"puerta":[""],"escalera":[""],"bloque":[""],"edificio":[""],"habitaciones-dobles":["3"],"bedrooms":["0"],"banos":["3"],"aseos":["0"],"salones":["1"],"parking":["0","2"],"plantas":["0"],"fecha-construccion":["2025"],"distancia-playa":["0"],"comunidad":["0"],"periodicidad-comunidad":["MES"],"ibi":["0.00"],"distancia-al-mar":["0"],"metros-utiles":["405.00"],"metros-construidos":["482.00"],"metros-parcela":["250"],"metros-de-la-terraza":["0.00"],"metros-de-la-cocina":["0.00"],"metros-del-comedor":["0.00"],"metros-del-salon":["0.00"],"estado":["Obra Nueva"],"carpinteria-exterior":["Aluminio"],"tipo-suelo":["0"],"orientacion":["Sur"],"carpinteria-interior":[""],"vistas":["To the Sea"],"tipo-de-calefaccion":["0"],"agua-caliente":["0"],"tipo-cocina":[""],"instalacion-electrica":["0"],"fachada":[""],"acceso-pmr":["true"],"armarios-empotrados":["true"],"calefaccion":["false"],"garaje":["false"],"jacuzzi":["false"],"solarium":["false"],"vivienda-adaptada":["true"],"ascensor":["false"],"calefaccion-central":["false"],"garaje-doble":["false"],"jardin":["false"],"puerta-blindada":["true"],"t-v":["true"],"aire-acond-central":["false"],"balcon":["true"],"chimenea":["false"],"gas-ciudad":["false"],"lavanderia":["false"],"patio":["false"],"aire-acondicionado":["true"],"bar":["false"],"deposito-agua":["false"],"gimnasio":["false"],"luminoso":["false"],"pergola":["false"],"terraza":["true"],"alarma":["false"],"barbacoa":["false"],"descalcificador":["false"],"hab-juegos":["false"],"luz":["true"],"piscina-comunitaria":["false"],"satelite":["false"],"terraza-acristalada":["false"],"alarma-incendio":["false"],"bomba-frio-y-calor":["true"],"despensa":["false"],"hidromasaje":["false"],"mirador":["false"],"piscina-propia":["true"],"sauna":["false"],"trastero":["false"],"apart-separado":["false"],"buhardilla":["false"],"esquina":["false"],"muebles":["false"],"preinst-aacc":["false"],"sotano":["true"],"videoportero":[""],"autobuses":["false"],"centros-comerciales":["false"],"colegios":["false"],"hospitales":["false"],"urbanizacion":["false"],"vistas-al-mar":["true"],"zonas-infantiles":["false"],"arboles":["false"],"centros-medicos":["false"],"costa":["true"],"metro":["false"],"primera-linea":["false"],"tranvia":["false"],"vallado":["false"],"golf":["true"],"montana":["true"],"rural":["false"],"tren":["false"],"exclusividad":["false"],"tour-virtual":[""],"video":[""],"disponibilidad-propiedad":["Libre"],"habitaciones_totales":["3"],"ojo_de_buey":["true"],"certificado_energetico":["G"],"energia_valor":["0"],"_wp_page_template":["default"],"galeria":["a:33:{i:13493740;s:66:\"https:\/\/grupo-garcia.es\/wp-content\/uploads\/2025\/02\/14-1-scaled.jpg\";i:13493744;s:66:\"https:\/\/grupo-garcia.es\/wp-content\/uploads\/2025\/02\/14-2-scaled.jpg\";i:13493748;s:66:\"https:\/\/grupo-garcia.es\/wp-content\/uploads\/2025\/02\/14-3-scaled.jpg\";i:13493752;s:66:\"https:\/\/grupo-garcia.es\/wp-content\/uploads\/2025\/02\/14-4-scaled.jpg\";i:13493756;s:66:\"https:\/\/grupo-garcia.es\/wp-content\/uploads\/2025\/02\/14-5-scaled.jpg\";i:13493760;s:66:\"https:\/\/grupo-garcia.es\/wp-content\/uploads\/2025\/02\/14-6-scaled.jpg\";i:13493764;s:66:\"https:\/\/grupo-garcia.es\/wp-content\/uploads\/2025\/02\/14-7-scaled.jpg\";i:13493768;s:66:\"https:\/\/grupo-garcia.es\/wp-content\/uploads\/2025\/02\/14-8-scaled.jpg\";i:13493772;s:66:\"https:\/\/grupo-garcia.es\/wp-content\/uploads\/2025\/02\/14-9-scaled.jpg\";i:13493776;s:67:\"https:\/\/grupo-garcia.es\/wp-content\/uploads\/2025\/02\/14-10-scaled.jpg\";i:13493780;s:67:\"https:\/\/grupo-garcia.es\/wp-content\/uploads\/2025\/02\/14-11-scaled.jpg\";i:13493784;s:67:\"https:\/\/grupo-garcia.es\/wp-content\/uploads\/2025\/02\/14-12-scaled.jpg\";i:13493788;s:67:\"https:\/\/grupo-garcia.es\/wp-content\/uploads\/2025\/02\/14-13-scaled.jpg\";i:13493792;s:67:\"https:\/\/grupo-garcia.es\/wp-content\/uploads\/2025\/02\/14-14-scaled.jpg\";i:13493796;s:67:\"https:\/\/grupo-garcia.es\/wp-content\/uploads\/2025\/02\/14-15-scaled.jpg\";i:13493800;s:67:\"https:\/\/grupo-garcia.es\/wp-content\/uploads\/2025\/02\/14-16-scaled.jpg\";i:13493804;s:67:\"https:\/\/grupo-garcia.es\/wp-content\/uploads\/2025\/02\/14-17-scaled.jpg\";i:13493808;s:67:\"https:\/\/grupo-garcia.es\/wp-content\/uploads\/2025\/02\/14-18-scaled.jpg\";i:13493812;s:67:\"https:\/\/grupo-garcia.es\/wp-content\/uploads\/2025\/02\/14-19-scaled.jpg\";i:13493816;s:67:\"https:\/\/grupo-garcia.es\/wp-content\/uploads\/2025\/02\/14-20-scaled.jpg\";i:13493820;s:67:\"https:\/\/grupo-garcia.es\/wp-content\/uploads\/2025\/02\/14-21-scaled.jpg\";i:13493824;s:67:\"https:\/\/grupo-garcia.es\/wp-content\/uploads\/2025\/02\/14-22-scaled.jpg\";i:13493828;s:67:\"https:\/\/grupo-garcia.es\/wp-content\/uploads\/2025\/02\/14-23-scaled.jpg\";i:13493832;s:67:\"https:\/\/grupo-garcia.es\/wp-content\/uploads\/2025\/02\/14-24-scaled.jpg\";i:13493836;s:67:\"https:\/\/grupo-garcia.es\/wp-content\/uploads\/2025\/02\/14-25-scaled.jpg\";i:13493840;s:67:\"https:\/\/grupo-garcia.es\/wp-content\/uploads\/2025\/02\/14-26-scaled.jpg\";i:13493844;s:67:\"https:\/\/grupo-garcia.es\/wp-content\/uploads\/2025\/02\/14-27-scaled.jpg\";i:13493848;s:67:\"https:\/\/grupo-garcia.es\/wp-content\/uploads\/2025\/02\/14-28-scaled.jpg\";i:13493852;s:67:\"https:\/\/grupo-garcia.es\/wp-content\/uploads\/2025\/02\/14-29-scaled.jpg\";i:13493856;s:67:\"https:\/\/grupo-garcia.es\/wp-content\/uploads\/2025\/02\/14-30-scaled.jpg\";i:13493860;s:67:\"https:\/\/grupo-garcia.es\/wp-content\/uploads\/2025\/02\/14-31-scaled.jpg\";i:13493864;s:67:\"https:\/\/grupo-garcia.es\/wp-content\/uploads\/2025\/02\/14-32-scaled.jpg\";i:13493868;s:67:\"https:\/\/grupo-garcia.es\/wp-content\/uploads\/2025\/02\/14-33-scaled.jpg\";}"],"_thumbnail_id":["13493740"],"_wpml_word_count":["433"]},"property-state":[208],"property-type":[404],"zone":[491],"city":[73],"property_categories":[268],"class_list":["post-13493872","properties","type-properties","status-publish","has-post-thumbnail","hentry","property-state-een-nieuw-gebouw-kopen","property-type-villas-nl-2","zone-sector-13","city-finestrat","property_categories-verkoop"],"yoast_head":"<!-- This site is optimized with the Yoast SEO plugin v27.5 - https:\/\/yoast.com\/product\/yoast-seo-wordpress\/ -->\n<title>Exclusieve villa&#039;s met zeezicht en de bergen in Finestrat, Alicante. | Grupo Garcia<\/title>\n<meta name=\"description\" content=\"Exclusieve villa&#039;s met zeezicht en de bergen in Finestrat, Alicante. Exclusieve villa&#039;s met uitzicht op zee en de bergen in Finestrat, Alicante. Type 1 \/ 595.000 Euro - Type 2 \/ 725.000 Euro.Dit is een nieuw project met 10\" \/>\n<meta name=\"robots\" content=\"index, follow, max-snippet:-1, max-image-preview:large, max-video-preview:-1\" \/>\n<link rel=\"canonical\" href=\"https:\/\/grupo-garcia.es\/nl\/properties\/exclusieve-villas-met-zeezicht-en-de-bergen-in-finestrat-alicante-23706516\/\" \/>\n<meta property=\"og:locale\" content=\"nl_NL\" \/>\n<meta property=\"og:type\" content=\"article\" \/>\n<meta property=\"og:title\" content=\"Exclusieve villa&#039;s met zeezicht en de bergen in Finestrat, Alicante. | Grupo Garcia\" \/>\n<meta property=\"og:description\" content=\"Exclusieve villa&#039;s met zeezicht en de bergen in Finestrat, Alicante. Exclusieve villa&#039;s met uitzicht op zee en de bergen in Finestrat, Alicante. Type 1 \/ 595.000 Euro - Type 2 \/ 725.000 Euro.Dit is een nieuw project met 10\" \/>\n<meta property=\"og:url\" content=\"https:\/\/grupo-garcia.es\/nl\/properties\/exclusieve-villas-met-zeezicht-en-de-bergen-in-finestrat-alicante-23706516\/\" \/>\n<meta property=\"og:site_name\" content=\"Grupo Garcia\" \/>\n<meta property=\"article:publisher\" content=\"https:\/\/www.facebook.com\/grupogarciacostablanca\/\" \/>\n<meta property=\"article:modified_time\" content=\"2026-04-28T04:36:26+00:00\" \/>\n<meta property=\"og:image\" content=\"https:\/\/grupo-garcia.es\/wp-content\/uploads\/2025\/02\/14-1-scaled.jpg\" \/>\n\t<meta property=\"og:image:width\" content=\"2560\" \/>\n\t<meta property=\"og:image:height\" content=\"1440\" \/>\n\t<meta property=\"og:image:type\" content=\"image\/jpeg\" \/>\n<meta name=\"twitter:card\" content=\"summary_large_image\" \/>\n<meta name=\"twitter:label1\" content=\"Geschatte leestijd\" \/>\n\t<meta name=\"twitter:data1\" content=\"2 minuten\" \/>\n<script type=\"application\/ld+json\" class=\"yoast-schema-graph\">{\"@context\":\"https:\\\/\\\/schema.org\",\"@graph\":[{\"@type\":[\"WebPage\",\"RealEstateListing\"],\"@id\":\"https:\\\/\\\/grupo-garcia.es\\\/nl\\\/properties\\\/exclusieve-villas-met-zeezicht-en-de-bergen-in-finestrat-alicante-23706516\\\/\",\"url\":\"https:\\\/\\\/grupo-garcia.es\\\/nl\\\/properties\\\/exclusieve-villas-met-zeezicht-en-de-bergen-in-finestrat-alicante-23706516\\\/\",\"name\":\"Exclusieve villa's met zeezicht en de bergen in Finestrat, Alicante. | Grupo Garcia\",\"isPartOf\":{\"@id\":\"https:\\\/\\\/grupo-garcia.es\\\/nl\\\/#website\"},\"primaryImageOfPage\":{\"@id\":\"https:\\\/\\\/grupo-garcia.es\\\/nl\\\/properties\\\/exclusieve-villas-met-zeezicht-en-de-bergen-in-finestrat-alicante-23706516\\\/#primaryimage\"},\"image\":{\"@id\":\"https:\\\/\\\/grupo-garcia.es\\\/nl\\\/properties\\\/exclusieve-villas-met-zeezicht-en-de-bergen-in-finestrat-alicante-23706516\\\/#primaryimage\"},\"thumbnailUrl\":\"https:\\\/\\\/grupo-garcia.es\\\/wp-content\\\/uploads\\\/2025\\\/02\\\/14-1-scaled.jpg\",\"datePublished\":\"2026-02-21T09:30:24+00:00\",\"dateModified\":\"2026-04-28T04:36:26+00:00\",\"description\":\"Exclusieve villa's met zeezicht en de bergen in Finestrat, Alicante. Exclusieve villa's met uitzicht op zee en de bergen in Finestrat, Alicante. Type 1 \\\/ 595.000 Euro - Type 2 \\\/ 725.000 Euro.Dit is een nieuw project met 10\",\"breadcrumb\":{\"@id\":\"https:\\\/\\\/grupo-garcia.es\\\/nl\\\/properties\\\/exclusieve-villas-met-zeezicht-en-de-bergen-in-finestrat-alicante-23706516\\\/#breadcrumb\"},\"inLanguage\":\"nl-NL\",\"potentialAction\":[{\"@type\":\"ReadAction\",\"target\":[\"https:\\\/\\\/grupo-garcia.es\\\/nl\\\/properties\\\/exclusieve-villas-met-zeezicht-en-de-bergen-in-finestrat-alicante-23706516\\\/\"]}]},{\"@type\":\"ImageObject\",\"inLanguage\":\"nl-NL\",\"@id\":\"https:\\\/\\\/grupo-garcia.es\\\/nl\\\/properties\\\/exclusieve-villas-met-zeezicht-en-de-bergen-in-finestrat-alicante-23706516\\\/#primaryimage\",\"url\":\"https:\\\/\\\/grupo-garcia.es\\\/wp-content\\\/uploads\\\/2025\\\/02\\\/14-1-scaled.jpg\",\"contentUrl\":\"https:\\\/\\\/grupo-garcia.es\\\/wp-content\\\/uploads\\\/2025\\\/02\\\/14-1-scaled.jpg\",\"width\":2560,\"height\":1440},{\"@type\":\"BreadcrumbList\",\"@id\":\"https:\\\/\\\/grupo-garcia.es\\\/nl\\\/properties\\\/exclusieve-villas-met-zeezicht-en-de-bergen-in-finestrat-alicante-23706516\\\/#breadcrumb\",\"itemListElement\":[{\"@type\":\"ListItem\",\"position\":1,\"name\":\"Portada\",\"item\":\"https:\\\/\\\/grupo-garcia.es\\\/nl\\\/\"},{\"@type\":\"ListItem\",\"position\":2,\"name\":\"Properties\",\"item\":\"https:\\\/\\\/grupo-garcia.es\\\/nl\\\/properties\\\/\"},{\"@type\":\"ListItem\",\"position\":3,\"name\":\"Exclusieve villa&#8217;s met zeezicht en de bergen in Finestrat, Alicante.\"}]},{\"@type\":\"WebSite\",\"@id\":\"https:\\\/\\\/grupo-garcia.es\\\/nl\\\/#website\",\"url\":\"https:\\\/\\\/grupo-garcia.es\\\/nl\\\/\",\"name\":\"Grupo Garcia\",\"description\":\"Inmobiliaria en J\u00e1vea y Jal\u00f3n\",\"potentialAction\":[{\"@type\":\"SearchAction\",\"target\":{\"@type\":\"EntryPoint\",\"urlTemplate\":\"https:\\\/\\\/grupo-garcia.es\\\/nl\\\/?s={search_term_string}\"},\"query-input\":{\"@type\":\"PropertyValueSpecification\",\"valueRequired\":true,\"valueName\":\"search_term_string\"}}],\"inLanguage\":\"nl-NL\"}]}<\/script>\n<!-- \/ Yoast SEO plugin. -->","yoast_head_json":{"title":"Exclusieve villa's met zeezicht en de bergen in Finestrat, Alicante. | Grupo Garcia","description":"Exclusieve villa's met zeezicht en de bergen in Finestrat, Alicante. Exclusieve villa's met uitzicht op zee en de bergen in Finestrat, Alicante. Type 1 \/ 595.000 Euro - Type 2 \/ 725.000 Euro.Dit is een nieuw project met 10","robots":{"index":"index","follow":"follow","max-snippet":"max-snippet:-1","max-image-preview":"max-image-preview:large","max-video-preview":"max-video-preview:-1"},"canonical":"https:\/\/grupo-garcia.es\/nl\/properties\/exclusieve-villas-met-zeezicht-en-de-bergen-in-finestrat-alicante-23706516\/","og_locale":"nl_NL","og_type":"article","og_title":"Exclusieve villa's met zeezicht en de bergen in Finestrat, Alicante. | Grupo Garcia","og_description":"Exclusieve villa's met zeezicht en de bergen in Finestrat, Alicante. Exclusieve villa's met uitzicht op zee en de bergen in Finestrat, Alicante. Type 1 \/ 595.000 Euro - Type 2 \/ 725.000 Euro.Dit is een nieuw project met 10","og_url":"https:\/\/grupo-garcia.es\/nl\/properties\/exclusieve-villas-met-zeezicht-en-de-bergen-in-finestrat-alicante-23706516\/","og_site_name":"Grupo Garcia","article_publisher":"https:\/\/www.facebook.com\/grupogarciacostablanca\/","article_modified_time":"2026-04-28T04:36:26+00:00","og_image":[{"width":2560,"height":1440,"url":"https:\/\/grupo-garcia.es\/wp-content\/uploads\/2025\/02\/14-1-scaled.jpg","type":"image\/jpeg"}],"twitter_card":"summary_large_image","twitter_misc":{"Geschatte leestijd":"2 minuten"},"schema":{"@context":"https:\/\/schema.org","@graph":[{"@type":["WebPage","RealEstateListing"],"@id":"https:\/\/grupo-garcia.es\/nl\/properties\/exclusieve-villas-met-zeezicht-en-de-bergen-in-finestrat-alicante-23706516\/","url":"https:\/\/grupo-garcia.es\/nl\/properties\/exclusieve-villas-met-zeezicht-en-de-bergen-in-finestrat-alicante-23706516\/","name":"Exclusieve villa's met zeezicht en de bergen in Finestrat, Alicante. | Grupo Garcia","isPartOf":{"@id":"https:\/\/grupo-garcia.es\/nl\/#website"},"primaryImageOfPage":{"@id":"https:\/\/grupo-garcia.es\/nl\/properties\/exclusieve-villas-met-zeezicht-en-de-bergen-in-finestrat-alicante-23706516\/#primaryimage"},"image":{"@id":"https:\/\/grupo-garcia.es\/nl\/properties\/exclusieve-villas-met-zeezicht-en-de-bergen-in-finestrat-alicante-23706516\/#primaryimage"},"thumbnailUrl":"https:\/\/grupo-garcia.es\/wp-content\/uploads\/2025\/02\/14-1-scaled.jpg","datePublished":"2026-02-21T09:30:24+00:00","dateModified":"2026-04-28T04:36:26+00:00","description":"Exclusieve villa's met zeezicht en de bergen in Finestrat, Alicante. Exclusieve villa's met uitzicht op zee en de bergen in Finestrat, Alicante. Type 1 \/ 595.000 Euro - Type 2 \/ 725.000 Euro.Dit is een nieuw project met 10","breadcrumb":{"@id":"https:\/\/grupo-garcia.es\/nl\/properties\/exclusieve-villas-met-zeezicht-en-de-bergen-in-finestrat-alicante-23706516\/#breadcrumb"},"inLanguage":"nl-NL","potentialAction":[{"@type":"ReadAction","target":["https:\/\/grupo-garcia.es\/nl\/properties\/exclusieve-villas-met-zeezicht-en-de-bergen-in-finestrat-alicante-23706516\/"]}]},{"@type":"ImageObject","inLanguage":"nl-NL","@id":"https:\/\/grupo-garcia.es\/nl\/properties\/exclusieve-villas-met-zeezicht-en-de-bergen-in-finestrat-alicante-23706516\/#primaryimage","url":"https:\/\/grupo-garcia.es\/wp-content\/uploads\/2025\/02\/14-1-scaled.jpg","contentUrl":"https:\/\/grupo-garcia.es\/wp-content\/uploads\/2025\/02\/14-1-scaled.jpg","width":2560,"height":1440},{"@type":"BreadcrumbList","@id":"https:\/\/grupo-garcia.es\/nl\/properties\/exclusieve-villas-met-zeezicht-en-de-bergen-in-finestrat-alicante-23706516\/#breadcrumb","itemListElement":[{"@type":"ListItem","position":1,"name":"Portada","item":"https:\/\/grupo-garcia.es\/nl\/"},{"@type":"ListItem","position":2,"name":"Properties","item":"https:\/\/grupo-garcia.es\/nl\/properties\/"},{"@type":"ListItem","position":3,"name":"Exclusieve villa&#8217;s met zeezicht en de bergen in Finestrat, Alicante."}]},{"@type":"WebSite","@id":"https:\/\/grupo-garcia.es\/nl\/#website","url":"https:\/\/grupo-garcia.es\/nl\/","name":"Grupo Garcia","description":"Inmobiliaria en J\u00e1vea y Jal\u00f3n","potentialAction":[{"@type":"SearchAction","target":{"@type":"EntryPoint","urlTemplate":"https:\/\/grupo-garcia.es\/nl\/?s={search_term_string}"},"query-input":{"@type":"PropertyValueSpecification","valueRequired":true,"valueName":"search_term_string"}}],"inLanguage":"nl-NL"}]}},"_links":{"self":[{"href":"https:\/\/grupo-garcia.es\/nl\/wp-json\/wp\/v2\/properties\/13493872","targetHints":{"allow":["GET"]}}],"collection":[{"href":"https:\/\/grupo-garcia.es\/nl\/wp-json\/wp\/v2\/properties"}],"about":[{"href":"https:\/\/grupo-garcia.es\/nl\/wp-json\/wp\/v2\/types\/properties"}],"wp:featuredmedia":[{"embeddable":true,"href":"https:\/\/grupo-garcia.es\/nl\/wp-json\/wp\/v2\/media\/13493740"}],"wp:attachment":[{"href":"https:\/\/grupo-garcia.es\/nl\/wp-json\/wp\/v2\/media?parent=13493872"}],"wp:term":[{"taxonomy":"property-state","embeddable":true,"href":"https:\/\/grupo-garcia.es\/nl\/wp-json\/wp\/v2\/property-state?post=13493872"},{"taxonomy":"property-type","embeddable":true,"href":"https:\/\/grupo-garcia.es\/nl\/wp-json\/wp\/v2\/property-type?post=13493872"},{"taxonomy":"zone","embeddable":true,"href":"https:\/\/grupo-garcia.es\/nl\/wp-json\/wp\/v2\/zone?post=13493872"},{"taxonomy":"city","embeddable":true,"href":"https:\/\/grupo-garcia.es\/nl\/wp-json\/wp\/v2\/city?post=13493872"},{"taxonomy":"property_categories","embeddable":true,"href":"https:\/\/grupo-garcia.es\/nl\/wp-json\/wp\/v2\/property_categories?post=13493872"}],"curies":[{"name":"wp","href":"https:\/\/api.w.org\/{rel}","templated":true}]}}