{"id":13578730,"date":"2026-09-04T10:44:30","date_gmt":"2026-09-04T09:44:30","guid":{"rendered":"https:\/\/grupo-garcia.es\/properties\/location-dun-appartement-de-3-chambres-a-alcalali-avec-possibilite-de-location-meublee-30138023\/"},"modified":"2026-09-04T10:44:30","modified_gmt":"2026-09-04T09:44:30","slug":"location-dun-appartement-de-3-chambres-a-alcalali-avec-possibilite-de-location-meublee-30138023","status":"publish","type":"properties","link":"https:\/\/grupo-garcia.es\/fr\/properties\/location-dun-appartement-de-3-chambres-a-alcalali-avec-possibilite-de-location-meublee-30138023\/","title":{"rendered":"LOCATION D&rsquo;UN APPARTEMENT DE 3 CHAMBRES \u00c0 ALCALALI AVEC POSSIBILIT\u00c9 DE LOCATION MEUBL\u00c9E"},"content":{"rendered":"<p>Nous vous pr\u00e9sentons cet appartement spacieux et lumineux situ\u00e9 au c\u0153ur d\u2019Alcalali, id\u00e9al pour ceux qui recherchent un logement non meubl\u00e9 afin de pouvoir personnaliser leur int\u00e9rieur. D\u2019une surface construite de 75 m\u00b2 et d\u2019une surface habitable de 65 m\u00b2, le bien comprend deux chambres doubles et une chambre simple, parfaites pour les familles ou les groupes en qu\u00eate de confort. La salle de bains, la cuisine, les installations \u00e9lectriques et la plomberie sont enti\u00e8rement neuves ; le logement est bien entretenu et pr\u00eat \u00e0 \u00eatre emm\u00e9nag\u00e9. De plus, ce logement dispose d\u2019un vaste salon-salle \u00e0 manger avec cuisine ouverte et coin buanderie ; les trois chambres sont int\u00e9rieures. Situ\u00e9 \u00e0 seulement 2 km de Jalon, il offre un acc\u00e8s facile aux supermarch\u00e9s et aux commodit\u00e9s locales essentielles ; il se trouve \u00e9galement \u00e0 proximit\u00e9 de la commune c\u00f4ti\u00e8re de Benissa, accessible en seulement quinze minutes en voiture. Pour les amateurs de randonn\u00e9e ou de v\u00e9lo, il existe une vari\u00e9t\u00e9 impressionnante d\u2019itin\u00e9raires naturels \u00e0 proximit\u00e9 qui invitent \u00e0 profiter du grand air.<\/p>\n<p>Il est \u00e9galement possible de louer le logement meubl\u00e9 pour un montant de 750 \u20ac par mois, charges en sus.<\/p>\n<p>REMARQUE : LES PERSONNES INT\u00c9RESS\u00c9ES PEUVENT APPELER AU 646974888.<\/p><\/p>\n","protected":false},"featured_media":13578686,"template":"","meta":{"_wp_page_template":["default"],"copied_media_ids":["a:0:{}"],"referenced_media_ids":["a:0:{}"],"id_inmovilla":["30138023"],"property_type":["Piso"],"property_ref":["NC1919"],"property_price":["0"],"property_city":["Alcalali"],"property_region":["ALICANTE"],"zona-auxiliar":["Centro"],"tipo-via":[""],"domicilio":[""],"numero":[""],"codigo-postal":["03728"],"altura":[""],"planta":[""],"piso":[""],"puerta":[""],"escalera":[""],"bloque":[""],"edificio":[""],"habitaciones-dobles":["2"],"bedrooms":["1"],"banos":["1"],"aseos":["0"],"salones":["0"],"parking":["0","false"],"plantas":["0"],"fecha-construccion":["1920"],"distancia-playa":["20000"],"comunidad":["1"],"periodicidad-comunidad":["MES"],"ibi":["0.00"],"distancia-al-mar":["20000"],"metros-utiles":["65.00"],"metros-construidos":["75.00"],"metros-parcela":["0"],"metros-de-la-terraza":["0.00"],"metros-de-la-cocina":["0.00"],"metros-del-comedor":["0.00"],"metros-del-salon":["0.00"],"estado":["Entrar a vivir"],"carpinteria-exterior":["Aluminio"],"tipo-suelo":["Terrazzo"],"orientacion":[""],"carpinteria-interior":[""],"vistas":["Dans la rue"],"tipo-de-calefaccion":["0"],"agua-caliente":["Electric Water Heater"],"tipo-cocina":[""],"instalacion-electrica":["220W"],"fachada":[""],"acceso-pmr":["false"],"armarios-empotrados":["true"],"calefaccion":["false"],"garaje":["false"],"jacuzzi":["false"],"solarium":["false"],"vivienda-adaptada":["false"],"ascensor":["false"],"calefaccion-central":["false"],"garaje-doble":["false"],"jardin":["false"],"puerta-blindada":["false"],"t-v":["false"],"aire-acond-central":["false"],"balcon":["false"],"chimenea":["false"],"gas-ciudad":["false"],"lavanderia":["false"],"patio":["false"],"aire-acondicionado":["false"],"bar":["false"],"deposito-agua":["false"],"gimnasio":["false"],"luminoso":["false"],"pergola":["false"],"terraza":["false"],"alarma":["false"],"barbacoa":["false"],"descalcificador":["false"],"hab-juegos":["false"],"luz":["false"],"piscina-comunitaria":["false"],"satelite":["false"],"terraza-acristalada":["false"],"alarma-incendio":["false"],"bomba-frio-y-calor":["false"],"despensa":["false"],"hidromasaje":["false"],"mirador":["false"],"piscina-propia":["false"],"sauna":["false"],"trastero":["false"],"apart-separado":["false"],"buhardilla":["false"],"esquina":["false"],"muebles":["false"],"preinst-aacc":["false"],"sotano":["false"],"videoportero":[""],"autobuses":["false"],"centros-comerciales":["false"],"colegios":["false"],"hospitales":["false"],"urbanizacion":["false"],"vistas-al-mar":["false"],"zonas-infantiles":["false"],"arboles":["false"],"centros-medicos":["false"],"costa":["false"],"metro":["false"],"primera-linea":["false"],"tranvia":["false"],"vallado":["false"],"golf":["false"],"montana":["false"],"rural":["false"],"tren":["false"],"exclusividad":["false"],"tour-virtual":[""],"video":[""],"disponibilidad-propiedad":["Libre"],"habitaciones_totales":["3"],"ojo_de_buey":["false"],"certificado_energetico":["G"],"energia_valor":["0"],"galeria":["a:14:{i:13578686;s:58:\"https:\/\/grupo-garcia.es\/wp-content\/uploads\/2026\/09\/3-1.jpg\";i:13578687;s:58:\"https:\/\/grupo-garcia.es\/wp-content\/uploads\/2026\/09\/3-2.jpg\";i:13578688;s:58:\"https:\/\/grupo-garcia.es\/wp-content\/uploads\/2026\/09\/3-3.jpg\";i:13578689;s:58:\"https:\/\/grupo-garcia.es\/wp-content\/uploads\/2026\/09\/3-4.jpg\";i:13578690;s:58:\"https:\/\/grupo-garcia.es\/wp-content\/uploads\/2026\/09\/3-5.jpg\";i:13578691;s:58:\"https:\/\/grupo-garcia.es\/wp-content\/uploads\/2026\/09\/3-6.jpg\";i:13578692;s:58:\"https:\/\/grupo-garcia.es\/wp-content\/uploads\/2026\/09\/3-7.jpg\";i:13578693;s:58:\"https:\/\/grupo-garcia.es\/wp-content\/uploads\/2026\/09\/3-8.jpg\";i:13578694;s:58:\"https:\/\/grupo-garcia.es\/wp-content\/uploads\/2026\/09\/3-9.jpg\";i:13578695;s:59:\"https:\/\/grupo-garcia.es\/wp-content\/uploads\/2026\/09\/3-10.jpg\";i:13578696;s:59:\"https:\/\/grupo-garcia.es\/wp-content\/uploads\/2026\/09\/3-11.jpg\";i:13578697;s:59:\"https:\/\/grupo-garcia.es\/wp-content\/uploads\/2026\/09\/3-12.jpg\";i:13578698;s:66:\"https:\/\/grupo-garcia.es\/wp-content\/uploads\/2026\/09\/3-13-scaled.jpg\";i:13578699;s:66:\"https:\/\/grupo-garcia.es\/wp-content\/uploads\/2026\/09\/3-14-scaled.jpg\";}"],"_thumbnail_id":["13578686"],"_wpml_word_count":["231"]},"property-state":[207],"property-type":[495],"zone":[107],"city":[75],"property_categories":[267],"class_list":["post-13578730","properties","type-properties","status-publish","has-post-thumbnail","hentry","property-state-revente","property-type-piso","zone-centro","city-alcalali","property_categories-loyer"],"yoast_head":"<!-- This site is optimized with the Yoast SEO plugin v28.4 - https:\/\/yoast.com\/product\/yoast-seo-wordpress\/ -->\n<title>LOCATION D&#039;UN APPARTEMENT DE 3 CHAMBRES \u00c0 ALCALALI AVEC POSSIBILIT\u00c9 DE LOCATION MEUBL\u00c9E | Grupo Garcia<\/title>\n<meta name=\"description\" content=\"LOCATION D&#039;UN APPARTEMENT DE 3 CHAMBRES \u00c0 ALCALALI AVEC POSSIBILIT\u00c9 DE LOCATION MEUBL\u00c9E Nous vous pr\u00e9sentons cet appartement spacieux et lumineux situ\u00e9 au c\u0153ur d\u2019Alcalali, id\u00e9al pour ceux qui recherchent un logement non meubl\u00e9 afin de pouvoir\" \/>\n<meta name=\"robots\" content=\"index, follow, max-snippet:-1, max-image-preview:large, max-video-preview:-1\" \/>\n<link rel=\"canonical\" href=\"https:\/\/grupo-garcia.es\/fr\/properties\/location-dun-appartement-de-3-chambres-a-alcalali-avec-possibilite-de-location-meublee-30138023\/\" \/>\n<meta property=\"og:locale\" content=\"fr_FR\" \/>\n<meta property=\"og:type\" content=\"article\" \/>\n<meta property=\"og:title\" content=\"LOCATION D&#039;UN APPARTEMENT DE 3 CHAMBRES \u00c0 ALCALALI AVEC POSSIBILIT\u00c9 DE LOCATION MEUBL\u00c9E | Grupo Garcia\" \/>\n<meta property=\"og:description\" content=\"LOCATION D&#039;UN APPARTEMENT DE 3 CHAMBRES \u00c0 ALCALALI AVEC POSSIBILIT\u00c9 DE LOCATION MEUBL\u00c9E Nous vous pr\u00e9sentons cet appartement spacieux et lumineux situ\u00e9 au c\u0153ur d\u2019Alcalali, id\u00e9al pour ceux qui recherchent un logement non meubl\u00e9 afin de pouvoir\" \/>\n<meta property=\"og:url\" content=\"https:\/\/grupo-garcia.es\/fr\/properties\/location-dun-appartement-de-3-chambres-a-alcalali-avec-possibilite-de-location-meublee-30138023\/\" \/>\n<meta property=\"og:site_name\" content=\"Grupo Garcia\" \/>\n<meta property=\"article:publisher\" content=\"https:\/\/www.facebook.com\/grupogarciacostablanca\/\" \/>\n<meta property=\"og:image\" content=\"https:\/\/grupo-garcia.es\/wp-content\/uploads\/2026\/09\/3-1.jpg\" \/>\n\t<meta property=\"og:image:width\" content=\"977\" \/>\n\t<meta property=\"og:image:height\" content=\"1280\" \/>\n\t<meta property=\"og:image:type\" content=\"image\/jpeg\" \/>\n<meta name=\"twitter:card\" content=\"summary_large_image\" \/>\n<meta name=\"twitter:label1\" content=\"Dur\u00e9e de lecture estim\u00e9e\" \/>\n\t<meta name=\"twitter:data1\" content=\"1 minute\" \/>\n<script type=\"application\/ld+json\" class=\"yoast-schema-graph\">{\"@context\":\"https:\\\/\\\/schema.org\",\"@graph\":[{\"@type\":[\"WebPage\",\"RealEstateListing\"],\"@id\":\"https:\\\/\\\/grupo-garcia.es\\\/fr\\\/properties\\\/location-dun-appartement-de-3-chambres-a-alcalali-avec-possibilite-de-location-meublee-30138023\\\/\",\"url\":\"https:\\\/\\\/grupo-garcia.es\\\/fr\\\/properties\\\/location-dun-appartement-de-3-chambres-a-alcalali-avec-possibilite-de-location-meublee-30138023\\\/\",\"name\":\"LOCATION D'UN APPARTEMENT DE 3 CHAMBRES \u00c0 ALCALALI AVEC POSSIBILIT\u00c9 DE LOCATION MEUBL\u00c9E | Grupo Garcia\",\"isPartOf\":{\"@id\":\"https:\\\/\\\/grupo-garcia.es\\\/fr\\\/#website\"},\"primaryImageOfPage\":{\"@id\":\"https:\\\/\\\/grupo-garcia.es\\\/fr\\\/properties\\\/location-dun-appartement-de-3-chambres-a-alcalali-avec-possibilite-de-location-meublee-30138023\\\/#primaryimage\"},\"image\":{\"@id\":\"https:\\\/\\\/grupo-garcia.es\\\/fr\\\/properties\\\/location-dun-appartement-de-3-chambres-a-alcalali-avec-possibilite-de-location-meublee-30138023\\\/#primaryimage\"},\"thumbnailUrl\":\"https:\\\/\\\/grupo-garcia.es\\\/wp-content\\\/uploads\\\/2026\\\/09\\\/3-1.jpg\",\"datePublished\":\"2026-09-04T09:44:30+00:00\",\"description\":\"LOCATION D'UN APPARTEMENT DE 3 CHAMBRES \u00c0 ALCALALI AVEC POSSIBILIT\u00c9 DE LOCATION MEUBL\u00c9E Nous vous pr\u00e9sentons cet appartement spacieux et lumineux situ\u00e9 au c\u0153ur d\u2019Alcalali, id\u00e9al pour ceux qui recherchent un logement non meubl\u00e9 afin de pouvoir\",\"breadcrumb\":{\"@id\":\"https:\\\/\\\/grupo-garcia.es\\\/fr\\\/properties\\\/location-dun-appartement-de-3-chambres-a-alcalali-avec-possibilite-de-location-meublee-30138023\\\/#breadcrumb\"},\"inLanguage\":\"fr-FR\",\"potentialAction\":[{\"@type\":\"ReadAction\",\"target\":[\"https:\\\/\\\/grupo-garcia.es\\\/fr\\\/properties\\\/location-dun-appartement-de-3-chambres-a-alcalali-avec-possibilite-de-location-meublee-30138023\\\/\"]}]},{\"@type\":\"ImageObject\",\"inLanguage\":\"fr-FR\",\"@id\":\"https:\\\/\\\/grupo-garcia.es\\\/fr\\\/properties\\\/location-dun-appartement-de-3-chambres-a-alcalali-avec-possibilite-de-location-meublee-30138023\\\/#primaryimage\",\"url\":\"https:\\\/\\\/grupo-garcia.es\\\/wp-content\\\/uploads\\\/2026\\\/09\\\/3-1.jpg\",\"contentUrl\":\"https:\\\/\\\/grupo-garcia.es\\\/wp-content\\\/uploads\\\/2026\\\/09\\\/3-1.jpg\",\"width\":977,\"height\":1280},{\"@type\":\"BreadcrumbList\",\"@id\":\"https:\\\/\\\/grupo-garcia.es\\\/fr\\\/properties\\\/location-dun-appartement-de-3-chambres-a-alcalali-avec-possibilite-de-location-meublee-30138023\\\/#breadcrumb\",\"itemListElement\":[{\"@type\":\"ListItem\",\"position\":1,\"name\":\"Portada\",\"item\":\"https:\\\/\\\/grupo-garcia.es\\\/fr\\\/\"},{\"@type\":\"ListItem\",\"position\":2,\"name\":\"Properties\",\"item\":\"https:\\\/\\\/grupo-garcia.es\\\/fr\\\/properties\\\/\"},{\"@type\":\"ListItem\",\"position\":3,\"name\":\"LOCATION D&rsquo;UN APPARTEMENT DE 3 CHAMBRES \u00c0 ALCALALI AVEC POSSIBILIT\u00c9 DE LOCATION MEUBL\u00c9E\"}]},{\"@type\":\"WebSite\",\"@id\":\"https:\\\/\\\/grupo-garcia.es\\\/fr\\\/#website\",\"url\":\"https:\\\/\\\/grupo-garcia.es\\\/fr\\\/\",\"name\":\"Grupo Garcia\",\"description\":\"Inmobiliaria en J\u00e1vea y Jal\u00f3n\",\"potentialAction\":[{\"@type\":\"SearchAction\",\"target\":{\"@type\":\"EntryPoint\",\"urlTemplate\":\"https:\\\/\\\/grupo-garcia.es\\\/fr\\\/?s={search_term_string}\"},\"query-input\":{\"@type\":\"PropertyValueSpecification\",\"valueRequired\":true,\"valueName\":\"search_term_string\"}}],\"inLanguage\":\"fr-FR\"}]}<\/script>\n<!-- \/ Yoast SEO plugin. -->","yoast_head_json":{"title":"LOCATION D'UN APPARTEMENT DE 3 CHAMBRES \u00c0 ALCALALI AVEC POSSIBILIT\u00c9 DE LOCATION MEUBL\u00c9E | Grupo Garcia","description":"LOCATION D'UN APPARTEMENT DE 3 CHAMBRES \u00c0 ALCALALI AVEC POSSIBILIT\u00c9 DE LOCATION MEUBL\u00c9E Nous vous pr\u00e9sentons cet appartement spacieux et lumineux situ\u00e9 au c\u0153ur d\u2019Alcalali, id\u00e9al pour ceux qui recherchent un logement non meubl\u00e9 afin de pouvoir","robots":{"index":"index","follow":"follow","max-snippet":"max-snippet:-1","max-image-preview":"max-image-preview:large","max-video-preview":"max-video-preview:-1"},"canonical":"https:\/\/grupo-garcia.es\/fr\/properties\/location-dun-appartement-de-3-chambres-a-alcalali-avec-possibilite-de-location-meublee-30138023\/","og_locale":"fr_FR","og_type":"article","og_title":"LOCATION D'UN APPARTEMENT DE 3 CHAMBRES \u00c0 ALCALALI AVEC POSSIBILIT\u00c9 DE LOCATION MEUBL\u00c9E | Grupo Garcia","og_description":"LOCATION D'UN APPARTEMENT DE 3 CHAMBRES \u00c0 ALCALALI AVEC POSSIBILIT\u00c9 DE LOCATION MEUBL\u00c9E Nous vous pr\u00e9sentons cet appartement spacieux et lumineux situ\u00e9 au c\u0153ur d\u2019Alcalali, id\u00e9al pour ceux qui recherchent un logement non meubl\u00e9 afin de pouvoir","og_url":"https:\/\/grupo-garcia.es\/fr\/properties\/location-dun-appartement-de-3-chambres-a-alcalali-avec-possibilite-de-location-meublee-30138023\/","og_site_name":"Grupo Garcia","article_publisher":"https:\/\/www.facebook.com\/grupogarciacostablanca\/","og_image":[{"width":977,"height":1280,"url":"https:\/\/grupo-garcia.es\/wp-content\/uploads\/2026\/09\/3-1.jpg","type":"image\/jpeg"}],"twitter_card":"summary_large_image","twitter_misc":{"Dur\u00e9e de lecture estim\u00e9e":"1 minute"},"schema":{"@context":"https:\/\/schema.org","@graph":[{"@type":["WebPage","RealEstateListing"],"@id":"https:\/\/grupo-garcia.es\/fr\/properties\/location-dun-appartement-de-3-chambres-a-alcalali-avec-possibilite-de-location-meublee-30138023\/","url":"https:\/\/grupo-garcia.es\/fr\/properties\/location-dun-appartement-de-3-chambres-a-alcalali-avec-possibilite-de-location-meublee-30138023\/","name":"LOCATION D'UN APPARTEMENT DE 3 CHAMBRES \u00c0 ALCALALI AVEC POSSIBILIT\u00c9 DE LOCATION MEUBL\u00c9E | Grupo Garcia","isPartOf":{"@id":"https:\/\/grupo-garcia.es\/fr\/#website"},"primaryImageOfPage":{"@id":"https:\/\/grupo-garcia.es\/fr\/properties\/location-dun-appartement-de-3-chambres-a-alcalali-avec-possibilite-de-location-meublee-30138023\/#primaryimage"},"image":{"@id":"https:\/\/grupo-garcia.es\/fr\/properties\/location-dun-appartement-de-3-chambres-a-alcalali-avec-possibilite-de-location-meublee-30138023\/#primaryimage"},"thumbnailUrl":"https:\/\/grupo-garcia.es\/wp-content\/uploads\/2026\/09\/3-1.jpg","datePublished":"2026-09-04T09:44:30+00:00","description":"LOCATION D'UN APPARTEMENT DE 3 CHAMBRES \u00c0 ALCALALI AVEC POSSIBILIT\u00c9 DE LOCATION MEUBL\u00c9E Nous vous pr\u00e9sentons cet appartement spacieux et lumineux situ\u00e9 au c\u0153ur d\u2019Alcalali, id\u00e9al pour ceux qui recherchent un logement non meubl\u00e9 afin de pouvoir","breadcrumb":{"@id":"https:\/\/grupo-garcia.es\/fr\/properties\/location-dun-appartement-de-3-chambres-a-alcalali-avec-possibilite-de-location-meublee-30138023\/#breadcrumb"},"inLanguage":"fr-FR","potentialAction":[{"@type":"ReadAction","target":["https:\/\/grupo-garcia.es\/fr\/properties\/location-dun-appartement-de-3-chambres-a-alcalali-avec-possibilite-de-location-meublee-30138023\/"]}]},{"@type":"ImageObject","inLanguage":"fr-FR","@id":"https:\/\/grupo-garcia.es\/fr\/properties\/location-dun-appartement-de-3-chambres-a-alcalali-avec-possibilite-de-location-meublee-30138023\/#primaryimage","url":"https:\/\/grupo-garcia.es\/wp-content\/uploads\/2026\/09\/3-1.jpg","contentUrl":"https:\/\/grupo-garcia.es\/wp-content\/uploads\/2026\/09\/3-1.jpg","width":977,"height":1280},{"@type":"BreadcrumbList","@id":"https:\/\/grupo-garcia.es\/fr\/properties\/location-dun-appartement-de-3-chambres-a-alcalali-avec-possibilite-de-location-meublee-30138023\/#breadcrumb","itemListElement":[{"@type":"ListItem","position":1,"name":"Portada","item":"https:\/\/grupo-garcia.es\/fr\/"},{"@type":"ListItem","position":2,"name":"Properties","item":"https:\/\/grupo-garcia.es\/fr\/properties\/"},{"@type":"ListItem","position":3,"name":"LOCATION D&rsquo;UN APPARTEMENT DE 3 CHAMBRES \u00c0 ALCALALI AVEC POSSIBILIT\u00c9 DE LOCATION MEUBL\u00c9E"}]},{"@type":"WebSite","@id":"https:\/\/grupo-garcia.es\/fr\/#website","url":"https:\/\/grupo-garcia.es\/fr\/","name":"Grupo Garcia","description":"Inmobiliaria en J\u00e1vea y Jal\u00f3n","potentialAction":[{"@type":"SearchAction","target":{"@type":"EntryPoint","urlTemplate":"https:\/\/grupo-garcia.es\/fr\/?s={search_term_string}"},"query-input":{"@type":"PropertyValueSpecification","valueRequired":true,"valueName":"search_term_string"}}],"inLanguage":"fr-FR"}]}},"_links":{"self":[{"href":"https:\/\/grupo-garcia.es\/fr\/wp-json\/wp\/v2\/properties\/13578730","targetHints":{"allow":["GET"]}}],"collection":[{"href":"https:\/\/grupo-garcia.es\/fr\/wp-json\/wp\/v2\/properties"}],"about":[{"href":"https:\/\/grupo-garcia.es\/fr\/wp-json\/wp\/v2\/types\/properties"}],"wp:featuredmedia":[{"embeddable":true,"href":"https:\/\/grupo-garcia.es\/fr\/wp-json\/wp\/v2\/media\/13578686"}],"wp:attachment":[{"href":"https:\/\/grupo-garcia.es\/fr\/wp-json\/wp\/v2\/media?parent=13578730"}],"wp:term":[{"taxonomy":"property-state","embeddable":true,"href":"https:\/\/grupo-garcia.es\/fr\/wp-json\/wp\/v2\/property-state?post=13578730"},{"taxonomy":"property-type","embeddable":true,"href":"https:\/\/grupo-garcia.es\/fr\/wp-json\/wp\/v2\/property-type?post=13578730"},{"taxonomy":"zone","embeddable":true,"href":"https:\/\/grupo-garcia.es\/fr\/wp-json\/wp\/v2\/zone?post=13578730"},{"taxonomy":"city","embeddable":true,"href":"https:\/\/grupo-garcia.es\/fr\/wp-json\/wp\/v2\/city?post=13578730"},{"taxonomy":"property_categories","embeddable":true,"href":"https:\/\/grupo-garcia.es\/fr\/wp-json\/wp\/v2\/property_categories?post=13578730"}],"curies":[{"name":"wp","href":"https:\/\/api.w.org\/{rel}","templated":true}]}}