{"id":13575589,"date":"2026-09-01T13:31:14","date_gmt":"2026-09-01T12:31:14","guid":{"rendered":"https:\/\/grupo-garcia.es\/properties\/bungalow-expose-plein-sud-offrant-une-vue-imprenable-a-valle-del-paraiso-jalon-23393872\/"},"modified":"2026-09-02T06:46:41","modified_gmt":"2026-09-02T05:46:41","slug":"bungalow-expose-plein-sud-offrant-une-vue-imprenable-a-valle-del-paraiso-jalon-23393872","status":"publish","type":"properties","link":"https:\/\/grupo-garcia.es\/fr\/properties\/bungalow-expose-plein-sud-offrant-une-vue-imprenable-a-valle-del-paraiso-jalon-23393872\/","title":{"rendered":"Bungalow expos\u00e9 plein sud offrant une vue imprenable \u00e0 Valle del Para\u00edso, Jal\u00f3n"},"content":{"rendered":"<p>Ce bungalow de trois chambres est situ\u00e9 dans le c\u00e9l\u00e8bre lotissement \u00ab Valle del Para\u00edso \u00bb \u00e0 Jal\u00f3n. Il b\u00e9n\u00e9ficie d\u2019une exposition plein sud et d\u2019une vue imprenable sur la vall\u00e9e de Jal\u00f3n et les montagnes environnantes. R\u00e9partie sur deux niveaux, la propri\u00e9t\u00e9 comprend deux salles de bains, des toilettes, deux terrasses et un acc\u00e8s \u00e0 la piscine commune, alliant ainsi des espaces int\u00e9rieurs confortables \u00e0 divers endroits permettant de profiter du cadre environnant.<\/p>\n<p>Le rez-de-chauss\u00e9e abrite les pi\u00e8ces \u00e0 vivre. Le salon-salle \u00e0 manger est un espace baign\u00e9 de lumi\u00e8re qui s\u2019ouvre directement sur une terrasse couverte donnant sur la vall\u00e9e. Il est \u00e9quip\u00e9 d\u2019un store motoris\u00e9 dot\u00e9 d\u2019un capteur de vent qui se r\u00e9tracte automatiquement en cas de vent fort, cr\u00e9ant ainsi une transition agr\u00e9able entre l\u2019int\u00e9rieur et l\u2019ext\u00e9rieur.<\/p>\n<p>La vue occupe une place centrale dans cette partie de la propri\u00e9t\u00e9, vous permettant d\u2019admirer le paysage aussi bien depuis le salon lui-m\u00eame que depuis la terrasse. La cuisine est ind\u00e9pendante et b\u00e9n\u00e9ficie d\u2019un agencement pratique, tandis que des toilettes pour invit\u00e9s compl\u00e8tent cet \u00e9tage.<\/p>\n<p>La terrasse du rez-de-chauss\u00e9e dispose \u00e9galement d\u2019un acc\u00e8s direct \u00e0 l\u2019ext\u00e9rieur, une caract\u00e9ristique rare parmi les maisons mitoyennes de ce lotissement et qui offre une deuxi\u00e8me entr\u00e9e particuli\u00e8rement pratique au quotidien.<\/p>\n<p>Les trois chambres sont situ\u00e9es au premier \u00e9tage. La chambre parentale dispose d\u2019une salle de bains attenante et d\u2019une terrasse priv\u00e9e, d\u2019o\u00f9 l\u2019on peut \u00e0 nouveau profiter de la vue sur la vall\u00e9e et les montagnes. Les deux autres chambres partagent une deuxi\u00e8me salle de bains et b\u00e9n\u00e9ficient d\u2019une vue sur l\u2019espace piscine commun. Les chambres sont \u00e9quip\u00e9es d\u2019armoires encastr\u00e9es, ce qui garantit un agencement fonctionnel et une bonne utilisation de l\u2019espace disponible.<\/p>\n<p>Le bien est \u00e9quip\u00e9 d\u2019une climatisation centrale chaud\/froid, de ventilateurs de plafond, d\u2019un store \u00e9lectrique, de double vitrage et d\u2019un chauffe-eau \u00e9lectrique r\u00e9cemment remplac\u00e9. Il dispose \u00e9galement de deux entr\u00e9es ind\u00e9pendantes. La piscine commune est situ\u00e9e au centre du complexe r\u00e9sidentiel, entour\u00e9e de terrasses et de l\u2019architecture blanche de style m\u00e9diterran\u00e9en caract\u00e9ristique de Valle del Para\u00edso.<\/p>\n<p>Jal\u00f3n est situ\u00e9 au c\u0153ur de la vall\u00e9e de Jal\u00f3n, au milieu des vignobles et d\u2019un paysage montagneux. La ville est particuli\u00e8rement r\u00e9put\u00e9e pour ses vins et ses mistelas, son march\u00e9 aux antiquit\u00e9s traditionnel du samedi, ainsi que pour ses environs, id\u00e9aux pour la randonn\u00e9e et le cyclotourisme. La ville dispose \u00e9galement de commodit\u00e9s telles qu\u2019une \u00e9cole, un centre m\u00e9dical et des installations sportives, permettant aux r\u00e9sidents de concilier la tranquillit\u00e9 de la campagne de la Marina Alta avec les n\u00e9cessit\u00e9s de la vie quotidienne.<\/p><\/p>\n","protected":false},"featured_media":13575883,"template":"","meta":{"id_inmovilla":["23393872"],"property_type":["Adosada"],"property_ref":["NC5311"],"property_price":["280000"],"property_city":["Jalon - Xalo"],"property_region":["ALICANTE"],"zona-auxiliar":["Valle de Paraiso"],"tipo-via":[""],"domicilio":[""],"numero":[""],"codigo-postal":["03727"],"altura":[""],"planta":[""],"piso":[""],"puerta":[""],"escalera":[""],"bloque":[""],"edificio":[""],"habitaciones-dobles":["2"],"bedrooms":["1"],"banos":["2"],"aseos":["1"],"salones":["1"],"parking":["0","false"],"plantas":["2"],"fecha-construccion":["2003"],"distancia-playa":["18000"],"comunidad":["0"],"periodicidad-comunidad":["MES"],"ibi":["0.00"],"distancia-al-mar":["18000"],"metros-utiles":["0.00"],"metros-construidos":["102.00"],"metros-parcela":["0"],"metros-de-la-terraza":["0.00"],"metros-de-la-cocina":["0.00"],"metros-del-comedor":["0.00"],"metros-del-salon":["0.00"],"estado":["Entrar a vivir"],"carpinteria-exterior":["Aluminio\/Climalit"],"tipo-suelo":["Stoneware"],"orientacion":["Sureste"],"carpinteria-interior":["Madera"],"vistas":["Vall\u00e9e et montagnes"],"tipo-de-calefaccion":["25"],"agua-caliente":["Electric Water Heater"],"tipo-cocina":[""],"instalacion-electrica":["0"],"fachada":[""],"acceso-pmr":["false"],"armarios-empotrados":["true"],"calefaccion":["true"],"garaje":["false"],"jacuzzi":["false"],"solarium":["false"],"vivienda-adaptada":["false"],"ascensor":["false"],"calefaccion-central":["false"],"garaje-doble":["false"],"jardin":["false"],"puerta-blindada":["false"],"t-v":["false"],"aire-acond-central":["true"],"balcon":["false"],"chimenea":["false"],"gas-ciudad":["true"],"lavanderia":["false"],"patio":["false"],"aire-acondicionado":["false"],"bar":["false"],"deposito-agua":["false"],"gimnasio":["false"],"luminoso":["true"],"pergola":["false"],"terraza":["true"],"alarma":["false"],"barbacoa":["false"],"descalcificador":["false"],"hab-juegos":["false"],"luz":["false"],"piscina-comunitaria":["true"],"satelite":["true"],"terraza-acristalada":["false"],"alarma-incendio":["false"],"bomba-frio-y-calor":["false"],"despensa":["false"],"hidromasaje":["false"],"mirador":["false"],"piscina-propia":["false"],"sauna":["false"],"trastero":["false"],"apart-separado":["false"],"buhardilla":["false"],"esquina":["false"],"muebles":["true"],"preinst-aacc":["false"],"sotano":["false"],"videoportero":[""],"autobuses":["false"],"centros-comerciales":["false"],"colegios":["true"],"hospitales":["false"],"urbanizacion":["true"],"vistas-al-mar":["false"],"zonas-infantiles":["false"],"arboles":["true"],"centros-medicos":["false"],"costa":["false"],"metro":["false"],"primera-linea":["false"],"tranvia":["false"],"vallado":["true"],"golf":["false"],"montana":["true"],"rural":["true"],"tren":["false"],"exclusividad":["true"],"tour-virtual":[""],"video":[""],"disponibilidad-propiedad":["Libre"],"habitaciones_totales":["3"],"ojo_de_buey":["false"],"certificado_energetico":["G"],"energia_valor":["0"],"_wp_page_template":["default"],"galeria":["a:30:{i:13575883;s:58:\"https:\/\/grupo-garcia.es\/wp-content\/uploads\/2026\/09\/6-1.jpg\";i:13578006;s:58:\"https:\/\/grupo-garcia.es\/wp-content\/uploads\/2026\/09\/6-2.jpg\";i:13578007;s:58:\"https:\/\/grupo-garcia.es\/wp-content\/uploads\/2026\/09\/6-3.jpg\";i:13578008;s:58:\"https:\/\/grupo-garcia.es\/wp-content\/uploads\/2026\/09\/6-4.jpg\";i:13578009;s:58:\"https:\/\/grupo-garcia.es\/wp-content\/uploads\/2026\/09\/6-5.jpg\";i:13578010;s:58:\"https:\/\/grupo-garcia.es\/wp-content\/uploads\/2026\/09\/6-6.jpg\";i:13578011;s:58:\"https:\/\/grupo-garcia.es\/wp-content\/uploads\/2026\/09\/6-7.jpg\";i:13578012;s:58:\"https:\/\/grupo-garcia.es\/wp-content\/uploads\/2026\/09\/6-8.jpg\";i:13578013;s:58:\"https:\/\/grupo-garcia.es\/wp-content\/uploads\/2026\/09\/6-9.jpg\";i:13578014;s:59:\"https:\/\/grupo-garcia.es\/wp-content\/uploads\/2026\/09\/6-10.jpg\";i:13578015;s:59:\"https:\/\/grupo-garcia.es\/wp-content\/uploads\/2026\/09\/6-11.jpg\";i:13578016;s:59:\"https:\/\/grupo-garcia.es\/wp-content\/uploads\/2026\/09\/6-12.jpg\";i:13578017;s:59:\"https:\/\/grupo-garcia.es\/wp-content\/uploads\/2026\/09\/6-13.jpg\";i:13578018;s:59:\"https:\/\/grupo-garcia.es\/wp-content\/uploads\/2026\/09\/6-14.jpg\";i:13578019;s:59:\"https:\/\/grupo-garcia.es\/wp-content\/uploads\/2026\/09\/6-15.jpg\";i:13578020;s:59:\"https:\/\/grupo-garcia.es\/wp-content\/uploads\/2026\/09\/6-16.jpg\";i:13578021;s:59:\"https:\/\/grupo-garcia.es\/wp-content\/uploads\/2026\/09\/6-17.jpg\";i:13578022;s:59:\"https:\/\/grupo-garcia.es\/wp-content\/uploads\/2026\/09\/6-18.jpg\";i:13578023;s:59:\"https:\/\/grupo-garcia.es\/wp-content\/uploads\/2026\/09\/6-19.jpg\";i:13578024;s:59:\"https:\/\/grupo-garcia.es\/wp-content\/uploads\/2026\/09\/6-20.jpg\";i:13578025;s:59:\"https:\/\/grupo-garcia.es\/wp-content\/uploads\/2026\/09\/6-21.jpg\";i:13578026;s:59:\"https:\/\/grupo-garcia.es\/wp-content\/uploads\/2026\/09\/6-22.jpg\";i:13578027;s:59:\"https:\/\/grupo-garcia.es\/wp-content\/uploads\/2026\/09\/6-23.jpg\";i:13578028;s:59:\"https:\/\/grupo-garcia.es\/wp-content\/uploads\/2026\/09\/6-24.jpg\";i:13578029;s:59:\"https:\/\/grupo-garcia.es\/wp-content\/uploads\/2026\/09\/6-25.jpg\";i:13578030;s:59:\"https:\/\/grupo-garcia.es\/wp-content\/uploads\/2026\/09\/6-26.jpg\";i:13578031;s:59:\"https:\/\/grupo-garcia.es\/wp-content\/uploads\/2026\/09\/6-27.jpg\";i:13578032;s:59:\"https:\/\/grupo-garcia.es\/wp-content\/uploads\/2026\/09\/6-28.jpg\";i:13578033;s:59:\"https:\/\/grupo-garcia.es\/wp-content\/uploads\/2026\/09\/6-29.jpg\";i:13578034;s:59:\"https:\/\/grupo-garcia.es\/wp-content\/uploads\/2026\/09\/6-30.jpg\";}"],"_thumbnail_id":["13575883"],"_wpml_word_count":["512"]},"property-state":[207],"property-type":[253],"zone":[548],"city":[68],"property_categories":[269],"class_list":["post-13575589","properties","type-properties","status-publish","has-post-thumbnail","hentry","property-state-revente","property-type-terrasse","zone-valle-de-paraiso","city-jalon","property_categories-vendre"],"yoast_head":"<!-- This site is optimized with the Yoast SEO plugin v28.4 - https:\/\/yoast.com\/product\/yoast-seo-wordpress\/ -->\n<title>Bungalow expos\u00e9 plein sud offrant une vue imprenable \u00e0 Valle del Para\u00edso, Jal\u00f3n | Grupo Garcia<\/title>\n<meta name=\"description\" content=\"Bungalow expos\u00e9 plein sud offrant une vue imprenable \u00e0 Valle del Para\u00edso, Jal\u00f3n Ce bungalow de trois chambres est situ\u00e9 dans le c\u00e9l\u00e8bre lotissement \u00ab Valle del Para\u00edso \u00bb \u00e0 Jal\u00f3n. Il b\u00e9n\u00e9ficie d\u2019une exposition plein sud et d\u2019une vue\" \/>\n<meta name=\"robots\" content=\"index, follow, max-snippet:-1, max-image-preview:large, max-video-preview:-1\" \/>\n<link rel=\"canonical\" href=\"https:\/\/grupo-garcia.es\/fr\/properties\/bungalow-expose-plein-sud-offrant-une-vue-imprenable-a-valle-del-paraiso-jalon-23393872\/\" \/>\n<meta property=\"og:locale\" content=\"fr_FR\" \/>\n<meta property=\"og:type\" content=\"article\" \/>\n<meta property=\"og:title\" content=\"Bungalow expos\u00e9 plein sud offrant une vue imprenable \u00e0 Valle del Para\u00edso, Jal\u00f3n | Grupo Garcia\" \/>\n<meta property=\"og:description\" content=\"Bungalow expos\u00e9 plein sud offrant une vue imprenable \u00e0 Valle del Para\u00edso, Jal\u00f3n Ce bungalow de trois chambres est situ\u00e9 dans le c\u00e9l\u00e8bre lotissement \u00ab Valle del Para\u00edso \u00bb \u00e0 Jal\u00f3n. Il b\u00e9n\u00e9ficie d\u2019une exposition plein sud et d\u2019une vue\" \/>\n<meta property=\"og:url\" content=\"https:\/\/grupo-garcia.es\/fr\/properties\/bungalow-expose-plein-sud-offrant-une-vue-imprenable-a-valle-del-paraiso-jalon-23393872\/\" \/>\n<meta property=\"og:site_name\" content=\"Grupo Garcia\" \/>\n<meta property=\"article:publisher\" content=\"https:\/\/www.facebook.com\/grupogarciacostablanca\/\" \/>\n<meta property=\"article:modified_time\" content=\"2026-09-02T05:46:41+00:00\" \/>\n<meta property=\"og:image\" content=\"https:\/\/grupo-garcia.es\/wp-content\/uploads\/2026\/09\/6-1.jpg\" \/>\n\t<meta property=\"og:image:width\" content=\"1411\" \/>\n\t<meta property=\"og:image:height\" content=\"941\" \/>\n\t<meta property=\"og:image:type\" content=\"image\/jpeg\" \/>\n<meta name=\"twitter:card\" content=\"summary_large_image\" \/>\n<meta name=\"twitter:label1\" content=\"Dur\u00e9e de lecture estim\u00e9e\" \/>\n\t<meta name=\"twitter:data1\" content=\"3 minutes\" \/>\n<script type=\"application\/ld+json\" class=\"yoast-schema-graph\">{\"@context\":\"https:\\\/\\\/schema.org\",\"@graph\":[{\"@type\":[\"WebPage\",\"RealEstateListing\"],\"@id\":\"https:\\\/\\\/grupo-garcia.es\\\/fr\\\/properties\\\/bungalow-expose-plein-sud-offrant-une-vue-imprenable-a-valle-del-paraiso-jalon-23393872\\\/\",\"url\":\"https:\\\/\\\/grupo-garcia.es\\\/fr\\\/properties\\\/bungalow-expose-plein-sud-offrant-une-vue-imprenable-a-valle-del-paraiso-jalon-23393872\\\/\",\"name\":\"Bungalow expos\u00e9 plein sud offrant une vue imprenable \u00e0 Valle del Para\u00edso, Jal\u00f3n | Grupo Garcia\",\"isPartOf\":{\"@id\":\"https:\\\/\\\/grupo-garcia.es\\\/fr\\\/#website\"},\"primaryImageOfPage\":{\"@id\":\"https:\\\/\\\/grupo-garcia.es\\\/fr\\\/properties\\\/bungalow-expose-plein-sud-offrant-une-vue-imprenable-a-valle-del-paraiso-jalon-23393872\\\/#primaryimage\"},\"image\":{\"@id\":\"https:\\\/\\\/grupo-garcia.es\\\/fr\\\/properties\\\/bungalow-expose-plein-sud-offrant-une-vue-imprenable-a-valle-del-paraiso-jalon-23393872\\\/#primaryimage\"},\"thumbnailUrl\":\"https:\\\/\\\/grupo-garcia.es\\\/wp-content\\\/uploads\\\/2026\\\/09\\\/6-1.jpg\",\"datePublished\":\"2026-09-01T12:31:14+00:00\",\"dateModified\":\"2026-09-02T05:46:41+00:00\",\"description\":\"Bungalow expos\u00e9 plein sud offrant une vue imprenable \u00e0 Valle del Para\u00edso, Jal\u00f3n Ce bungalow de trois chambres est situ\u00e9 dans le c\u00e9l\u00e8bre lotissement \u00ab Valle del Para\u00edso \u00bb \u00e0 Jal\u00f3n. Il b\u00e9n\u00e9ficie d\u2019une exposition plein sud et d\u2019une vue\",\"breadcrumb\":{\"@id\":\"https:\\\/\\\/grupo-garcia.es\\\/fr\\\/properties\\\/bungalow-expose-plein-sud-offrant-une-vue-imprenable-a-valle-del-paraiso-jalon-23393872\\\/#breadcrumb\"},\"inLanguage\":\"fr-FR\",\"potentialAction\":[{\"@type\":\"ReadAction\",\"target\":[\"https:\\\/\\\/grupo-garcia.es\\\/fr\\\/properties\\\/bungalow-expose-plein-sud-offrant-une-vue-imprenable-a-valle-del-paraiso-jalon-23393872\\\/\"]}]},{\"@type\":\"ImageObject\",\"inLanguage\":\"fr-FR\",\"@id\":\"https:\\\/\\\/grupo-garcia.es\\\/fr\\\/properties\\\/bungalow-expose-plein-sud-offrant-une-vue-imprenable-a-valle-del-paraiso-jalon-23393872\\\/#primaryimage\",\"url\":\"https:\\\/\\\/grupo-garcia.es\\\/wp-content\\\/uploads\\\/2026\\\/09\\\/6-1.jpg\",\"contentUrl\":\"https:\\\/\\\/grupo-garcia.es\\\/wp-content\\\/uploads\\\/2026\\\/09\\\/6-1.jpg\",\"width\":1411,\"height\":941},{\"@type\":\"BreadcrumbList\",\"@id\":\"https:\\\/\\\/grupo-garcia.es\\\/fr\\\/properties\\\/bungalow-expose-plein-sud-offrant-une-vue-imprenable-a-valle-del-paraiso-jalon-23393872\\\/#breadcrumb\",\"itemListElement\":[{\"@type\":\"ListItem\",\"position\":1,\"name\":\"Portada\",\"item\":\"https:\\\/\\\/grupo-garcia.es\\\/fr\\\/\"},{\"@type\":\"ListItem\",\"position\":2,\"name\":\"Properties\",\"item\":\"https:\\\/\\\/grupo-garcia.es\\\/fr\\\/properties\\\/\"},{\"@type\":\"ListItem\",\"position\":3,\"name\":\"Bungalow expos\u00e9 plein sud offrant une vue imprenable \u00e0 Valle del Para\u00edso, Jal\u00f3n\"}]},{\"@type\":\"WebSite\",\"@id\":\"https:\\\/\\\/grupo-garcia.es\\\/fr\\\/#website\",\"url\":\"https:\\\/\\\/grupo-garcia.es\\\/fr\\\/\",\"name\":\"Grupo Garcia\",\"description\":\"Inmobiliaria en J\u00e1vea y Jal\u00f3n\",\"potentialAction\":[{\"@type\":\"SearchAction\",\"target\":{\"@type\":\"EntryPoint\",\"urlTemplate\":\"https:\\\/\\\/grupo-garcia.es\\\/fr\\\/?s={search_term_string}\"},\"query-input\":{\"@type\":\"PropertyValueSpecification\",\"valueRequired\":true,\"valueName\":\"search_term_string\"}}],\"inLanguage\":\"fr-FR\"}]}<\/script>\n<!-- \/ Yoast SEO plugin. -->","yoast_head_json":{"title":"Bungalow expos\u00e9 plein sud offrant une vue imprenable \u00e0 Valle del Para\u00edso, Jal\u00f3n | Grupo Garcia","description":"Bungalow expos\u00e9 plein sud offrant une vue imprenable \u00e0 Valle del Para\u00edso, Jal\u00f3n Ce bungalow de trois chambres est situ\u00e9 dans le c\u00e9l\u00e8bre lotissement \u00ab Valle del Para\u00edso \u00bb \u00e0 Jal\u00f3n. Il b\u00e9n\u00e9ficie d\u2019une exposition plein sud et d\u2019une vue","robots":{"index":"index","follow":"follow","max-snippet":"max-snippet:-1","max-image-preview":"max-image-preview:large","max-video-preview":"max-video-preview:-1"},"canonical":"https:\/\/grupo-garcia.es\/fr\/properties\/bungalow-expose-plein-sud-offrant-une-vue-imprenable-a-valle-del-paraiso-jalon-23393872\/","og_locale":"fr_FR","og_type":"article","og_title":"Bungalow expos\u00e9 plein sud offrant une vue imprenable \u00e0 Valle del Para\u00edso, Jal\u00f3n | Grupo Garcia","og_description":"Bungalow expos\u00e9 plein sud offrant une vue imprenable \u00e0 Valle del Para\u00edso, Jal\u00f3n Ce bungalow de trois chambres est situ\u00e9 dans le c\u00e9l\u00e8bre lotissement \u00ab Valle del Para\u00edso \u00bb \u00e0 Jal\u00f3n. Il b\u00e9n\u00e9ficie d\u2019une exposition plein sud et d\u2019une vue","og_url":"https:\/\/grupo-garcia.es\/fr\/properties\/bungalow-expose-plein-sud-offrant-une-vue-imprenable-a-valle-del-paraiso-jalon-23393872\/","og_site_name":"Grupo Garcia","article_publisher":"https:\/\/www.facebook.com\/grupogarciacostablanca\/","article_modified_time":"2026-09-02T05:46:41+00:00","og_image":[{"width":1411,"height":941,"url":"https:\/\/grupo-garcia.es\/wp-content\/uploads\/2026\/09\/6-1.jpg","type":"image\/jpeg"}],"twitter_card":"summary_large_image","twitter_misc":{"Dur\u00e9e de lecture estim\u00e9e":"3 minutes"},"schema":{"@context":"https:\/\/schema.org","@graph":[{"@type":["WebPage","RealEstateListing"],"@id":"https:\/\/grupo-garcia.es\/fr\/properties\/bungalow-expose-plein-sud-offrant-une-vue-imprenable-a-valle-del-paraiso-jalon-23393872\/","url":"https:\/\/grupo-garcia.es\/fr\/properties\/bungalow-expose-plein-sud-offrant-une-vue-imprenable-a-valle-del-paraiso-jalon-23393872\/","name":"Bungalow expos\u00e9 plein sud offrant une vue imprenable \u00e0 Valle del Para\u00edso, Jal\u00f3n | Grupo Garcia","isPartOf":{"@id":"https:\/\/grupo-garcia.es\/fr\/#website"},"primaryImageOfPage":{"@id":"https:\/\/grupo-garcia.es\/fr\/properties\/bungalow-expose-plein-sud-offrant-une-vue-imprenable-a-valle-del-paraiso-jalon-23393872\/#primaryimage"},"image":{"@id":"https:\/\/grupo-garcia.es\/fr\/properties\/bungalow-expose-plein-sud-offrant-une-vue-imprenable-a-valle-del-paraiso-jalon-23393872\/#primaryimage"},"thumbnailUrl":"https:\/\/grupo-garcia.es\/wp-content\/uploads\/2026\/09\/6-1.jpg","datePublished":"2026-09-01T12:31:14+00:00","dateModified":"2026-09-02T05:46:41+00:00","description":"Bungalow expos\u00e9 plein sud offrant une vue imprenable \u00e0 Valle del Para\u00edso, Jal\u00f3n Ce bungalow de trois chambres est situ\u00e9 dans le c\u00e9l\u00e8bre lotissement \u00ab Valle del Para\u00edso \u00bb \u00e0 Jal\u00f3n. Il b\u00e9n\u00e9ficie d\u2019une exposition plein sud et d\u2019une vue","breadcrumb":{"@id":"https:\/\/grupo-garcia.es\/fr\/properties\/bungalow-expose-plein-sud-offrant-une-vue-imprenable-a-valle-del-paraiso-jalon-23393872\/#breadcrumb"},"inLanguage":"fr-FR","potentialAction":[{"@type":"ReadAction","target":["https:\/\/grupo-garcia.es\/fr\/properties\/bungalow-expose-plein-sud-offrant-une-vue-imprenable-a-valle-del-paraiso-jalon-23393872\/"]}]},{"@type":"ImageObject","inLanguage":"fr-FR","@id":"https:\/\/grupo-garcia.es\/fr\/properties\/bungalow-expose-plein-sud-offrant-une-vue-imprenable-a-valle-del-paraiso-jalon-23393872\/#primaryimage","url":"https:\/\/grupo-garcia.es\/wp-content\/uploads\/2026\/09\/6-1.jpg","contentUrl":"https:\/\/grupo-garcia.es\/wp-content\/uploads\/2026\/09\/6-1.jpg","width":1411,"height":941},{"@type":"BreadcrumbList","@id":"https:\/\/grupo-garcia.es\/fr\/properties\/bungalow-expose-plein-sud-offrant-une-vue-imprenable-a-valle-del-paraiso-jalon-23393872\/#breadcrumb","itemListElement":[{"@type":"ListItem","position":1,"name":"Portada","item":"https:\/\/grupo-garcia.es\/fr\/"},{"@type":"ListItem","position":2,"name":"Properties","item":"https:\/\/grupo-garcia.es\/fr\/properties\/"},{"@type":"ListItem","position":3,"name":"Bungalow expos\u00e9 plein sud offrant une vue imprenable \u00e0 Valle del Para\u00edso, Jal\u00f3n"}]},{"@type":"WebSite","@id":"https:\/\/grupo-garcia.es\/fr\/#website","url":"https:\/\/grupo-garcia.es\/fr\/","name":"Grupo Garcia","description":"Inmobiliaria en J\u00e1vea y Jal\u00f3n","potentialAction":[{"@type":"SearchAction","target":{"@type":"EntryPoint","urlTemplate":"https:\/\/grupo-garcia.es\/fr\/?s={search_term_string}"},"query-input":{"@type":"PropertyValueSpecification","valueRequired":true,"valueName":"search_term_string"}}],"inLanguage":"fr-FR"}]}},"_links":{"self":[{"href":"https:\/\/grupo-garcia.es\/fr\/wp-json\/wp\/v2\/properties\/13575589","targetHints":{"allow":["GET"]}}],"collection":[{"href":"https:\/\/grupo-garcia.es\/fr\/wp-json\/wp\/v2\/properties"}],"about":[{"href":"https:\/\/grupo-garcia.es\/fr\/wp-json\/wp\/v2\/types\/properties"}],"wp:featuredmedia":[{"embeddable":true,"href":"https:\/\/grupo-garcia.es\/fr\/wp-json\/wp\/v2\/media\/13575883"}],"wp:attachment":[{"href":"https:\/\/grupo-garcia.es\/fr\/wp-json\/wp\/v2\/media?parent=13575589"}],"wp:term":[{"taxonomy":"property-state","embeddable":true,"href":"https:\/\/grupo-garcia.es\/fr\/wp-json\/wp\/v2\/property-state?post=13575589"},{"taxonomy":"property-type","embeddable":true,"href":"https:\/\/grupo-garcia.es\/fr\/wp-json\/wp\/v2\/property-type?post=13575589"},{"taxonomy":"zone","embeddable":true,"href":"https:\/\/grupo-garcia.es\/fr\/wp-json\/wp\/v2\/zone?post=13575589"},{"taxonomy":"city","embeddable":true,"href":"https:\/\/grupo-garcia.es\/fr\/wp-json\/wp\/v2\/city?post=13575589"},{"taxonomy":"property_categories","embeddable":true,"href":"https:\/\/grupo-garcia.es\/fr\/wp-json\/wp\/v2\/property_categories?post=13575589"}],"curies":[{"name":"wp","href":"https:\/\/api.w.org\/{rel}","templated":true}]}}