{"id":13572685,"date":"2026-08-12T14:08:26","date_gmt":"2026-08-12T13:08:26","guid":{"rendered":"https:\/\/grupo-garcia.es\/properties\/villa-tevar-projet-de-villa-au-design-moderne-avec-vue-sur-le-penon-de-ifach-a-calpe-29931104\/"},"modified":"2026-09-05T07:03:23","modified_gmt":"2026-09-05T06:03:23","slug":"villa-tevar-projet-de-villa-au-design-moderne-avec-vue-sur-le-penon-de-ifach-a-calpe-29931104","status":"publish","type":"properties","link":"https:\/\/grupo-garcia.es\/fr\/properties\/villa-tevar-projet-de-villa-au-design-moderne-avec-vue-sur-le-penon-de-ifach-a-calpe-29931104\/","title":{"rendered":"Villa Tevar. Projet de villa au design moderne avec vue sur le Pe\u00f1\u00f3n de Ifach \u00e0 Calpe"},"content":{"rendered":"<p>Cette spectaculaire villa neuve, pour laquelle tous les permis de construire ont \u00e9t\u00e9 obtenus, est situ\u00e9e \u00e0 Ortembach, \u00e0 Calpe, l&rsquo;un des quartiers r\u00e9sidentiels les plus pris\u00e9s de la Costa Blanca Nord, r\u00e9put\u00e9 pour ses vues panoramiques sur la M\u00e9diterran\u00e9e et l&#8217;embl\u00e9matique Pe\u00f1\u00f3n de Ifach. Implant\u00e9e sur un terrain de 834 m\u00b2, la propri\u00e9t\u00e9 b\u00e9n\u00e9ficie d&rsquo;un emplacement privil\u00e9gi\u00e9 \u00e0 seulement 2,7 km de la plage (environ 6 minutes en voiture) et \u00e0 500 m\u00e8tres du supermarch\u00e9 le plus proche, alliant intimit\u00e9, vues imprenables et commodit\u00e9s du quotidien.<\/p>\n<p>Con\u00e7ue dans un style contemporain caract\u00e9ris\u00e9 par des lignes \u00e9pur\u00e9es, des volumes d\u00e9gag\u00e9s et de vastes surfaces vitr\u00e9es, la villa mettra en valeur la lumi\u00e8re naturelle, l&rsquo;espace et une parfaite harmonie entre int\u00e9rieur et ext\u00e9rieur. Avec plus de 360 \u200b\u200bm\u00b2 de surface habitable r\u00e9partis sur trois niveaux, elle comprendra cinq chambres et plusieurs salles de bains privatives. Le rez-de-chauss\u00e9e abritera le c\u0153ur de la maison\u00a0: un espace de vie lumineux et ouvert de plus de 60\u00a0m\u00b2 comprenant salon, salle \u00e0 manger et cuisine, avec acc\u00e8s direct aux v\u00e9randas, \u00e0 la terrasse et \u00e0 la cuisine d\u2019\u00e9t\u00e9 couverte \u2013 id\u00e9al pour un style de vie m\u00e9diterran\u00e9en. Le premier \u00e9tage comprendra trois chambres, chacune avec sa propre terrasse et vue sur les environs. Le sous-sol abritera un garage, un cellier, une buanderie et une chambre suppl\u00e9mentaire avec salle de bains privative, parfaite pour les invit\u00e9s ou le personnel.<\/p>\n<p>L\u2019ext\u00e9rieur sera con\u00e7u avec le m\u00eame soin\u00a0: une piscine priv\u00e9e avec un solarium flottant en bois, de vastes jardins paysagers, des v\u00e9randas en bois et en pierre naturelle, et un terrain de 834\u00a0m\u00b2 garantissant l\u2019intimit\u00e9 sans sacrifier la vue panoramique sur la baie de Calpe. Le permis de construire ayant d\u00e9j\u00e0 \u00e9t\u00e9 accord\u00e9, le projet devrait \u00eatre achev\u00e9 dans les 18\u00a0mois suivant le d\u00e9but des travaux, offrant ainsi \u00e0 l\u2019acqu\u00e9reur la possibilit\u00e9 de personnaliser les finitions et l\u2019agencement int\u00e9rieur. Une propri\u00e9t\u00e9 con\u00e7ue pour ceux qui recherchent un design moderne, une grande fonctionnalit\u00e9 et un emplacement privil\u00e9gi\u00e9 sur la c\u00f4te m\u00e9diterran\u00e9enne, avec toutes les commodit\u00e9s \u00e0 proximit\u00e9.<\/p>\n<p>Mentions l\u00e9gales\u00a0: Les images utilis\u00e9es dans cette annonce sont des visualisations g\u00e9n\u00e9r\u00e9es par IA et peuvent ne pas \u00eatre parfaitement exactes. Elles sont fournies \u00e0 titre indicatif uniquement et ne repr\u00e9sentent pas le bien dans son \u00e9tat actuel.<\/p><\/p>\n","protected":false},"featured_media":13572686,"template":"","meta":{"id_inmovilla":["29931104"],"property_type":["Villa de Lujo"],"property_ref":["DG6789"],"property_price":["1620000"],"property_city":["Calpe"],"property_region":["ALICANTE"],"zona-auxiliar":["Ortenbach"],"tipo-via":[""],"domicilio":[""],"numero":[""],"codigo-postal":["03710"],"altura":[""],"planta":[""],"piso":[""],"puerta":[""],"escalera":[""],"bloque":[""],"edificio":[""],"habitaciones-dobles":["5"],"bedrooms":["0"],"banos":["5"],"aseos":["1"],"salones":["0"],"parking":["0","2"],"plantas":["0"],"fecha-construccion":["2026"],"distancia-playa":["0"],"comunidad":["0"],"periodicidad-comunidad":["MES"],"ibi":["0.00"],"distancia-al-mar":["0"],"metros-utiles":["336.00"],"metros-construidos":["364.00"],"metros-parcela":["834"],"metros-de-la-terraza":["0.00"],"metros-de-la-cocina":["0.00"],"metros-del-comedor":["0.00"],"metros-del-salon":["0.00"],"estado":["Obra Nueva"],"carpinteria-exterior":["Aluminio\/Climalit"],"tipo-suelo":["Stoneware"],"orientacion":[""],"carpinteria-interior":[""],"vistas":["Vues panoramiques"],"tipo-de-calefaccion":["17"],"agua-caliente":["0"],"tipo-cocina":[""],"instalacion-electrica":["0"],"fachada":[""],"acceso-pmr":["false"],"armarios-empotrados":["true"],"calefaccion":["false"],"garaje":["2"],"jacuzzi":["false"],"solarium":["false"],"vivienda-adaptada":["false"],"ascensor":["false"],"calefaccion-central":["true"],"garaje-doble":["false"],"jardin":["true"],"puerta-blindada":["false"],"t-v":["true"],"aire-acond-central":["true"],"balcon":["false"],"chimenea":["false"],"gas-ciudad":["false"],"lavanderia":["true"],"patio":["false"],"aire-acondicionado":["false"],"bar":["false"],"deposito-agua":["false"],"gimnasio":["false"],"luminoso":["false"],"pergola":["true"],"terraza":["true"],"alarma":["false"],"barbacoa":["false"],"descalcificador":["false"],"hab-juegos":["false"],"luz":["false"],"piscina-comunitaria":["false"],"satelite":["false"],"terraza-acristalada":["false"],"alarma-incendio":["false"],"bomba-frio-y-calor":["true"],"despensa":["false"],"hidromasaje":["false"],"mirador":["false"],"piscina-propia":["true"],"sauna":["false"],"trastero":["true"],"apart-separado":["false"],"buhardilla":["false"],"esquina":["false"],"muebles":["false"],"preinst-aacc":["false"],"sotano":["true"],"videoportero":[""],"autobuses":["false"],"centros-comerciales":["true"],"colegios":["true"],"hospitales":["true"],"urbanizacion":["true"],"vistas-al-mar":["true"],"zonas-infantiles":["false"],"arboles":["false"],"centros-medicos":["true"],"costa":["false"],"metro":["false"],"primera-linea":["false"],"tranvia":["false"],"vallado":["true"],"golf":["false"],"montana":["false"],"rural":["false"],"tren":["false"],"exclusividad":["false"],"tour-virtual":[""],"video":[""],"disponibilidad-propiedad":["Libre"],"habitaciones_totales":["5"],"ojo_de_buey":["false"],"certificado_energetico":["G"],"energia_valor":["0"],"_wp_page_template":["default"],"galeria":["a:21:{i:13572686;s:59:\"https:\/\/grupo-garcia.es\/wp-content\/uploads\/2026\/08\/11-1.jpg\";i:13572687;s:59:\"https:\/\/grupo-garcia.es\/wp-content\/uploads\/2026\/08\/11-2.jpg\";i:13572688;s:59:\"https:\/\/grupo-garcia.es\/wp-content\/uploads\/2026\/08\/11-3.jpg\";i:13572689;s:59:\"https:\/\/grupo-garcia.es\/wp-content\/uploads\/2026\/08\/11-4.jpg\";i:13572690;s:59:\"https:\/\/grupo-garcia.es\/wp-content\/uploads\/2026\/08\/11-5.jpg\";i:13572691;s:59:\"https:\/\/grupo-garcia.es\/wp-content\/uploads\/2026\/08\/11-6.jpg\";i:13572692;s:66:\"https:\/\/grupo-garcia.es\/wp-content\/uploads\/2026\/08\/11-7-scaled.jpg\";i:13572693;s:66:\"https:\/\/grupo-garcia.es\/wp-content\/uploads\/2026\/08\/11-8-scaled.jpg\";i:13572694;s:66:\"https:\/\/grupo-garcia.es\/wp-content\/uploads\/2026\/08\/11-9-scaled.jpg\";i:13572695;s:67:\"https:\/\/grupo-garcia.es\/wp-content\/uploads\/2026\/08\/11-10-scaled.jpg\";i:13572696;s:67:\"https:\/\/grupo-garcia.es\/wp-content\/uploads\/2026\/08\/11-11-scaled.jpg\";i:13572697;s:67:\"https:\/\/grupo-garcia.es\/wp-content\/uploads\/2026\/08\/11-12-scaled.jpg\";i:13572698;s:67:\"https:\/\/grupo-garcia.es\/wp-content\/uploads\/2026\/08\/11-13-scaled.jpg\";i:13572699;s:67:\"https:\/\/grupo-garcia.es\/wp-content\/uploads\/2026\/08\/11-14-scaled.jpg\";i:13572700;s:67:\"https:\/\/grupo-garcia.es\/wp-content\/uploads\/2026\/08\/11-15-scaled.jpg\";i:13572701;s:67:\"https:\/\/grupo-garcia.es\/wp-content\/uploads\/2026\/08\/11-16-scaled.jpg\";i:13572702;s:67:\"https:\/\/grupo-garcia.es\/wp-content\/uploads\/2026\/08\/11-17-scaled.jpg\";i:13572703;s:67:\"https:\/\/grupo-garcia.es\/wp-content\/uploads\/2026\/08\/11-18-scaled.jpg\";i:13572704;s:67:\"https:\/\/grupo-garcia.es\/wp-content\/uploads\/2026\/08\/11-19-scaled.jpg\";i:13572705;s:67:\"https:\/\/grupo-garcia.es\/wp-content\/uploads\/2026\/08\/11-20-scaled.jpg\";i:13572706;s:67:\"https:\/\/grupo-garcia.es\/wp-content\/uploads\/2026\/08\/11-21-scaled.jpg\";}"],"_thumbnail_id":["13572686"],"_wpml_word_count":["437"]},"property-state":[209],"property-type":[228],"zone":[594],"city":[63],"property_categories":[269],"class_list":["post-13572685","properties","type-properties","status-publish","has-post-thumbnail","hentry","property-state-acheter-un-nouveau-batiment","property-type-villas-de-luxe","zone-ortenbach","city-calpe","property_categories-vendre"],"yoast_head":"<!-- This site is optimized with the Yoast SEO plugin v28.4 - https:\/\/yoast.com\/product\/yoast-seo-wordpress\/ -->\n<title>Villa Tevar. Projet de villa au design moderne avec vue sur le Pe\u00f1\u00f3n de Ifach \u00e0 Calpe | Grupo Garcia<\/title>\n<meta name=\"description\" content=\"Villa Tevar. Projet de villa au design moderne avec vue sur le Pe\u00f1\u00f3n de Ifach \u00e0 Calpe Cette spectaculaire villa neuve, pour laquelle tous les permis de construire ont \u00e9t\u00e9 obtenus, est situ\u00e9e \u00e0 Ortembach, \u00e0 Calpe, l&#039;un des quartiers\" \/>\n<meta name=\"robots\" content=\"index, follow, max-snippet:-1, max-image-preview:large, max-video-preview:-1\" \/>\n<link rel=\"canonical\" href=\"https:\/\/grupo-garcia.es\/fr\/properties\/villa-tevar-projet-de-villa-au-design-moderne-avec-vue-sur-le-penon-de-ifach-a-calpe-29931104\/\" \/>\n<meta property=\"og:locale\" content=\"fr_FR\" \/>\n<meta property=\"og:type\" content=\"article\" \/>\n<meta property=\"og:title\" content=\"Villa Tevar. Projet de villa au design moderne avec vue sur le Pe\u00f1\u00f3n de Ifach \u00e0 Calpe | Grupo Garcia\" \/>\n<meta property=\"og:description\" content=\"Villa Tevar. Projet de villa au design moderne avec vue sur le Pe\u00f1\u00f3n de Ifach \u00e0 Calpe Cette spectaculaire villa neuve, pour laquelle tous les permis de construire ont \u00e9t\u00e9 obtenus, est situ\u00e9e \u00e0 Ortembach, \u00e0 Calpe, l&#039;un des quartiers\" \/>\n<meta property=\"og:url\" content=\"https:\/\/grupo-garcia.es\/fr\/properties\/villa-tevar-projet-de-villa-au-design-moderne-avec-vue-sur-le-penon-de-ifach-a-calpe-29931104\/\" \/>\n<meta property=\"og:site_name\" content=\"Grupo Garcia\" \/>\n<meta property=\"article:publisher\" content=\"https:\/\/www.facebook.com\/grupogarciacostablanca\/\" \/>\n<meta property=\"article:modified_time\" content=\"2026-09-05T06:03:23+00:00\" \/>\n<meta property=\"og:image\" content=\"https:\/\/grupo-garcia.es\/wp-content\/uploads\/2026\/08\/11-1.jpg\" \/>\n\t<meta property=\"og:image:width\" content=\"1656\" \/>\n\t<meta property=\"og:image:height\" content=\"950\" \/>\n\t<meta property=\"og:image:type\" content=\"image\/jpeg\" \/>\n<meta name=\"twitter:card\" content=\"summary_large_image\" \/>\n<meta name=\"twitter:label1\" content=\"Dur\u00e9e de lecture estim\u00e9e\" \/>\n\t<meta name=\"twitter:data1\" content=\"2 minutes\" \/>\n<script type=\"application\/ld+json\" class=\"yoast-schema-graph\">{\"@context\":\"https:\\\/\\\/schema.org\",\"@graph\":[{\"@type\":[\"WebPage\",\"RealEstateListing\"],\"@id\":\"https:\\\/\\\/grupo-garcia.es\\\/fr\\\/properties\\\/villa-tevar-projet-de-villa-au-design-moderne-avec-vue-sur-le-penon-de-ifach-a-calpe-29931104\\\/\",\"url\":\"https:\\\/\\\/grupo-garcia.es\\\/fr\\\/properties\\\/villa-tevar-projet-de-villa-au-design-moderne-avec-vue-sur-le-penon-de-ifach-a-calpe-29931104\\\/\",\"name\":\"Villa Tevar. Projet de villa au design moderne avec vue sur le Pe\u00f1\u00f3n de Ifach \u00e0 Calpe | Grupo Garcia\",\"isPartOf\":{\"@id\":\"https:\\\/\\\/grupo-garcia.es\\\/fr\\\/#website\"},\"primaryImageOfPage\":{\"@id\":\"https:\\\/\\\/grupo-garcia.es\\\/fr\\\/properties\\\/villa-tevar-projet-de-villa-au-design-moderne-avec-vue-sur-le-penon-de-ifach-a-calpe-29931104\\\/#primaryimage\"},\"image\":{\"@id\":\"https:\\\/\\\/grupo-garcia.es\\\/fr\\\/properties\\\/villa-tevar-projet-de-villa-au-design-moderne-avec-vue-sur-le-penon-de-ifach-a-calpe-29931104\\\/#primaryimage\"},\"thumbnailUrl\":\"https:\\\/\\\/grupo-garcia.es\\\/wp-content\\\/uploads\\\/2026\\\/08\\\/11-1.jpg\",\"datePublished\":\"2026-08-12T13:08:26+00:00\",\"dateModified\":\"2026-09-05T06:03:23+00:00\",\"description\":\"Villa Tevar. Projet de villa au design moderne avec vue sur le Pe\u00f1\u00f3n de Ifach \u00e0 Calpe Cette spectaculaire villa neuve, pour laquelle tous les permis de construire ont \u00e9t\u00e9 obtenus, est situ\u00e9e \u00e0 Ortembach, \u00e0 Calpe, l'un des quartiers\",\"breadcrumb\":{\"@id\":\"https:\\\/\\\/grupo-garcia.es\\\/fr\\\/properties\\\/villa-tevar-projet-de-villa-au-design-moderne-avec-vue-sur-le-penon-de-ifach-a-calpe-29931104\\\/#breadcrumb\"},\"inLanguage\":\"fr-FR\",\"potentialAction\":[{\"@type\":\"ReadAction\",\"target\":[\"https:\\\/\\\/grupo-garcia.es\\\/fr\\\/properties\\\/villa-tevar-projet-de-villa-au-design-moderne-avec-vue-sur-le-penon-de-ifach-a-calpe-29931104\\\/\"]}]},{\"@type\":\"ImageObject\",\"inLanguage\":\"fr-FR\",\"@id\":\"https:\\\/\\\/grupo-garcia.es\\\/fr\\\/properties\\\/villa-tevar-projet-de-villa-au-design-moderne-avec-vue-sur-le-penon-de-ifach-a-calpe-29931104\\\/#primaryimage\",\"url\":\"https:\\\/\\\/grupo-garcia.es\\\/wp-content\\\/uploads\\\/2026\\\/08\\\/11-1.jpg\",\"contentUrl\":\"https:\\\/\\\/grupo-garcia.es\\\/wp-content\\\/uploads\\\/2026\\\/08\\\/11-1.jpg\",\"width\":1656,\"height\":950},{\"@type\":\"BreadcrumbList\",\"@id\":\"https:\\\/\\\/grupo-garcia.es\\\/fr\\\/properties\\\/villa-tevar-projet-de-villa-au-design-moderne-avec-vue-sur-le-penon-de-ifach-a-calpe-29931104\\\/#breadcrumb\",\"itemListElement\":[{\"@type\":\"ListItem\",\"position\":1,\"name\":\"Portada\",\"item\":\"https:\\\/\\\/grupo-garcia.es\\\/fr\\\/\"},{\"@type\":\"ListItem\",\"position\":2,\"name\":\"Properties\",\"item\":\"https:\\\/\\\/grupo-garcia.es\\\/fr\\\/properties\\\/\"},{\"@type\":\"ListItem\",\"position\":3,\"name\":\"Villa Tevar. Projet de villa au design moderne avec vue sur le Pe\u00f1\u00f3n de Ifach \u00e0 Calpe\"}]},{\"@type\":\"WebSite\",\"@id\":\"https:\\\/\\\/grupo-garcia.es\\\/fr\\\/#website\",\"url\":\"https:\\\/\\\/grupo-garcia.es\\\/fr\\\/\",\"name\":\"Grupo Garcia\",\"description\":\"Inmobiliaria en J\u00e1vea y Jal\u00f3n\",\"potentialAction\":[{\"@type\":\"SearchAction\",\"target\":{\"@type\":\"EntryPoint\",\"urlTemplate\":\"https:\\\/\\\/grupo-garcia.es\\\/fr\\\/?s={search_term_string}\"},\"query-input\":{\"@type\":\"PropertyValueSpecification\",\"valueRequired\":true,\"valueName\":\"search_term_string\"}}],\"inLanguage\":\"fr-FR\"}]}<\/script>\n<!-- \/ Yoast SEO plugin. -->","yoast_head_json":{"title":"Villa Tevar. Projet de villa au design moderne avec vue sur le Pe\u00f1\u00f3n de Ifach \u00e0 Calpe | Grupo Garcia","description":"Villa Tevar. Projet de villa au design moderne avec vue sur le Pe\u00f1\u00f3n de Ifach \u00e0 Calpe Cette spectaculaire villa neuve, pour laquelle tous les permis de construire ont \u00e9t\u00e9 obtenus, est situ\u00e9e \u00e0 Ortembach, \u00e0 Calpe, l'un des quartiers","robots":{"index":"index","follow":"follow","max-snippet":"max-snippet:-1","max-image-preview":"max-image-preview:large","max-video-preview":"max-video-preview:-1"},"canonical":"https:\/\/grupo-garcia.es\/fr\/properties\/villa-tevar-projet-de-villa-au-design-moderne-avec-vue-sur-le-penon-de-ifach-a-calpe-29931104\/","og_locale":"fr_FR","og_type":"article","og_title":"Villa Tevar. Projet de villa au design moderne avec vue sur le Pe\u00f1\u00f3n de Ifach \u00e0 Calpe | Grupo Garcia","og_description":"Villa Tevar. Projet de villa au design moderne avec vue sur le Pe\u00f1\u00f3n de Ifach \u00e0 Calpe Cette spectaculaire villa neuve, pour laquelle tous les permis de construire ont \u00e9t\u00e9 obtenus, est situ\u00e9e \u00e0 Ortembach, \u00e0 Calpe, l'un des quartiers","og_url":"https:\/\/grupo-garcia.es\/fr\/properties\/villa-tevar-projet-de-villa-au-design-moderne-avec-vue-sur-le-penon-de-ifach-a-calpe-29931104\/","og_site_name":"Grupo Garcia","article_publisher":"https:\/\/www.facebook.com\/grupogarciacostablanca\/","article_modified_time":"2026-09-05T06:03:23+00:00","og_image":[{"width":1656,"height":950,"url":"https:\/\/grupo-garcia.es\/wp-content\/uploads\/2026\/08\/11-1.jpg","type":"image\/jpeg"}],"twitter_card":"summary_large_image","twitter_misc":{"Dur\u00e9e de lecture estim\u00e9e":"2 minutes"},"schema":{"@context":"https:\/\/schema.org","@graph":[{"@type":["WebPage","RealEstateListing"],"@id":"https:\/\/grupo-garcia.es\/fr\/properties\/villa-tevar-projet-de-villa-au-design-moderne-avec-vue-sur-le-penon-de-ifach-a-calpe-29931104\/","url":"https:\/\/grupo-garcia.es\/fr\/properties\/villa-tevar-projet-de-villa-au-design-moderne-avec-vue-sur-le-penon-de-ifach-a-calpe-29931104\/","name":"Villa Tevar. Projet de villa au design moderne avec vue sur le Pe\u00f1\u00f3n de Ifach \u00e0 Calpe | Grupo Garcia","isPartOf":{"@id":"https:\/\/grupo-garcia.es\/fr\/#website"},"primaryImageOfPage":{"@id":"https:\/\/grupo-garcia.es\/fr\/properties\/villa-tevar-projet-de-villa-au-design-moderne-avec-vue-sur-le-penon-de-ifach-a-calpe-29931104\/#primaryimage"},"image":{"@id":"https:\/\/grupo-garcia.es\/fr\/properties\/villa-tevar-projet-de-villa-au-design-moderne-avec-vue-sur-le-penon-de-ifach-a-calpe-29931104\/#primaryimage"},"thumbnailUrl":"https:\/\/grupo-garcia.es\/wp-content\/uploads\/2026\/08\/11-1.jpg","datePublished":"2026-08-12T13:08:26+00:00","dateModified":"2026-09-05T06:03:23+00:00","description":"Villa Tevar. Projet de villa au design moderne avec vue sur le Pe\u00f1\u00f3n de Ifach \u00e0 Calpe Cette spectaculaire villa neuve, pour laquelle tous les permis de construire ont \u00e9t\u00e9 obtenus, est situ\u00e9e \u00e0 Ortembach, \u00e0 Calpe, l'un des quartiers","breadcrumb":{"@id":"https:\/\/grupo-garcia.es\/fr\/properties\/villa-tevar-projet-de-villa-au-design-moderne-avec-vue-sur-le-penon-de-ifach-a-calpe-29931104\/#breadcrumb"},"inLanguage":"fr-FR","potentialAction":[{"@type":"ReadAction","target":["https:\/\/grupo-garcia.es\/fr\/properties\/villa-tevar-projet-de-villa-au-design-moderne-avec-vue-sur-le-penon-de-ifach-a-calpe-29931104\/"]}]},{"@type":"ImageObject","inLanguage":"fr-FR","@id":"https:\/\/grupo-garcia.es\/fr\/properties\/villa-tevar-projet-de-villa-au-design-moderne-avec-vue-sur-le-penon-de-ifach-a-calpe-29931104\/#primaryimage","url":"https:\/\/grupo-garcia.es\/wp-content\/uploads\/2026\/08\/11-1.jpg","contentUrl":"https:\/\/grupo-garcia.es\/wp-content\/uploads\/2026\/08\/11-1.jpg","width":1656,"height":950},{"@type":"BreadcrumbList","@id":"https:\/\/grupo-garcia.es\/fr\/properties\/villa-tevar-projet-de-villa-au-design-moderne-avec-vue-sur-le-penon-de-ifach-a-calpe-29931104\/#breadcrumb","itemListElement":[{"@type":"ListItem","position":1,"name":"Portada","item":"https:\/\/grupo-garcia.es\/fr\/"},{"@type":"ListItem","position":2,"name":"Properties","item":"https:\/\/grupo-garcia.es\/fr\/properties\/"},{"@type":"ListItem","position":3,"name":"Villa Tevar. Projet de villa au design moderne avec vue sur le Pe\u00f1\u00f3n de Ifach \u00e0 Calpe"}]},{"@type":"WebSite","@id":"https:\/\/grupo-garcia.es\/fr\/#website","url":"https:\/\/grupo-garcia.es\/fr\/","name":"Grupo Garcia","description":"Inmobiliaria en J\u00e1vea y Jal\u00f3n","potentialAction":[{"@type":"SearchAction","target":{"@type":"EntryPoint","urlTemplate":"https:\/\/grupo-garcia.es\/fr\/?s={search_term_string}"},"query-input":{"@type":"PropertyValueSpecification","valueRequired":true,"valueName":"search_term_string"}}],"inLanguage":"fr-FR"}]}},"_links":{"self":[{"href":"https:\/\/grupo-garcia.es\/fr\/wp-json\/wp\/v2\/properties\/13572685","targetHints":{"allow":["GET"]}}],"collection":[{"href":"https:\/\/grupo-garcia.es\/fr\/wp-json\/wp\/v2\/properties"}],"about":[{"href":"https:\/\/grupo-garcia.es\/fr\/wp-json\/wp\/v2\/types\/properties"}],"wp:featuredmedia":[{"embeddable":true,"href":"https:\/\/grupo-garcia.es\/fr\/wp-json\/wp\/v2\/media\/13572686"}],"wp:attachment":[{"href":"https:\/\/grupo-garcia.es\/fr\/wp-json\/wp\/v2\/media?parent=13572685"}],"wp:term":[{"taxonomy":"property-state","embeddable":true,"href":"https:\/\/grupo-garcia.es\/fr\/wp-json\/wp\/v2\/property-state?post=13572685"},{"taxonomy":"property-type","embeddable":true,"href":"https:\/\/grupo-garcia.es\/fr\/wp-json\/wp\/v2\/property-type?post=13572685"},{"taxonomy":"zone","embeddable":true,"href":"https:\/\/grupo-garcia.es\/fr\/wp-json\/wp\/v2\/zone?post=13572685"},{"taxonomy":"city","embeddable":true,"href":"https:\/\/grupo-garcia.es\/fr\/wp-json\/wp\/v2\/city?post=13572685"},{"taxonomy":"property_categories","embeddable":true,"href":"https:\/\/grupo-garcia.es\/fr\/wp-json\/wp\/v2\/property_categories?post=13572685"}],"curies":[{"name":"wp","href":"https:\/\/api.w.org\/{rel}","templated":true}]}}