{"id":13562271,"date":"2026-08-07T13:02:52","date_gmt":"2026-08-07T12:02:52","guid":{"rendered":"https:\/\/grupo-garcia.es\/properties\/villa-moderne-a-vendre-a-el-portet-moraira-29731898\/"},"modified":"2026-09-05T07:02:15","modified_gmt":"2026-09-05T06:02:15","slug":"villa-moderne-a-vendre-a-el-portet-moraira-29731898","status":"publish","type":"properties","link":"https:\/\/grupo-garcia.es\/fr\/properties\/villa-moderne-a-vendre-a-el-portet-moraira-29731898\/","title":{"rendered":"Villa moderne \u00e0 vendre \u00e0 El Portet, Moraira"},"content":{"rendered":"<p>Cette villa est situ\u00e9e dans le prestigieux quartier r\u00e9sidentiel d&rsquo;El Portet. Expos\u00e9e plein sud et enti\u00e8rement r\u00e9am\u00e9nag\u00e9e avec soin, la propri\u00e9t\u00e9 offre de vastes espaces int\u00e9rieurs, des finitions de qualit\u00e9 et une transition harmonieuse entre la vie int\u00e9rieure et ext\u00e9rieure.<\/p>\n<p>Le rez-de-chauss\u00e9e a \u00e9t\u00e9 con\u00e7u comme le c\u0153ur de la maison, o\u00f9 les espaces ouverts et la lumi\u00e8re naturelle cr\u00e9ent une ambiance chaleureuse. Le spacieux salon donne acc\u00e8s \u00e0 la salle \u00e0 manger et \u00e0 la cuisine contemporaine, articul\u00e9e autour d\u2019un grand \u00eelot qui apporte \u00e0 la fois fonctionnalit\u00e9 et un point de rencontre naturel. Des toilettes pour invit\u00e9s, une salle de bains compl\u00e8te et un \u00e9l\u00e9gant coin bar compl\u00e8tent cet \u00e9tage, le rendant id\u00e9al tant pour la vie quotidienne que pour recevoir des invit\u00e9s.<\/p>\n<p>\u00c0 l\u2019\u00e9tage sup\u00e9rieur, la villa dispose de trois grandes chambres, dont une suite parentale avec sa propre salle de bains attenante. Les grandes baies vitr\u00e9es du sol au plafond laissent la lumi\u00e8re naturelle inonder toutes les pi\u00e8ces, tandis que les dressings offrent un excellent espace de rangement. Une salle de bains familiale suppl\u00e9mentaire dessert les autres chambres, et une vaste terrasse offre un espace ext\u00e9rieur suppl\u00e9mentaire pour se d\u00e9tendre et profiter du cadre paisible.<\/p>\n<p>Le rez-de-chauss\u00e9e est enti\u00e8rement d\u00e9di\u00e9 aux loisirs et \u00e0 l\u2019accueil des invit\u00e9s. On y trouve une chambre suppl\u00e9mentaire avec salle de bains attenante b\u00e9n\u00e9ficiant d\u2019un acc\u00e8s direct sur l\u2019ext\u00e9rieur, ce qui garantit intimit\u00e9 et ind\u00e9pendance \u00e0 la famille ou aux visiteurs. Cet \u00e9tage comprend \u00e9galement une salle de cin\u00e9ma, un vaste espace de rangement et une piscine couverte chauff\u00e9e, permettant de profiter de la propri\u00e9t\u00e9 tout au long de l\u2019ann\u00e9e, quelle que soit la saison.<\/p>\n<p>La villa dispose d\u2019un chauffage au sol dans toute la maison et d\u2019une pr\u00e9-installation pour la climatisation.<\/p>\n<p>\u00c0 l\u2019ext\u00e9rieur, l\u2019art de vivre m\u00e9diterran\u00e9en occupe une place centrale. La terrasse avant entoure la piscine ext\u00e9rieure et offre de vastes espaces pour prendre le soleil, manger et se d\u00e9tendre. Les jardins paysagers ont \u00e9t\u00e9 con\u00e7us pour faciliter leur entretien, tout en renfor\u00e7ant la sensation de tranquillit\u00e9.<\/p>\n<p>Chaque aspect de la r\u00e9novation t\u00e9moigne d\u2019un souci minutieux du d\u00e9tail, avec des lignes architecturales \u00e9pur\u00e9es, des mat\u00e9riaux de haute qualit\u00e9 et une palette de couleurs intemporelle qui cr\u00e9e un int\u00e9rieur \u00e0 la fois \u00e9l\u00e9gant et chaleureux, pr\u00eat \u00e0 \u00eatre appr\u00e9ci\u00e9 d\u00e8s le premier jour.<\/p>\n<p>El Portet est largement consid\u00e9r\u00e9 comme l\u2019un des emplacements les plus pris\u00e9s de Moraira, r\u00e9put\u00e9e pour son cadre r\u00e9sidentiel exclusif et sa baie pittoresque aux eaux cristallines. \u00c0 quelques minutes seulement se trouvent la plage de sable d\u2019El Portet, une s\u00e9lection de restaurants en bord de mer, des promenades c\u00f4ti\u00e8res pittoresques et le centre anim\u00e9 de Moraira, qui regorge de boutiques, de caf\u00e9s, de supermarch\u00e9s, du port de plaisance et de tous les services du quotidien. B\u00e9n\u00e9ficiant d\u2019excellentes liaisons avec les a\u00e9roports d\u2019Alicante et de Valence, cette villa exceptionnelle est id\u00e9ale aussi bien comme r\u00e9sidence principale que comme \u00e9l\u00e9gant refuge de vacances sur la Costa Blanca.<\/p><\/p>\n","protected":false},"featured_media":13571718,"template":"","meta":{"id_inmovilla":["29731898"],"property_type":["Villa"],"property_ref":["NC5305"],"property_price":["1495000"],"property_city":["Moraira"],"property_region":["ALICANTE"],"zona-auxiliar":["El Portet-Pla del Mar"],"tipo-via":[""],"domicilio":[""],"numero":[""],"codigo-postal":["03724"],"altura":[""],"planta":[""],"piso":[""],"puerta":[""],"escalera":[""],"bloque":[""],"edificio":[""],"habitaciones-dobles":["4"],"bedrooms":["0"],"banos":["4"],"aseos":["1"],"salones":["0"],"parking":["2","2"],"plantas":["0"],"fecha-construccion":["0"],"distancia-playa":["400"],"comunidad":["0"],"periodicidad-comunidad":["MES"],"ibi":["0.00"],"distancia-al-mar":["400"],"metros-utiles":["0.00"],"metros-construidos":["529.00"],"metros-parcela":["1052"],"metros-de-la-terraza":["0.00"],"metros-de-la-cocina":["0.00"],"metros-del-comedor":["0.00"],"metros-del-salon":["0.00"],"estado":["Buen estado"],"carpinteria-exterior":["Aluminio\/Climalit"],"tipo-suelo":["0"],"orientacion":[""],"carpinteria-interior":[""],"vistas":["Montagne"],"tipo-de-calefaccion":["Underfloor heating"],"agua-caliente":["15"],"tipo-cocina":[""],"instalacion-electrica":["0"],"fachada":[""],"acceso-pmr":["false"],"armarios-empotrados":["true"],"calefaccion":["true"],"garaje":["false"],"jacuzzi":["false"],"solarium":["true"],"vivienda-adaptada":["false"],"ascensor":["false"],"calefaccion-central":["false"],"garaje-doble":["false"],"jardin":["true"],"puerta-blindada":["false"],"t-v":["false"],"aire-acond-central":["false"],"balcon":["false"],"chimenea":["false"],"gas-ciudad":["false"],"lavanderia":["true"],"patio":["false"],"aire-acondicionado":["false"],"bar":["false"],"deposito-agua":["false"],"gimnasio":["false"],"luminoso":["true"],"pergola":["false"],"terraza":["false"],"alarma":["false"],"barbacoa":["false"],"descalcificador":["false"],"hab-juegos":["false"],"luz":["false"],"piscina-comunitaria":["false"],"satelite":["false"],"terraza-acristalada":["false"],"alarma-incendio":["false"],"bomba-frio-y-calor":["true"],"despensa":["false"],"hidromasaje":["false"],"mirador":["false"],"piscina-propia":["true"],"sauna":["false"],"trastero":["true"],"apart-separado":["false"],"buhardilla":["false"],"esquina":["true"],"muebles":["false"],"preinst-aacc":["true"],"sotano":["true"],"videoportero":[""],"autobuses":["false"],"centros-comerciales":["false"],"colegios":["false"],"hospitales":["false"],"urbanizacion":["true"],"vistas-al-mar":["false"],"zonas-infantiles":["false"],"arboles":["false"],"centros-medicos":["false"],"costa":["true"],"metro":["false"],"primera-linea":["false"],"tranvia":["false"],"vallado":["true"],"golf":["false"],"montana":["false"],"rural":["false"],"tren":["false"],"exclusividad":["false"],"tour-virtual":[""],"video":[""],"disponibilidad-propiedad":["Libre"],"habitaciones_totales":["4"],"ojo_de_buey":["false"],"certificado_energetico":["G"],"energia_valor":["0"],"_wp_page_template":["default"],"galeria":["a:62:{i:13571718;s:58:\"https:\/\/grupo-garcia.es\/wp-content\/uploads\/2026\/08\/5-1.jpg\";i:13571890;s:58:\"https:\/\/grupo-garcia.es\/wp-content\/uploads\/2026\/08\/5-2.jpg\";i:13571891;s:58:\"https:\/\/grupo-garcia.es\/wp-content\/uploads\/2026\/08\/5-3.jpg\";i:13571892;s:58:\"https:\/\/grupo-garcia.es\/wp-content\/uploads\/2026\/08\/5-4.jpg\";i:13571893;s:58:\"https:\/\/grupo-garcia.es\/wp-content\/uploads\/2026\/08\/5-5.jpg\";i:13571894;s:58:\"https:\/\/grupo-garcia.es\/wp-content\/uploads\/2026\/08\/5-6.jpg\";i:13571895;s:58:\"https:\/\/grupo-garcia.es\/wp-content\/uploads\/2026\/08\/5-7.jpg\";i:13571896;s:58:\"https:\/\/grupo-garcia.es\/wp-content\/uploads\/2026\/08\/5-8.jpg\";i:13571897;s:58:\"https:\/\/grupo-garcia.es\/wp-content\/uploads\/2026\/08\/5-9.jpg\";i:13571898;s:59:\"https:\/\/grupo-garcia.es\/wp-content\/uploads\/2026\/08\/5-10.jpg\";i:13571899;s:59:\"https:\/\/grupo-garcia.es\/wp-content\/uploads\/2026\/08\/5-11.jpg\";i:13571900;s:59:\"https:\/\/grupo-garcia.es\/wp-content\/uploads\/2026\/08\/5-12.jpg\";i:13571901;s:59:\"https:\/\/grupo-garcia.es\/wp-content\/uploads\/2026\/08\/5-13.jpg\";i:13571902;s:59:\"https:\/\/grupo-garcia.es\/wp-content\/uploads\/2026\/08\/5-14.jpg\";i:13571903;s:59:\"https:\/\/grupo-garcia.es\/wp-content\/uploads\/2026\/08\/5-15.jpg\";i:13571904;s:59:\"https:\/\/grupo-garcia.es\/wp-content\/uploads\/2026\/08\/5-16.jpg\";i:13571905;s:59:\"https:\/\/grupo-garcia.es\/wp-content\/uploads\/2026\/08\/5-17.jpg\";i:13571906;s:59:\"https:\/\/grupo-garcia.es\/wp-content\/uploads\/2026\/08\/5-18.jpg\";i:13571907;s:59:\"https:\/\/grupo-garcia.es\/wp-content\/uploads\/2026\/08\/5-19.jpg\";i:13571908;s:59:\"https:\/\/grupo-garcia.es\/wp-content\/uploads\/2026\/08\/5-20.jpg\";i:13571909;s:59:\"https:\/\/grupo-garcia.es\/wp-content\/uploads\/2026\/08\/5-21.jpg\";i:13571910;s:59:\"https:\/\/grupo-garcia.es\/wp-content\/uploads\/2026\/08\/5-22.jpg\";i:13571911;s:59:\"https:\/\/grupo-garcia.es\/wp-content\/uploads\/2026\/08\/5-23.jpg\";i:13571912;s:59:\"https:\/\/grupo-garcia.es\/wp-content\/uploads\/2026\/08\/5-24.jpg\";i:13571913;s:59:\"https:\/\/grupo-garcia.es\/wp-content\/uploads\/2026\/08\/5-25.jpg\";i:13571914;s:59:\"https:\/\/grupo-garcia.es\/wp-content\/uploads\/2026\/08\/5-26.jpg\";i:13571915;s:59:\"https:\/\/grupo-garcia.es\/wp-content\/uploads\/2026\/08\/5-27.jpg\";i:13571916;s:59:\"https:\/\/grupo-garcia.es\/wp-content\/uploads\/2026\/08\/5-28.jpg\";i:13571917;s:59:\"https:\/\/grupo-garcia.es\/wp-content\/uploads\/2026\/08\/5-29.jpg\";i:13571918;s:59:\"https:\/\/grupo-garcia.es\/wp-content\/uploads\/2026\/08\/5-30.jpg\";i:13571919;s:59:\"https:\/\/grupo-garcia.es\/wp-content\/uploads\/2026\/08\/5-31.jpg\";i:13571920;s:59:\"https:\/\/grupo-garcia.es\/wp-content\/uploads\/2026\/08\/5-32.jpg\";i:13571921;s:59:\"https:\/\/grupo-garcia.es\/wp-content\/uploads\/2026\/08\/5-33.jpg\";i:13571922;s:59:\"https:\/\/grupo-garcia.es\/wp-content\/uploads\/2026\/08\/5-34.jpg\";i:13571923;s:59:\"https:\/\/grupo-garcia.es\/wp-content\/uploads\/2026\/08\/5-35.jpg\";i:13571924;s:59:\"https:\/\/grupo-garcia.es\/wp-content\/uploads\/2026\/08\/5-36.jpg\";i:13571925;s:59:\"https:\/\/grupo-garcia.es\/wp-content\/uploads\/2026\/08\/5-37.jpg\";i:13571926;s:59:\"https:\/\/grupo-garcia.es\/wp-content\/uploads\/2026\/08\/5-38.jpg\";i:13571927;s:59:\"https:\/\/grupo-garcia.es\/wp-content\/uploads\/2026\/08\/5-39.jpg\";i:13571928;s:59:\"https:\/\/grupo-garcia.es\/wp-content\/uploads\/2026\/08\/5-40.jpg\";i:13571929;s:59:\"https:\/\/grupo-garcia.es\/wp-content\/uploads\/2026\/08\/5-41.jpg\";i:13571930;s:59:\"https:\/\/grupo-garcia.es\/wp-content\/uploads\/2026\/08\/5-42.jpg\";i:13571931;s:59:\"https:\/\/grupo-garcia.es\/wp-content\/uploads\/2026\/08\/5-43.jpg\";i:13571932;s:59:\"https:\/\/grupo-garcia.es\/wp-content\/uploads\/2026\/08\/5-44.jpg\";i:13571933;s:59:\"https:\/\/grupo-garcia.es\/wp-content\/uploads\/2026\/08\/5-45.jpg\";i:13571934;s:59:\"https:\/\/grupo-garcia.es\/wp-content\/uploads\/2026\/08\/5-46.jpg\";i:13571935;s:59:\"https:\/\/grupo-garcia.es\/wp-content\/uploads\/2026\/08\/5-47.jpg\";i:13571936;s:59:\"https:\/\/grupo-garcia.es\/wp-content\/uploads\/2026\/08\/5-48.jpg\";i:13571937;s:59:\"https:\/\/grupo-garcia.es\/wp-content\/uploads\/2026\/08\/5-49.jpg\";i:13571938;s:59:\"https:\/\/grupo-garcia.es\/wp-content\/uploads\/2026\/08\/5-50.jpg\";i:13571939;s:59:\"https:\/\/grupo-garcia.es\/wp-content\/uploads\/2026\/08\/5-51.jpg\";i:13571940;s:59:\"https:\/\/grupo-garcia.es\/wp-content\/uploads\/2026\/08\/5-52.jpg\";i:13571941;s:59:\"https:\/\/grupo-garcia.es\/wp-content\/uploads\/2026\/08\/5-53.jpg\";i:13571942;s:59:\"https:\/\/grupo-garcia.es\/wp-content\/uploads\/2026\/08\/5-54.jpg\";i:13571943;s:59:\"https:\/\/grupo-garcia.es\/wp-content\/uploads\/2026\/08\/5-55.jpg\";i:13571944;s:59:\"https:\/\/grupo-garcia.es\/wp-content\/uploads\/2026\/08\/5-56.jpg\";i:13571945;s:59:\"https:\/\/grupo-garcia.es\/wp-content\/uploads\/2026\/08\/5-57.jpg\";i:13571946;s:59:\"https:\/\/grupo-garcia.es\/wp-content\/uploads\/2026\/08\/5-58.jpg\";i:13571947;s:59:\"https:\/\/grupo-garcia.es\/wp-content\/uploads\/2026\/08\/5-59.jpg\";i:13571948;s:59:\"https:\/\/grupo-garcia.es\/wp-content\/uploads\/2026\/08\/5-60.jpg\";i:13571949;s:59:\"https:\/\/grupo-garcia.es\/wp-content\/uploads\/2026\/08\/5-61.jpg\";i:13571950;s:59:\"https:\/\/grupo-garcia.es\/wp-content\/uploads\/2026\/08\/5-62.jpg\";}"],"_thumbnail_id":["13571718"],"_wpml_word_count":["564"]},"property-state":[207],"property-type":[231],"zone":[590],"city":[62],"property_categories":[269],"class_list":["post-13562271","properties","type-properties","status-publish","has-post-thumbnail","hentry","property-state-revente","property-type-villas-fr","zone-el-portet-pla-del-mar","city-moraira","property_categories-vendre"],"yoast_head":"<!-- This site is optimized with the Yoast SEO plugin v28.4 - https:\/\/yoast.com\/product\/yoast-seo-wordpress\/ -->\n<title>Villa moderne \u00e0 vendre \u00e0 El Portet, Moraira | Grupo Garcia<\/title>\n<meta name=\"description\" content=\"Villa moderne \u00e0 vendre \u00e0 El Portet, Moraira Cette villa est situ\u00e9e dans le prestigieux quartier r\u00e9sidentiel d&#039;El Portet. Expos\u00e9e plein sud et enti\u00e8rement r\u00e9am\u00e9nag\u00e9e avec soin, la propri\u00e9t\u00e9 offre de\" \/>\n<meta name=\"robots\" content=\"index, follow, max-snippet:-1, max-image-preview:large, max-video-preview:-1\" \/>\n<link rel=\"canonical\" href=\"https:\/\/grupo-garcia.es\/fr\/properties\/villa-moderne-a-vendre-a-el-portet-moraira-29731898\/\" \/>\n<meta property=\"og:locale\" content=\"fr_FR\" \/>\n<meta property=\"og:type\" content=\"article\" \/>\n<meta property=\"og:title\" content=\"Villa moderne \u00e0 vendre \u00e0 El Portet, Moraira | Grupo Garcia\" \/>\n<meta property=\"og:description\" content=\"Villa moderne \u00e0 vendre \u00e0 El Portet, Moraira Cette villa est situ\u00e9e dans le prestigieux quartier r\u00e9sidentiel d&#039;El Portet. Expos\u00e9e plein sud et enti\u00e8rement r\u00e9am\u00e9nag\u00e9e avec soin, la propri\u00e9t\u00e9 offre de\" \/>\n<meta property=\"og:url\" content=\"https:\/\/grupo-garcia.es\/fr\/properties\/villa-moderne-a-vendre-a-el-portet-moraira-29731898\/\" \/>\n<meta property=\"og:site_name\" content=\"Grupo Garcia\" \/>\n<meta property=\"article:publisher\" content=\"https:\/\/www.facebook.com\/grupogarciacostablanca\/\" \/>\n<meta property=\"article:modified_time\" content=\"2026-09-05T06:02:15+00:00\" \/>\n<meta property=\"og:image\" content=\"https:\/\/grupo-garcia.es\/wp-content\/uploads\/2026\/08\/5-1.jpg\" \/>\n\t<meta property=\"og:image:width\" content=\"1268\" \/>\n\t<meta property=\"og:image:height\" content=\"832\" \/>\n\t<meta property=\"og:image:type\" content=\"image\/jpeg\" \/>\n<meta name=\"twitter:card\" content=\"summary_large_image\" \/>\n<meta name=\"twitter:label1\" content=\"Dur\u00e9e de lecture estim\u00e9e\" \/>\n\t<meta name=\"twitter:data1\" content=\"3 minutes\" \/>\n<script type=\"application\/ld+json\" class=\"yoast-schema-graph\">{\"@context\":\"https:\\\/\\\/schema.org\",\"@graph\":[{\"@type\":[\"WebPage\",\"RealEstateListing\"],\"@id\":\"https:\\\/\\\/grupo-garcia.es\\\/fr\\\/properties\\\/villa-moderne-a-vendre-a-el-portet-moraira-29731898\\\/\",\"url\":\"https:\\\/\\\/grupo-garcia.es\\\/fr\\\/properties\\\/villa-moderne-a-vendre-a-el-portet-moraira-29731898\\\/\",\"name\":\"Villa moderne \u00e0 vendre \u00e0 El Portet, Moraira | Grupo Garcia\",\"isPartOf\":{\"@id\":\"https:\\\/\\\/grupo-garcia.es\\\/fr\\\/#website\"},\"primaryImageOfPage\":{\"@id\":\"https:\\\/\\\/grupo-garcia.es\\\/fr\\\/properties\\\/villa-moderne-a-vendre-a-el-portet-moraira-29731898\\\/#primaryimage\"},\"image\":{\"@id\":\"https:\\\/\\\/grupo-garcia.es\\\/fr\\\/properties\\\/villa-moderne-a-vendre-a-el-portet-moraira-29731898\\\/#primaryimage\"},\"thumbnailUrl\":\"https:\\\/\\\/grupo-garcia.es\\\/wp-content\\\/uploads\\\/2026\\\/08\\\/5-1.jpg\",\"datePublished\":\"2026-08-07T12:02:52+00:00\",\"dateModified\":\"2026-09-05T06:02:15+00:00\",\"description\":\"Villa moderne \u00e0 vendre \u00e0 El Portet, Moraira Cette villa est situ\u00e9e dans le prestigieux quartier r\u00e9sidentiel d'El Portet. Expos\u00e9e plein sud et enti\u00e8rement r\u00e9am\u00e9nag\u00e9e avec soin, la propri\u00e9t\u00e9 offre de\",\"breadcrumb\":{\"@id\":\"https:\\\/\\\/grupo-garcia.es\\\/fr\\\/properties\\\/villa-moderne-a-vendre-a-el-portet-moraira-29731898\\\/#breadcrumb\"},\"inLanguage\":\"fr-FR\",\"potentialAction\":[{\"@type\":\"ReadAction\",\"target\":[\"https:\\\/\\\/grupo-garcia.es\\\/fr\\\/properties\\\/villa-moderne-a-vendre-a-el-portet-moraira-29731898\\\/\"]}]},{\"@type\":\"ImageObject\",\"inLanguage\":\"fr-FR\",\"@id\":\"https:\\\/\\\/grupo-garcia.es\\\/fr\\\/properties\\\/villa-moderne-a-vendre-a-el-portet-moraira-29731898\\\/#primaryimage\",\"url\":\"https:\\\/\\\/grupo-garcia.es\\\/wp-content\\\/uploads\\\/2026\\\/08\\\/5-1.jpg\",\"contentUrl\":\"https:\\\/\\\/grupo-garcia.es\\\/wp-content\\\/uploads\\\/2026\\\/08\\\/5-1.jpg\",\"width\":1268,\"height\":832},{\"@type\":\"BreadcrumbList\",\"@id\":\"https:\\\/\\\/grupo-garcia.es\\\/fr\\\/properties\\\/villa-moderne-a-vendre-a-el-portet-moraira-29731898\\\/#breadcrumb\",\"itemListElement\":[{\"@type\":\"ListItem\",\"position\":1,\"name\":\"Portada\",\"item\":\"https:\\\/\\\/grupo-garcia.es\\\/fr\\\/\"},{\"@type\":\"ListItem\",\"position\":2,\"name\":\"Properties\",\"item\":\"https:\\\/\\\/grupo-garcia.es\\\/fr\\\/properties\\\/\"},{\"@type\":\"ListItem\",\"position\":3,\"name\":\"Villa moderne \u00e0 vendre \u00e0 El Portet, Moraira\"}]},{\"@type\":\"WebSite\",\"@id\":\"https:\\\/\\\/grupo-garcia.es\\\/fr\\\/#website\",\"url\":\"https:\\\/\\\/grupo-garcia.es\\\/fr\\\/\",\"name\":\"Grupo Garcia\",\"description\":\"Inmobiliaria en J\u00e1vea y Jal\u00f3n\",\"potentialAction\":[{\"@type\":\"SearchAction\",\"target\":{\"@type\":\"EntryPoint\",\"urlTemplate\":\"https:\\\/\\\/grupo-garcia.es\\\/fr\\\/?s={search_term_string}\"},\"query-input\":{\"@type\":\"PropertyValueSpecification\",\"valueRequired\":true,\"valueName\":\"search_term_string\"}}],\"inLanguage\":\"fr-FR\"}]}<\/script>\n<!-- \/ Yoast SEO plugin. -->","yoast_head_json":{"title":"Villa moderne \u00e0 vendre \u00e0 El Portet, Moraira | Grupo Garcia","description":"Villa moderne \u00e0 vendre \u00e0 El Portet, Moraira Cette villa est situ\u00e9e dans le prestigieux quartier r\u00e9sidentiel d'El Portet. Expos\u00e9e plein sud et enti\u00e8rement r\u00e9am\u00e9nag\u00e9e avec soin, la propri\u00e9t\u00e9 offre de","robots":{"index":"index","follow":"follow","max-snippet":"max-snippet:-1","max-image-preview":"max-image-preview:large","max-video-preview":"max-video-preview:-1"},"canonical":"https:\/\/grupo-garcia.es\/fr\/properties\/villa-moderne-a-vendre-a-el-portet-moraira-29731898\/","og_locale":"fr_FR","og_type":"article","og_title":"Villa moderne \u00e0 vendre \u00e0 El Portet, Moraira | Grupo Garcia","og_description":"Villa moderne \u00e0 vendre \u00e0 El Portet, Moraira Cette villa est situ\u00e9e dans le prestigieux quartier r\u00e9sidentiel d'El Portet. Expos\u00e9e plein sud et enti\u00e8rement r\u00e9am\u00e9nag\u00e9e avec soin, la propri\u00e9t\u00e9 offre de","og_url":"https:\/\/grupo-garcia.es\/fr\/properties\/villa-moderne-a-vendre-a-el-portet-moraira-29731898\/","og_site_name":"Grupo Garcia","article_publisher":"https:\/\/www.facebook.com\/grupogarciacostablanca\/","article_modified_time":"2026-09-05T06:02:15+00:00","og_image":[{"width":1268,"height":832,"url":"https:\/\/grupo-garcia.es\/wp-content\/uploads\/2026\/08\/5-1.jpg","type":"image\/jpeg"}],"twitter_card":"summary_large_image","twitter_misc":{"Dur\u00e9e de lecture estim\u00e9e":"3 minutes"},"schema":{"@context":"https:\/\/schema.org","@graph":[{"@type":["WebPage","RealEstateListing"],"@id":"https:\/\/grupo-garcia.es\/fr\/properties\/villa-moderne-a-vendre-a-el-portet-moraira-29731898\/","url":"https:\/\/grupo-garcia.es\/fr\/properties\/villa-moderne-a-vendre-a-el-portet-moraira-29731898\/","name":"Villa moderne \u00e0 vendre \u00e0 El Portet, Moraira | Grupo Garcia","isPartOf":{"@id":"https:\/\/grupo-garcia.es\/fr\/#website"},"primaryImageOfPage":{"@id":"https:\/\/grupo-garcia.es\/fr\/properties\/villa-moderne-a-vendre-a-el-portet-moraira-29731898\/#primaryimage"},"image":{"@id":"https:\/\/grupo-garcia.es\/fr\/properties\/villa-moderne-a-vendre-a-el-portet-moraira-29731898\/#primaryimage"},"thumbnailUrl":"https:\/\/grupo-garcia.es\/wp-content\/uploads\/2026\/08\/5-1.jpg","datePublished":"2026-08-07T12:02:52+00:00","dateModified":"2026-09-05T06:02:15+00:00","description":"Villa moderne \u00e0 vendre \u00e0 El Portet, Moraira Cette villa est situ\u00e9e dans le prestigieux quartier r\u00e9sidentiel d'El Portet. Expos\u00e9e plein sud et enti\u00e8rement r\u00e9am\u00e9nag\u00e9e avec soin, la propri\u00e9t\u00e9 offre de","breadcrumb":{"@id":"https:\/\/grupo-garcia.es\/fr\/properties\/villa-moderne-a-vendre-a-el-portet-moraira-29731898\/#breadcrumb"},"inLanguage":"fr-FR","potentialAction":[{"@type":"ReadAction","target":["https:\/\/grupo-garcia.es\/fr\/properties\/villa-moderne-a-vendre-a-el-portet-moraira-29731898\/"]}]},{"@type":"ImageObject","inLanguage":"fr-FR","@id":"https:\/\/grupo-garcia.es\/fr\/properties\/villa-moderne-a-vendre-a-el-portet-moraira-29731898\/#primaryimage","url":"https:\/\/grupo-garcia.es\/wp-content\/uploads\/2026\/08\/5-1.jpg","contentUrl":"https:\/\/grupo-garcia.es\/wp-content\/uploads\/2026\/08\/5-1.jpg","width":1268,"height":832},{"@type":"BreadcrumbList","@id":"https:\/\/grupo-garcia.es\/fr\/properties\/villa-moderne-a-vendre-a-el-portet-moraira-29731898\/#breadcrumb","itemListElement":[{"@type":"ListItem","position":1,"name":"Portada","item":"https:\/\/grupo-garcia.es\/fr\/"},{"@type":"ListItem","position":2,"name":"Properties","item":"https:\/\/grupo-garcia.es\/fr\/properties\/"},{"@type":"ListItem","position":3,"name":"Villa moderne \u00e0 vendre \u00e0 El Portet, Moraira"}]},{"@type":"WebSite","@id":"https:\/\/grupo-garcia.es\/fr\/#website","url":"https:\/\/grupo-garcia.es\/fr\/","name":"Grupo Garcia","description":"Inmobiliaria en J\u00e1vea y Jal\u00f3n","potentialAction":[{"@type":"SearchAction","target":{"@type":"EntryPoint","urlTemplate":"https:\/\/grupo-garcia.es\/fr\/?s={search_term_string}"},"query-input":{"@type":"PropertyValueSpecification","valueRequired":true,"valueName":"search_term_string"}}],"inLanguage":"fr-FR"}]}},"_links":{"self":[{"href":"https:\/\/grupo-garcia.es\/fr\/wp-json\/wp\/v2\/properties\/13562271","targetHints":{"allow":["GET"]}}],"collection":[{"href":"https:\/\/grupo-garcia.es\/fr\/wp-json\/wp\/v2\/properties"}],"about":[{"href":"https:\/\/grupo-garcia.es\/fr\/wp-json\/wp\/v2\/types\/properties"}],"wp:featuredmedia":[{"embeddable":true,"href":"https:\/\/grupo-garcia.es\/fr\/wp-json\/wp\/v2\/media\/13571718"}],"wp:attachment":[{"href":"https:\/\/grupo-garcia.es\/fr\/wp-json\/wp\/v2\/media?parent=13562271"}],"wp:term":[{"taxonomy":"property-state","embeddable":true,"href":"https:\/\/grupo-garcia.es\/fr\/wp-json\/wp\/v2\/property-state?post=13562271"},{"taxonomy":"property-type","embeddable":true,"href":"https:\/\/grupo-garcia.es\/fr\/wp-json\/wp\/v2\/property-type?post=13562271"},{"taxonomy":"zone","embeddable":true,"href":"https:\/\/grupo-garcia.es\/fr\/wp-json\/wp\/v2\/zone?post=13562271"},{"taxonomy":"city","embeddable":true,"href":"https:\/\/grupo-garcia.es\/fr\/wp-json\/wp\/v2\/city?post=13562271"},{"taxonomy":"property_categories","embeddable":true,"href":"https:\/\/grupo-garcia.es\/fr\/wp-json\/wp\/v2\/property_categories?post=13562271"}],"curies":[{"name":"wp","href":"https:\/\/api.w.org\/{rel}","templated":true}]}}