{"id":13538611,"date":"2026-04-21T11:17:38","date_gmt":"2026-04-21T10:17:38","guid":{"rendered":"https:\/\/grupo-garcia.es\/properties\/villa-almadrava-villa-en-premiere-ligne-avec-vue-sur-mer-a-vendre-a-denia-emplacement-exceptionnel-27838920\/"},"modified":"2026-04-28T06:56:12","modified_gmt":"2026-04-28T05:56:12","slug":"villa-almadrava-villa-en-premiere-ligne-avec-vue-sur-mer-a-vendre-a-denia-emplacement-exceptionnel-27838920","status":"publish","type":"properties","link":"https:\/\/grupo-garcia.es\/fr\/properties\/villa-almadrava-villa-en-premiere-ligne-avec-vue-sur-mer-a-vendre-a-denia-emplacement-exceptionnel-27838920\/","title":{"rendered":"Villa Almadrava. Villa en premi\u00e8re ligne avec vue sur mer \u00e0 vendre \u00e0 Denia. Emplacement exceptionnel."},"content":{"rendered":"<p>La villa Almadrava repr\u00e9sente une opportunit\u00e9 rare et exceptionnelle pour l&rsquo;acqu\u00e9reur exigeant en qu\u00eate d&rsquo;une propri\u00e9t\u00e9 m\u00e9diterran\u00e9enne en premi\u00e8re ligne, dans un cadre c\u00f4tier paisible et pr\u00e9serv\u00e9.<\/p>\n<p>R\u00e9partie sur deux niveaux, la villa a \u00e9t\u00e9 con\u00e7ue avec soin pour tirer pleinement parti de son emplacement exceptionnel. Les pi\u00e8ces de vie principales, dont le salon, la suite parentale et le jardin, b\u00e9n\u00e9ficient toutes d&rsquo;une vue imprenable sur la M\u00e9diterran\u00e9e aux eaux cristallines. Le jardin, magnifiquement orient\u00e9, donne directement sur la plage, offrant un cadre de vie privil\u00e9gi\u00e9 o\u00f9 le bruit des vagues et les couchers de soleil spectaculaires rythment le quotidien.<\/p>\n<p>L&rsquo;espace ext\u00e9rieur est particuli\u00e8rement s\u00e9duisant, avec sa cuisine d&rsquo;\u00e9t\u00e9 bien \u00e9quip\u00e9e et sa terrasse, id\u00e9ale pour recevoir en toute convivialit\u00e9. Que ce soit pour de longs d\u00e9jeuners d&rsquo;\u00e9t\u00e9 ou des soir\u00e9es entre amis, la douce brise marine apporte une agr\u00e9able fra\u00eecheur durant les beaux jours.<\/p>\n<p>\u00c0 l&rsquo;int\u00e9rieur, le niveau principal est lumineux et accueillant. Une terrasse vitr\u00e9e s&rsquo;ouvre harmonieusement sur un espace de vie d\u00e9cloisonn\u00e9 comprenant salon et salle \u00e0 manger, agr\u00e9ment\u00e9 d&rsquo;une cuisine moderne et bien \u00e9quip\u00e9e. Une charmante chemin\u00e9e en fonte apporte cachet et chaleur, rendant la maison agr\u00e9able \u00e0 vivre en toute saison. Ce niveau comprend \u00e9galement deux chambres confortables et des salles de bains bien am\u00e9nag\u00e9es, id\u00e9ales pour la famille ou les invit\u00e9s. La propri\u00e9t\u00e9 est \u00e9galement \u00e9quip\u00e9e de panneaux solaires et d&rsquo;une connexion internet haut d\u00e9bit par fibre optique.<\/p>\n<p>L&rsquo;\u00e9tage sup\u00e9rieur est enti\u00e8rement d\u00e9di\u00e9 \u00e0 la suite parentale, offrant un refuge priv\u00e9 avec une vue panoramique imprenable sur la mer. Se r\u00e9veiller face \u00e0 la M\u00e9diterran\u00e9e est un luxe rare et l&rsquo;un des atouts majeurs de la villa.<\/p>\n<p>La plage d&rsquo;Almadrava est particuli\u00e8rement calme, m\u00eame en plein \u00e9t\u00e9, contrairement \u00e0 de nombreuses autres zones environnantes, permettant ainsi aux r\u00e9sidents de profiter d&rsquo;un environnement c\u00f4tier paisible et serein, loin du tourisme de masse.<\/p>\n<p>Il est \u00e0 noter que la propri\u00e9t\u00e9 est concern\u00e9e par la modification des limites de la Costa Law. De ce fait, elle est propos\u00e9e \u00e0 environ 50 % de sa valeur marchande potentielle, ce qui repr\u00e9sente une opportunit\u00e9 d&rsquo;investissement unique par rapport aux propri\u00e9t\u00e9s similaires en bord de mer dans la r\u00e9gion.<\/p>\n<p>La villa est situ\u00e9e \u00e0 proximit\u00e9 de D\u00e9nia, charmante et dynamique ville c\u00f4ti\u00e8re r\u00e9put\u00e9e pour son excellente gastronomie, son port traditionnel et son ch\u00e2teau historique. Avec un large choix de restaurants, de boutiques, de ports de plaisance et de commodit\u00e9s ouvertes toute l&rsquo;ann\u00e9e, ainsi que des liaisons par ferry vers les \u00eeles Bal\u00e9ares, D\u00e9nia offre l&rsquo;\u00e9quilibre parfait entre le caract\u00e8re espagnol authentique et le mode de vie m\u00e9diterran\u00e9en moderne.<\/p><\/p>\n","protected":false},"featured_media":13541451,"template":"","meta":{"id_inmovilla":["27838920"],"property_type":["Villa"],"property_ref":["DG6698"],"property_price":["799500"],"property_city":["Denia"],"property_region":["ALICANTE"],"zona-auxiliar":["LAlmadrava-LEstany\u00f2"],"tipo-via":[""],"domicilio":[""],"numero":[""],"codigo-postal":["03779"],"altura":[""],"planta":[""],"piso":[""],"puerta":[""],"escalera":[""],"bloque":[""],"edificio":[""],"habitaciones-dobles":["3"],"bedrooms":["0"],"banos":["2"],"aseos":["0"],"salones":["0"],"parking":["2","2"],"plantas":["0"],"fecha-construccion":["1979"],"distancia-playa":["0"],"comunidad":["0"],"periodicidad-comunidad":["MES"],"ibi":["0.00"],"distancia-al-mar":["0"],"metros-utiles":["0.00"],"metros-construidos":["210.00"],"metros-parcela":["654"],"metros-de-la-terraza":["0.00"],"metros-de-la-cocina":["0.00"],"metros-del-comedor":["0.00"],"metros-del-salon":["0.00"],"estado":["Reformado"],"carpinteria-exterior":["Aluminio\/Climalit"],"tipo-suelo":["Stoneware"],"orientacion":[""],"carpinteria-interior":["Lacado Blanco"],"vistas":["Vers la mer"],"tipo-de-calefaccion":["25"],"agua-caliente":["0"],"tipo-cocina":[""],"instalacion-electrica":["0"],"fachada":[""],"acceso-pmr":["false"],"armarios-empotrados":["true"],"calefaccion":["true"],"garaje":["false"],"jacuzzi":["false"],"solarium":["false"],"vivienda-adaptada":["false"],"ascensor":["false"],"calefaccion-central":["false"],"garaje-doble":["false"],"jardin":["true"],"puerta-blindada":["false"],"t-v":["false"],"aire-acond-central":["false"],"balcon":["false"],"chimenea":["true"],"gas-ciudad":["false"],"lavanderia":["false"],"patio":["false"],"aire-acondicionado":["true"],"bar":["false"],"deposito-agua":["true"],"gimnasio":["false"],"luminoso":["false"],"pergola":["false"],"terraza":["false"],"alarma":["false"],"barbacoa":["true"],"descalcificador":["false"],"hab-juegos":["false"],"luz":["false"],"piscina-comunitaria":["false"],"satelite":["false"],"terraza-acristalada":["false"],"alarma-incendio":["false"],"bomba-frio-y-calor":["true"],"despensa":["false"],"hidromasaje":["false"],"mirador":["false"],"piscina-propia":["false"],"sauna":["false"],"trastero":["false"],"apart-separado":["false"],"buhardilla":["false"],"esquina":["true"],"muebles":["false"],"preinst-aacc":["false"],"sotano":["false"],"videoportero":[""],"autobuses":["false"],"centros-comerciales":["false"],"colegios":["false"],"hospitales":["false"],"urbanizacion":["false"],"vistas-al-mar":["true"],"zonas-infantiles":["false"],"arboles":["false"],"centros-medicos":["false"],"costa":["true"],"metro":["false"],"primera-linea":["true"],"tranvia":["false"],"vallado":["true"],"golf":["false"],"montana":["false"],"rural":["false"],"tren":["false"],"exclusividad":["true"],"tour-virtual":[""],"video":["https:\/\/www.youtube.com\/watch?v=Dt3LxwMA-HI?si=OPAdza54A0x76VQV"],"disponibilidad-propiedad":["Libre"],"habitaciones_totales":["3"],"ojo_de_buey":["true"],"certificado_energetico":["G"],"energia_valor":["372"],"_wp_page_template":["default"],"galeria":["a:53:{i:13541451;s:67:\"https:\/\/grupo-garcia.es\/wp-content\/uploads\/2026\/02\/6-1-3-scaled.jpg\";i:13541590;s:67:\"https:\/\/grupo-garcia.es\/wp-content\/uploads\/2026\/02\/6-2-3-scaled.jpg\";i:13541591;s:67:\"https:\/\/grupo-garcia.es\/wp-content\/uploads\/2026\/02\/6-3-3-scaled.jpg\";i:13541592;s:67:\"https:\/\/grupo-garcia.es\/wp-content\/uploads\/2026\/02\/6-4-3-scaled.jpg\";i:13541593;s:67:\"https:\/\/grupo-garcia.es\/wp-content\/uploads\/2026\/02\/6-5-3-scaled.jpg\";i:13541594;s:67:\"https:\/\/grupo-garcia.es\/wp-content\/uploads\/2026\/02\/6-6-3-scaled.jpg\";i:13541595;s:67:\"https:\/\/grupo-garcia.es\/wp-content\/uploads\/2026\/02\/6-7-3-scaled.jpg\";i:13541596;s:67:\"https:\/\/grupo-garcia.es\/wp-content\/uploads\/2026\/02\/6-8-3-scaled.jpg\";i:13541597;s:67:\"https:\/\/grupo-garcia.es\/wp-content\/uploads\/2026\/02\/6-9-3-scaled.jpg\";i:13541598;s:68:\"https:\/\/grupo-garcia.es\/wp-content\/uploads\/2026\/02\/6-10-3-scaled.jpg\";i:13541599;s:68:\"https:\/\/grupo-garcia.es\/wp-content\/uploads\/2026\/02\/6-11-3-scaled.jpg\";i:13541600;s:68:\"https:\/\/grupo-garcia.es\/wp-content\/uploads\/2026\/02\/6-12-3-scaled.jpg\";i:13541601;s:68:\"https:\/\/grupo-garcia.es\/wp-content\/uploads\/2026\/02\/6-13-3-scaled.jpg\";i:13541602;s:68:\"https:\/\/grupo-garcia.es\/wp-content\/uploads\/2026\/02\/6-14-3-scaled.jpg\";i:13541603;s:68:\"https:\/\/grupo-garcia.es\/wp-content\/uploads\/2026\/02\/6-15-3-scaled.jpg\";i:13541604;s:68:\"https:\/\/grupo-garcia.es\/wp-content\/uploads\/2026\/02\/6-16-2-scaled.jpg\";i:13541605;s:68:\"https:\/\/grupo-garcia.es\/wp-content\/uploads\/2026\/02\/6-17-2-scaled.jpg\";i:13541606;s:68:\"https:\/\/grupo-garcia.es\/wp-content\/uploads\/2026\/02\/6-18-2-scaled.jpg\";i:13541607;s:68:\"https:\/\/grupo-garcia.es\/wp-content\/uploads\/2026\/02\/6-19-2-scaled.jpg\";i:13541608;s:68:\"https:\/\/grupo-garcia.es\/wp-content\/uploads\/2026\/02\/6-20-2-scaled.jpg\";i:13541609;s:68:\"https:\/\/grupo-garcia.es\/wp-content\/uploads\/2026\/02\/6-21-2-scaled.jpg\";i:13541610;s:68:\"https:\/\/grupo-garcia.es\/wp-content\/uploads\/2026\/02\/6-22-2-scaled.jpg\";i:13541611;s:68:\"https:\/\/grupo-garcia.es\/wp-content\/uploads\/2026\/02\/6-23-2-scaled.jpg\";i:13541612;s:68:\"https:\/\/grupo-garcia.es\/wp-content\/uploads\/2026\/02\/6-24-2-scaled.jpg\";i:13541613;s:68:\"https:\/\/grupo-garcia.es\/wp-content\/uploads\/2026\/02\/6-25-2-scaled.jpg\";i:13541614;s:68:\"https:\/\/grupo-garcia.es\/wp-content\/uploads\/2026\/02\/6-26-2-scaled.jpg\";i:13541615;s:68:\"https:\/\/grupo-garcia.es\/wp-content\/uploads\/2026\/02\/6-27-2-scaled.jpg\";i:13541616;s:68:\"https:\/\/grupo-garcia.es\/wp-content\/uploads\/2026\/02\/6-28-2-scaled.jpg\";i:13541617;s:68:\"https:\/\/grupo-garcia.es\/wp-content\/uploads\/2026\/02\/6-29-2-scaled.jpg\";i:13541618;s:68:\"https:\/\/grupo-garcia.es\/wp-content\/uploads\/2026\/02\/6-30-2-scaled.jpg\";i:13541619;s:68:\"https:\/\/grupo-garcia.es\/wp-content\/uploads\/2026\/02\/6-31-1-scaled.jpg\";i:13541620;s:68:\"https:\/\/grupo-garcia.es\/wp-content\/uploads\/2026\/02\/6-32-1-scaled.jpg\";i:13541621;s:68:\"https:\/\/grupo-garcia.es\/wp-content\/uploads\/2026\/02\/6-33-1-scaled.jpg\";i:13541622;s:68:\"https:\/\/grupo-garcia.es\/wp-content\/uploads\/2026\/02\/6-34-1-scaled.jpg\";i:13541623;s:68:\"https:\/\/grupo-garcia.es\/wp-content\/uploads\/2026\/02\/6-35-1-scaled.jpg\";i:13541624;s:68:\"https:\/\/grupo-garcia.es\/wp-content\/uploads\/2026\/02\/6-36-1-scaled.jpg\";i:13541625;s:68:\"https:\/\/grupo-garcia.es\/wp-content\/uploads\/2026\/02\/6-37-1-scaled.jpg\";i:13541626;s:68:\"https:\/\/grupo-garcia.es\/wp-content\/uploads\/2026\/02\/6-38-1-scaled.jpg\";i:13541627;s:68:\"https:\/\/grupo-garcia.es\/wp-content\/uploads\/2026\/02\/6-39-1-scaled.jpg\";i:13541628;s:68:\"https:\/\/grupo-garcia.es\/wp-content\/uploads\/2026\/02\/6-40-1-scaled.jpg\";i:13541629;s:68:\"https:\/\/grupo-garcia.es\/wp-content\/uploads\/2026\/02\/6-41-1-scaled.jpg\";i:13541630;s:68:\"https:\/\/grupo-garcia.es\/wp-content\/uploads\/2026\/02\/6-42-1-scaled.jpg\";i:13541631;s:68:\"https:\/\/grupo-garcia.es\/wp-content\/uploads\/2026\/02\/6-43-1-scaled.jpg\";i:13541632;s:68:\"https:\/\/grupo-garcia.es\/wp-content\/uploads\/2026\/02\/6-44-1-scaled.jpg\";i:13541633;s:68:\"https:\/\/grupo-garcia.es\/wp-content\/uploads\/2026\/02\/6-45-1-scaled.jpg\";i:13541634;s:68:\"https:\/\/grupo-garcia.es\/wp-content\/uploads\/2026\/02\/6-46-1-scaled.jpg\";i:13541635;s:68:\"https:\/\/grupo-garcia.es\/wp-content\/uploads\/2026\/02\/6-47-1-scaled.jpg\";i:13541636;s:68:\"https:\/\/grupo-garcia.es\/wp-content\/uploads\/2026\/02\/6-48-1-scaled.jpg\";i:13541637;s:68:\"https:\/\/grupo-garcia.es\/wp-content\/uploads\/2026\/02\/6-49-1-scaled.jpg\";i:13541638;s:66:\"https:\/\/grupo-garcia.es\/wp-content\/uploads\/2026\/02\/6-50-scaled.jpg\";i:13541639;s:66:\"https:\/\/grupo-garcia.es\/wp-content\/uploads\/2026\/02\/6-51-scaled.jpg\";i:13541640;s:66:\"https:\/\/grupo-garcia.es\/wp-content\/uploads\/2026\/02\/6-52-scaled.jpg\";i:13541641;s:66:\"https:\/\/grupo-garcia.es\/wp-content\/uploads\/2026\/02\/6-53-scaled.jpg\";}"],"_thumbnail_id":["13541451"],"_wpml_word_count":["508"],"iawp_total_views":["30"]},"property-state":[207],"property-type":[231],"zone":[562],"city":[65],"property_categories":[269],"class_list":["post-13538611","properties","type-properties","status-publish","has-post-thumbnail","hentry","property-state-revente","property-type-villas-fr","zone-lalmadrava-lestanyo","city-denia","property_categories-vendre"],"yoast_head":"<!-- This site is optimized with the Yoast SEO plugin v27.5 - https:\/\/yoast.com\/product\/yoast-seo-wordpress\/ -->\n<title>Villa Almadrava. Villa en premi\u00e8re ligne avec vue sur mer \u00e0 vendre \u00e0 Denia. Emplacement exceptionnel. | Grupo Garcia<\/title>\n<meta name=\"description\" content=\"Villa Almadrava. Villa en premi\u00e8re ligne avec vue sur mer \u00e0 vendre \u00e0 Denia. Emplacement exceptionnel. La villa Almadrava repr\u00e9sente une opportunit\u00e9 rare et exceptionnelle pour l&#039;acqu\u00e9reur exigeant en qu\u00eate d&#039;une propri\u00e9t\u00e9 m\u00e9diterran\u00e9enne en premi\u00e8re ligne,\" \/>\n<meta name=\"robots\" content=\"index, follow, max-snippet:-1, max-image-preview:large, max-video-preview:-1\" \/>\n<link rel=\"canonical\" href=\"https:\/\/grupo-garcia.es\/fr\/properties\/villa-almadrava-villa-en-premiere-ligne-avec-vue-sur-mer-a-vendre-a-denia-emplacement-exceptionnel-27838920\/\" \/>\n<meta property=\"og:locale\" content=\"fr_FR\" \/>\n<meta property=\"og:type\" content=\"article\" \/>\n<meta property=\"og:title\" content=\"Villa Almadrava. Villa en premi\u00e8re ligne avec vue sur mer \u00e0 vendre \u00e0 Denia. Emplacement exceptionnel. | Grupo Garcia\" \/>\n<meta property=\"og:description\" content=\"Villa Almadrava. Villa en premi\u00e8re ligne avec vue sur mer \u00e0 vendre \u00e0 Denia. Emplacement exceptionnel. La villa Almadrava repr\u00e9sente une opportunit\u00e9 rare et exceptionnelle pour l&#039;acqu\u00e9reur exigeant en qu\u00eate d&#039;une propri\u00e9t\u00e9 m\u00e9diterran\u00e9enne en premi\u00e8re ligne,\" \/>\n<meta property=\"og:url\" content=\"https:\/\/grupo-garcia.es\/fr\/properties\/villa-almadrava-villa-en-premiere-ligne-avec-vue-sur-mer-a-vendre-a-denia-emplacement-exceptionnel-27838920\/\" \/>\n<meta property=\"og:site_name\" content=\"Grupo Garcia\" \/>\n<meta property=\"article:publisher\" content=\"https:\/\/www.facebook.com\/grupogarciacostablanca\/\" \/>\n<meta property=\"article:modified_time\" content=\"2026-04-28T05:56:12+00:00\" \/>\n<meta property=\"og:image\" content=\"https:\/\/grupo-garcia.es\/wp-content\/uploads\/2026\/02\/6-1-3-scaled.jpg\" \/>\n\t<meta property=\"og:image:width\" content=\"2560\" \/>\n\t<meta property=\"og:image:height\" content=\"1440\" \/>\n\t<meta property=\"og:image:type\" content=\"image\/jpeg\" \/>\n<meta name=\"twitter:card\" content=\"summary_large_image\" \/>\n<meta name=\"twitter:label1\" content=\"Dur\u00e9e de lecture estim\u00e9e\" \/>\n\t<meta name=\"twitter:data1\" content=\"2 minutes\" \/>\n<script type=\"application\/ld+json\" class=\"yoast-schema-graph\">{\"@context\":\"https:\\\/\\\/schema.org\",\"@graph\":[{\"@type\":[\"WebPage\",\"RealEstateListing\"],\"@id\":\"https:\\\/\\\/grupo-garcia.es\\\/fr\\\/properties\\\/villa-almadrava-villa-en-premiere-ligne-avec-vue-sur-mer-a-vendre-a-denia-emplacement-exceptionnel-27838920\\\/\",\"url\":\"https:\\\/\\\/grupo-garcia.es\\\/fr\\\/properties\\\/villa-almadrava-villa-en-premiere-ligne-avec-vue-sur-mer-a-vendre-a-denia-emplacement-exceptionnel-27838920\\\/\",\"name\":\"Villa Almadrava. Villa en premi\u00e8re ligne avec vue sur mer \u00e0 vendre \u00e0 Denia. Emplacement exceptionnel. | Grupo Garcia\",\"isPartOf\":{\"@id\":\"https:\\\/\\\/grupo-garcia.es\\\/fr\\\/#website\"},\"primaryImageOfPage\":{\"@id\":\"https:\\\/\\\/grupo-garcia.es\\\/fr\\\/properties\\\/villa-almadrava-villa-en-premiere-ligne-avec-vue-sur-mer-a-vendre-a-denia-emplacement-exceptionnel-27838920\\\/#primaryimage\"},\"image\":{\"@id\":\"https:\\\/\\\/grupo-garcia.es\\\/fr\\\/properties\\\/villa-almadrava-villa-en-premiere-ligne-avec-vue-sur-mer-a-vendre-a-denia-emplacement-exceptionnel-27838920\\\/#primaryimage\"},\"thumbnailUrl\":\"https:\\\/\\\/grupo-garcia.es\\\/wp-content\\\/uploads\\\/2026\\\/02\\\/6-1-3-scaled.jpg\",\"datePublished\":\"2026-04-21T10:17:38+00:00\",\"dateModified\":\"2026-04-28T05:56:12+00:00\",\"description\":\"Villa Almadrava. Villa en premi\u00e8re ligne avec vue sur mer \u00e0 vendre \u00e0 Denia. Emplacement exceptionnel. La villa Almadrava repr\u00e9sente une opportunit\u00e9 rare et exceptionnelle pour l'acqu\u00e9reur exigeant en qu\u00eate d'une propri\u00e9t\u00e9 m\u00e9diterran\u00e9enne en premi\u00e8re ligne,\",\"breadcrumb\":{\"@id\":\"https:\\\/\\\/grupo-garcia.es\\\/fr\\\/properties\\\/villa-almadrava-villa-en-premiere-ligne-avec-vue-sur-mer-a-vendre-a-denia-emplacement-exceptionnel-27838920\\\/#breadcrumb\"},\"inLanguage\":\"fr-FR\",\"potentialAction\":[{\"@type\":\"ReadAction\",\"target\":[\"https:\\\/\\\/grupo-garcia.es\\\/fr\\\/properties\\\/villa-almadrava-villa-en-premiere-ligne-avec-vue-sur-mer-a-vendre-a-denia-emplacement-exceptionnel-27838920\\\/\"]}]},{\"@type\":\"ImageObject\",\"inLanguage\":\"fr-FR\",\"@id\":\"https:\\\/\\\/grupo-garcia.es\\\/fr\\\/properties\\\/villa-almadrava-villa-en-premiere-ligne-avec-vue-sur-mer-a-vendre-a-denia-emplacement-exceptionnel-27838920\\\/#primaryimage\",\"url\":\"https:\\\/\\\/grupo-garcia.es\\\/wp-content\\\/uploads\\\/2026\\\/02\\\/6-1-3-scaled.jpg\",\"contentUrl\":\"https:\\\/\\\/grupo-garcia.es\\\/wp-content\\\/uploads\\\/2026\\\/02\\\/6-1-3-scaled.jpg\",\"width\":2560,\"height\":1440},{\"@type\":\"BreadcrumbList\",\"@id\":\"https:\\\/\\\/grupo-garcia.es\\\/fr\\\/properties\\\/villa-almadrava-villa-en-premiere-ligne-avec-vue-sur-mer-a-vendre-a-denia-emplacement-exceptionnel-27838920\\\/#breadcrumb\",\"itemListElement\":[{\"@type\":\"ListItem\",\"position\":1,\"name\":\"Portada\",\"item\":\"https:\\\/\\\/grupo-garcia.es\\\/fr\\\/\"},{\"@type\":\"ListItem\",\"position\":2,\"name\":\"Properties\",\"item\":\"https:\\\/\\\/grupo-garcia.es\\\/fr\\\/properties\\\/\"},{\"@type\":\"ListItem\",\"position\":3,\"name\":\"Villa Almadrava. Villa en premi\u00e8re ligne avec vue sur mer \u00e0 vendre \u00e0 Denia. Emplacement exceptionnel.\"}]},{\"@type\":\"WebSite\",\"@id\":\"https:\\\/\\\/grupo-garcia.es\\\/fr\\\/#website\",\"url\":\"https:\\\/\\\/grupo-garcia.es\\\/fr\\\/\",\"name\":\"Grupo Garcia\",\"description\":\"Inmobiliaria en J\u00e1vea y Jal\u00f3n\",\"potentialAction\":[{\"@type\":\"SearchAction\",\"target\":{\"@type\":\"EntryPoint\",\"urlTemplate\":\"https:\\\/\\\/grupo-garcia.es\\\/fr\\\/?s={search_term_string}\"},\"query-input\":{\"@type\":\"PropertyValueSpecification\",\"valueRequired\":true,\"valueName\":\"search_term_string\"}}],\"inLanguage\":\"fr-FR\"}]}<\/script>\n<!-- \/ Yoast SEO plugin. -->","yoast_head_json":{"title":"Villa Almadrava. Villa en premi\u00e8re ligne avec vue sur mer \u00e0 vendre \u00e0 Denia. Emplacement exceptionnel. | Grupo Garcia","description":"Villa Almadrava. Villa en premi\u00e8re ligne avec vue sur mer \u00e0 vendre \u00e0 Denia. Emplacement exceptionnel. La villa Almadrava repr\u00e9sente une opportunit\u00e9 rare et exceptionnelle pour l'acqu\u00e9reur exigeant en qu\u00eate d'une propri\u00e9t\u00e9 m\u00e9diterran\u00e9enne en premi\u00e8re ligne,","robots":{"index":"index","follow":"follow","max-snippet":"max-snippet:-1","max-image-preview":"max-image-preview:large","max-video-preview":"max-video-preview:-1"},"canonical":"https:\/\/grupo-garcia.es\/fr\/properties\/villa-almadrava-villa-en-premiere-ligne-avec-vue-sur-mer-a-vendre-a-denia-emplacement-exceptionnel-27838920\/","og_locale":"fr_FR","og_type":"article","og_title":"Villa Almadrava. Villa en premi\u00e8re ligne avec vue sur mer \u00e0 vendre \u00e0 Denia. Emplacement exceptionnel. | Grupo Garcia","og_description":"Villa Almadrava. Villa en premi\u00e8re ligne avec vue sur mer \u00e0 vendre \u00e0 Denia. Emplacement exceptionnel. La villa Almadrava repr\u00e9sente une opportunit\u00e9 rare et exceptionnelle pour l'acqu\u00e9reur exigeant en qu\u00eate d'une propri\u00e9t\u00e9 m\u00e9diterran\u00e9enne en premi\u00e8re ligne,","og_url":"https:\/\/grupo-garcia.es\/fr\/properties\/villa-almadrava-villa-en-premiere-ligne-avec-vue-sur-mer-a-vendre-a-denia-emplacement-exceptionnel-27838920\/","og_site_name":"Grupo Garcia","article_publisher":"https:\/\/www.facebook.com\/grupogarciacostablanca\/","article_modified_time":"2026-04-28T05:56:12+00:00","og_image":[{"width":2560,"height":1440,"url":"https:\/\/grupo-garcia.es\/wp-content\/uploads\/2026\/02\/6-1-3-scaled.jpg","type":"image\/jpeg"}],"twitter_card":"summary_large_image","twitter_misc":{"Dur\u00e9e de lecture estim\u00e9e":"2 minutes"},"schema":{"@context":"https:\/\/schema.org","@graph":[{"@type":["WebPage","RealEstateListing"],"@id":"https:\/\/grupo-garcia.es\/fr\/properties\/villa-almadrava-villa-en-premiere-ligne-avec-vue-sur-mer-a-vendre-a-denia-emplacement-exceptionnel-27838920\/","url":"https:\/\/grupo-garcia.es\/fr\/properties\/villa-almadrava-villa-en-premiere-ligne-avec-vue-sur-mer-a-vendre-a-denia-emplacement-exceptionnel-27838920\/","name":"Villa Almadrava. Villa en premi\u00e8re ligne avec vue sur mer \u00e0 vendre \u00e0 Denia. Emplacement exceptionnel. | Grupo Garcia","isPartOf":{"@id":"https:\/\/grupo-garcia.es\/fr\/#website"},"primaryImageOfPage":{"@id":"https:\/\/grupo-garcia.es\/fr\/properties\/villa-almadrava-villa-en-premiere-ligne-avec-vue-sur-mer-a-vendre-a-denia-emplacement-exceptionnel-27838920\/#primaryimage"},"image":{"@id":"https:\/\/grupo-garcia.es\/fr\/properties\/villa-almadrava-villa-en-premiere-ligne-avec-vue-sur-mer-a-vendre-a-denia-emplacement-exceptionnel-27838920\/#primaryimage"},"thumbnailUrl":"https:\/\/grupo-garcia.es\/wp-content\/uploads\/2026\/02\/6-1-3-scaled.jpg","datePublished":"2026-04-21T10:17:38+00:00","dateModified":"2026-04-28T05:56:12+00:00","description":"Villa Almadrava. Villa en premi\u00e8re ligne avec vue sur mer \u00e0 vendre \u00e0 Denia. Emplacement exceptionnel. La villa Almadrava repr\u00e9sente une opportunit\u00e9 rare et exceptionnelle pour l'acqu\u00e9reur exigeant en qu\u00eate d'une propri\u00e9t\u00e9 m\u00e9diterran\u00e9enne en premi\u00e8re ligne,","breadcrumb":{"@id":"https:\/\/grupo-garcia.es\/fr\/properties\/villa-almadrava-villa-en-premiere-ligne-avec-vue-sur-mer-a-vendre-a-denia-emplacement-exceptionnel-27838920\/#breadcrumb"},"inLanguage":"fr-FR","potentialAction":[{"@type":"ReadAction","target":["https:\/\/grupo-garcia.es\/fr\/properties\/villa-almadrava-villa-en-premiere-ligne-avec-vue-sur-mer-a-vendre-a-denia-emplacement-exceptionnel-27838920\/"]}]},{"@type":"ImageObject","inLanguage":"fr-FR","@id":"https:\/\/grupo-garcia.es\/fr\/properties\/villa-almadrava-villa-en-premiere-ligne-avec-vue-sur-mer-a-vendre-a-denia-emplacement-exceptionnel-27838920\/#primaryimage","url":"https:\/\/grupo-garcia.es\/wp-content\/uploads\/2026\/02\/6-1-3-scaled.jpg","contentUrl":"https:\/\/grupo-garcia.es\/wp-content\/uploads\/2026\/02\/6-1-3-scaled.jpg","width":2560,"height":1440},{"@type":"BreadcrumbList","@id":"https:\/\/grupo-garcia.es\/fr\/properties\/villa-almadrava-villa-en-premiere-ligne-avec-vue-sur-mer-a-vendre-a-denia-emplacement-exceptionnel-27838920\/#breadcrumb","itemListElement":[{"@type":"ListItem","position":1,"name":"Portada","item":"https:\/\/grupo-garcia.es\/fr\/"},{"@type":"ListItem","position":2,"name":"Properties","item":"https:\/\/grupo-garcia.es\/fr\/properties\/"},{"@type":"ListItem","position":3,"name":"Villa Almadrava. Villa en premi\u00e8re ligne avec vue sur mer \u00e0 vendre \u00e0 Denia. Emplacement exceptionnel."}]},{"@type":"WebSite","@id":"https:\/\/grupo-garcia.es\/fr\/#website","url":"https:\/\/grupo-garcia.es\/fr\/","name":"Grupo Garcia","description":"Inmobiliaria en J\u00e1vea y Jal\u00f3n","potentialAction":[{"@type":"SearchAction","target":{"@type":"EntryPoint","urlTemplate":"https:\/\/grupo-garcia.es\/fr\/?s={search_term_string}"},"query-input":{"@type":"PropertyValueSpecification","valueRequired":true,"valueName":"search_term_string"}}],"inLanguage":"fr-FR"}]}},"_links":{"self":[{"href":"https:\/\/grupo-garcia.es\/fr\/wp-json\/wp\/v2\/properties\/13538611","targetHints":{"allow":["GET"]}}],"collection":[{"href":"https:\/\/grupo-garcia.es\/fr\/wp-json\/wp\/v2\/properties"}],"about":[{"href":"https:\/\/grupo-garcia.es\/fr\/wp-json\/wp\/v2\/types\/properties"}],"wp:featuredmedia":[{"embeddable":true,"href":"https:\/\/grupo-garcia.es\/fr\/wp-json\/wp\/v2\/media\/13541451"}],"wp:attachment":[{"href":"https:\/\/grupo-garcia.es\/fr\/wp-json\/wp\/v2\/media?parent=13538611"}],"wp:term":[{"taxonomy":"property-state","embeddable":true,"href":"https:\/\/grupo-garcia.es\/fr\/wp-json\/wp\/v2\/property-state?post=13538611"},{"taxonomy":"property-type","embeddable":true,"href":"https:\/\/grupo-garcia.es\/fr\/wp-json\/wp\/v2\/property-type?post=13538611"},{"taxonomy":"zone","embeddable":true,"href":"https:\/\/grupo-garcia.es\/fr\/wp-json\/wp\/v2\/zone?post=13538611"},{"taxonomy":"city","embeddable":true,"href":"https:\/\/grupo-garcia.es\/fr\/wp-json\/wp\/v2\/city?post=13538611"},{"taxonomy":"property_categories","embeddable":true,"href":"https:\/\/grupo-garcia.es\/fr\/wp-json\/wp\/v2\/property_categories?post=13538611"}],"curies":[{"name":"wp","href":"https:\/\/api.w.org\/{rel}","templated":true}]}}