{"id":13534232,"date":"2026-02-03T13:15:11","date_gmt":"2026-02-03T12:15:11","guid":{"rendered":"https:\/\/grupo-garcia.es\/properties\/finca-paloma-superbe-propriete-a-vendre-a-javea-avec-ecuries-a-quelques-pas-du-centre-27807651\/"},"modified":"2026-04-28T06:55:54","modified_gmt":"2026-04-28T05:55:54","slug":"finca-paloma-superbe-propriete-a-vendre-a-javea-avec-ecuries-a-quelques-pas-du-centre-27807651","status":"publish","type":"properties","link":"https:\/\/grupo-garcia.es\/fr\/properties\/finca-paloma-superbe-propriete-a-vendre-a-javea-avec-ecuries-a-quelques-pas-du-centre-27807651\/","title":{"rendered":"Finca Paloma. Superbe propri\u00e9t\u00e9 \u00e0 vendre \u00e0 Javea, avec \u00e9curies \u00e0 quelques pas du centre."},"content":{"rendered":"<p>Situ\u00e9e \u00e0 quelques pas du centre de J\u00e1vea, cette charmante finca m\u00e9diterran\u00e9enne offre un rare m\u00e9lange de tranquillit\u00e9 champ\u00eatre et de commodit\u00e9s. Entour\u00e9e de verdure et \u00e0 proximit\u00e9 des commerces, restaurants et services, la propri\u00e9t\u00e9 offre un refuge \u00e9l\u00e9gant et confortable o\u00f9 intimit\u00e9 et fonctionnalit\u00e9 s&rsquo;harmonisent parfaitement.<\/p>\n<p>La r\u00e9sidence principale s\u00e9duit d&#8217;embl\u00e9e par son caract\u00e8re intemporel et son atmosph\u00e8re chaleureuse. Con\u00e7ue pour optimiser la lumi\u00e8re et l&rsquo;espace, elle comprend quatre chambres spacieuses et trois salles de bains privatives bien am\u00e9nag\u00e9es, ainsi qu&rsquo;un WC invit\u00e9s. Le vaste s\u00e9jour\/salle \u00e0 manger s&rsquo;ouvre directement sur l&rsquo;ext\u00e9rieur, cr\u00e9ant une transition fluide entre int\u00e9rieur et ext\u00e9rieur. Une jolie cour int\u00e9rieure agr\u00e9ment\u00e9e d&rsquo;une fontaine d\u00e9corative apporte calme et intimit\u00e9, offrant un espace id\u00e9al pour se d\u00e9tendre. La cuisine enti\u00e8rement \u00e9quip\u00e9e b\u00e9n\u00e9ficie d&rsquo;un acc\u00e8s direct au jardin, ce qui la rend id\u00e9ale pour le quotidien comme pour recevoir.<\/p>\n<p>La finca comprend \u00e9galement deux studios ind\u00e9pendants, actuellement utilis\u00e9s comme atelier d&rsquo;artiste et salle de loisirs. Chacun dispose d&rsquo;une entr\u00e9e priv\u00e9e, d&rsquo;une salle de bains compl\u00e8te et d&rsquo;une cuisine \u00e9quip\u00e9e, ce qui les rend particuli\u00e8rement polyvalents. Ces espaces sont parfaitement adapt\u00e9s pour recevoir des invit\u00e9s, g\u00e9n\u00e9rer des revenus locatifs, travailler \u00e0 domicile ou \u00eatre facilement transform\u00e9s en chambres suppl\u00e9mentaires, selon vos besoins.<\/p>\n<p>Les espaces ext\u00e9rieurs ont \u00e9t\u00e9 soigneusement am\u00e9nag\u00e9s pour profiter pleinement du style de vie m\u00e9diterran\u00e9en. Le terrain est organis\u00e9 en zones clairement d\u00e9limit\u00e9es, id\u00e9ales pour en profiter toute l&rsquo;ann\u00e9e\u00a0: piscine, espace barbecue pour les repas en plein air, coins salon ombrag\u00e9s pour se d\u00e9tendre aux beaux jours, aire de jeux pour enfants et potager sur\u00e9lev\u00e9. Les amateurs d&rsquo;\u00e9quitation appr\u00e9cieront l&rsquo;espace cl\u00f4tur\u00e9 et l&rsquo;\u00e9curie.<\/p>\n<p>Parmi les autres atouts, citons un garage ferm\u00e9 pouvant accueillir deux petites voitures, une place de parking couverte suppl\u00e9mentaire et un acc\u00e8s rapide et facile au centre-ville, garantissant ainsi la proximit\u00e9 de toutes les commodit\u00e9s sans compromettre le calme et l&rsquo;intimit\u00e9 des lieux.<\/p>\n<p>J\u00e1vea est r\u00e9put\u00e9e pour son exceptionnelle qualit\u00e9 de vie, alliant le charme traditionnel espagnol \u00e0 une ambiance cosmopolite. Sa vieille ville historique, son port anim\u00e9, ses magnifiques plages et son excellente gastronomie en font l&rsquo;une des destinations les plus pris\u00e9es de la Costa Blanca. Vivre ici, c&rsquo;est profiter d&rsquo;un ensoleillement tout au long de l&rsquo;ann\u00e9e, d&rsquo;un cadre naturel exceptionnel et d&rsquo;une communaut\u00e9 accueillante, autant d&rsquo;\u00e9l\u00e9ments qui font de cette finca un endroit vraiment sp\u00e9cial o\u00f9 il fait bon vivre.<\/p><\/p>\n","protected":false},"featured_media":13535952,"template":"","meta":{"id_inmovilla":["27807651"],"property_type":["Villa"],"property_ref":["NC6694"],"property_price":["1395000"],"property_city":["J\u00e1vea - X\u00e0bia"],"property_region":["ALICANTE"],"zona-auxiliar":["Pueblo"],"tipo-via":[""],"domicilio":[""],"numero":[""],"codigo-postal":["03730"],"altura":[""],"planta":[""],"piso":[""],"puerta":[""],"escalera":[""],"bloque":[""],"edificio":[""],"habitaciones-dobles":["6"],"bedrooms":["0"],"banos":["5"],"aseos":["0"],"salones":["0"],"parking":["3","2"],"plantas":["0"],"fecha-construccion":["1978"],"distancia-playa":["0"],"comunidad":["0"],"periodicidad-comunidad":["MES"],"ibi":["0.00"],"distancia-al-mar":["0"],"metros-utiles":["0.00"],"metros-construidos":["405.00"],"metros-parcela":["2456"],"metros-de-la-terraza":["0.00"],"metros-de-la-cocina":["0.00"],"metros-del-comedor":["0.00"],"metros-del-salon":["0.00"],"estado":["Buen estado"],"carpinteria-exterior":["Aluminio\/Climalit"],"tipo-suelo":["24"],"orientacion":[""],"carpinteria-interior":["Madera"],"vistas":["Vall\u00e9e"],"tipo-de-calefaccion":["Underfloor heating"],"agua-caliente":["0"],"tipo-cocina":[""],"instalacion-electrica":["0"],"fachada":[""],"acceso-pmr":["false"],"armarios-empotrados":["true"],"calefaccion":["true"],"garaje":["2"],"jacuzzi":["false"],"solarium":["false"],"vivienda-adaptada":["false"],"ascensor":["false"],"calefaccion-central":["false"],"garaje-doble":["false"],"jardin":["true"],"puerta-blindada":["false"],"t-v":["false"],"aire-acond-central":["false"],"balcon":["false"],"chimenea":["true"],"gas-ciudad":["false"],"lavanderia":["false"],"patio":["true"],"aire-acondicionado":["true"],"bar":["false"],"deposito-agua":["true"],"gimnasio":["false"],"luminoso":["true"],"pergola":["false"],"terraza":["true"],"alarma":["false"],"barbacoa":["true"],"descalcificador":["false"],"hab-juegos":["true"],"luz":["false"],"piscina-comunitaria":["false"],"satelite":["false"],"terraza-acristalada":["false"],"alarma-incendio":["false"],"bomba-frio-y-calor":["true"],"despensa":["false"],"hidromasaje":["false"],"mirador":["false"],"piscina-propia":["true"],"sauna":["false"],"trastero":["false"],"apart-separado":["true"],"buhardilla":["false"],"esquina":["false"],"muebles":["false"],"preinst-aacc":["false"],"sotano":["false"],"videoportero":[""],"autobuses":["false"],"centros-comerciales":["false"],"colegios":["false"],"hospitales":["false"],"urbanizacion":["false"],"vistas-al-mar":["false"],"zonas-infantiles":["false"],"arboles":["false"],"centros-medicos":["false"],"costa":["true"],"metro":["false"],"primera-linea":["false"],"tranvia":["false"],"vallado":["true"],"golf":["false"],"montana":["false"],"rural":["false"],"tren":["false"],"exclusividad":["false"],"tour-virtual":[""],"video":[""],"disponibilidad-propiedad":["Libre"],"habitaciones_totales":["6"],"ojo_de_buey":["false"],"certificado_energetico":["G"],"energia_valor":["0"],"_wp_page_template":["default"],"galeria":["a:40:{i:13535952;s:68:\"https:\/\/grupo-garcia.es\/wp-content\/uploads\/2026\/01\/2-1-16-scaled.jpg\";i:13533917;s:68:\"https:\/\/grupo-garcia.es\/wp-content\/uploads\/2026\/01\/2-2-16-scaled.jpg\";i:13533918;s:68:\"https:\/\/grupo-garcia.es\/wp-content\/uploads\/2026\/01\/2-3-16-scaled.jpg\";i:13533919;s:68:\"https:\/\/grupo-garcia.es\/wp-content\/uploads\/2026\/01\/2-4-16-scaled.jpg\";i:13533920;s:68:\"https:\/\/grupo-garcia.es\/wp-content\/uploads\/2026\/01\/2-5-16-scaled.jpg\";i:13533921;s:68:\"https:\/\/grupo-garcia.es\/wp-content\/uploads\/2026\/01\/2-6-16-scaled.jpg\";i:13533922;s:68:\"https:\/\/grupo-garcia.es\/wp-content\/uploads\/2026\/01\/2-7-16-scaled.jpg\";i:13533923;s:68:\"https:\/\/grupo-garcia.es\/wp-content\/uploads\/2026\/01\/2-8-15-scaled.jpg\";i:13533924;s:68:\"https:\/\/grupo-garcia.es\/wp-content\/uploads\/2026\/01\/2-9-15-scaled.jpg\";i:13533925;s:69:\"https:\/\/grupo-garcia.es\/wp-content\/uploads\/2026\/01\/2-10-15-scaled.jpg\";i:13533926;s:69:\"https:\/\/grupo-garcia.es\/wp-content\/uploads\/2026\/01\/2-11-15-scaled.jpg\";i:13533927;s:69:\"https:\/\/grupo-garcia.es\/wp-content\/uploads\/2026\/01\/2-12-14-scaled.jpg\";i:13533928;s:69:\"https:\/\/grupo-garcia.es\/wp-content\/uploads\/2026\/01\/2-13-14-scaled.jpg\";i:13533929;s:69:\"https:\/\/grupo-garcia.es\/wp-content\/uploads\/2026\/01\/2-14-14-scaled.jpg\";i:13533930;s:69:\"https:\/\/grupo-garcia.es\/wp-content\/uploads\/2026\/01\/2-15-13-scaled.jpg\";i:13533931;s:69:\"https:\/\/grupo-garcia.es\/wp-content\/uploads\/2026\/01\/2-16-13-scaled.jpg\";i:13533932;s:69:\"https:\/\/grupo-garcia.es\/wp-content\/uploads\/2026\/01\/2-17-13-scaled.jpg\";i:13533933;s:69:\"https:\/\/grupo-garcia.es\/wp-content\/uploads\/2026\/01\/2-18-13-scaled.jpg\";i:13533934;s:69:\"https:\/\/grupo-garcia.es\/wp-content\/uploads\/2026\/01\/2-19-13-scaled.jpg\";i:13533935;s:69:\"https:\/\/grupo-garcia.es\/wp-content\/uploads\/2026\/01\/2-20-12-scaled.jpg\";i:13533936;s:69:\"https:\/\/grupo-garcia.es\/wp-content\/uploads\/2026\/01\/2-21-11-scaled.jpg\";i:13533937;s:69:\"https:\/\/grupo-garcia.es\/wp-content\/uploads\/2026\/01\/2-22-10-scaled.jpg\";i:13533938;s:69:\"https:\/\/grupo-garcia.es\/wp-content\/uploads\/2026\/01\/2-23-10-scaled.jpg\";i:13533939;s:68:\"https:\/\/grupo-garcia.es\/wp-content\/uploads\/2026\/01\/2-24-9-scaled.jpg\";i:13533940;s:68:\"https:\/\/grupo-garcia.es\/wp-content\/uploads\/2026\/01\/2-25-9-scaled.jpg\";i:13533941;s:68:\"https:\/\/grupo-garcia.es\/wp-content\/uploads\/2026\/01\/2-26-8-scaled.jpg\";i:13533942;s:68:\"https:\/\/grupo-garcia.es\/wp-content\/uploads\/2026\/01\/2-27-8-scaled.jpg\";i:13533943;s:68:\"https:\/\/grupo-garcia.es\/wp-content\/uploads\/2026\/01\/2-28-7-scaled.jpg\";i:13533944;s:68:\"https:\/\/grupo-garcia.es\/wp-content\/uploads\/2026\/01\/2-29-7-scaled.jpg\";i:13533945;s:68:\"https:\/\/grupo-garcia.es\/wp-content\/uploads\/2026\/01\/2-30-6-scaled.jpg\";i:13533946;s:68:\"https:\/\/grupo-garcia.es\/wp-content\/uploads\/2026\/01\/2-31-6-scaled.jpg\";i:13533947;s:68:\"https:\/\/grupo-garcia.es\/wp-content\/uploads\/2026\/01\/2-32-6-scaled.jpg\";i:13533948;s:68:\"https:\/\/grupo-garcia.es\/wp-content\/uploads\/2026\/01\/2-33-6-scaled.jpg\";i:13533949;s:68:\"https:\/\/grupo-garcia.es\/wp-content\/uploads\/2026\/01\/2-34-6-scaled.jpg\";i:13533950;s:68:\"https:\/\/grupo-garcia.es\/wp-content\/uploads\/2026\/01\/2-35-6-scaled.jpg\";i:13533951;s:68:\"https:\/\/grupo-garcia.es\/wp-content\/uploads\/2026\/01\/2-36-6-scaled.jpg\";i:13533952;s:68:\"https:\/\/grupo-garcia.es\/wp-content\/uploads\/2026\/01\/2-37-5-scaled.jpg\";i:13533953;s:68:\"https:\/\/grupo-garcia.es\/wp-content\/uploads\/2026\/01\/2-38-5-scaled.jpg\";i:13533954;s:68:\"https:\/\/grupo-garcia.es\/wp-content\/uploads\/2026\/01\/2-39-5-scaled.jpg\";i:13533955;s:68:\"https:\/\/grupo-garcia.es\/wp-content\/uploads\/2026\/01\/2-40-5-scaled.jpg\";}"],"_thumbnail_id":["13535952"],"_wpml_word_count":["496"]},"property-state":[207],"property-type":[231],"zone":[82],"city":[67],"property_categories":[269],"class_list":["post-13534232","properties","type-properties","status-publish","has-post-thumbnail","hentry","property-state-revente","property-type-villas-fr","zone-pueblo","city-javea","property_categories-vendre"],"yoast_head":"<!-- This site is optimized with the Yoast SEO plugin v27.5 - https:\/\/yoast.com\/product\/yoast-seo-wordpress\/ -->\n<title>Finca Paloma. Superbe propri\u00e9t\u00e9 \u00e0 vendre \u00e0 Javea, avec \u00e9curies \u00e0 quelques pas du centre. | Grupo Garcia<\/title>\n<meta name=\"description\" content=\"Finca Paloma. Superbe propri\u00e9t\u00e9 \u00e0 vendre \u00e0 Javea, avec \u00e9curies \u00e0 quelques pas du centre. Situ\u00e9e \u00e0 quelques pas du centre de J\u00e1vea, cette charmante finca m\u00e9diterran\u00e9enne offre un rare m\u00e9lange de tranquillit\u00e9 champ\u00eatre et de commodit\u00e9s. Entour\u00e9e\" \/>\n<meta name=\"robots\" content=\"index, follow, max-snippet:-1, max-image-preview:large, max-video-preview:-1\" \/>\n<link rel=\"canonical\" href=\"https:\/\/grupo-garcia.es\/fr\/properties\/finca-paloma-superbe-propriete-a-vendre-a-javea-avec-ecuries-a-quelques-pas-du-centre-27807651\/\" \/>\n<meta property=\"og:locale\" content=\"fr_FR\" \/>\n<meta property=\"og:type\" content=\"article\" \/>\n<meta property=\"og:title\" content=\"Finca Paloma. Superbe propri\u00e9t\u00e9 \u00e0 vendre \u00e0 Javea, avec \u00e9curies \u00e0 quelques pas du centre. | Grupo Garcia\" \/>\n<meta property=\"og:description\" content=\"Finca Paloma. Superbe propri\u00e9t\u00e9 \u00e0 vendre \u00e0 Javea, avec \u00e9curies \u00e0 quelques pas du centre. Situ\u00e9e \u00e0 quelques pas du centre de J\u00e1vea, cette charmante finca m\u00e9diterran\u00e9enne offre un rare m\u00e9lange de tranquillit\u00e9 champ\u00eatre et de commodit\u00e9s. Entour\u00e9e\" \/>\n<meta property=\"og:url\" content=\"https:\/\/grupo-garcia.es\/fr\/properties\/finca-paloma-superbe-propriete-a-vendre-a-javea-avec-ecuries-a-quelques-pas-du-centre-27807651\/\" \/>\n<meta property=\"og:site_name\" content=\"Grupo Garcia\" \/>\n<meta property=\"article:publisher\" content=\"https:\/\/www.facebook.com\/grupogarciacostablanca\/\" \/>\n<meta property=\"article:modified_time\" content=\"2026-04-28T05:55:54+00:00\" \/>\n<meta property=\"og:image\" content=\"https:\/\/grupo-garcia.es\/wp-content\/uploads\/2026\/01\/2-1-16-scaled.jpg\" \/>\n\t<meta property=\"og:image:width\" content=\"2560\" \/>\n\t<meta property=\"og:image:height\" content=\"1707\" \/>\n\t<meta property=\"og:image:type\" content=\"image\/jpeg\" \/>\n<meta name=\"twitter:card\" content=\"summary_large_image\" \/>\n<meta name=\"twitter:label1\" content=\"Dur\u00e9e de lecture estim\u00e9e\" \/>\n\t<meta name=\"twitter:data1\" content=\"2 minutes\" \/>\n<script type=\"application\/ld+json\" class=\"yoast-schema-graph\">{\"@context\":\"https:\\\/\\\/schema.org\",\"@graph\":[{\"@type\":[\"WebPage\",\"RealEstateListing\"],\"@id\":\"https:\\\/\\\/grupo-garcia.es\\\/fr\\\/properties\\\/finca-paloma-superbe-propriete-a-vendre-a-javea-avec-ecuries-a-quelques-pas-du-centre-27807651\\\/\",\"url\":\"https:\\\/\\\/grupo-garcia.es\\\/fr\\\/properties\\\/finca-paloma-superbe-propriete-a-vendre-a-javea-avec-ecuries-a-quelques-pas-du-centre-27807651\\\/\",\"name\":\"Finca Paloma. Superbe propri\u00e9t\u00e9 \u00e0 vendre \u00e0 Javea, avec \u00e9curies \u00e0 quelques pas du centre. | Grupo Garcia\",\"isPartOf\":{\"@id\":\"https:\\\/\\\/grupo-garcia.es\\\/fr\\\/#website\"},\"primaryImageOfPage\":{\"@id\":\"https:\\\/\\\/grupo-garcia.es\\\/fr\\\/properties\\\/finca-paloma-superbe-propriete-a-vendre-a-javea-avec-ecuries-a-quelques-pas-du-centre-27807651\\\/#primaryimage\"},\"image\":{\"@id\":\"https:\\\/\\\/grupo-garcia.es\\\/fr\\\/properties\\\/finca-paloma-superbe-propriete-a-vendre-a-javea-avec-ecuries-a-quelques-pas-du-centre-27807651\\\/#primaryimage\"},\"thumbnailUrl\":\"https:\\\/\\\/grupo-garcia.es\\\/wp-content\\\/uploads\\\/2026\\\/01\\\/2-1-16-scaled.jpg\",\"datePublished\":\"2026-02-03T12:15:11+00:00\",\"dateModified\":\"2026-04-28T05:55:54+00:00\",\"description\":\"Finca Paloma. Superbe propri\u00e9t\u00e9 \u00e0 vendre \u00e0 Javea, avec \u00e9curies \u00e0 quelques pas du centre. Situ\u00e9e \u00e0 quelques pas du centre de J\u00e1vea, cette charmante finca m\u00e9diterran\u00e9enne offre un rare m\u00e9lange de tranquillit\u00e9 champ\u00eatre et de commodit\u00e9s. Entour\u00e9e\",\"breadcrumb\":{\"@id\":\"https:\\\/\\\/grupo-garcia.es\\\/fr\\\/properties\\\/finca-paloma-superbe-propriete-a-vendre-a-javea-avec-ecuries-a-quelques-pas-du-centre-27807651\\\/#breadcrumb\"},\"inLanguage\":\"fr-FR\",\"potentialAction\":[{\"@type\":\"ReadAction\",\"target\":[\"https:\\\/\\\/grupo-garcia.es\\\/fr\\\/properties\\\/finca-paloma-superbe-propriete-a-vendre-a-javea-avec-ecuries-a-quelques-pas-du-centre-27807651\\\/\"]}]},{\"@type\":\"ImageObject\",\"inLanguage\":\"fr-FR\",\"@id\":\"https:\\\/\\\/grupo-garcia.es\\\/fr\\\/properties\\\/finca-paloma-superbe-propriete-a-vendre-a-javea-avec-ecuries-a-quelques-pas-du-centre-27807651\\\/#primaryimage\",\"url\":\"https:\\\/\\\/grupo-garcia.es\\\/wp-content\\\/uploads\\\/2026\\\/01\\\/2-1-16-scaled.jpg\",\"contentUrl\":\"https:\\\/\\\/grupo-garcia.es\\\/wp-content\\\/uploads\\\/2026\\\/01\\\/2-1-16-scaled.jpg\",\"width\":2560,\"height\":1707},{\"@type\":\"BreadcrumbList\",\"@id\":\"https:\\\/\\\/grupo-garcia.es\\\/fr\\\/properties\\\/finca-paloma-superbe-propriete-a-vendre-a-javea-avec-ecuries-a-quelques-pas-du-centre-27807651\\\/#breadcrumb\",\"itemListElement\":[{\"@type\":\"ListItem\",\"position\":1,\"name\":\"Portada\",\"item\":\"https:\\\/\\\/grupo-garcia.es\\\/fr\\\/\"},{\"@type\":\"ListItem\",\"position\":2,\"name\":\"Properties\",\"item\":\"https:\\\/\\\/grupo-garcia.es\\\/fr\\\/properties\\\/\"},{\"@type\":\"ListItem\",\"position\":3,\"name\":\"Finca Paloma. Superbe propri\u00e9t\u00e9 \u00e0 vendre \u00e0 Javea, avec \u00e9curies \u00e0 quelques pas du centre.\"}]},{\"@type\":\"WebSite\",\"@id\":\"https:\\\/\\\/grupo-garcia.es\\\/fr\\\/#website\",\"url\":\"https:\\\/\\\/grupo-garcia.es\\\/fr\\\/\",\"name\":\"Grupo Garcia\",\"description\":\"Inmobiliaria en J\u00e1vea y Jal\u00f3n\",\"potentialAction\":[{\"@type\":\"SearchAction\",\"target\":{\"@type\":\"EntryPoint\",\"urlTemplate\":\"https:\\\/\\\/grupo-garcia.es\\\/fr\\\/?s={search_term_string}\"},\"query-input\":{\"@type\":\"PropertyValueSpecification\",\"valueRequired\":true,\"valueName\":\"search_term_string\"}}],\"inLanguage\":\"fr-FR\"}]}<\/script>\n<!-- \/ Yoast SEO plugin. -->","yoast_head_json":{"title":"Finca Paloma. Superbe propri\u00e9t\u00e9 \u00e0 vendre \u00e0 Javea, avec \u00e9curies \u00e0 quelques pas du centre. | Grupo Garcia","description":"Finca Paloma. Superbe propri\u00e9t\u00e9 \u00e0 vendre \u00e0 Javea, avec \u00e9curies \u00e0 quelques pas du centre. Situ\u00e9e \u00e0 quelques pas du centre de J\u00e1vea, cette charmante finca m\u00e9diterran\u00e9enne offre un rare m\u00e9lange de tranquillit\u00e9 champ\u00eatre et de commodit\u00e9s. Entour\u00e9e","robots":{"index":"index","follow":"follow","max-snippet":"max-snippet:-1","max-image-preview":"max-image-preview:large","max-video-preview":"max-video-preview:-1"},"canonical":"https:\/\/grupo-garcia.es\/fr\/properties\/finca-paloma-superbe-propriete-a-vendre-a-javea-avec-ecuries-a-quelques-pas-du-centre-27807651\/","og_locale":"fr_FR","og_type":"article","og_title":"Finca Paloma. Superbe propri\u00e9t\u00e9 \u00e0 vendre \u00e0 Javea, avec \u00e9curies \u00e0 quelques pas du centre. | Grupo Garcia","og_description":"Finca Paloma. Superbe propri\u00e9t\u00e9 \u00e0 vendre \u00e0 Javea, avec \u00e9curies \u00e0 quelques pas du centre. Situ\u00e9e \u00e0 quelques pas du centre de J\u00e1vea, cette charmante finca m\u00e9diterran\u00e9enne offre un rare m\u00e9lange de tranquillit\u00e9 champ\u00eatre et de commodit\u00e9s. Entour\u00e9e","og_url":"https:\/\/grupo-garcia.es\/fr\/properties\/finca-paloma-superbe-propriete-a-vendre-a-javea-avec-ecuries-a-quelques-pas-du-centre-27807651\/","og_site_name":"Grupo Garcia","article_publisher":"https:\/\/www.facebook.com\/grupogarciacostablanca\/","article_modified_time":"2026-04-28T05:55:54+00:00","og_image":[{"width":2560,"height":1707,"url":"https:\/\/grupo-garcia.es\/wp-content\/uploads\/2026\/01\/2-1-16-scaled.jpg","type":"image\/jpeg"}],"twitter_card":"summary_large_image","twitter_misc":{"Dur\u00e9e de lecture estim\u00e9e":"2 minutes"},"schema":{"@context":"https:\/\/schema.org","@graph":[{"@type":["WebPage","RealEstateListing"],"@id":"https:\/\/grupo-garcia.es\/fr\/properties\/finca-paloma-superbe-propriete-a-vendre-a-javea-avec-ecuries-a-quelques-pas-du-centre-27807651\/","url":"https:\/\/grupo-garcia.es\/fr\/properties\/finca-paloma-superbe-propriete-a-vendre-a-javea-avec-ecuries-a-quelques-pas-du-centre-27807651\/","name":"Finca Paloma. Superbe propri\u00e9t\u00e9 \u00e0 vendre \u00e0 Javea, avec \u00e9curies \u00e0 quelques pas du centre. | Grupo Garcia","isPartOf":{"@id":"https:\/\/grupo-garcia.es\/fr\/#website"},"primaryImageOfPage":{"@id":"https:\/\/grupo-garcia.es\/fr\/properties\/finca-paloma-superbe-propriete-a-vendre-a-javea-avec-ecuries-a-quelques-pas-du-centre-27807651\/#primaryimage"},"image":{"@id":"https:\/\/grupo-garcia.es\/fr\/properties\/finca-paloma-superbe-propriete-a-vendre-a-javea-avec-ecuries-a-quelques-pas-du-centre-27807651\/#primaryimage"},"thumbnailUrl":"https:\/\/grupo-garcia.es\/wp-content\/uploads\/2026\/01\/2-1-16-scaled.jpg","datePublished":"2026-02-03T12:15:11+00:00","dateModified":"2026-04-28T05:55:54+00:00","description":"Finca Paloma. Superbe propri\u00e9t\u00e9 \u00e0 vendre \u00e0 Javea, avec \u00e9curies \u00e0 quelques pas du centre. Situ\u00e9e \u00e0 quelques pas du centre de J\u00e1vea, cette charmante finca m\u00e9diterran\u00e9enne offre un rare m\u00e9lange de tranquillit\u00e9 champ\u00eatre et de commodit\u00e9s. Entour\u00e9e","breadcrumb":{"@id":"https:\/\/grupo-garcia.es\/fr\/properties\/finca-paloma-superbe-propriete-a-vendre-a-javea-avec-ecuries-a-quelques-pas-du-centre-27807651\/#breadcrumb"},"inLanguage":"fr-FR","potentialAction":[{"@type":"ReadAction","target":["https:\/\/grupo-garcia.es\/fr\/properties\/finca-paloma-superbe-propriete-a-vendre-a-javea-avec-ecuries-a-quelques-pas-du-centre-27807651\/"]}]},{"@type":"ImageObject","inLanguage":"fr-FR","@id":"https:\/\/grupo-garcia.es\/fr\/properties\/finca-paloma-superbe-propriete-a-vendre-a-javea-avec-ecuries-a-quelques-pas-du-centre-27807651\/#primaryimage","url":"https:\/\/grupo-garcia.es\/wp-content\/uploads\/2026\/01\/2-1-16-scaled.jpg","contentUrl":"https:\/\/grupo-garcia.es\/wp-content\/uploads\/2026\/01\/2-1-16-scaled.jpg","width":2560,"height":1707},{"@type":"BreadcrumbList","@id":"https:\/\/grupo-garcia.es\/fr\/properties\/finca-paloma-superbe-propriete-a-vendre-a-javea-avec-ecuries-a-quelques-pas-du-centre-27807651\/#breadcrumb","itemListElement":[{"@type":"ListItem","position":1,"name":"Portada","item":"https:\/\/grupo-garcia.es\/fr\/"},{"@type":"ListItem","position":2,"name":"Properties","item":"https:\/\/grupo-garcia.es\/fr\/properties\/"},{"@type":"ListItem","position":3,"name":"Finca Paloma. Superbe propri\u00e9t\u00e9 \u00e0 vendre \u00e0 Javea, avec \u00e9curies \u00e0 quelques pas du centre."}]},{"@type":"WebSite","@id":"https:\/\/grupo-garcia.es\/fr\/#website","url":"https:\/\/grupo-garcia.es\/fr\/","name":"Grupo Garcia","description":"Inmobiliaria en J\u00e1vea y Jal\u00f3n","potentialAction":[{"@type":"SearchAction","target":{"@type":"EntryPoint","urlTemplate":"https:\/\/grupo-garcia.es\/fr\/?s={search_term_string}"},"query-input":{"@type":"PropertyValueSpecification","valueRequired":true,"valueName":"search_term_string"}}],"inLanguage":"fr-FR"}]}},"_links":{"self":[{"href":"https:\/\/grupo-garcia.es\/fr\/wp-json\/wp\/v2\/properties\/13534232","targetHints":{"allow":["GET"]}}],"collection":[{"href":"https:\/\/grupo-garcia.es\/fr\/wp-json\/wp\/v2\/properties"}],"about":[{"href":"https:\/\/grupo-garcia.es\/fr\/wp-json\/wp\/v2\/types\/properties"}],"wp:featuredmedia":[{"embeddable":true,"href":"https:\/\/grupo-garcia.es\/fr\/wp-json\/wp\/v2\/media\/13535952"}],"wp:attachment":[{"href":"https:\/\/grupo-garcia.es\/fr\/wp-json\/wp\/v2\/media?parent=13534232"}],"wp:term":[{"taxonomy":"property-state","embeddable":true,"href":"https:\/\/grupo-garcia.es\/fr\/wp-json\/wp\/v2\/property-state?post=13534232"},{"taxonomy":"property-type","embeddable":true,"href":"https:\/\/grupo-garcia.es\/fr\/wp-json\/wp\/v2\/property-type?post=13534232"},{"taxonomy":"zone","embeddable":true,"href":"https:\/\/grupo-garcia.es\/fr\/wp-json\/wp\/v2\/zone?post=13534232"},{"taxonomy":"city","embeddable":true,"href":"https:\/\/grupo-garcia.es\/fr\/wp-json\/wp\/v2\/city?post=13534232"},{"taxonomy":"property_categories","embeddable":true,"href":"https:\/\/grupo-garcia.es\/fr\/wp-json\/wp\/v2\/property_categories?post=13534232"}],"curies":[{"name":"wp","href":"https:\/\/api.w.org\/{rel}","templated":true}]}}