{"id":13528507,"date":"2025-12-10T15:30:21","date_gmt":"2025-12-10T14:30:21","guid":{"rendered":"https:\/\/grupo-garcia.es\/properties\/privee-et-proche-du-centre-villa-de-5-chambres-a-vendre-a-parcent-26613089\/"},"modified":"2026-04-28T06:52:30","modified_gmt":"2026-04-28T05:52:30","slug":"privee-et-proche-du-centre-villa-de-5-chambres-a-vendre-a-parcent-26613089","status":"publish","type":"properties","link":"https:\/\/grupo-garcia.es\/fr\/properties\/privee-et-proche-du-centre-villa-de-5-chambres-a-vendre-a-parcent-26613089\/","title":{"rendered":"Priv\u00e9e et proche du centre &#8211; Villa de 5 chambres \u00e0 vendre \u00e0 Parcent"},"content":{"rendered":"<p>Cette villa ind\u00e9pendante de 269 m\u00b2 allie espace, confort et cadre naturel enchanteur. Situ\u00e9e sur un terrain de 520 m\u00b2, la propri\u00e9t\u00e9 b\u00e9n\u00e9ficie d&rsquo;une vue imprenable sur la montagne Carrascal de Parcent et est bord\u00e9e \u00e0 l&rsquo;arri\u00e8re par une zone foresti\u00e8re prot\u00e9g\u00e9e, garantissant ainsi intimit\u00e9 et contact direct avec la nature.<\/p>\n<p>Au rez-de-chauss\u00e9e, l&rsquo;entr\u00e9e m\u00e8ne \u00e0 un hall qui communique avec un salon-salle \u00e0 manger lumineux domin\u00e9 par une chemin\u00e9e et donnant directement sur la v\u00e9randa couverte et le jardin, un espace id\u00e9al pour profiter de l&rsquo;air libre tout au long de l&rsquo;ann\u00e9e. La cuisine, spacieuse et bien agenc\u00e9e, dispose d&rsquo;un coin repas et d&rsquo;un acc\u00e8s \u00e0 la buanderie ind\u00e9pendante, ainsi que d&rsquo;une sortie sur une terrasse lat\u00e9rale orient\u00e9e au nord. \u00c0 ce m\u00eame niveau se trouvent \u00e9galement une chambre double et une salle de bain compl\u00e8te, ce qui apporte confort et fonctionnalit\u00e9 en permettant de disposer d&rsquo;un espace de repos au rez-de-chauss\u00e9e.<\/p>\n<p>L&rsquo;\u00e9tage sup\u00e9rieur abrite la zone nuit avec quatre chambres et deux salles de bains. La chambre principale dispose de sa propre salle de bains et d&rsquo;un acc\u00e8s \u00e0 une terrasse priv\u00e9e avec une belle vue sur les montagnes environnantes. Les trois autres chambres partagent une salle de bains suppl\u00e9mentaire et b\u00e9n\u00e9ficient d&rsquo;une bonne luminosit\u00e9 et d&rsquo;un espace g\u00e9n\u00e9reux, ce qui fait de cet \u00e9tage un espace parfait pour la famille ou les invit\u00e9s.<\/p>\n<p>La maison b\u00e9n\u00e9ficie d&rsquo;un emplacement unique : entour\u00e9e de nature et de tranquillit\u00e9, mais \u00e0 quelques pas seulement du centre de Parcent, ce qui permet d&rsquo;acc\u00e9der \u00e0 pied \u00e0 tous les services et commodit\u00e9s du quotidien. Une option id\u00e9ale aussi bien comme r\u00e9sidence principale que pour des escapades au c\u0153ur de la Costa Blanca int\u00e9rieure.<\/p><\/p>\n","protected":false},"featured_media":13528508,"template":"","meta":{"id_inmovilla":["26613089"],"property_type":["Villa"],"property_ref":["NC5255"],"property_price":["375000"],"property_city":["Parcent"],"property_region":["ALICANTE"],"zona-auxiliar":["Urbanizacion"],"tipo-via":[""],"domicilio":[""],"numero":[""],"codigo-postal":["03792"],"altura":[""],"planta":[""],"piso":[""],"puerta":[""],"escalera":[""],"bloque":[""],"edificio":[""],"habitaciones-dobles":["5"],"bedrooms":["0"],"banos":["3"],"aseos":["0"],"salones":["0"],"parking":["0","2"],"plantas":["0"],"fecha-construccion":["1990"],"distancia-playa":["0"],"comunidad":["0"],"periodicidad-comunidad":["MES"],"ibi":["0.00"],"distancia-al-mar":["0"],"metros-utiles":["0.00"],"metros-construidos":["269.00"],"metros-parcela":["520"],"metros-de-la-terraza":["41.00"],"metros-de-la-cocina":["0.00"],"metros-del-comedor":["0.00"],"metros-del-salon":["0.00"],"estado":["Buen estado"],"carpinteria-exterior":[""],"tipo-suelo":["Stoneware"],"orientacion":[""],"carpinteria-interior":["Madera"],"vistas":["Vall\u00e9e et montagnes"],"tipo-de-calefaccion":["Propane gas"],"agua-caliente":["Butane Heater"],"tipo-cocina":[""],"instalacion-electrica":["220W"],"fachada":[""],"acceso-pmr":["false"],"armarios-empotrados":["true"],"calefaccion":["true"],"garaje":["false"],"jacuzzi":["false"],"solarium":["false"],"vivienda-adaptada":["false"],"ascensor":["false"],"calefaccion-central":["false"],"garaje-doble":["false"],"jardin":["true"],"puerta-blindada":["false"],"t-v":["false"],"aire-acond-central":["false"],"balcon":["false"],"chimenea":["true"],"gas-ciudad":["false"],"lavanderia":["true"],"patio":["false"],"aire-acondicionado":["false"],"bar":["false"],"deposito-agua":["true"],"gimnasio":["false"],"luminoso":["false"],"pergola":["false"],"terraza":["true"],"alarma":["false"],"barbacoa":["false"],"descalcificador":["false"],"hab-juegos":["false"],"luz":["false"],"piscina-comunitaria":["false"],"satelite":["false"],"terraza-acristalada":["false"],"alarma-incendio":["false"],"bomba-frio-y-calor":["false"],"despensa":["false"],"hidromasaje":["false"],"mirador":["false"],"piscina-propia":["false"],"sauna":["false"],"trastero":["true"],"apart-separado":["false"],"buhardilla":["false"],"esquina":["false"],"muebles":["false"],"preinst-aacc":["false"],"sotano":["false"],"videoportero":[""],"autobuses":["false"],"centros-comerciales":["false"],"colegios":["true"],"hospitales":["false"],"urbanizacion":["false"],"vistas-al-mar":["false"],"zonas-infantiles":["false"],"arboles":["true"],"centros-medicos":["false"],"costa":["false"],"metro":["false"],"primera-linea":["false"],"tranvia":["false"],"vallado":["true"],"golf":["false"],"montana":["true"],"rural":["false"],"tren":["false"],"exclusividad":["false"],"tour-virtual":[""],"video":[""],"disponibilidad-propiedad":["Reservado"],"habitaciones_totales":["5"],"ojo_de_buey":["false"],"certificado_energetico":["G"],"energia_valor":["0"],"_wp_page_template":["default"],"galeria":["a:26:{i:13528508;s:65:\"https:\/\/grupo-garcia.es\/wp-content\/uploads\/2025\/12\/7-1-scaled.jpg\";i:13528509;s:65:\"https:\/\/grupo-garcia.es\/wp-content\/uploads\/2025\/12\/7-2-scaled.jpg\";i:13528510;s:65:\"https:\/\/grupo-garcia.es\/wp-content\/uploads\/2025\/12\/7-3-scaled.jpg\";i:13528511;s:65:\"https:\/\/grupo-garcia.es\/wp-content\/uploads\/2025\/12\/7-4-scaled.jpg\";i:13528512;s:58:\"https:\/\/grupo-garcia.es\/wp-content\/uploads\/2025\/12\/7-5.jpg\";i:13528513;s:65:\"https:\/\/grupo-garcia.es\/wp-content\/uploads\/2025\/12\/7-6-scaled.jpg\";i:13528514;s:65:\"https:\/\/grupo-garcia.es\/wp-content\/uploads\/2025\/12\/7-7-scaled.jpg\";i:13528515;s:65:\"https:\/\/grupo-garcia.es\/wp-content\/uploads\/2025\/12\/7-8-scaled.jpg\";i:13528516;s:65:\"https:\/\/grupo-garcia.es\/wp-content\/uploads\/2025\/12\/7-9-scaled.jpg\";i:13528517;s:66:\"https:\/\/grupo-garcia.es\/wp-content\/uploads\/2025\/12\/7-10-scaled.jpg\";i:13528518;s:59:\"https:\/\/grupo-garcia.es\/wp-content\/uploads\/2025\/12\/7-11.jpg\";i:13528519;s:59:\"https:\/\/grupo-garcia.es\/wp-content\/uploads\/2025\/12\/7-12.jpg\";i:13528520;s:59:\"https:\/\/grupo-garcia.es\/wp-content\/uploads\/2025\/12\/7-13.jpg\";i:13528521;s:59:\"https:\/\/grupo-garcia.es\/wp-content\/uploads\/2025\/12\/7-14.jpg\";i:13528522;s:59:\"https:\/\/grupo-garcia.es\/wp-content\/uploads\/2025\/12\/7-15.jpg\";i:13528523;s:59:\"https:\/\/grupo-garcia.es\/wp-content\/uploads\/2025\/12\/7-16.jpg\";i:13528524;s:59:\"https:\/\/grupo-garcia.es\/wp-content\/uploads\/2025\/12\/7-17.jpg\";i:13528525;s:59:\"https:\/\/grupo-garcia.es\/wp-content\/uploads\/2025\/12\/7-18.jpg\";i:13528526;s:59:\"https:\/\/grupo-garcia.es\/wp-content\/uploads\/2025\/12\/7-19.jpg\";i:13528527;s:59:\"https:\/\/grupo-garcia.es\/wp-content\/uploads\/2025\/12\/7-20.jpg\";i:13528528;s:59:\"https:\/\/grupo-garcia.es\/wp-content\/uploads\/2025\/12\/7-21.jpg\";i:13528529;s:59:\"https:\/\/grupo-garcia.es\/wp-content\/uploads\/2025\/12\/7-22.jpg\";i:13528530;s:59:\"https:\/\/grupo-garcia.es\/wp-content\/uploads\/2025\/12\/7-23.jpg\";i:13528531;s:59:\"https:\/\/grupo-garcia.es\/wp-content\/uploads\/2025\/12\/7-24.jpg\";i:13528532;s:59:\"https:\/\/grupo-garcia.es\/wp-content\/uploads\/2025\/12\/7-25.jpg\";i:13528533;s:59:\"https:\/\/grupo-garcia.es\/wp-content\/uploads\/2025\/12\/7-26.jpg\";}"],"_thumbnail_id":["13528508"],"_wpml_word_count":["310"]},"property-state":[207],"property-type":[231],"zone":[114],"city":[80],"property_categories":[269],"class_list":["post-13528507","properties","type-properties","status-publish","has-post-thumbnail","hentry","property-state-revente","property-type-villas-fr","zone-urbanizacion","city-parcent","property_categories-vendre"],"yoast_head":"<!-- This site is optimized with the Yoast SEO plugin v27.5 - https:\/\/yoast.com\/product\/yoast-seo-wordpress\/ -->\n<title>Priv\u00e9e et proche du centre - Villa de 5 chambres \u00e0 vendre \u00e0 Parcent | Grupo Garcia<\/title>\n<meta name=\"description\" content=\"Priv\u00e9e et proche du centre - Villa de 5 chambres \u00e0 vendre \u00e0 Parcent Cette villa ind\u00e9pendante de 269 m\u00b2 allie espace, confort et cadre naturel enchanteur. Situ\u00e9e sur un terrain de 520 m\u00b2, la propri\u00e9t\u00e9 b\u00e9n\u00e9ficie d&#039;une vue\" \/>\n<meta name=\"robots\" content=\"index, follow, max-snippet:-1, max-image-preview:large, max-video-preview:-1\" \/>\n<link rel=\"canonical\" href=\"https:\/\/grupo-garcia.es\/fr\/properties\/privee-et-proche-du-centre-villa-de-5-chambres-a-vendre-a-parcent-26613089\/\" \/>\n<meta property=\"og:locale\" content=\"fr_FR\" \/>\n<meta property=\"og:type\" content=\"article\" \/>\n<meta property=\"og:title\" content=\"Priv\u00e9e et proche du centre - Villa de 5 chambres \u00e0 vendre \u00e0 Parcent | Grupo Garcia\" \/>\n<meta property=\"og:description\" content=\"Priv\u00e9e et proche du centre - Villa de 5 chambres \u00e0 vendre \u00e0 Parcent Cette villa ind\u00e9pendante de 269 m\u00b2 allie espace, confort et cadre naturel enchanteur. Situ\u00e9e sur un terrain de 520 m\u00b2, la propri\u00e9t\u00e9 b\u00e9n\u00e9ficie d&#039;une vue\" \/>\n<meta property=\"og:url\" content=\"https:\/\/grupo-garcia.es\/fr\/properties\/privee-et-proche-du-centre-villa-de-5-chambres-a-vendre-a-parcent-26613089\/\" \/>\n<meta property=\"og:site_name\" content=\"Grupo Garcia\" \/>\n<meta property=\"article:publisher\" content=\"https:\/\/www.facebook.com\/grupogarciacostablanca\/\" \/>\n<meta property=\"article:modified_time\" content=\"2026-04-28T05:52:30+00:00\" \/>\n<meta property=\"og:image\" content=\"https:\/\/grupo-garcia.es\/wp-content\/uploads\/2025\/12\/7-1-scaled.jpg\" \/>\n\t<meta property=\"og:image:width\" content=\"2560\" \/>\n\t<meta property=\"og:image:height\" content=\"1707\" \/>\n\t<meta property=\"og:image:type\" content=\"image\/jpeg\" \/>\n<meta name=\"twitter:card\" content=\"summary_large_image\" \/>\n<meta name=\"twitter:label1\" content=\"Dur\u00e9e de lecture estim\u00e9e\" \/>\n\t<meta name=\"twitter:data1\" content=\"2 minutes\" \/>\n<script type=\"application\/ld+json\" class=\"yoast-schema-graph\">{\"@context\":\"https:\\\/\\\/schema.org\",\"@graph\":[{\"@type\":[\"WebPage\",\"RealEstateListing\"],\"@id\":\"https:\\\/\\\/grupo-garcia.es\\\/fr\\\/properties\\\/privee-et-proche-du-centre-villa-de-5-chambres-a-vendre-a-parcent-26613089\\\/\",\"url\":\"https:\\\/\\\/grupo-garcia.es\\\/fr\\\/properties\\\/privee-et-proche-du-centre-villa-de-5-chambres-a-vendre-a-parcent-26613089\\\/\",\"name\":\"Priv\u00e9e et proche du centre - Villa de 5 chambres \u00e0 vendre \u00e0 Parcent | Grupo Garcia\",\"isPartOf\":{\"@id\":\"https:\\\/\\\/grupo-garcia.es\\\/fr\\\/#website\"},\"primaryImageOfPage\":{\"@id\":\"https:\\\/\\\/grupo-garcia.es\\\/fr\\\/properties\\\/privee-et-proche-du-centre-villa-de-5-chambres-a-vendre-a-parcent-26613089\\\/#primaryimage\"},\"image\":{\"@id\":\"https:\\\/\\\/grupo-garcia.es\\\/fr\\\/properties\\\/privee-et-proche-du-centre-villa-de-5-chambres-a-vendre-a-parcent-26613089\\\/#primaryimage\"},\"thumbnailUrl\":\"https:\\\/\\\/grupo-garcia.es\\\/wp-content\\\/uploads\\\/2025\\\/12\\\/7-1-scaled.jpg\",\"datePublished\":\"2025-12-10T14:30:21+00:00\",\"dateModified\":\"2026-04-28T05:52:30+00:00\",\"description\":\"Priv\u00e9e et proche du centre - Villa de 5 chambres \u00e0 vendre \u00e0 Parcent Cette villa ind\u00e9pendante de 269 m\u00b2 allie espace, confort et cadre naturel enchanteur. Situ\u00e9e sur un terrain de 520 m\u00b2, la propri\u00e9t\u00e9 b\u00e9n\u00e9ficie d'une vue\",\"breadcrumb\":{\"@id\":\"https:\\\/\\\/grupo-garcia.es\\\/fr\\\/properties\\\/privee-et-proche-du-centre-villa-de-5-chambres-a-vendre-a-parcent-26613089\\\/#breadcrumb\"},\"inLanguage\":\"fr-FR\",\"potentialAction\":[{\"@type\":\"ReadAction\",\"target\":[\"https:\\\/\\\/grupo-garcia.es\\\/fr\\\/properties\\\/privee-et-proche-du-centre-villa-de-5-chambres-a-vendre-a-parcent-26613089\\\/\"]}]},{\"@type\":\"ImageObject\",\"inLanguage\":\"fr-FR\",\"@id\":\"https:\\\/\\\/grupo-garcia.es\\\/fr\\\/properties\\\/privee-et-proche-du-centre-villa-de-5-chambres-a-vendre-a-parcent-26613089\\\/#primaryimage\",\"url\":\"https:\\\/\\\/grupo-garcia.es\\\/wp-content\\\/uploads\\\/2025\\\/12\\\/7-1-scaled.jpg\",\"contentUrl\":\"https:\\\/\\\/grupo-garcia.es\\\/wp-content\\\/uploads\\\/2025\\\/12\\\/7-1-scaled.jpg\",\"width\":2560,\"height\":1707},{\"@type\":\"BreadcrumbList\",\"@id\":\"https:\\\/\\\/grupo-garcia.es\\\/fr\\\/properties\\\/privee-et-proche-du-centre-villa-de-5-chambres-a-vendre-a-parcent-26613089\\\/#breadcrumb\",\"itemListElement\":[{\"@type\":\"ListItem\",\"position\":1,\"name\":\"Portada\",\"item\":\"https:\\\/\\\/grupo-garcia.es\\\/fr\\\/\"},{\"@type\":\"ListItem\",\"position\":2,\"name\":\"Properties\",\"item\":\"https:\\\/\\\/grupo-garcia.es\\\/fr\\\/properties\\\/\"},{\"@type\":\"ListItem\",\"position\":3,\"name\":\"Priv\u00e9e et proche du centre &#8211; Villa de 5 chambres \u00e0 vendre \u00e0 Parcent\"}]},{\"@type\":\"WebSite\",\"@id\":\"https:\\\/\\\/grupo-garcia.es\\\/fr\\\/#website\",\"url\":\"https:\\\/\\\/grupo-garcia.es\\\/fr\\\/\",\"name\":\"Grupo Garcia\",\"description\":\"Inmobiliaria en J\u00e1vea y Jal\u00f3n\",\"potentialAction\":[{\"@type\":\"SearchAction\",\"target\":{\"@type\":\"EntryPoint\",\"urlTemplate\":\"https:\\\/\\\/grupo-garcia.es\\\/fr\\\/?s={search_term_string}\"},\"query-input\":{\"@type\":\"PropertyValueSpecification\",\"valueRequired\":true,\"valueName\":\"search_term_string\"}}],\"inLanguage\":\"fr-FR\"}]}<\/script>\n<!-- \/ Yoast SEO plugin. -->","yoast_head_json":{"title":"Priv\u00e9e et proche du centre - Villa de 5 chambres \u00e0 vendre \u00e0 Parcent | Grupo Garcia","description":"Priv\u00e9e et proche du centre - Villa de 5 chambres \u00e0 vendre \u00e0 Parcent Cette villa ind\u00e9pendante de 269 m\u00b2 allie espace, confort et cadre naturel enchanteur. Situ\u00e9e sur un terrain de 520 m\u00b2, la propri\u00e9t\u00e9 b\u00e9n\u00e9ficie d'une vue","robots":{"index":"index","follow":"follow","max-snippet":"max-snippet:-1","max-image-preview":"max-image-preview:large","max-video-preview":"max-video-preview:-1"},"canonical":"https:\/\/grupo-garcia.es\/fr\/properties\/privee-et-proche-du-centre-villa-de-5-chambres-a-vendre-a-parcent-26613089\/","og_locale":"fr_FR","og_type":"article","og_title":"Priv\u00e9e et proche du centre - Villa de 5 chambres \u00e0 vendre \u00e0 Parcent | Grupo Garcia","og_description":"Priv\u00e9e et proche du centre - Villa de 5 chambres \u00e0 vendre \u00e0 Parcent Cette villa ind\u00e9pendante de 269 m\u00b2 allie espace, confort et cadre naturel enchanteur. Situ\u00e9e sur un terrain de 520 m\u00b2, la propri\u00e9t\u00e9 b\u00e9n\u00e9ficie d'une vue","og_url":"https:\/\/grupo-garcia.es\/fr\/properties\/privee-et-proche-du-centre-villa-de-5-chambres-a-vendre-a-parcent-26613089\/","og_site_name":"Grupo Garcia","article_publisher":"https:\/\/www.facebook.com\/grupogarciacostablanca\/","article_modified_time":"2026-04-28T05:52:30+00:00","og_image":[{"width":2560,"height":1707,"url":"https:\/\/grupo-garcia.es\/wp-content\/uploads\/2025\/12\/7-1-scaled.jpg","type":"image\/jpeg"}],"twitter_card":"summary_large_image","twitter_misc":{"Dur\u00e9e de lecture estim\u00e9e":"2 minutes"},"schema":{"@context":"https:\/\/schema.org","@graph":[{"@type":["WebPage","RealEstateListing"],"@id":"https:\/\/grupo-garcia.es\/fr\/properties\/privee-et-proche-du-centre-villa-de-5-chambres-a-vendre-a-parcent-26613089\/","url":"https:\/\/grupo-garcia.es\/fr\/properties\/privee-et-proche-du-centre-villa-de-5-chambres-a-vendre-a-parcent-26613089\/","name":"Priv\u00e9e et proche du centre - Villa de 5 chambres \u00e0 vendre \u00e0 Parcent | Grupo Garcia","isPartOf":{"@id":"https:\/\/grupo-garcia.es\/fr\/#website"},"primaryImageOfPage":{"@id":"https:\/\/grupo-garcia.es\/fr\/properties\/privee-et-proche-du-centre-villa-de-5-chambres-a-vendre-a-parcent-26613089\/#primaryimage"},"image":{"@id":"https:\/\/grupo-garcia.es\/fr\/properties\/privee-et-proche-du-centre-villa-de-5-chambres-a-vendre-a-parcent-26613089\/#primaryimage"},"thumbnailUrl":"https:\/\/grupo-garcia.es\/wp-content\/uploads\/2025\/12\/7-1-scaled.jpg","datePublished":"2025-12-10T14:30:21+00:00","dateModified":"2026-04-28T05:52:30+00:00","description":"Priv\u00e9e et proche du centre - Villa de 5 chambres \u00e0 vendre \u00e0 Parcent Cette villa ind\u00e9pendante de 269 m\u00b2 allie espace, confort et cadre naturel enchanteur. Situ\u00e9e sur un terrain de 520 m\u00b2, la propri\u00e9t\u00e9 b\u00e9n\u00e9ficie d'une vue","breadcrumb":{"@id":"https:\/\/grupo-garcia.es\/fr\/properties\/privee-et-proche-du-centre-villa-de-5-chambres-a-vendre-a-parcent-26613089\/#breadcrumb"},"inLanguage":"fr-FR","potentialAction":[{"@type":"ReadAction","target":["https:\/\/grupo-garcia.es\/fr\/properties\/privee-et-proche-du-centre-villa-de-5-chambres-a-vendre-a-parcent-26613089\/"]}]},{"@type":"ImageObject","inLanguage":"fr-FR","@id":"https:\/\/grupo-garcia.es\/fr\/properties\/privee-et-proche-du-centre-villa-de-5-chambres-a-vendre-a-parcent-26613089\/#primaryimage","url":"https:\/\/grupo-garcia.es\/wp-content\/uploads\/2025\/12\/7-1-scaled.jpg","contentUrl":"https:\/\/grupo-garcia.es\/wp-content\/uploads\/2025\/12\/7-1-scaled.jpg","width":2560,"height":1707},{"@type":"BreadcrumbList","@id":"https:\/\/grupo-garcia.es\/fr\/properties\/privee-et-proche-du-centre-villa-de-5-chambres-a-vendre-a-parcent-26613089\/#breadcrumb","itemListElement":[{"@type":"ListItem","position":1,"name":"Portada","item":"https:\/\/grupo-garcia.es\/fr\/"},{"@type":"ListItem","position":2,"name":"Properties","item":"https:\/\/grupo-garcia.es\/fr\/properties\/"},{"@type":"ListItem","position":3,"name":"Priv\u00e9e et proche du centre &#8211; Villa de 5 chambres \u00e0 vendre \u00e0 Parcent"}]},{"@type":"WebSite","@id":"https:\/\/grupo-garcia.es\/fr\/#website","url":"https:\/\/grupo-garcia.es\/fr\/","name":"Grupo Garcia","description":"Inmobiliaria en J\u00e1vea y Jal\u00f3n","potentialAction":[{"@type":"SearchAction","target":{"@type":"EntryPoint","urlTemplate":"https:\/\/grupo-garcia.es\/fr\/?s={search_term_string}"},"query-input":{"@type":"PropertyValueSpecification","valueRequired":true,"valueName":"search_term_string"}}],"inLanguage":"fr-FR"}]}},"_links":{"self":[{"href":"https:\/\/grupo-garcia.es\/fr\/wp-json\/wp\/v2\/properties\/13528507","targetHints":{"allow":["GET"]}}],"collection":[{"href":"https:\/\/grupo-garcia.es\/fr\/wp-json\/wp\/v2\/properties"}],"about":[{"href":"https:\/\/grupo-garcia.es\/fr\/wp-json\/wp\/v2\/types\/properties"}],"wp:featuredmedia":[{"embeddable":true,"href":"https:\/\/grupo-garcia.es\/fr\/wp-json\/wp\/v2\/media\/13528508"}],"wp:attachment":[{"href":"https:\/\/grupo-garcia.es\/fr\/wp-json\/wp\/v2\/media?parent=13528507"}],"wp:term":[{"taxonomy":"property-state","embeddable":true,"href":"https:\/\/grupo-garcia.es\/fr\/wp-json\/wp\/v2\/property-state?post=13528507"},{"taxonomy":"property-type","embeddable":true,"href":"https:\/\/grupo-garcia.es\/fr\/wp-json\/wp\/v2\/property-type?post=13528507"},{"taxonomy":"zone","embeddable":true,"href":"https:\/\/grupo-garcia.es\/fr\/wp-json\/wp\/v2\/zone?post=13528507"},{"taxonomy":"city","embeddable":true,"href":"https:\/\/grupo-garcia.es\/fr\/wp-json\/wp\/v2\/city?post=13528507"},{"taxonomy":"property_categories","embeddable":true,"href":"https:\/\/grupo-garcia.es\/fr\/wp-json\/wp\/v2\/property_categories?post=13528507"}],"curies":[{"name":"wp","href":"https:\/\/api.w.org\/{rel}","templated":true}]}}