{"id":13525461,"date":"2026-03-16T12:54:19","date_gmt":"2026-03-16T11:54:19","guid":{"rendered":"https:\/\/grupo-garcia.es\/properties\/nouveau-projet-de-villa-bougainvilleas-a-vendre-dans-un-complexe-prive-a-javea-24035168\/"},"modified":"2026-04-28T06:50:37","modified_gmt":"2026-04-28T05:50:37","slug":"nouveau-projet-de-villa-bougainvilleas-a-vendre-dans-un-complexe-prive-a-javea-24035168","status":"publish","type":"properties","link":"https:\/\/grupo-garcia.es\/fr\/properties\/nouveau-projet-de-villa-bougainvilleas-a-vendre-dans-un-complexe-prive-a-javea-24035168\/","title":{"rendered":"Nouveau projet de villa Bougainvilleas, \u00e0 vendre dans un complexe priv\u00e9 \u00e0 Javea"},"content":{"rendered":"<p>D\u00e9couvrez le charme et l&rsquo;exclusivit\u00e9 de Bougainvilleas, un complexe r\u00e9sidentiel priv\u00e9 proposant une s\u00e9lection de 9 maisons individuelles exceptionnelles, con\u00e7ues pour allier confort moderne et beaut\u00e9 naturelle. Nich\u00e9 dans un paysage serein et verdoyant, ce projet unique offre une opportunit\u00e9 unique de vivre dans le calme, l&rsquo;intimit\u00e9 et l&rsquo;\u00e9l\u00e9gance.<\/p>\n<p>Cette r\u00e9sidence s\u00e9curis\u00e9e haut de gamme comprend trois luxueuses villas individuelles, situ\u00e9es au sud du terrain, \u00e0 partir de 963\u00a0000 \u20ac, et six maisons jumel\u00e9es magnifiquement con\u00e7ues au nord, \u00e0 partir de 773\u00a0000 \u20ac. Chaque propri\u00e9t\u00e9 est situ\u00e9e sur un terrain priv\u00e9, avec des jardins priv\u00e9s soigneusement am\u00e9nag\u00e9s qui s&rsquo;int\u00e8grent harmonieusement \u00e0 la nature tout en garantissant une s\u00e9paration et une intimit\u00e9 optimales avec les espaces communs.<\/p>\n<p>Les maisons individuelles offrent un havre de paix, aux tons chauds et naturels, et sont entour\u00e9es de jardins luxuriants et fleuris\u00a0: le refuge id\u00e9al pour ceux qui recherchent tranquillit\u00e9 et exclusivit\u00e9. Les maisons jumel\u00e9es, quant \u00e0 elles, offrent un style de vie plus convivial, sans compromettre l&rsquo;intimit\u00e9, gr\u00e2ce \u00e0 une conception astucieuse et une orientation r\u00e9fl\u00e9chie.<\/p>\n<p>Chaque r\u00e9sidence comprend 3 \u00e0 4 chambres spacieuses, am\u00e9nag\u00e9es avec une attention particuli\u00e8re port\u00e9e \u00e0 la fonctionnalit\u00e9 et au confort. Chaque d\u00e9tail a \u00e9t\u00e9 pens\u00e9 pour cr\u00e9er un cadre de vie harmonieux o\u00f9 design, espace et luminosit\u00e9 se marient harmonieusement.<\/p>\n<p>L&rsquo;aspect pratique rencontre le luxe, avec un parking priv\u00e9 pouvant accueillir jusqu&rsquo;\u00e0 trois v\u00e9hicules par maison, id\u00e9alement situ\u00e9 pr\u00e8s de l&rsquo;entr\u00e9e de chaque propri\u00e9t\u00e9. Les jardins paysagers sont naturellement s\u00e9par\u00e9s des espaces communs par de magnifiques \u00e9l\u00e9ments v\u00e9g\u00e9taux, offrant \u00e0 la fois beaut\u00e9 visuelle et intimit\u00e9.<\/p>\n<p>Les r\u00e9sidents profiteront \u00e9galement de g\u00e9n\u00e9reux \u00e9quipements communs, dont une piscine de 75 m\u00b2, une pergola ombrag\u00e9e pour se d\u00e9tendre et un Wi-Fi haut d\u00e9bit, id\u00e9al pour t\u00e9l\u00e9travailler ou regarder des films sous le soleil m\u00e9diterran\u00e9en. Pour encore plus d&rsquo;intimit\u00e9, vous pouvez ajouter une piscine priv\u00e9e dans votre jardin.<\/p>\n<p>Que vous recherchiez une r\u00e9sidence principale ou une luxueuse maison de vacances, cette r\u00e9sidence allie architecture contemporaine, environnement naturel et confort collectif dans un cadre exceptionnel.<\/p>\n<p>Contactez-nous pour plus de d\u00e9tails, des plans ou un devis.<\/p><\/p>\n","protected":false},"featured_media":13525462,"template":"","meta":{"id_inmovilla":["24035168"],"property_type":["Pareado"],"property_ref":["DG6591"],"property_price":["988000"],"property_city":["J\u00e1vea - X\u00e0bia"],"property_region":["ALICANTE"],"zona-auxiliar":["Tosalet"],"tipo-via":[""],"domicilio":[""],"numero":[""],"codigo-postal":["03739"],"altura":[""],"planta":[""],"piso":[""],"puerta":[""],"escalera":[""],"bloque":[""],"edificio":[""],"habitaciones-dobles":["4"],"bedrooms":["0"],"banos":["4"],"aseos":["0"],"salones":["0"],"parking":["0","2"],"plantas":["2"],"fecha-construccion":["2026"],"distancia-playa":["0"],"comunidad":["0"],"periodicidad-comunidad":["MES"],"ibi":["0.00"],"distancia-al-mar":["0"],"metros-utiles":["192.00"],"metros-construidos":["247.00"],"metros-parcela":["757"],"metros-de-la-terraza":["67.00"],"metros-de-la-cocina":["0.00"],"metros-del-comedor":["0.00"],"metros-del-salon":["0.00"],"estado":["Obra Nueva"],"carpinteria-exterior":["PVC\/Climalit"],"tipo-suelo":["Stoneware"],"orientacion":["Sur"],"carpinteria-interior":[""],"vistas":["Jardin"],"tipo-de-calefaccion":["23"],"agua-caliente":["0"],"tipo-cocina":[""],"instalacion-electrica":["0"],"fachada":[""],"acceso-pmr":["false"],"armarios-empotrados":["true"],"calefaccion":["true"],"garaje":["false"],"jacuzzi":["false"],"solarium":["false"],"vivienda-adaptada":["false"],"ascensor":["false"],"calefaccion-central":["false"],"garaje-doble":["false"],"jardin":["true"],"puerta-blindada":["false"],"t-v":["false"],"aire-acond-central":["false"],"balcon":["false"],"chimenea":["false"],"gas-ciudad":["false"],"lavanderia":["false"],"patio":["false"],"aire-acondicionado":["true"],"bar":["false"],"deposito-agua":["false"],"gimnasio":["false"],"luminoso":["false"],"pergola":["false"],"terraza":["true"],"alarma":["false"],"barbacoa":["false"],"descalcificador":["false"],"hab-juegos":["false"],"luz":["false"],"piscina-comunitaria":["true"],"satelite":["false"],"terraza-acristalada":["false"],"alarma-incendio":["false"],"bomba-frio-y-calor":["true"],"despensa":["false"],"hidromasaje":["false"],"mirador":["false"],"piscina-propia":["false"],"sauna":["false"],"trastero":["false"],"apart-separado":["false"],"buhardilla":["false"],"esquina":["false"],"muebles":["false"],"preinst-aacc":["false"],"sotano":["false"],"videoportero":[""],"autobuses":["false"],"centros-comerciales":["false"],"colegios":["false"],"hospitales":["false"],"urbanizacion":["false"],"vistas-al-mar":["false"],"zonas-infantiles":["false"],"arboles":["false"],"centros-medicos":["false"],"costa":["true"],"metro":["false"],"primera-linea":["false"],"tranvia":["false"],"vallado":["false"],"golf":["false"],"montana":["false"],"rural":["false"],"tren":["false"],"exclusividad":["false"],"tour-virtual":[""],"video":[""],"disponibilidad-propiedad":["Libre"],"habitaciones_totales":["4"],"ojo_de_buey":["true"],"certificado_energetico":["B"],"energia_valor":["0"],"_wp_page_template":["default"],"galeria":["a:14:{i:13525462;s:60:\"https:\/\/grupo-garcia.es\/wp-content\/uploads\/2025\/11\/3-1-5.jpg\";i:13525463;s:60:\"https:\/\/grupo-garcia.es\/wp-content\/uploads\/2025\/11\/3-2-5.jpg\";i:13525464;s:60:\"https:\/\/grupo-garcia.es\/wp-content\/uploads\/2025\/11\/3-3-5.jpg\";i:13525465;s:60:\"https:\/\/grupo-garcia.es\/wp-content\/uploads\/2025\/11\/3-4-5.jpg\";i:13525466;s:60:\"https:\/\/grupo-garcia.es\/wp-content\/uploads\/2025\/11\/3-5-5.jpg\";i:13525467;s:60:\"https:\/\/grupo-garcia.es\/wp-content\/uploads\/2025\/11\/3-6-5.jpg\";i:13525468;s:60:\"https:\/\/grupo-garcia.es\/wp-content\/uploads\/2025\/11\/3-7-5.jpg\";i:13525469;s:60:\"https:\/\/grupo-garcia.es\/wp-content\/uploads\/2025\/11\/3-8-5.jpg\";i:13525470;s:60:\"https:\/\/grupo-garcia.es\/wp-content\/uploads\/2025\/11\/3-9-5.jpg\";i:13525471;s:61:\"https:\/\/grupo-garcia.es\/wp-content\/uploads\/2025\/11\/3-10-5.jpg\";i:13525472;s:61:\"https:\/\/grupo-garcia.es\/wp-content\/uploads\/2025\/11\/3-11-5.jpg\";i:13525473;s:61:\"https:\/\/grupo-garcia.es\/wp-content\/uploads\/2025\/11\/3-12-5.jpg\";i:13525474;s:61:\"https:\/\/grupo-garcia.es\/wp-content\/uploads\/2025\/11\/3-13-6.jpg\";i:13525475;s:61:\"https:\/\/grupo-garcia.es\/wp-content\/uploads\/2025\/11\/3-14-5.jpg\";}"],"_thumbnail_id":["13525462"],"_wpml_word_count":["430"]},"property-state":[209],"property-type":[380],"zone":[85],"city":[67],"property_categories":[269],"class_list":["post-13525461","properties","type-properties","status-publish","has-post-thumbnail","hentry","property-state-acheter-un-nouveau-batiment","property-type-pareado","zone-tosalet","city-javea","property_categories-vendre"],"yoast_head":"<!-- This site is optimized with the Yoast SEO plugin v27.5 - https:\/\/yoast.com\/product\/yoast-seo-wordpress\/ -->\n<title>Nouveau projet de villa Bougainvilleas, \u00e0 vendre dans un complexe priv\u00e9 \u00e0 Javea | Grupo Garcia<\/title>\n<meta name=\"description\" content=\"Nouveau projet de villa Bougainvilleas, \u00e0 vendre dans un complexe priv\u00e9 \u00e0 Javea D\u00e9couvrez le charme et l&#039;exclusivit\u00e9 de Bougainvilleas, un complexe r\u00e9sidentiel priv\u00e9 proposant une s\u00e9lection de 9 maisons individuelles exceptionnelles,\" \/>\n<meta name=\"robots\" content=\"index, follow, max-snippet:-1, max-image-preview:large, max-video-preview:-1\" \/>\n<link rel=\"canonical\" href=\"https:\/\/grupo-garcia.es\/fr\/properties\/nouveau-projet-de-villa-bougainvilleas-a-vendre-dans-un-complexe-prive-a-javea-24035168\/\" \/>\n<meta property=\"og:locale\" content=\"fr_FR\" \/>\n<meta property=\"og:type\" content=\"article\" \/>\n<meta property=\"og:title\" content=\"Nouveau projet de villa Bougainvilleas, \u00e0 vendre dans un complexe priv\u00e9 \u00e0 Javea | Grupo Garcia\" \/>\n<meta property=\"og:description\" content=\"Nouveau projet de villa Bougainvilleas, \u00e0 vendre dans un complexe priv\u00e9 \u00e0 Javea D\u00e9couvrez le charme et l&#039;exclusivit\u00e9 de Bougainvilleas, un complexe r\u00e9sidentiel priv\u00e9 proposant une s\u00e9lection de 9 maisons individuelles exceptionnelles,\" \/>\n<meta property=\"og:url\" content=\"https:\/\/grupo-garcia.es\/fr\/properties\/nouveau-projet-de-villa-bougainvilleas-a-vendre-dans-un-complexe-prive-a-javea-24035168\/\" \/>\n<meta property=\"og:site_name\" content=\"Grupo Garcia\" \/>\n<meta property=\"article:publisher\" content=\"https:\/\/www.facebook.com\/grupogarciacostablanca\/\" \/>\n<meta property=\"article:modified_time\" content=\"2026-04-28T05:50:37+00:00\" \/>\n<meta property=\"og:image\" content=\"https:\/\/grupo-garcia.es\/wp-content\/uploads\/2025\/11\/3-1-5.jpg\" \/>\n\t<meta property=\"og:image:width\" content=\"2000\" \/>\n\t<meta property=\"og:image:height\" content=\"1200\" \/>\n\t<meta property=\"og:image:type\" content=\"image\/jpeg\" \/>\n<meta name=\"twitter:card\" content=\"summary_large_image\" \/>\n<meta name=\"twitter:label1\" content=\"Dur\u00e9e de lecture estim\u00e9e\" \/>\n\t<meta name=\"twitter:data1\" content=\"2 minutes\" \/>\n<script type=\"application\/ld+json\" class=\"yoast-schema-graph\">{\"@context\":\"https:\\\/\\\/schema.org\",\"@graph\":[{\"@type\":[\"WebPage\",\"RealEstateListing\"],\"@id\":\"https:\\\/\\\/grupo-garcia.es\\\/fr\\\/properties\\\/nouveau-projet-de-villa-bougainvilleas-a-vendre-dans-un-complexe-prive-a-javea-24035168\\\/\",\"url\":\"https:\\\/\\\/grupo-garcia.es\\\/fr\\\/properties\\\/nouveau-projet-de-villa-bougainvilleas-a-vendre-dans-un-complexe-prive-a-javea-24035168\\\/\",\"name\":\"Nouveau projet de villa Bougainvilleas, \u00e0 vendre dans un complexe priv\u00e9 \u00e0 Javea | Grupo Garcia\",\"isPartOf\":{\"@id\":\"https:\\\/\\\/grupo-garcia.es\\\/fr\\\/#website\"},\"primaryImageOfPage\":{\"@id\":\"https:\\\/\\\/grupo-garcia.es\\\/fr\\\/properties\\\/nouveau-projet-de-villa-bougainvilleas-a-vendre-dans-un-complexe-prive-a-javea-24035168\\\/#primaryimage\"},\"image\":{\"@id\":\"https:\\\/\\\/grupo-garcia.es\\\/fr\\\/properties\\\/nouveau-projet-de-villa-bougainvilleas-a-vendre-dans-un-complexe-prive-a-javea-24035168\\\/#primaryimage\"},\"thumbnailUrl\":\"https:\\\/\\\/grupo-garcia.es\\\/wp-content\\\/uploads\\\/2025\\\/11\\\/3-1-5.jpg\",\"datePublished\":\"2026-03-16T11:54:19+00:00\",\"dateModified\":\"2026-04-28T05:50:37+00:00\",\"description\":\"Nouveau projet de villa Bougainvilleas, \u00e0 vendre dans un complexe priv\u00e9 \u00e0 Javea D\u00e9couvrez le charme et l'exclusivit\u00e9 de Bougainvilleas, un complexe r\u00e9sidentiel priv\u00e9 proposant une s\u00e9lection de 9 maisons individuelles exceptionnelles,\",\"breadcrumb\":{\"@id\":\"https:\\\/\\\/grupo-garcia.es\\\/fr\\\/properties\\\/nouveau-projet-de-villa-bougainvilleas-a-vendre-dans-un-complexe-prive-a-javea-24035168\\\/#breadcrumb\"},\"inLanguage\":\"fr-FR\",\"potentialAction\":[{\"@type\":\"ReadAction\",\"target\":[\"https:\\\/\\\/grupo-garcia.es\\\/fr\\\/properties\\\/nouveau-projet-de-villa-bougainvilleas-a-vendre-dans-un-complexe-prive-a-javea-24035168\\\/\"]}]},{\"@type\":\"ImageObject\",\"inLanguage\":\"fr-FR\",\"@id\":\"https:\\\/\\\/grupo-garcia.es\\\/fr\\\/properties\\\/nouveau-projet-de-villa-bougainvilleas-a-vendre-dans-un-complexe-prive-a-javea-24035168\\\/#primaryimage\",\"url\":\"https:\\\/\\\/grupo-garcia.es\\\/wp-content\\\/uploads\\\/2025\\\/11\\\/3-1-5.jpg\",\"contentUrl\":\"https:\\\/\\\/grupo-garcia.es\\\/wp-content\\\/uploads\\\/2025\\\/11\\\/3-1-5.jpg\",\"width\":2000,\"height\":1200},{\"@type\":\"BreadcrumbList\",\"@id\":\"https:\\\/\\\/grupo-garcia.es\\\/fr\\\/properties\\\/nouveau-projet-de-villa-bougainvilleas-a-vendre-dans-un-complexe-prive-a-javea-24035168\\\/#breadcrumb\",\"itemListElement\":[{\"@type\":\"ListItem\",\"position\":1,\"name\":\"Portada\",\"item\":\"https:\\\/\\\/grupo-garcia.es\\\/fr\\\/\"},{\"@type\":\"ListItem\",\"position\":2,\"name\":\"Properties\",\"item\":\"https:\\\/\\\/grupo-garcia.es\\\/fr\\\/properties\\\/\"},{\"@type\":\"ListItem\",\"position\":3,\"name\":\"Nouveau projet de villa Bougainvilleas, \u00e0 vendre dans un complexe priv\u00e9 \u00e0 Javea\"}]},{\"@type\":\"WebSite\",\"@id\":\"https:\\\/\\\/grupo-garcia.es\\\/fr\\\/#website\",\"url\":\"https:\\\/\\\/grupo-garcia.es\\\/fr\\\/\",\"name\":\"Grupo Garcia\",\"description\":\"Inmobiliaria en J\u00e1vea y Jal\u00f3n\",\"potentialAction\":[{\"@type\":\"SearchAction\",\"target\":{\"@type\":\"EntryPoint\",\"urlTemplate\":\"https:\\\/\\\/grupo-garcia.es\\\/fr\\\/?s={search_term_string}\"},\"query-input\":{\"@type\":\"PropertyValueSpecification\",\"valueRequired\":true,\"valueName\":\"search_term_string\"}}],\"inLanguage\":\"fr-FR\"}]}<\/script>\n<!-- \/ Yoast SEO plugin. -->","yoast_head_json":{"title":"Nouveau projet de villa Bougainvilleas, \u00e0 vendre dans un complexe priv\u00e9 \u00e0 Javea | Grupo Garcia","description":"Nouveau projet de villa Bougainvilleas, \u00e0 vendre dans un complexe priv\u00e9 \u00e0 Javea D\u00e9couvrez le charme et l'exclusivit\u00e9 de Bougainvilleas, un complexe r\u00e9sidentiel priv\u00e9 proposant une s\u00e9lection de 9 maisons individuelles exceptionnelles,","robots":{"index":"index","follow":"follow","max-snippet":"max-snippet:-1","max-image-preview":"max-image-preview:large","max-video-preview":"max-video-preview:-1"},"canonical":"https:\/\/grupo-garcia.es\/fr\/properties\/nouveau-projet-de-villa-bougainvilleas-a-vendre-dans-un-complexe-prive-a-javea-24035168\/","og_locale":"fr_FR","og_type":"article","og_title":"Nouveau projet de villa Bougainvilleas, \u00e0 vendre dans un complexe priv\u00e9 \u00e0 Javea | Grupo Garcia","og_description":"Nouveau projet de villa Bougainvilleas, \u00e0 vendre dans un complexe priv\u00e9 \u00e0 Javea D\u00e9couvrez le charme et l'exclusivit\u00e9 de Bougainvilleas, un complexe r\u00e9sidentiel priv\u00e9 proposant une s\u00e9lection de 9 maisons individuelles exceptionnelles,","og_url":"https:\/\/grupo-garcia.es\/fr\/properties\/nouveau-projet-de-villa-bougainvilleas-a-vendre-dans-un-complexe-prive-a-javea-24035168\/","og_site_name":"Grupo Garcia","article_publisher":"https:\/\/www.facebook.com\/grupogarciacostablanca\/","article_modified_time":"2026-04-28T05:50:37+00:00","og_image":[{"width":2000,"height":1200,"url":"https:\/\/grupo-garcia.es\/wp-content\/uploads\/2025\/11\/3-1-5.jpg","type":"image\/jpeg"}],"twitter_card":"summary_large_image","twitter_misc":{"Dur\u00e9e de lecture estim\u00e9e":"2 minutes"},"schema":{"@context":"https:\/\/schema.org","@graph":[{"@type":["WebPage","RealEstateListing"],"@id":"https:\/\/grupo-garcia.es\/fr\/properties\/nouveau-projet-de-villa-bougainvilleas-a-vendre-dans-un-complexe-prive-a-javea-24035168\/","url":"https:\/\/grupo-garcia.es\/fr\/properties\/nouveau-projet-de-villa-bougainvilleas-a-vendre-dans-un-complexe-prive-a-javea-24035168\/","name":"Nouveau projet de villa Bougainvilleas, \u00e0 vendre dans un complexe priv\u00e9 \u00e0 Javea | Grupo Garcia","isPartOf":{"@id":"https:\/\/grupo-garcia.es\/fr\/#website"},"primaryImageOfPage":{"@id":"https:\/\/grupo-garcia.es\/fr\/properties\/nouveau-projet-de-villa-bougainvilleas-a-vendre-dans-un-complexe-prive-a-javea-24035168\/#primaryimage"},"image":{"@id":"https:\/\/grupo-garcia.es\/fr\/properties\/nouveau-projet-de-villa-bougainvilleas-a-vendre-dans-un-complexe-prive-a-javea-24035168\/#primaryimage"},"thumbnailUrl":"https:\/\/grupo-garcia.es\/wp-content\/uploads\/2025\/11\/3-1-5.jpg","datePublished":"2026-03-16T11:54:19+00:00","dateModified":"2026-04-28T05:50:37+00:00","description":"Nouveau projet de villa Bougainvilleas, \u00e0 vendre dans un complexe priv\u00e9 \u00e0 Javea D\u00e9couvrez le charme et l'exclusivit\u00e9 de Bougainvilleas, un complexe r\u00e9sidentiel priv\u00e9 proposant une s\u00e9lection de 9 maisons individuelles exceptionnelles,","breadcrumb":{"@id":"https:\/\/grupo-garcia.es\/fr\/properties\/nouveau-projet-de-villa-bougainvilleas-a-vendre-dans-un-complexe-prive-a-javea-24035168\/#breadcrumb"},"inLanguage":"fr-FR","potentialAction":[{"@type":"ReadAction","target":["https:\/\/grupo-garcia.es\/fr\/properties\/nouveau-projet-de-villa-bougainvilleas-a-vendre-dans-un-complexe-prive-a-javea-24035168\/"]}]},{"@type":"ImageObject","inLanguage":"fr-FR","@id":"https:\/\/grupo-garcia.es\/fr\/properties\/nouveau-projet-de-villa-bougainvilleas-a-vendre-dans-un-complexe-prive-a-javea-24035168\/#primaryimage","url":"https:\/\/grupo-garcia.es\/wp-content\/uploads\/2025\/11\/3-1-5.jpg","contentUrl":"https:\/\/grupo-garcia.es\/wp-content\/uploads\/2025\/11\/3-1-5.jpg","width":2000,"height":1200},{"@type":"BreadcrumbList","@id":"https:\/\/grupo-garcia.es\/fr\/properties\/nouveau-projet-de-villa-bougainvilleas-a-vendre-dans-un-complexe-prive-a-javea-24035168\/#breadcrumb","itemListElement":[{"@type":"ListItem","position":1,"name":"Portada","item":"https:\/\/grupo-garcia.es\/fr\/"},{"@type":"ListItem","position":2,"name":"Properties","item":"https:\/\/grupo-garcia.es\/fr\/properties\/"},{"@type":"ListItem","position":3,"name":"Nouveau projet de villa Bougainvilleas, \u00e0 vendre dans un complexe priv\u00e9 \u00e0 Javea"}]},{"@type":"WebSite","@id":"https:\/\/grupo-garcia.es\/fr\/#website","url":"https:\/\/grupo-garcia.es\/fr\/","name":"Grupo Garcia","description":"Inmobiliaria en J\u00e1vea y Jal\u00f3n","potentialAction":[{"@type":"SearchAction","target":{"@type":"EntryPoint","urlTemplate":"https:\/\/grupo-garcia.es\/fr\/?s={search_term_string}"},"query-input":{"@type":"PropertyValueSpecification","valueRequired":true,"valueName":"search_term_string"}}],"inLanguage":"fr-FR"}]}},"_links":{"self":[{"href":"https:\/\/grupo-garcia.es\/fr\/wp-json\/wp\/v2\/properties\/13525461","targetHints":{"allow":["GET"]}}],"collection":[{"href":"https:\/\/grupo-garcia.es\/fr\/wp-json\/wp\/v2\/properties"}],"about":[{"href":"https:\/\/grupo-garcia.es\/fr\/wp-json\/wp\/v2\/types\/properties"}],"wp:featuredmedia":[{"embeddable":true,"href":"https:\/\/grupo-garcia.es\/fr\/wp-json\/wp\/v2\/media\/13525462"}],"wp:attachment":[{"href":"https:\/\/grupo-garcia.es\/fr\/wp-json\/wp\/v2\/media?parent=13525461"}],"wp:term":[{"taxonomy":"property-state","embeddable":true,"href":"https:\/\/grupo-garcia.es\/fr\/wp-json\/wp\/v2\/property-state?post=13525461"},{"taxonomy":"property-type","embeddable":true,"href":"https:\/\/grupo-garcia.es\/fr\/wp-json\/wp\/v2\/property-type?post=13525461"},{"taxonomy":"zone","embeddable":true,"href":"https:\/\/grupo-garcia.es\/fr\/wp-json\/wp\/v2\/zone?post=13525461"},{"taxonomy":"city","embeddable":true,"href":"https:\/\/grupo-garcia.es\/fr\/wp-json\/wp\/v2\/city?post=13525461"},{"taxonomy":"property_categories","embeddable":true,"href":"https:\/\/grupo-garcia.es\/fr\/wp-json\/wp\/v2\/property_categories?post=13525461"}],"curies":[{"name":"wp","href":"https:\/\/api.w.org\/{rel}","templated":true}]}}