{"id":13523721,"date":"2026-03-30T14:54:03","date_gmt":"2026-03-30T13:54:03","guid":{"rendered":"https:\/\/grupo-garcia.es\/properties\/villa-rebaldi-elegante-villa-a-vendre-a-javea-tout-pres-de-la-plage-27181857\/"},"modified":"2026-04-28T06:53:55","modified_gmt":"2026-04-28T05:53:55","slug":"villa-rebaldi-elegante-villa-a-vendre-a-javea-tout-pres-de-la-plage-27181857","status":"publish","type":"properties","link":"https:\/\/grupo-garcia.es\/fr\/properties\/villa-rebaldi-elegante-villa-a-vendre-a-javea-tout-pres-de-la-plage-27181857\/","title":{"rendered":"Villa Rebaldi. \u00c9l\u00e9gante villa \u00e0 vendre \u00e0 Javea, tout pr\u00e8s de la plage."},"content":{"rendered":"<p>La Villa Rebaldi est situ\u00e9e dans un quartier r\u00e9sidentiel paisible de J\u00e1vea, \u00e0 quelques minutes seulement de la Playa del Arenal et de son large choix de restaurants et caf\u00e9s. Cette r\u00e9sidence lumineuse et \u00e9l\u00e9gante a \u00e9t\u00e9 con\u00e7ue avec un souci constant de qualit\u00e9, de confort et de style. Entour\u00e9e d&rsquo;une v\u00e9g\u00e9tation luxuriante et offrant une intimit\u00e9 totale, la villa b\u00e9n\u00e9ficie d&rsquo;une vue imprenable sur la mer, le Montg\u00f3 et le paysage naturel environnant, cr\u00e9ant une atmosph\u00e8re sereine et exclusive.<\/p>\n<p>Magnifiquement r\u00e9nov\u00e9e en 2024, la propri\u00e9t\u00e9 allie le charme m\u00e9diterran\u00e9en traditionnel \u00e0 des finitions contemporaines raffin\u00e9es. L&rsquo;utilisation de murs en microciment, de poutres apparentes et d&rsquo;un sol en c\u00e9ramique couleur cr\u00e8me conf\u00e8re \u00e0 l&rsquo;int\u00e9rieur une \u00e9l\u00e9gance intemporelle. Gr\u00e2ce \u00e0 son orientation optimale, la lumi\u00e8re naturelle inonde chaque pi\u00e8ce du matin au soir, accentuant la sensation d&rsquo;espace et de calme.<\/p>\n<p>L&rsquo;agencement int\u00e9rieur est fluide et harmonieux, avec un vaste s\u00e9jour s&rsquo;ouvrant sur une salle \u00e0 manger et une cuisine de style ibicenco. La cuisine, avec son \u00eelot central g\u00e9n\u00e9reux, ses mat\u00e9riaux haut de gamme et son \u00e9quipement complet d&rsquo;\u00e9lectrom\u00e9nagers modernes (dont deux fours, deux r\u00e9frig\u00e9rateurs, une plaque \u00e0 induction avec hotte int\u00e9gr\u00e9e et un garde-manger pratique), offre un cadre id\u00e9al pour une vie de famille d\u00e9tendue et pour recevoir des invit\u00e9s.<\/p>\n<p>La vie en ext\u00e9rieur est au c\u0153ur de la conception de la Villa Rebaldi. Plusieurs terrasses invitent \u00e0 savourer diff\u00e9rents moments de la journ\u00e9e\u00a0: l&rsquo;une id\u00e9ale pour un caf\u00e9 matinal au milieu de la lavande, une autre ombrag\u00e9e par une pergola en bois pour des d\u00e9jeuners tranquilles, et une troisi\u00e8me face au Montg\u00f3 et \u00e0 la mer, parfaite pour les douces soir\u00e9es d&rsquo;\u00e9t\u00e9. Au bord de la piscine, un salon couvert et une cuisine d&rsquo;\u00e9t\u00e9 favorisent les repas en plein air et la d\u00e9tente. Le terrain clos de 1\u00a0674\u00a0m\u00b2 abrite un charmant jardin m\u00e9diterran\u00e9en plant\u00e9 d&rsquo;oliviers et d&rsquo;arbres fruitiers, garantissant calme et intimit\u00e9.<\/p>\n<p>Une d\u00e9pendance en bois, \u00e9quip\u00e9e d&rsquo;eau courante, d&rsquo;\u00e9lectricit\u00e9 et de climatisation, offre une grande flexibilit\u00e9 d&rsquo;am\u00e9nagement\u00a0: studio, bureau ou logement ind\u00e9pendant.<\/p>\n<p>Le rez-de-chauss\u00e9e de la villa comprend une suite spacieuse avec salle de bains privative et acc\u00e8s au jardin, une deuxi\u00e8me salle de bains compl\u00e8te, une buanderie et des espaces de rangement. Son agencement permet une reconfiguration ais\u00e9e en trois chambres et trois salles de bains, si besoin. \u00c0 l&rsquo;\u00e9tage, la suite principale b\u00e9n\u00e9ficie d&rsquo;un dressing, d&rsquo;une salle de bains privative et d&rsquo;une terrasse priv\u00e9e offrant une vue panoramique.<\/p>\n<p>\u00c9quip\u00e9e de panneaux solaires, de la climatisation, de fen\u00eatres \u00e0 double vitrage Technal, de la domotique et d&rsquo;un parking s\u00e9curis\u00e9, la Villa Chanelli est pr\u00eate \u00e0 vous accueillir.<\/p>\n<p>\u00c0 quelques minutes seulement se trouve la charmante ville c\u00f4ti\u00e8re de J\u00e1vea, r\u00e9put\u00e9e pour ses plages pittoresques, ses march\u00e9s traditionnels et son ambiance cosmopolite. Que ce soit pour fl\u00e2ner dans les ruelles pav\u00e9es de la vieille ville, d\u00eener en bord de mer ou randonner dans le parc naturel du Montg\u00f3, J\u00e1vea offre un style de vie m\u00e9diterran\u00e9en exceptionnel qui s&rsquo;accorde parfaitement avec l&rsquo;\u00e9l\u00e9gance et le confort de la Villa Rebaldi.<\/p><\/p>\n","protected":false},"featured_media":13523722,"template":"","meta":{"id_inmovilla":["27181857"],"property_type":["Villa"],"property_ref":["NC6657"],"property_price":["2450000"],"property_city":["J\u00e1vea - X\u00e0bia"],"property_region":["ALICANTE"],"zona-auxiliar":["Partida Comunes-Adsubia"],"tipo-via":[""],"domicilio":[""],"numero":[""],"codigo-postal":["03730"],"altura":[""],"planta":[""],"piso":[""],"puerta":[""],"escalera":[""],"bloque":[""],"edificio":[""],"habitaciones-dobles":["3"],"bedrooms":["0"],"banos":["3"],"aseos":["0"],"salones":["0"],"parking":["0","false"],"plantas":["2"],"fecha-construccion":["1979"],"distancia-playa":["0"],"comunidad":["0"],"periodicidad-comunidad":["MES"],"ibi":["0.00"],"distancia-al-mar":["0"],"metros-utiles":["0.00"],"metros-construidos":["305.00"],"metros-parcela":["1674"],"metros-de-la-terraza":["0.00"],"metros-de-la-cocina":["0.00"],"metros-del-comedor":["0.00"],"metros-del-salon":["0.00"],"estado":["Reformado"],"carpinteria-exterior":[""],"tipo-suelo":["0"],"orientacion":[""],"carpinteria-interior":[""],"vistas":["Vers la mer"],"tipo-de-calefaccion":["0"],"agua-caliente":["0"],"tipo-cocina":[""],"instalacion-electrica":["0"],"fachada":[""],"acceso-pmr":["false"],"armarios-empotrados":["true"],"calefaccion":["true"],"garaje":["false"],"jacuzzi":["false"],"solarium":["false"],"vivienda-adaptada":["false"],"ascensor":["false"],"calefaccion-central":["false"],"garaje-doble":["false"],"jardin":["true"],"puerta-blindada":["false"],"t-v":["false"],"aire-acond-central":["false"],"balcon":["false"],"chimenea":["false"],"gas-ciudad":["false"],"lavanderia":["false"],"patio":["false"],"aire-acondicionado":["true"],"bar":["false"],"deposito-agua":["false"],"gimnasio":["false"],"luminoso":["false"],"pergola":["true"],"terraza":["true"],"alarma":["false"],"barbacoa":["false"],"descalcificador":["false"],"hab-juegos":["false"],"luz":["false"],"piscina-comunitaria":["false"],"satelite":["false"],"terraza-acristalada":["false"],"alarma-incendio":["false"],"bomba-frio-y-calor":["true"],"despensa":["false"],"hidromasaje":["false"],"mirador":["false"],"piscina-propia":["true"],"sauna":["false"],"trastero":["false"],"apart-separado":["false"],"buhardilla":["false"],"esquina":["false"],"muebles":["true"],"preinst-aacc":["false"],"sotano":["false"],"videoportero":[""],"autobuses":["false"],"centros-comerciales":["false"],"colegios":["false"],"hospitales":["false"],"urbanizacion":["false"],"vistas-al-mar":["true"],"zonas-infantiles":["false"],"arboles":["false"],"centros-medicos":["false"],"costa":["false"],"metro":["false"],"primera-linea":["false"],"tranvia":["false"],"vallado":["true"],"golf":["false"],"montana":["false"],"rural":["false"],"tren":["false"],"exclusividad":["false"],"tour-virtual":[""],"video":[""],"disponibilidad-propiedad":["Libre"],"habitaciones_totales":["3"],"ojo_de_buey":["false"],"certificado_energetico":["G"],"energia_valor":["0"],"_wp_page_template":["default"],"galeria":["a:63:{i:13523722;s:67:\"https:\/\/grupo-garcia.es\/wp-content\/uploads\/2025\/11\/3-1-1-scaled.jpg\";i:13523723;s:67:\"https:\/\/grupo-garcia.es\/wp-content\/uploads\/2025\/11\/3-2-1-scaled.jpg\";i:13523724;s:67:\"https:\/\/grupo-garcia.es\/wp-content\/uploads\/2025\/11\/3-3-1-scaled.jpg\";i:13523725;s:67:\"https:\/\/grupo-garcia.es\/wp-content\/uploads\/2025\/11\/3-4-1-scaled.jpg\";i:13523726;s:67:\"https:\/\/grupo-garcia.es\/wp-content\/uploads\/2025\/11\/3-5-1-scaled.jpg\";i:13523727;s:67:\"https:\/\/grupo-garcia.es\/wp-content\/uploads\/2025\/11\/3-6-1-scaled.jpg\";i:13523728;s:67:\"https:\/\/grupo-garcia.es\/wp-content\/uploads\/2025\/11\/3-7-1-scaled.jpg\";i:13523729;s:67:\"https:\/\/grupo-garcia.es\/wp-content\/uploads\/2025\/11\/3-8-1-scaled.jpg\";i:13523730;s:67:\"https:\/\/grupo-garcia.es\/wp-content\/uploads\/2025\/11\/3-9-1-scaled.jpg\";i:13523731;s:68:\"https:\/\/grupo-garcia.es\/wp-content\/uploads\/2025\/11\/3-10-1-scaled.jpg\";i:13523732;s:68:\"https:\/\/grupo-garcia.es\/wp-content\/uploads\/2025\/11\/3-11-1-scaled.jpg\";i:13523733;s:68:\"https:\/\/grupo-garcia.es\/wp-content\/uploads\/2025\/11\/3-12-1-scaled.jpg\";i:13523734;s:68:\"https:\/\/grupo-garcia.es\/wp-content\/uploads\/2025\/11\/3-13-1-scaled.jpg\";i:13523735;s:68:\"https:\/\/grupo-garcia.es\/wp-content\/uploads\/2025\/11\/3-14-1-scaled.jpg\";i:13523736;s:68:\"https:\/\/grupo-garcia.es\/wp-content\/uploads\/2025\/11\/3-15-1-scaled.jpg\";i:13523737;s:68:\"https:\/\/grupo-garcia.es\/wp-content\/uploads\/2025\/11\/3-16-1-scaled.jpg\";i:13523738;s:68:\"https:\/\/grupo-garcia.es\/wp-content\/uploads\/2025\/11\/3-17-1-scaled.jpg\";i:13523739;s:68:\"https:\/\/grupo-garcia.es\/wp-content\/uploads\/2025\/11\/3-18-1-scaled.jpg\";i:13523740;s:68:\"https:\/\/grupo-garcia.es\/wp-content\/uploads\/2025\/11\/3-19-1-scaled.jpg\";i:13523741;s:68:\"https:\/\/grupo-garcia.es\/wp-content\/uploads\/2025\/11\/3-20-1-scaled.jpg\";i:13523742;s:68:\"https:\/\/grupo-garcia.es\/wp-content\/uploads\/2025\/11\/3-21-1-scaled.jpg\";i:13523743;s:68:\"https:\/\/grupo-garcia.es\/wp-content\/uploads\/2025\/11\/3-22-1-scaled.jpg\";i:13523744;s:68:\"https:\/\/grupo-garcia.es\/wp-content\/uploads\/2025\/11\/3-23-1-scaled.jpg\";i:13523745;s:68:\"https:\/\/grupo-garcia.es\/wp-content\/uploads\/2025\/11\/3-24-1-scaled.jpg\";i:13523746;s:68:\"https:\/\/grupo-garcia.es\/wp-content\/uploads\/2025\/11\/3-25-1-scaled.jpg\";i:13523747;s:68:\"https:\/\/grupo-garcia.es\/wp-content\/uploads\/2025\/11\/3-26-1-scaled.jpg\";i:13523748;s:66:\"https:\/\/grupo-garcia.es\/wp-content\/uploads\/2025\/11\/3-27-scaled.jpg\";i:13523749;s:66:\"https:\/\/grupo-garcia.es\/wp-content\/uploads\/2025\/11\/3-28-scaled.jpg\";i:13523750;s:66:\"https:\/\/grupo-garcia.es\/wp-content\/uploads\/2025\/11\/3-29-scaled.jpg\";i:13523751;s:66:\"https:\/\/grupo-garcia.es\/wp-content\/uploads\/2025\/11\/3-30-scaled.jpg\";i:13523752;s:66:\"https:\/\/grupo-garcia.es\/wp-content\/uploads\/2025\/11\/3-31-scaled.jpg\";i:13523753;s:66:\"https:\/\/grupo-garcia.es\/wp-content\/uploads\/2025\/11\/3-32-scaled.jpg\";i:13523754;s:66:\"https:\/\/grupo-garcia.es\/wp-content\/uploads\/2025\/11\/3-33-scaled.jpg\";i:13523755;s:66:\"https:\/\/grupo-garcia.es\/wp-content\/uploads\/2025\/11\/3-34-scaled.jpg\";i:13523756;s:66:\"https:\/\/grupo-garcia.es\/wp-content\/uploads\/2025\/11\/3-35-scaled.jpg\";i:13523757;s:66:\"https:\/\/grupo-garcia.es\/wp-content\/uploads\/2025\/11\/3-36-scaled.jpg\";i:13523758;s:66:\"https:\/\/grupo-garcia.es\/wp-content\/uploads\/2025\/11\/3-37-scaled.jpg\";i:13523759;s:66:\"https:\/\/grupo-garcia.es\/wp-content\/uploads\/2025\/11\/3-38-scaled.jpg\";i:13523760;s:66:\"https:\/\/grupo-garcia.es\/wp-content\/uploads\/2025\/11\/3-39-scaled.jpg\";i:13523761;s:66:\"https:\/\/grupo-garcia.es\/wp-content\/uploads\/2025\/11\/3-40-scaled.jpg\";i:13523762;s:66:\"https:\/\/grupo-garcia.es\/wp-content\/uploads\/2025\/11\/3-41-scaled.jpg\";i:13523763;s:66:\"https:\/\/grupo-garcia.es\/wp-content\/uploads\/2025\/11\/3-42-scaled.jpg\";i:13523764;s:66:\"https:\/\/grupo-garcia.es\/wp-content\/uploads\/2025\/11\/3-43-scaled.jpg\";i:13523765;s:66:\"https:\/\/grupo-garcia.es\/wp-content\/uploads\/2025\/11\/3-44-scaled.jpg\";i:13523766;s:66:\"https:\/\/grupo-garcia.es\/wp-content\/uploads\/2025\/11\/3-45-scaled.jpg\";i:13523767;s:66:\"https:\/\/grupo-garcia.es\/wp-content\/uploads\/2025\/11\/3-46-scaled.jpg\";i:13523768;s:66:\"https:\/\/grupo-garcia.es\/wp-content\/uploads\/2025\/11\/3-47-scaled.jpg\";i:13523769;s:66:\"https:\/\/grupo-garcia.es\/wp-content\/uploads\/2025\/11\/3-48-scaled.jpg\";i:13523770;s:66:\"https:\/\/grupo-garcia.es\/wp-content\/uploads\/2025\/11\/3-49-scaled.jpg\";i:13523771;s:66:\"https:\/\/grupo-garcia.es\/wp-content\/uploads\/2025\/11\/3-50-scaled.jpg\";i:13523772;s:66:\"https:\/\/grupo-garcia.es\/wp-content\/uploads\/2025\/11\/3-51-scaled.jpg\";i:13523773;s:66:\"https:\/\/grupo-garcia.es\/wp-content\/uploads\/2025\/11\/3-52-scaled.jpg\";i:13523774;s:66:\"https:\/\/grupo-garcia.es\/wp-content\/uploads\/2025\/11\/3-53-scaled.jpg\";i:13523775;s:66:\"https:\/\/grupo-garcia.es\/wp-content\/uploads\/2025\/11\/3-54-scaled.jpg\";i:13523776;s:66:\"https:\/\/grupo-garcia.es\/wp-content\/uploads\/2025\/11\/3-55-scaled.jpg\";i:13523777;s:66:\"https:\/\/grupo-garcia.es\/wp-content\/uploads\/2025\/11\/3-56-scaled.jpg\";i:13523778;s:66:\"https:\/\/grupo-garcia.es\/wp-content\/uploads\/2025\/11\/3-57-scaled.jpg\";i:13523779;s:66:\"https:\/\/grupo-garcia.es\/wp-content\/uploads\/2025\/11\/3-58-scaled.jpg\";i:13523780;s:66:\"https:\/\/grupo-garcia.es\/wp-content\/uploads\/2025\/11\/3-59-scaled.jpg\";i:13523781;s:66:\"https:\/\/grupo-garcia.es\/wp-content\/uploads\/2025\/11\/3-60-scaled.jpg\";i:13523782;s:66:\"https:\/\/grupo-garcia.es\/wp-content\/uploads\/2025\/11\/3-61-scaled.jpg\";i:13523783;s:66:\"https:\/\/grupo-garcia.es\/wp-content\/uploads\/2025\/11\/3-62-scaled.jpg\";i:13523784;s:66:\"https:\/\/grupo-garcia.es\/wp-content\/uploads\/2025\/11\/3-63-scaled.jpg\";}"],"_thumbnail_id":["13523722"],"_wpml_word_count":["577"]},"property-state":[207],"property-type":[231],"zone":[522],"city":[67],"property_categories":[269],"class_list":["post-13523721","properties","type-properties","status-publish","has-post-thumbnail","hentry","property-state-revente","property-type-villas-fr","zone-partida-comunes-adsubia","city-javea","property_categories-vendre"],"yoast_head":"<!-- This site is optimized with the Yoast SEO plugin v27.5 - https:\/\/yoast.com\/product\/yoast-seo-wordpress\/ -->\n<title>Villa Rebaldi. \u00c9l\u00e9gante villa \u00e0 vendre \u00e0 Javea, tout pr\u00e8s de la plage. | Grupo Garcia<\/title>\n<meta name=\"description\" content=\"Villa Rebaldi. \u00c9l\u00e9gante villa \u00e0 vendre \u00e0 Javea, tout pr\u00e8s de la plage. La Villa Rebaldi est situ\u00e9e dans un quartier r\u00e9sidentiel paisible de J\u00e1vea, \u00e0 quelques minutes seulement de la Playa del Arenal et de son large choix de\" \/>\n<meta name=\"robots\" content=\"index, follow, max-snippet:-1, max-image-preview:large, max-video-preview:-1\" \/>\n<link rel=\"canonical\" href=\"https:\/\/grupo-garcia.es\/fr\/properties\/villa-rebaldi-elegante-villa-a-vendre-a-javea-tout-pres-de-la-plage-27181857\/\" \/>\n<meta property=\"og:locale\" content=\"fr_FR\" \/>\n<meta property=\"og:type\" content=\"article\" \/>\n<meta property=\"og:title\" content=\"Villa Rebaldi. \u00c9l\u00e9gante villa \u00e0 vendre \u00e0 Javea, tout pr\u00e8s de la plage. | Grupo Garcia\" \/>\n<meta property=\"og:description\" content=\"Villa Rebaldi. \u00c9l\u00e9gante villa \u00e0 vendre \u00e0 Javea, tout pr\u00e8s de la plage. La Villa Rebaldi est situ\u00e9e dans un quartier r\u00e9sidentiel paisible de J\u00e1vea, \u00e0 quelques minutes seulement de la Playa del Arenal et de son large choix de\" \/>\n<meta property=\"og:url\" content=\"https:\/\/grupo-garcia.es\/fr\/properties\/villa-rebaldi-elegante-villa-a-vendre-a-javea-tout-pres-de-la-plage-27181857\/\" \/>\n<meta property=\"og:site_name\" content=\"Grupo Garcia\" \/>\n<meta property=\"article:publisher\" content=\"https:\/\/www.facebook.com\/grupogarciacostablanca\/\" \/>\n<meta property=\"article:modified_time\" content=\"2026-04-28T05:53:55+00:00\" \/>\n<meta property=\"og:image\" content=\"https:\/\/grupo-garcia.es\/wp-content\/uploads\/2025\/11\/3-1-1-scaled.jpg\" \/>\n\t<meta property=\"og:image:width\" content=\"2560\" \/>\n\t<meta property=\"og:image:height\" content=\"1707\" \/>\n\t<meta property=\"og:image:type\" content=\"image\/jpeg\" \/>\n<meta name=\"twitter:card\" content=\"summary_large_image\" \/>\n<meta name=\"twitter:label1\" content=\"Dur\u00e9e de lecture estim\u00e9e\" \/>\n\t<meta name=\"twitter:data1\" content=\"3 minutes\" \/>\n<script type=\"application\/ld+json\" class=\"yoast-schema-graph\">{\"@context\":\"https:\\\/\\\/schema.org\",\"@graph\":[{\"@type\":[\"WebPage\",\"RealEstateListing\"],\"@id\":\"https:\\\/\\\/grupo-garcia.es\\\/fr\\\/properties\\\/villa-rebaldi-elegante-villa-a-vendre-a-javea-tout-pres-de-la-plage-27181857\\\/\",\"url\":\"https:\\\/\\\/grupo-garcia.es\\\/fr\\\/properties\\\/villa-rebaldi-elegante-villa-a-vendre-a-javea-tout-pres-de-la-plage-27181857\\\/\",\"name\":\"Villa Rebaldi. \u00c9l\u00e9gante villa \u00e0 vendre \u00e0 Javea, tout pr\u00e8s de la plage. | Grupo Garcia\",\"isPartOf\":{\"@id\":\"https:\\\/\\\/grupo-garcia.es\\\/fr\\\/#website\"},\"primaryImageOfPage\":{\"@id\":\"https:\\\/\\\/grupo-garcia.es\\\/fr\\\/properties\\\/villa-rebaldi-elegante-villa-a-vendre-a-javea-tout-pres-de-la-plage-27181857\\\/#primaryimage\"},\"image\":{\"@id\":\"https:\\\/\\\/grupo-garcia.es\\\/fr\\\/properties\\\/villa-rebaldi-elegante-villa-a-vendre-a-javea-tout-pres-de-la-plage-27181857\\\/#primaryimage\"},\"thumbnailUrl\":\"https:\\\/\\\/grupo-garcia.es\\\/wp-content\\\/uploads\\\/2025\\\/11\\\/3-1-1-scaled.jpg\",\"datePublished\":\"2026-03-30T13:54:03+00:00\",\"dateModified\":\"2026-04-28T05:53:55+00:00\",\"description\":\"Villa Rebaldi. \u00c9l\u00e9gante villa \u00e0 vendre \u00e0 Javea, tout pr\u00e8s de la plage. La Villa Rebaldi est situ\u00e9e dans un quartier r\u00e9sidentiel paisible de J\u00e1vea, \u00e0 quelques minutes seulement de la Playa del Arenal et de son large choix de\",\"breadcrumb\":{\"@id\":\"https:\\\/\\\/grupo-garcia.es\\\/fr\\\/properties\\\/villa-rebaldi-elegante-villa-a-vendre-a-javea-tout-pres-de-la-plage-27181857\\\/#breadcrumb\"},\"inLanguage\":\"fr-FR\",\"potentialAction\":[{\"@type\":\"ReadAction\",\"target\":[\"https:\\\/\\\/grupo-garcia.es\\\/fr\\\/properties\\\/villa-rebaldi-elegante-villa-a-vendre-a-javea-tout-pres-de-la-plage-27181857\\\/\"]}]},{\"@type\":\"ImageObject\",\"inLanguage\":\"fr-FR\",\"@id\":\"https:\\\/\\\/grupo-garcia.es\\\/fr\\\/properties\\\/villa-rebaldi-elegante-villa-a-vendre-a-javea-tout-pres-de-la-plage-27181857\\\/#primaryimage\",\"url\":\"https:\\\/\\\/grupo-garcia.es\\\/wp-content\\\/uploads\\\/2025\\\/11\\\/3-1-1-scaled.jpg\",\"contentUrl\":\"https:\\\/\\\/grupo-garcia.es\\\/wp-content\\\/uploads\\\/2025\\\/11\\\/3-1-1-scaled.jpg\",\"width\":2560,\"height\":1707},{\"@type\":\"BreadcrumbList\",\"@id\":\"https:\\\/\\\/grupo-garcia.es\\\/fr\\\/properties\\\/villa-rebaldi-elegante-villa-a-vendre-a-javea-tout-pres-de-la-plage-27181857\\\/#breadcrumb\",\"itemListElement\":[{\"@type\":\"ListItem\",\"position\":1,\"name\":\"Portada\",\"item\":\"https:\\\/\\\/grupo-garcia.es\\\/fr\\\/\"},{\"@type\":\"ListItem\",\"position\":2,\"name\":\"Properties\",\"item\":\"https:\\\/\\\/grupo-garcia.es\\\/fr\\\/properties\\\/\"},{\"@type\":\"ListItem\",\"position\":3,\"name\":\"Villa Rebaldi. \u00c9l\u00e9gante villa \u00e0 vendre \u00e0 Javea, tout pr\u00e8s de la plage.\"}]},{\"@type\":\"WebSite\",\"@id\":\"https:\\\/\\\/grupo-garcia.es\\\/fr\\\/#website\",\"url\":\"https:\\\/\\\/grupo-garcia.es\\\/fr\\\/\",\"name\":\"Grupo Garcia\",\"description\":\"Inmobiliaria en J\u00e1vea y Jal\u00f3n\",\"potentialAction\":[{\"@type\":\"SearchAction\",\"target\":{\"@type\":\"EntryPoint\",\"urlTemplate\":\"https:\\\/\\\/grupo-garcia.es\\\/fr\\\/?s={search_term_string}\"},\"query-input\":{\"@type\":\"PropertyValueSpecification\",\"valueRequired\":true,\"valueName\":\"search_term_string\"}}],\"inLanguage\":\"fr-FR\"}]}<\/script>\n<!-- \/ Yoast SEO plugin. -->","yoast_head_json":{"title":"Villa Rebaldi. \u00c9l\u00e9gante villa \u00e0 vendre \u00e0 Javea, tout pr\u00e8s de la plage. | Grupo Garcia","description":"Villa Rebaldi. \u00c9l\u00e9gante villa \u00e0 vendre \u00e0 Javea, tout pr\u00e8s de la plage. La Villa Rebaldi est situ\u00e9e dans un quartier r\u00e9sidentiel paisible de J\u00e1vea, \u00e0 quelques minutes seulement de la Playa del Arenal et de son large choix de","robots":{"index":"index","follow":"follow","max-snippet":"max-snippet:-1","max-image-preview":"max-image-preview:large","max-video-preview":"max-video-preview:-1"},"canonical":"https:\/\/grupo-garcia.es\/fr\/properties\/villa-rebaldi-elegante-villa-a-vendre-a-javea-tout-pres-de-la-plage-27181857\/","og_locale":"fr_FR","og_type":"article","og_title":"Villa Rebaldi. \u00c9l\u00e9gante villa \u00e0 vendre \u00e0 Javea, tout pr\u00e8s de la plage. | Grupo Garcia","og_description":"Villa Rebaldi. \u00c9l\u00e9gante villa \u00e0 vendre \u00e0 Javea, tout pr\u00e8s de la plage. La Villa Rebaldi est situ\u00e9e dans un quartier r\u00e9sidentiel paisible de J\u00e1vea, \u00e0 quelques minutes seulement de la Playa del Arenal et de son large choix de","og_url":"https:\/\/grupo-garcia.es\/fr\/properties\/villa-rebaldi-elegante-villa-a-vendre-a-javea-tout-pres-de-la-plage-27181857\/","og_site_name":"Grupo Garcia","article_publisher":"https:\/\/www.facebook.com\/grupogarciacostablanca\/","article_modified_time":"2026-04-28T05:53:55+00:00","og_image":[{"width":2560,"height":1707,"url":"https:\/\/grupo-garcia.es\/wp-content\/uploads\/2025\/11\/3-1-1-scaled.jpg","type":"image\/jpeg"}],"twitter_card":"summary_large_image","twitter_misc":{"Dur\u00e9e de lecture estim\u00e9e":"3 minutes"},"schema":{"@context":"https:\/\/schema.org","@graph":[{"@type":["WebPage","RealEstateListing"],"@id":"https:\/\/grupo-garcia.es\/fr\/properties\/villa-rebaldi-elegante-villa-a-vendre-a-javea-tout-pres-de-la-plage-27181857\/","url":"https:\/\/grupo-garcia.es\/fr\/properties\/villa-rebaldi-elegante-villa-a-vendre-a-javea-tout-pres-de-la-plage-27181857\/","name":"Villa Rebaldi. \u00c9l\u00e9gante villa \u00e0 vendre \u00e0 Javea, tout pr\u00e8s de la plage. | Grupo Garcia","isPartOf":{"@id":"https:\/\/grupo-garcia.es\/fr\/#website"},"primaryImageOfPage":{"@id":"https:\/\/grupo-garcia.es\/fr\/properties\/villa-rebaldi-elegante-villa-a-vendre-a-javea-tout-pres-de-la-plage-27181857\/#primaryimage"},"image":{"@id":"https:\/\/grupo-garcia.es\/fr\/properties\/villa-rebaldi-elegante-villa-a-vendre-a-javea-tout-pres-de-la-plage-27181857\/#primaryimage"},"thumbnailUrl":"https:\/\/grupo-garcia.es\/wp-content\/uploads\/2025\/11\/3-1-1-scaled.jpg","datePublished":"2026-03-30T13:54:03+00:00","dateModified":"2026-04-28T05:53:55+00:00","description":"Villa Rebaldi. \u00c9l\u00e9gante villa \u00e0 vendre \u00e0 Javea, tout pr\u00e8s de la plage. La Villa Rebaldi est situ\u00e9e dans un quartier r\u00e9sidentiel paisible de J\u00e1vea, \u00e0 quelques minutes seulement de la Playa del Arenal et de son large choix de","breadcrumb":{"@id":"https:\/\/grupo-garcia.es\/fr\/properties\/villa-rebaldi-elegante-villa-a-vendre-a-javea-tout-pres-de-la-plage-27181857\/#breadcrumb"},"inLanguage":"fr-FR","potentialAction":[{"@type":"ReadAction","target":["https:\/\/grupo-garcia.es\/fr\/properties\/villa-rebaldi-elegante-villa-a-vendre-a-javea-tout-pres-de-la-plage-27181857\/"]}]},{"@type":"ImageObject","inLanguage":"fr-FR","@id":"https:\/\/grupo-garcia.es\/fr\/properties\/villa-rebaldi-elegante-villa-a-vendre-a-javea-tout-pres-de-la-plage-27181857\/#primaryimage","url":"https:\/\/grupo-garcia.es\/wp-content\/uploads\/2025\/11\/3-1-1-scaled.jpg","contentUrl":"https:\/\/grupo-garcia.es\/wp-content\/uploads\/2025\/11\/3-1-1-scaled.jpg","width":2560,"height":1707},{"@type":"BreadcrumbList","@id":"https:\/\/grupo-garcia.es\/fr\/properties\/villa-rebaldi-elegante-villa-a-vendre-a-javea-tout-pres-de-la-plage-27181857\/#breadcrumb","itemListElement":[{"@type":"ListItem","position":1,"name":"Portada","item":"https:\/\/grupo-garcia.es\/fr\/"},{"@type":"ListItem","position":2,"name":"Properties","item":"https:\/\/grupo-garcia.es\/fr\/properties\/"},{"@type":"ListItem","position":3,"name":"Villa Rebaldi. \u00c9l\u00e9gante villa \u00e0 vendre \u00e0 Javea, tout pr\u00e8s de la plage."}]},{"@type":"WebSite","@id":"https:\/\/grupo-garcia.es\/fr\/#website","url":"https:\/\/grupo-garcia.es\/fr\/","name":"Grupo Garcia","description":"Inmobiliaria en J\u00e1vea y Jal\u00f3n","potentialAction":[{"@type":"SearchAction","target":{"@type":"EntryPoint","urlTemplate":"https:\/\/grupo-garcia.es\/fr\/?s={search_term_string}"},"query-input":{"@type":"PropertyValueSpecification","valueRequired":true,"valueName":"search_term_string"}}],"inLanguage":"fr-FR"}]}},"_links":{"self":[{"href":"https:\/\/grupo-garcia.es\/fr\/wp-json\/wp\/v2\/properties\/13523721","targetHints":{"allow":["GET"]}}],"collection":[{"href":"https:\/\/grupo-garcia.es\/fr\/wp-json\/wp\/v2\/properties"}],"about":[{"href":"https:\/\/grupo-garcia.es\/fr\/wp-json\/wp\/v2\/types\/properties"}],"wp:featuredmedia":[{"embeddable":true,"href":"https:\/\/grupo-garcia.es\/fr\/wp-json\/wp\/v2\/media\/13523722"}],"wp:attachment":[{"href":"https:\/\/grupo-garcia.es\/fr\/wp-json\/wp\/v2\/media?parent=13523721"}],"wp:term":[{"taxonomy":"property-state","embeddable":true,"href":"https:\/\/grupo-garcia.es\/fr\/wp-json\/wp\/v2\/property-state?post=13523721"},{"taxonomy":"property-type","embeddable":true,"href":"https:\/\/grupo-garcia.es\/fr\/wp-json\/wp\/v2\/property-type?post=13523721"},{"taxonomy":"zone","embeddable":true,"href":"https:\/\/grupo-garcia.es\/fr\/wp-json\/wp\/v2\/zone?post=13523721"},{"taxonomy":"city","embeddable":true,"href":"https:\/\/grupo-garcia.es\/fr\/wp-json\/wp\/v2\/city?post=13523721"},{"taxonomy":"property_categories","embeddable":true,"href":"https:\/\/grupo-garcia.es\/fr\/wp-json\/wp\/v2\/property_categories?post=13523721"}],"curies":[{"name":"wp","href":"https:\/\/api.w.org\/{rel}","templated":true}]}}