{"id":13519731,"date":"2026-04-23T14:51:01","date_gmt":"2026-04-23T13:51:01","guid":{"rendered":"https:\/\/grupo-garcia.es\/properties\/atico-a-vendre-a-la-pedrera-denia-avec-vue-et-un-excellent-emplacement-23870509\/"},"modified":"2026-04-24T06:51:23","modified_gmt":"2026-04-24T05:51:23","slug":"atico-a-vendre-a-la-pedrera-denia-avec-vue-et-un-excellent-emplacement-23870509","status":"publish","type":"properties","link":"https:\/\/grupo-garcia.es\/fr\/properties\/atico-a-vendre-a-la-pedrera-denia-avec-vue-et-un-excellent-emplacement-23870509\/","title":{"rendered":"Penthouse \u00e0 vendre \u00e0 La Pedrera Denia avec vue et un excellent emplacement"},"content":{"rendered":"<p>Situ\u00e9 dans le charmant village de La Pedrera, \u00e0 quelques pas du c\u0153ur anim\u00e9 de D\u00e9nia, ce charmant appartement de deux chambres et deux salles de bains offre confort, commodit\u00e9 et tr\u00e8s belles vues. Situ\u00e9 au troisi\u00e8me \u00e9tage et r\u00e9parti sur un seul niveau pour faciliter l&rsquo;acc\u00e8s par ascenseur depuis l&rsquo;acc\u00e8s pi\u00e9ton ou le parking, la propri\u00e9t\u00e9 est con\u00e7ue pour une vie m\u00e9diterran\u00e9enne d\u00e9contract\u00e9e, avec un salon et une cuisine d\u00e9cloisonn\u00e9s qui s&rsquo;ouvrent sur une terrasse spacieuse. De l\u00e0, vous pourrez admirer la vue sur la montagne Montg\u00f3, le ch\u00e2teau historique de D\u00e9nia et la mer M\u00e9diterran\u00e9e au loin.<\/p>\n<p>Cet appartement moderne b\u00e9n\u00e9ficie d&rsquo;une multitude d&rsquo;\u00e9quipements communs \u00e0 sa porte. Que vous souhaitiez vous d\u00e9tendre au bord de la piscine accueillante, profiter du soleil sur les terrasses communes ou maintenir votre routine de remise en forme dans la salle de sport enti\u00e8rement \u00e9quip\u00e9e, tout ce dont vous avez besoin est \u00e0 port\u00e9e de main. Un ascenseur permet un acc\u00e8s direct au niveau de la rue et au parking souterrain s\u00e9curis\u00e9, o\u00f9 une place de parking d\u00e9di\u00e9e et un local de rangement sont \u00e9galement inclus dans la propri\u00e9t\u00e9.<\/p>\n<p>Situ\u00e9 dans le quartier recherch\u00e9 de La Pedrera, cet appartement est id\u00e9alement situ\u00e9 pour ceux qui appr\u00e9cient \u00e0 la fois la tranquillit\u00e9 et l&rsquo;accessibilit\u00e9. La Pedrera est connue pour son atmosph\u00e8re conviviale, ses charmants caf\u00e9s locaux et sa proximit\u00e9 avec le centre-ville anim\u00e9 de D\u00e9nia, o\u00f9 vous pourrez profiter d&rsquo;une vari\u00e9t\u00e9 de restaurants, de boutiques et d&rsquo;attractions culturelles. Avec les superbes plages de D\u00e9nia \u00e0 quelques minutes en voiture et d&rsquo;excellentes liaisons de transport \u00e0 proximit\u00e9, il s&rsquo;agit d&rsquo;une maison id\u00e9ale ou d&rsquo;une opportunit\u00e9 d&rsquo;investissement dans l&rsquo;un des endroits les plus pris\u00e9s de la Costa Blanca.<\/p>\n<p>Ne manquez pas l&rsquo;occasion de d\u00e9couvrir le meilleur de la vie c\u00f4ti\u00e8re et montagnarde dans ce magnifique appartement &#8211; planifiez une visite d\u00e8s aujourd&rsquo;hui !<\/p><\/p>\n","protected":false},"featured_media":13519410,"template":"","meta":{"id_inmovilla":["23870509"],"property_type":["Atico"],"property_ref":["DG6572"],"property_price":["279000"],"property_city":["Denia"],"property_region":["ALICANTE"],"zona-auxiliar":["La Pedrera-Vessanes"],"tipo-via":[""],"domicilio":[""],"numero":[""],"codigo-postal":["03700"],"altura":[""],"planta":[""],"piso":[""],"puerta":[""],"escalera":[""],"bloque":[""],"edificio":[""],"habitaciones-dobles":["2"],"bedrooms":["0"],"banos":["2"],"aseos":["0"],"salones":["0"],"parking":["1","2"],"plantas":["0"],"fecha-construccion":["2007"],"distancia-playa":["0"],"comunidad":["0"],"periodicidad-comunidad":["MES"],"ibi":["0.00"],"distancia-al-mar":["0"],"metros-utiles":["0.00"],"metros-construidos":["87.00"],"metros-parcela":["0"],"metros-de-la-terraza":["0.00"],"metros-de-la-cocina":["0.00"],"metros-del-comedor":["0.00"],"metros-del-salon":["0.00"],"estado":["Buen estado"],"carpinteria-exterior":["Aluminio\/Climalit"],"tipo-suelo":["Stoneware"],"orientacion":[""],"carpinteria-interior":["Madera"],"vistas":["Dans la rue"],"tipo-de-calefaccion":["25"],"agua-caliente":["0"],"tipo-cocina":[""],"instalacion-electrica":["0"],"fachada":[""],"acceso-pmr":["false"],"armarios-empotrados":["true"],"calefaccion":["true"],"garaje":["2"],"jacuzzi":["false"],"solarium":["false"],"vivienda-adaptada":["false"],"ascensor":["true"],"calefaccion-central":["false"],"garaje-doble":["false"],"jardin":["false"],"puerta-blindada":["false"],"t-v":["false"],"aire-acond-central":["false"],"balcon":["false"],"chimenea":["false"],"gas-ciudad":["false"],"lavanderia":["false"],"patio":["false"],"aire-acondicionado":["true"],"bar":["false"],"deposito-agua":["false"],"gimnasio":["true"],"luminoso":["false"],"pergola":["false"],"terraza":["true"],"alarma":["false"],"barbacoa":["false"],"descalcificador":["false"],"hab-juegos":["false"],"luz":["false"],"piscina-comunitaria":["true"],"satelite":["false"],"terraza-acristalada":["false"],"alarma-incendio":["false"],"bomba-frio-y-calor":["true"],"despensa":["false"],"hidromasaje":["false"],"mirador":["false"],"piscina-propia":["false"],"sauna":["false"],"trastero":["true"],"apart-separado":["false"],"buhardilla":["false"],"esquina":["false"],"muebles":["false"],"preinst-aacc":["false"],"sotano":["false"],"videoportero":[""],"autobuses":["false"],"centros-comerciales":["false"],"colegios":["false"],"hospitales":["false"],"urbanizacion":["false"],"vistas-al-mar":["false"],"zonas-infantiles":["false"],"arboles":["false"],"centros-medicos":["false"],"costa":["false"],"metro":["false"],"primera-linea":["false"],"tranvia":["false"],"vallado":["false"],"golf":["false"],"montana":["false"],"rural":["false"],"tren":["false"],"exclusividad":["false"],"tour-virtual":[""],"video":[""],"disponibilidad-propiedad":["Libre"],"habitaciones_totales":["2"],"ojo_de_buey":["true"],"certificado_energetico":["E"],"energia_valor":["0"],"_wp_page_template":["default"],"galeria":["a:40:{i:13519410;s:67:\"https:\/\/grupo-garcia.es\/wp-content\/uploads\/2025\/10\/5-1-5-scaled.jpg\";i:13519414;s:67:\"https:\/\/grupo-garcia.es\/wp-content\/uploads\/2025\/10\/5-2-5-scaled.jpg\";i:13519418;s:67:\"https:\/\/grupo-garcia.es\/wp-content\/uploads\/2025\/10\/5-3-5-scaled.jpg\";i:13519422;s:67:\"https:\/\/grupo-garcia.es\/wp-content\/uploads\/2025\/10\/5-4-5-scaled.jpg\";i:13519426;s:67:\"https:\/\/grupo-garcia.es\/wp-content\/uploads\/2025\/10\/5-5-5-scaled.jpg\";i:13519430;s:67:\"https:\/\/grupo-garcia.es\/wp-content\/uploads\/2025\/10\/5-6-5-scaled.jpg\";i:13519434;s:67:\"https:\/\/grupo-garcia.es\/wp-content\/uploads\/2025\/10\/5-7-5-scaled.jpg\";i:13519438;s:67:\"https:\/\/grupo-garcia.es\/wp-content\/uploads\/2025\/10\/5-8-5-scaled.jpg\";i:13519442;s:67:\"https:\/\/grupo-garcia.es\/wp-content\/uploads\/2025\/10\/5-9-5-scaled.jpg\";i:13519446;s:68:\"https:\/\/grupo-garcia.es\/wp-content\/uploads\/2025\/10\/5-10-5-scaled.jpg\";i:13519450;s:68:\"https:\/\/grupo-garcia.es\/wp-content\/uploads\/2025\/10\/5-11-5-scaled.jpg\";i:13519454;s:68:\"https:\/\/grupo-garcia.es\/wp-content\/uploads\/2025\/10\/5-12-5-scaled.jpg\";i:13519458;s:68:\"https:\/\/grupo-garcia.es\/wp-content\/uploads\/2025\/10\/5-13-5-scaled.jpg\";i:13519462;s:68:\"https:\/\/grupo-garcia.es\/wp-content\/uploads\/2025\/10\/5-14-5-scaled.jpg\";i:13519466;s:68:\"https:\/\/grupo-garcia.es\/wp-content\/uploads\/2025\/10\/5-15-5-scaled.jpg\";i:13519470;s:68:\"https:\/\/grupo-garcia.es\/wp-content\/uploads\/2025\/10\/5-16-5-scaled.jpg\";i:13519474;s:68:\"https:\/\/grupo-garcia.es\/wp-content\/uploads\/2025\/10\/5-17-5-scaled.jpg\";i:13519478;s:68:\"https:\/\/grupo-garcia.es\/wp-content\/uploads\/2025\/10\/5-18-5-scaled.jpg\";i:13519482;s:68:\"https:\/\/grupo-garcia.es\/wp-content\/uploads\/2025\/10\/5-19-5-scaled.jpg\";i:13519486;s:68:\"https:\/\/grupo-garcia.es\/wp-content\/uploads\/2025\/10\/5-20-5-scaled.jpg\";i:13519490;s:68:\"https:\/\/grupo-garcia.es\/wp-content\/uploads\/2025\/10\/5-21-5-scaled.jpg\";i:13519494;s:68:\"https:\/\/grupo-garcia.es\/wp-content\/uploads\/2025\/10\/5-22-4-scaled.jpg\";i:13519498;s:68:\"https:\/\/grupo-garcia.es\/wp-content\/uploads\/2025\/10\/5-23-3-scaled.jpg\";i:13519502;s:68:\"https:\/\/grupo-garcia.es\/wp-content\/uploads\/2025\/10\/5-24-3-scaled.jpg\";i:13519506;s:68:\"https:\/\/grupo-garcia.es\/wp-content\/uploads\/2025\/10\/5-25-3-scaled.jpg\";i:13519510;s:68:\"https:\/\/grupo-garcia.es\/wp-content\/uploads\/2025\/10\/5-26-3-scaled.jpg\";i:13519514;s:68:\"https:\/\/grupo-garcia.es\/wp-content\/uploads\/2025\/10\/5-27-3-scaled.jpg\";i:13519518;s:68:\"https:\/\/grupo-garcia.es\/wp-content\/uploads\/2025\/10\/5-28-3-scaled.jpg\";i:13519522;s:68:\"https:\/\/grupo-garcia.es\/wp-content\/uploads\/2025\/10\/5-29-3-scaled.jpg\";i:13519526;s:68:\"https:\/\/grupo-garcia.es\/wp-content\/uploads\/2025\/10\/5-30-3-scaled.jpg\";i:13519530;s:68:\"https:\/\/grupo-garcia.es\/wp-content\/uploads\/2025\/10\/5-31-3-scaled.jpg\";i:13519534;s:68:\"https:\/\/grupo-garcia.es\/wp-content\/uploads\/2025\/10\/5-32-2-scaled.jpg\";i:13519538;s:68:\"https:\/\/grupo-garcia.es\/wp-content\/uploads\/2025\/10\/5-33-2-scaled.jpg\";i:13519542;s:68:\"https:\/\/grupo-garcia.es\/wp-content\/uploads\/2025\/10\/5-34-2-scaled.jpg\";i:13519546;s:68:\"https:\/\/grupo-garcia.es\/wp-content\/uploads\/2025\/10\/5-35-2-scaled.jpg\";i:13519550;s:68:\"https:\/\/grupo-garcia.es\/wp-content\/uploads\/2025\/10\/5-36-2-scaled.jpg\";i:13519554;s:68:\"https:\/\/grupo-garcia.es\/wp-content\/uploads\/2025\/10\/5-37-2-scaled.jpg\";i:13519558;s:68:\"https:\/\/grupo-garcia.es\/wp-content\/uploads\/2025\/10\/5-38-1-scaled.jpg\";i:13519562;s:68:\"https:\/\/grupo-garcia.es\/wp-content\/uploads\/2025\/10\/5-39-1-scaled.jpg\";i:13519566;s:68:\"https:\/\/grupo-garcia.es\/wp-content\/uploads\/2025\/10\/5-40-1-scaled.jpg\";}"],"_thumbnail_id":["13519410"],"_wpml_word_count":["349"]},"property-state":[207],"property-type":[226],"zone":[540],"city":[65],"property_categories":[269],"class_list":["post-13519731","properties","type-properties","status-publish","has-post-thumbnail","hentry","property-state-revente","property-type-penthouse","zone-la-pedrera-vessanes","city-denia","property_categories-vendre"],"yoast_head":"<!-- This site is optimized with the Yoast SEO plugin v27.4 - https:\/\/yoast.com\/product\/yoast-seo-wordpress\/ -->\n<title>Penthouse \u00e0 vendre \u00e0 La Pedrera Denia avec vue et un excellent emplacement | Grupo Garcia<\/title>\n<meta name=\"description\" content=\"Penthouse \u00e0 vendre \u00e0 La Pedrera Denia avec vue et un excellent emplacement Situ\u00e9 dans le charmant village de La Pedrera, \u00e0 quelques pas du c\u0153ur anim\u00e9 de D\u00e9nia, ce charmant appartement de deux chambres et deux salles de bains\" \/>\n<meta name=\"robots\" content=\"index, follow, max-snippet:-1, max-image-preview:large, max-video-preview:-1\" \/>\n<link rel=\"canonical\" href=\"https:\/\/grupo-garcia.es\/fr\/properties\/atico-a-vendre-a-la-pedrera-denia-avec-vue-et-un-excellent-emplacement-23870509\/\" \/>\n<meta property=\"og:locale\" content=\"fr_FR\" \/>\n<meta property=\"og:type\" content=\"article\" \/>\n<meta property=\"og:title\" content=\"Penthouse \u00e0 vendre \u00e0 La Pedrera Denia avec vue et un excellent emplacement | Grupo Garcia\" \/>\n<meta property=\"og:description\" content=\"Penthouse \u00e0 vendre \u00e0 La Pedrera Denia avec vue et un excellent emplacement Situ\u00e9 dans le charmant village de La Pedrera, \u00e0 quelques pas du c\u0153ur anim\u00e9 de D\u00e9nia, ce charmant appartement de deux chambres et deux salles de bains\" \/>\n<meta property=\"og:url\" content=\"https:\/\/grupo-garcia.es\/fr\/properties\/atico-a-vendre-a-la-pedrera-denia-avec-vue-et-un-excellent-emplacement-23870509\/\" \/>\n<meta property=\"og:site_name\" content=\"Grupo Garcia\" \/>\n<meta property=\"article:publisher\" content=\"https:\/\/www.facebook.com\/grupogarciacostablanca\/\" \/>\n<meta property=\"article:modified_time\" content=\"2026-04-24T05:51:23+00:00\" \/>\n<meta property=\"og:image\" content=\"https:\/\/grupo-garcia.es\/wp-content\/uploads\/2025\/10\/5-1-5-scaled.jpg\" \/>\n\t<meta property=\"og:image:width\" content=\"2560\" \/>\n\t<meta property=\"og:image:height\" content=\"1706\" \/>\n\t<meta property=\"og:image:type\" content=\"image\/jpeg\" \/>\n<meta name=\"twitter:card\" content=\"summary_large_image\" \/>\n<meta name=\"twitter:label1\" content=\"Dur\u00e9e de lecture estim\u00e9e\" \/>\n\t<meta name=\"twitter:data1\" content=\"2 minutes\" \/>\n<script type=\"application\/ld+json\" class=\"yoast-schema-graph\">{\"@context\":\"https:\\\/\\\/schema.org\",\"@graph\":[{\"@type\":[\"WebPage\",\"RealEstateListing\"],\"@id\":\"https:\\\/\\\/grupo-garcia.es\\\/fr\\\/properties\\\/atico-a-vendre-a-la-pedrera-denia-avec-vue-et-un-excellent-emplacement-23870509\\\/\",\"url\":\"https:\\\/\\\/grupo-garcia.es\\\/fr\\\/properties\\\/atico-a-vendre-a-la-pedrera-denia-avec-vue-et-un-excellent-emplacement-23870509\\\/\",\"name\":\"Penthouse \u00e0 vendre \u00e0 La Pedrera Denia avec vue et un excellent emplacement | Grupo Garcia\",\"isPartOf\":{\"@id\":\"https:\\\/\\\/grupo-garcia.es\\\/fr\\\/#website\"},\"primaryImageOfPage\":{\"@id\":\"https:\\\/\\\/grupo-garcia.es\\\/fr\\\/properties\\\/atico-a-vendre-a-la-pedrera-denia-avec-vue-et-un-excellent-emplacement-23870509\\\/#primaryimage\"},\"image\":{\"@id\":\"https:\\\/\\\/grupo-garcia.es\\\/fr\\\/properties\\\/atico-a-vendre-a-la-pedrera-denia-avec-vue-et-un-excellent-emplacement-23870509\\\/#primaryimage\"},\"thumbnailUrl\":\"https:\\\/\\\/grupo-garcia.es\\\/wp-content\\\/uploads\\\/2025\\\/10\\\/5-1-5-scaled.jpg\",\"datePublished\":\"2026-04-23T13:51:01+00:00\",\"dateModified\":\"2026-04-24T05:51:23+00:00\",\"description\":\"Penthouse \u00e0 vendre \u00e0 La Pedrera Denia avec vue et un excellent emplacement Situ\u00e9 dans le charmant village de La Pedrera, \u00e0 quelques pas du c\u0153ur anim\u00e9 de D\u00e9nia, ce charmant appartement de deux chambres et deux salles de bains\",\"breadcrumb\":{\"@id\":\"https:\\\/\\\/grupo-garcia.es\\\/fr\\\/properties\\\/atico-a-vendre-a-la-pedrera-denia-avec-vue-et-un-excellent-emplacement-23870509\\\/#breadcrumb\"},\"inLanguage\":\"fr-FR\",\"potentialAction\":[{\"@type\":\"ReadAction\",\"target\":[\"https:\\\/\\\/grupo-garcia.es\\\/fr\\\/properties\\\/atico-a-vendre-a-la-pedrera-denia-avec-vue-et-un-excellent-emplacement-23870509\\\/\"]}]},{\"@type\":\"ImageObject\",\"inLanguage\":\"fr-FR\",\"@id\":\"https:\\\/\\\/grupo-garcia.es\\\/fr\\\/properties\\\/atico-a-vendre-a-la-pedrera-denia-avec-vue-et-un-excellent-emplacement-23870509\\\/#primaryimage\",\"url\":\"https:\\\/\\\/grupo-garcia.es\\\/wp-content\\\/uploads\\\/2025\\\/10\\\/5-1-5-scaled.jpg\",\"contentUrl\":\"https:\\\/\\\/grupo-garcia.es\\\/wp-content\\\/uploads\\\/2025\\\/10\\\/5-1-5-scaled.jpg\",\"width\":2560,\"height\":1706},{\"@type\":\"BreadcrumbList\",\"@id\":\"https:\\\/\\\/grupo-garcia.es\\\/fr\\\/properties\\\/atico-a-vendre-a-la-pedrera-denia-avec-vue-et-un-excellent-emplacement-23870509\\\/#breadcrumb\",\"itemListElement\":[{\"@type\":\"ListItem\",\"position\":1,\"name\":\"Portada\",\"item\":\"https:\\\/\\\/grupo-garcia.es\\\/fr\\\/\"},{\"@type\":\"ListItem\",\"position\":2,\"name\":\"Properties\",\"item\":\"https:\\\/\\\/grupo-garcia.es\\\/fr\\\/properties\\\/\"},{\"@type\":\"ListItem\",\"position\":3,\"name\":\"Penthouse \u00e0 vendre \u00e0 La Pedrera Denia avec vue et un excellent emplacement\"}]},{\"@type\":\"WebSite\",\"@id\":\"https:\\\/\\\/grupo-garcia.es\\\/fr\\\/#website\",\"url\":\"https:\\\/\\\/grupo-garcia.es\\\/fr\\\/\",\"name\":\"Grupo Garcia\",\"description\":\"Inmobiliaria en J\u00e1vea y Jal\u00f3n\",\"potentialAction\":[{\"@type\":\"SearchAction\",\"target\":{\"@type\":\"EntryPoint\",\"urlTemplate\":\"https:\\\/\\\/grupo-garcia.es\\\/fr\\\/?s={search_term_string}\"},\"query-input\":{\"@type\":\"PropertyValueSpecification\",\"valueRequired\":true,\"valueName\":\"search_term_string\"}}],\"inLanguage\":\"fr-FR\"}]}<\/script>\n<!-- \/ Yoast SEO plugin. -->","yoast_head_json":{"title":"Penthouse \u00e0 vendre \u00e0 La Pedrera Denia avec vue et un excellent emplacement | Grupo Garcia","description":"Penthouse \u00e0 vendre \u00e0 La Pedrera Denia avec vue et un excellent emplacement Situ\u00e9 dans le charmant village de La Pedrera, \u00e0 quelques pas du c\u0153ur anim\u00e9 de D\u00e9nia, ce charmant appartement de deux chambres et deux salles de bains","robots":{"index":"index","follow":"follow","max-snippet":"max-snippet:-1","max-image-preview":"max-image-preview:large","max-video-preview":"max-video-preview:-1"},"canonical":"https:\/\/grupo-garcia.es\/fr\/properties\/atico-a-vendre-a-la-pedrera-denia-avec-vue-et-un-excellent-emplacement-23870509\/","og_locale":"fr_FR","og_type":"article","og_title":"Penthouse \u00e0 vendre \u00e0 La Pedrera Denia avec vue et un excellent emplacement | Grupo Garcia","og_description":"Penthouse \u00e0 vendre \u00e0 La Pedrera Denia avec vue et un excellent emplacement Situ\u00e9 dans le charmant village de La Pedrera, \u00e0 quelques pas du c\u0153ur anim\u00e9 de D\u00e9nia, ce charmant appartement de deux chambres et deux salles de bains","og_url":"https:\/\/grupo-garcia.es\/fr\/properties\/atico-a-vendre-a-la-pedrera-denia-avec-vue-et-un-excellent-emplacement-23870509\/","og_site_name":"Grupo Garcia","article_publisher":"https:\/\/www.facebook.com\/grupogarciacostablanca\/","article_modified_time":"2026-04-24T05:51:23+00:00","og_image":[{"width":2560,"height":1706,"url":"https:\/\/grupo-garcia.es\/wp-content\/uploads\/2025\/10\/5-1-5-scaled.jpg","type":"image\/jpeg"}],"twitter_card":"summary_large_image","twitter_misc":{"Dur\u00e9e de lecture estim\u00e9e":"2 minutes"},"schema":{"@context":"https:\/\/schema.org","@graph":[{"@type":["WebPage","RealEstateListing"],"@id":"https:\/\/grupo-garcia.es\/fr\/properties\/atico-a-vendre-a-la-pedrera-denia-avec-vue-et-un-excellent-emplacement-23870509\/","url":"https:\/\/grupo-garcia.es\/fr\/properties\/atico-a-vendre-a-la-pedrera-denia-avec-vue-et-un-excellent-emplacement-23870509\/","name":"Penthouse \u00e0 vendre \u00e0 La Pedrera Denia avec vue et un excellent emplacement | Grupo Garcia","isPartOf":{"@id":"https:\/\/grupo-garcia.es\/fr\/#website"},"primaryImageOfPage":{"@id":"https:\/\/grupo-garcia.es\/fr\/properties\/atico-a-vendre-a-la-pedrera-denia-avec-vue-et-un-excellent-emplacement-23870509\/#primaryimage"},"image":{"@id":"https:\/\/grupo-garcia.es\/fr\/properties\/atico-a-vendre-a-la-pedrera-denia-avec-vue-et-un-excellent-emplacement-23870509\/#primaryimage"},"thumbnailUrl":"https:\/\/grupo-garcia.es\/wp-content\/uploads\/2025\/10\/5-1-5-scaled.jpg","datePublished":"2026-04-23T13:51:01+00:00","dateModified":"2026-04-24T05:51:23+00:00","description":"Penthouse \u00e0 vendre \u00e0 La Pedrera Denia avec vue et un excellent emplacement Situ\u00e9 dans le charmant village de La Pedrera, \u00e0 quelques pas du c\u0153ur anim\u00e9 de D\u00e9nia, ce charmant appartement de deux chambres et deux salles de bains","breadcrumb":{"@id":"https:\/\/grupo-garcia.es\/fr\/properties\/atico-a-vendre-a-la-pedrera-denia-avec-vue-et-un-excellent-emplacement-23870509\/#breadcrumb"},"inLanguage":"fr-FR","potentialAction":[{"@type":"ReadAction","target":["https:\/\/grupo-garcia.es\/fr\/properties\/atico-a-vendre-a-la-pedrera-denia-avec-vue-et-un-excellent-emplacement-23870509\/"]}]},{"@type":"ImageObject","inLanguage":"fr-FR","@id":"https:\/\/grupo-garcia.es\/fr\/properties\/atico-a-vendre-a-la-pedrera-denia-avec-vue-et-un-excellent-emplacement-23870509\/#primaryimage","url":"https:\/\/grupo-garcia.es\/wp-content\/uploads\/2025\/10\/5-1-5-scaled.jpg","contentUrl":"https:\/\/grupo-garcia.es\/wp-content\/uploads\/2025\/10\/5-1-5-scaled.jpg","width":2560,"height":1706},{"@type":"BreadcrumbList","@id":"https:\/\/grupo-garcia.es\/fr\/properties\/atico-a-vendre-a-la-pedrera-denia-avec-vue-et-un-excellent-emplacement-23870509\/#breadcrumb","itemListElement":[{"@type":"ListItem","position":1,"name":"Portada","item":"https:\/\/grupo-garcia.es\/fr\/"},{"@type":"ListItem","position":2,"name":"Properties","item":"https:\/\/grupo-garcia.es\/fr\/properties\/"},{"@type":"ListItem","position":3,"name":"Penthouse \u00e0 vendre \u00e0 La Pedrera Denia avec vue et un excellent emplacement"}]},{"@type":"WebSite","@id":"https:\/\/grupo-garcia.es\/fr\/#website","url":"https:\/\/grupo-garcia.es\/fr\/","name":"Grupo Garcia","description":"Inmobiliaria en J\u00e1vea y Jal\u00f3n","potentialAction":[{"@type":"SearchAction","target":{"@type":"EntryPoint","urlTemplate":"https:\/\/grupo-garcia.es\/fr\/?s={search_term_string}"},"query-input":{"@type":"PropertyValueSpecification","valueRequired":true,"valueName":"search_term_string"}}],"inLanguage":"fr-FR"}]}},"_links":{"self":[{"href":"https:\/\/grupo-garcia.es\/fr\/wp-json\/wp\/v2\/properties\/13519731","targetHints":{"allow":["GET"]}}],"collection":[{"href":"https:\/\/grupo-garcia.es\/fr\/wp-json\/wp\/v2\/properties"}],"about":[{"href":"https:\/\/grupo-garcia.es\/fr\/wp-json\/wp\/v2\/types\/properties"}],"wp:featuredmedia":[{"embeddable":true,"href":"https:\/\/grupo-garcia.es\/fr\/wp-json\/wp\/v2\/media\/13519410"}],"wp:attachment":[{"href":"https:\/\/grupo-garcia.es\/fr\/wp-json\/wp\/v2\/media?parent=13519731"}],"wp:term":[{"taxonomy":"property-state","embeddable":true,"href":"https:\/\/grupo-garcia.es\/fr\/wp-json\/wp\/v2\/property-state?post=13519731"},{"taxonomy":"property-type","embeddable":true,"href":"https:\/\/grupo-garcia.es\/fr\/wp-json\/wp\/v2\/property-type?post=13519731"},{"taxonomy":"zone","embeddable":true,"href":"https:\/\/grupo-garcia.es\/fr\/wp-json\/wp\/v2\/zone?post=13519731"},{"taxonomy":"city","embeddable":true,"href":"https:\/\/grupo-garcia.es\/fr\/wp-json\/wp\/v2\/city?post=13519731"},{"taxonomy":"property_categories","embeddable":true,"href":"https:\/\/grupo-garcia.es\/fr\/wp-json\/wp\/v2\/property_categories?post=13519731"}],"curies":[{"name":"wp","href":"https:\/\/api.w.org\/{rel}","templated":true}]}}