{"id":13506775,"date":"2026-04-28T14:18:17","date_gmt":"2026-04-28T13:18:17","guid":{"rendered":"https:\/\/grupo-garcia.es\/properties\/grand-appartement-dans-un-excellent-emplacement-a-vendre-a-javea-25849208\/"},"modified":"2026-04-29T06:46:20","modified_gmt":"2026-04-29T05:46:20","slug":"grand-appartement-dans-un-excellent-emplacement-a-vendre-a-javea-25849208","status":"publish","type":"properties","link":"https:\/\/grupo-garcia.es\/fr\/properties\/grand-appartement-dans-un-excellent-emplacement-a-vendre-a-javea-25849208\/","title":{"rendered":"Grand appartement dans un excellent emplacement \u00e0 vendre \u00e0 Javea"},"content":{"rendered":"<p>D\u00e9couvrez le refuge c\u00f4tier de vos r\u00eaves avec cet appartement de 3 chambres et 2 salles de bain, magnifiquement pr\u00e9sent\u00e9, id\u00e9alement situ\u00e9 \u00e0 quelques pas de la plage anim\u00e9e de l&rsquo;Arenal \u00e0 Javea. Situ\u00e9 dans une r\u00e9sidence ferm\u00e9e bien entretenue, cet appartement lumineux et spacieux offre tout le confort moderne et un style de vie m\u00e9diterran\u00e9en d\u00e9contract\u00e9.<\/p>\n<p>Le salon et la salle \u00e0 manger ouverts s&rsquo;ouvrent sur une grande terrasse priv\u00e9e donnant sur la magnifique piscine et les jardins communs, id\u00e9ale pour d\u00eener en plein air, recevoir des invit\u00e9s ou simplement se d\u00e9tendre en profitant de la vue paisible. La cuisine est enti\u00e8rement \u00e9quip\u00e9e d&rsquo;appareils \u00e9lectrom\u00e9nagers de qualit\u00e9, et chacune des trois chambres est spacieuse et dispose de placards int\u00e9gr\u00e9s, dont une suite parentale avec salle de bain attenante.<\/p>\n<p>Les autres caract\u00e9ristiques comprennent une climatisation efficace, un parking souterrain s\u00e9curis\u00e9 avec acc\u00e8s direct par ascenseur, et des espaces communs avec jardins et aire de jeux qui offrent intimit\u00e9 et esprit communautaire.<\/p>\n<p>Que vous recherchiez une r\u00e9sidence principale, une escapade de vacances ou un investissement locatif \u00e0 haut rendement, cet appartement offre un excellent potentiel. Son emplacement est imbattable\u00a0: \u00e0 quelques pas du sable dor\u00e9 de l&rsquo;Arenal, des restaurants, boutiques et caf\u00e9s en bord de mer, tout en \u00e9tant nich\u00e9e dans un quartier paisible \u00e0 l&rsquo;\u00e9cart de la route principale.<\/p>\n<p>Javea (X\u00e0bia), situ\u00e9e sur la Costa Blanca espagnole, est une charmante ville c\u00f4ti\u00e8re r\u00e9put\u00e9e pour ses plages magnifiques, ses eaux cristallines et son caract\u00e8re espagnol traditionnel. Avec son centre historique, son port pittoresque et la plage anim\u00e9e de l&rsquo;Arenal, Javea a de quoi satisfaire tous les go\u00fbts. Elle est appr\u00e9ci\u00e9e des locaux comme des r\u00e9sidents internationaux pour son environnement s\u00fbr et familial, ses excellentes prestations et son climat ensoleill\u00e9 toute l&rsquo;ann\u00e9e. Entour\u00e9e de paysages naturels magnifiques, notamment le Montg\u00f3 et ses pittoresques promenades c\u00f4ti\u00e8res, Javea est un v\u00e9ritable joyau de la M\u00e9diterran\u00e9e, id\u00e9al pour y vivre et y passer des vacances.<\/p><\/p>\n","protected":false},"featured_media":13506589,"template":"","meta":{"id_inmovilla":["25849208"],"property_type":["Apartamento"],"property_ref":["PG6620"],"property_price":["448000"],"property_city":["J\u00e1vea - X\u00e0bia"],"property_region":["ALICANTE"],"zona-auxiliar":["Arenal"],"tipo-via":[""],"domicilio":[""],"numero":[""],"codigo-postal":["03738"],"altura":[""],"planta":[""],"piso":[""],"puerta":[""],"escalera":[""],"bloque":[""],"edificio":[""],"habitaciones-dobles":["3"],"bedrooms":["0"],"banos":["2"],"aseos":["0"],"salones":["0"],"parking":["1","2"],"plantas":["0"],"fecha-construccion":["2005"],"distancia-playa":["200"],"comunidad":["0"],"periodicidad-comunidad":["MES"],"ibi":["0.00"],"distancia-al-mar":["200"],"metros-utiles":["0.00"],"metros-construidos":["114.00"],"metros-parcela":["0"],"metros-de-la-terraza":["0.00"],"metros-de-la-cocina":["0.00"],"metros-del-comedor":["0.00"],"metros-del-salon":["0.00"],"estado":["Buen estado"],"carpinteria-exterior":["Aluminio\/Climalit"],"tipo-suelo":["Stoneware"],"orientacion":[""],"carpinteria-interior":["Madera"],"vistas":["Vers la piscine"],"tipo-de-calefaccion":["0"],"agua-caliente":["Electric Water Heater"],"tipo-cocina":[""],"instalacion-electrica":["0"],"fachada":[""],"acceso-pmr":["false"],"armarios-empotrados":["false"],"calefaccion":["false"],"garaje":["2"],"jacuzzi":["false"],"solarium":["false"],"vivienda-adaptada":["false"],"ascensor":["true"],"calefaccion-central":["false"],"garaje-doble":["false"],"jardin":["false"],"puerta-blindada":["true"],"t-v":["false"],"aire-acond-central":["true"],"balcon":["false"],"chimenea":["false"],"gas-ciudad":["false"],"lavanderia":["false"],"patio":["false"],"aire-acondicionado":["false"],"bar":["false"],"deposito-agua":["false"],"gimnasio":["false"],"luminoso":["true"],"pergola":["false"],"terraza":["false"],"alarma":["false"],"barbacoa":["false"],"descalcificador":["false"],"hab-juegos":["false"],"luz":["false"],"piscina-comunitaria":["true"],"satelite":["false"],"terraza-acristalada":["false"],"alarma-incendio":["false"],"bomba-frio-y-calor":["false"],"despensa":["false"],"hidromasaje":["false"],"mirador":["false"],"piscina-propia":["false"],"sauna":["false"],"trastero":["false"],"apart-separado":["false"],"buhardilla":["false"],"esquina":["false"],"muebles":["false"],"preinst-aacc":["false"],"sotano":["false"],"videoportero":[""],"autobuses":["false"],"centros-comerciales":["false"],"colegios":["false"],"hospitales":["false"],"urbanizacion":["false"],"vistas-al-mar":["false"],"zonas-infantiles":["false"],"arboles":["false"],"centros-medicos":["false"],"costa":["true"],"metro":["false"],"primera-linea":["false"],"tranvia":["false"],"vallado":["false"],"golf":["false"],"montana":["false"],"rural":["false"],"tren":["false"],"exclusividad":["false"],"tour-virtual":[""],"video":[""],"disponibilidad-propiedad":["Libre"],"habitaciones_totales":["3"],"ojo_de_buey":["false"],"certificado_energetico":["E"],"energia_valor":["166"],"_wp_page_template":["default"],"galeria":["a:42:{i:13506589;s:67:\"https:\/\/grupo-garcia.es\/wp-content\/uploads\/2025\/06\/3-1-5-scaled.jpg\";i:13506593;s:67:\"https:\/\/grupo-garcia.es\/wp-content\/uploads\/2025\/06\/3-2-5-scaled.jpg\";i:13506597;s:67:\"https:\/\/grupo-garcia.es\/wp-content\/uploads\/2025\/06\/3-3-5-scaled.jpg\";i:13506601;s:67:\"https:\/\/grupo-garcia.es\/wp-content\/uploads\/2025\/06\/3-4-5-scaled.jpg\";i:13506605;s:67:\"https:\/\/grupo-garcia.es\/wp-content\/uploads\/2025\/06\/3-5-5-scaled.jpg\";i:13506609;s:67:\"https:\/\/grupo-garcia.es\/wp-content\/uploads\/2025\/06\/3-6-5-scaled.jpg\";i:13506613;s:67:\"https:\/\/grupo-garcia.es\/wp-content\/uploads\/2025\/06\/3-7-5-scaled.jpg\";i:13506617;s:67:\"https:\/\/grupo-garcia.es\/wp-content\/uploads\/2025\/06\/3-8-5-scaled.jpg\";i:13506621;s:67:\"https:\/\/grupo-garcia.es\/wp-content\/uploads\/2025\/06\/3-9-5-scaled.jpg\";i:13506625;s:68:\"https:\/\/grupo-garcia.es\/wp-content\/uploads\/2025\/06\/3-10-5-scaled.jpg\";i:13506629;s:68:\"https:\/\/grupo-garcia.es\/wp-content\/uploads\/2025\/06\/3-11-5-scaled.jpg\";i:13506633;s:68:\"https:\/\/grupo-garcia.es\/wp-content\/uploads\/2025\/06\/3-12-5-scaled.jpg\";i:13506637;s:68:\"https:\/\/grupo-garcia.es\/wp-content\/uploads\/2025\/06\/3-13-5-scaled.jpg\";i:13506641;s:68:\"https:\/\/grupo-garcia.es\/wp-content\/uploads\/2025\/06\/3-14-3-scaled.jpg\";i:13506645;s:68:\"https:\/\/grupo-garcia.es\/wp-content\/uploads\/2025\/06\/3-15-2-scaled.jpg\";i:13506649;s:68:\"https:\/\/grupo-garcia.es\/wp-content\/uploads\/2025\/06\/3-16-2-scaled.jpg\";i:13506653;s:68:\"https:\/\/grupo-garcia.es\/wp-content\/uploads\/2025\/06\/3-17-2-scaled.jpg\";i:13506657;s:68:\"https:\/\/grupo-garcia.es\/wp-content\/uploads\/2025\/06\/3-18-2-scaled.jpg\";i:13506661;s:68:\"https:\/\/grupo-garcia.es\/wp-content\/uploads\/2025\/06\/3-19-2-scaled.jpg\";i:13506665;s:68:\"https:\/\/grupo-garcia.es\/wp-content\/uploads\/2025\/06\/3-20-2-scaled.jpg\";i:13506669;s:68:\"https:\/\/grupo-garcia.es\/wp-content\/uploads\/2025\/06\/3-21-2-scaled.jpg\";i:13506673;s:68:\"https:\/\/grupo-garcia.es\/wp-content\/uploads\/2025\/06\/3-22-2-scaled.jpg\";i:13506677;s:68:\"https:\/\/grupo-garcia.es\/wp-content\/uploads\/2025\/06\/3-23-1-scaled.jpg\";i:13506681;s:68:\"https:\/\/grupo-garcia.es\/wp-content\/uploads\/2025\/06\/3-24-1-scaled.jpg\";i:13506685;s:68:\"https:\/\/grupo-garcia.es\/wp-content\/uploads\/2025\/06\/3-25-1-scaled.jpg\";i:13506689;s:68:\"https:\/\/grupo-garcia.es\/wp-content\/uploads\/2025\/06\/3-26-1-scaled.jpg\";i:13506693;s:68:\"https:\/\/grupo-garcia.es\/wp-content\/uploads\/2025\/06\/3-27-1-scaled.jpg\";i:13506697;s:68:\"https:\/\/grupo-garcia.es\/wp-content\/uploads\/2025\/06\/3-28-1-scaled.jpg\";i:13506701;s:68:\"https:\/\/grupo-garcia.es\/wp-content\/uploads\/2025\/06\/3-29-1-scaled.jpg\";i:13506705;s:68:\"https:\/\/grupo-garcia.es\/wp-content\/uploads\/2025\/06\/3-30-1-scaled.jpg\";i:13506709;s:68:\"https:\/\/grupo-garcia.es\/wp-content\/uploads\/2025\/06\/3-31-1-scaled.jpg\";i:13506713;s:68:\"https:\/\/grupo-garcia.es\/wp-content\/uploads\/2025\/06\/3-32-1-scaled.jpg\";i:13506717;s:68:\"https:\/\/grupo-garcia.es\/wp-content\/uploads\/2025\/06\/3-33-1-scaled.jpg\";i:13506721;s:68:\"https:\/\/grupo-garcia.es\/wp-content\/uploads\/2025\/06\/3-34-1-scaled.jpg\";i:13506725;s:66:\"https:\/\/grupo-garcia.es\/wp-content\/uploads\/2025\/06\/3-35-scaled.jpg\";i:13506729;s:66:\"https:\/\/grupo-garcia.es\/wp-content\/uploads\/2025\/06\/3-36-scaled.jpg\";i:13506733;s:66:\"https:\/\/grupo-garcia.es\/wp-content\/uploads\/2025\/06\/3-37-scaled.jpg\";i:13506737;s:66:\"https:\/\/grupo-garcia.es\/wp-content\/uploads\/2025\/06\/3-38-scaled.jpg\";i:13506741;s:66:\"https:\/\/grupo-garcia.es\/wp-content\/uploads\/2025\/06\/3-39-scaled.jpg\";i:13506745;s:66:\"https:\/\/grupo-garcia.es\/wp-content\/uploads\/2025\/06\/3-40-scaled.jpg\";i:13506749;s:66:\"https:\/\/grupo-garcia.es\/wp-content\/uploads\/2025\/06\/3-41-scaled.jpg\";i:13506753;s:66:\"https:\/\/grupo-garcia.es\/wp-content\/uploads\/2025\/06\/3-42-scaled.jpg\";}"],"_thumbnail_id":["13506589"],"_wpml_word_count":["379"]},"property-state":[207],"property-type":[255],"zone":[125],"city":[67],"property_categories":[269],"class_list":["post-13506775","properties","type-properties","status-publish","has-post-thumbnail","hentry","property-state-revente","property-type-appartement-fr","zone-playa-del-arenal","city-javea","property_categories-vendre"],"yoast_head":"<!-- This site is optimized with the Yoast SEO plugin v27.5 - https:\/\/yoast.com\/product\/yoast-seo-wordpress\/ -->\n<title>Grand appartement dans un excellent emplacement \u00e0 vendre \u00e0 Javea | Grupo Garcia<\/title>\n<meta name=\"description\" content=\"Grand appartement dans un excellent emplacement \u00e0 vendre \u00e0 Javea D\u00e9couvrez le refuge c\u00f4tier de vos r\u00eaves avec cet appartement de 3 chambres et 2 salles de bain, magnifiquement pr\u00e9sent\u00e9, id\u00e9alement situ\u00e9 \u00e0 quelques pas\" \/>\n<meta name=\"robots\" content=\"index, follow, max-snippet:-1, max-image-preview:large, max-video-preview:-1\" \/>\n<link rel=\"canonical\" href=\"https:\/\/grupo-garcia.es\/fr\/properties\/grand-appartement-dans-un-excellent-emplacement-a-vendre-a-javea-25849208\/\" \/>\n<meta property=\"og:locale\" content=\"fr_FR\" \/>\n<meta property=\"og:type\" content=\"article\" \/>\n<meta property=\"og:title\" content=\"Grand appartement dans un excellent emplacement \u00e0 vendre \u00e0 Javea | Grupo Garcia\" \/>\n<meta property=\"og:description\" content=\"Grand appartement dans un excellent emplacement \u00e0 vendre \u00e0 Javea D\u00e9couvrez le refuge c\u00f4tier de vos r\u00eaves avec cet appartement de 3 chambres et 2 salles de bain, magnifiquement pr\u00e9sent\u00e9, id\u00e9alement situ\u00e9 \u00e0 quelques pas\" \/>\n<meta property=\"og:url\" content=\"https:\/\/grupo-garcia.es\/fr\/properties\/grand-appartement-dans-un-excellent-emplacement-a-vendre-a-javea-25849208\/\" \/>\n<meta property=\"og:site_name\" content=\"Grupo Garcia\" \/>\n<meta property=\"article:publisher\" content=\"https:\/\/www.facebook.com\/grupogarciacostablanca\/\" \/>\n<meta property=\"article:modified_time\" content=\"2026-04-29T05:46:20+00:00\" \/>\n<meta property=\"og:image\" content=\"https:\/\/grupo-garcia.es\/wp-content\/uploads\/2025\/06\/3-1-5-scaled.jpg\" \/>\n\t<meta property=\"og:image:width\" content=\"2560\" \/>\n\t<meta property=\"og:image:height\" content=\"1706\" \/>\n\t<meta property=\"og:image:type\" content=\"image\/jpeg\" \/>\n<meta name=\"twitter:card\" content=\"summary_large_image\" \/>\n<meta name=\"twitter:label1\" content=\"Dur\u00e9e de lecture estim\u00e9e\" \/>\n\t<meta name=\"twitter:data1\" content=\"2 minutes\" \/>\n<script type=\"application\/ld+json\" class=\"yoast-schema-graph\">{\"@context\":\"https:\\\/\\\/schema.org\",\"@graph\":[{\"@type\":[\"WebPage\",\"RealEstateListing\"],\"@id\":\"https:\\\/\\\/grupo-garcia.es\\\/fr\\\/properties\\\/grand-appartement-dans-un-excellent-emplacement-a-vendre-a-javea-25849208\\\/\",\"url\":\"https:\\\/\\\/grupo-garcia.es\\\/fr\\\/properties\\\/grand-appartement-dans-un-excellent-emplacement-a-vendre-a-javea-25849208\\\/\",\"name\":\"Grand appartement dans un excellent emplacement \u00e0 vendre \u00e0 Javea | Grupo Garcia\",\"isPartOf\":{\"@id\":\"https:\\\/\\\/grupo-garcia.es\\\/fr\\\/#website\"},\"primaryImageOfPage\":{\"@id\":\"https:\\\/\\\/grupo-garcia.es\\\/fr\\\/properties\\\/grand-appartement-dans-un-excellent-emplacement-a-vendre-a-javea-25849208\\\/#primaryimage\"},\"image\":{\"@id\":\"https:\\\/\\\/grupo-garcia.es\\\/fr\\\/properties\\\/grand-appartement-dans-un-excellent-emplacement-a-vendre-a-javea-25849208\\\/#primaryimage\"},\"thumbnailUrl\":\"https:\\\/\\\/grupo-garcia.es\\\/wp-content\\\/uploads\\\/2025\\\/06\\\/3-1-5-scaled.jpg\",\"datePublished\":\"2026-04-28T13:18:17+00:00\",\"dateModified\":\"2026-04-29T05:46:20+00:00\",\"description\":\"Grand appartement dans un excellent emplacement \u00e0 vendre \u00e0 Javea D\u00e9couvrez le refuge c\u00f4tier de vos r\u00eaves avec cet appartement de 3 chambres et 2 salles de bain, magnifiquement pr\u00e9sent\u00e9, id\u00e9alement situ\u00e9 \u00e0 quelques pas\",\"breadcrumb\":{\"@id\":\"https:\\\/\\\/grupo-garcia.es\\\/fr\\\/properties\\\/grand-appartement-dans-un-excellent-emplacement-a-vendre-a-javea-25849208\\\/#breadcrumb\"},\"inLanguage\":\"fr-FR\",\"potentialAction\":[{\"@type\":\"ReadAction\",\"target\":[\"https:\\\/\\\/grupo-garcia.es\\\/fr\\\/properties\\\/grand-appartement-dans-un-excellent-emplacement-a-vendre-a-javea-25849208\\\/\"]}]},{\"@type\":\"ImageObject\",\"inLanguage\":\"fr-FR\",\"@id\":\"https:\\\/\\\/grupo-garcia.es\\\/fr\\\/properties\\\/grand-appartement-dans-un-excellent-emplacement-a-vendre-a-javea-25849208\\\/#primaryimage\",\"url\":\"https:\\\/\\\/grupo-garcia.es\\\/wp-content\\\/uploads\\\/2025\\\/06\\\/3-1-5-scaled.jpg\",\"contentUrl\":\"https:\\\/\\\/grupo-garcia.es\\\/wp-content\\\/uploads\\\/2025\\\/06\\\/3-1-5-scaled.jpg\",\"width\":2560,\"height\":1706},{\"@type\":\"BreadcrumbList\",\"@id\":\"https:\\\/\\\/grupo-garcia.es\\\/fr\\\/properties\\\/grand-appartement-dans-un-excellent-emplacement-a-vendre-a-javea-25849208\\\/#breadcrumb\",\"itemListElement\":[{\"@type\":\"ListItem\",\"position\":1,\"name\":\"Portada\",\"item\":\"https:\\\/\\\/grupo-garcia.es\\\/fr\\\/\"},{\"@type\":\"ListItem\",\"position\":2,\"name\":\"Properties\",\"item\":\"https:\\\/\\\/grupo-garcia.es\\\/fr\\\/properties\\\/\"},{\"@type\":\"ListItem\",\"position\":3,\"name\":\"Grand appartement dans un excellent emplacement \u00e0 vendre \u00e0 Javea\"}]},{\"@type\":\"WebSite\",\"@id\":\"https:\\\/\\\/grupo-garcia.es\\\/fr\\\/#website\",\"url\":\"https:\\\/\\\/grupo-garcia.es\\\/fr\\\/\",\"name\":\"Grupo Garcia\",\"description\":\"Inmobiliaria en J\u00e1vea y Jal\u00f3n\",\"potentialAction\":[{\"@type\":\"SearchAction\",\"target\":{\"@type\":\"EntryPoint\",\"urlTemplate\":\"https:\\\/\\\/grupo-garcia.es\\\/fr\\\/?s={search_term_string}\"},\"query-input\":{\"@type\":\"PropertyValueSpecification\",\"valueRequired\":true,\"valueName\":\"search_term_string\"}}],\"inLanguage\":\"fr-FR\"}]}<\/script>\n<!-- \/ Yoast SEO plugin. -->","yoast_head_json":{"title":"Grand appartement dans un excellent emplacement \u00e0 vendre \u00e0 Javea | Grupo Garcia","description":"Grand appartement dans un excellent emplacement \u00e0 vendre \u00e0 Javea D\u00e9couvrez le refuge c\u00f4tier de vos r\u00eaves avec cet appartement de 3 chambres et 2 salles de bain, magnifiquement pr\u00e9sent\u00e9, id\u00e9alement situ\u00e9 \u00e0 quelques pas","robots":{"index":"index","follow":"follow","max-snippet":"max-snippet:-1","max-image-preview":"max-image-preview:large","max-video-preview":"max-video-preview:-1"},"canonical":"https:\/\/grupo-garcia.es\/fr\/properties\/grand-appartement-dans-un-excellent-emplacement-a-vendre-a-javea-25849208\/","og_locale":"fr_FR","og_type":"article","og_title":"Grand appartement dans un excellent emplacement \u00e0 vendre \u00e0 Javea | Grupo Garcia","og_description":"Grand appartement dans un excellent emplacement \u00e0 vendre \u00e0 Javea D\u00e9couvrez le refuge c\u00f4tier de vos r\u00eaves avec cet appartement de 3 chambres et 2 salles de bain, magnifiquement pr\u00e9sent\u00e9, id\u00e9alement situ\u00e9 \u00e0 quelques pas","og_url":"https:\/\/grupo-garcia.es\/fr\/properties\/grand-appartement-dans-un-excellent-emplacement-a-vendre-a-javea-25849208\/","og_site_name":"Grupo Garcia","article_publisher":"https:\/\/www.facebook.com\/grupogarciacostablanca\/","article_modified_time":"2026-04-29T05:46:20+00:00","og_image":[{"width":2560,"height":1706,"url":"https:\/\/grupo-garcia.es\/wp-content\/uploads\/2025\/06\/3-1-5-scaled.jpg","type":"image\/jpeg"}],"twitter_card":"summary_large_image","twitter_misc":{"Dur\u00e9e de lecture estim\u00e9e":"2 minutes"},"schema":{"@context":"https:\/\/schema.org","@graph":[{"@type":["WebPage","RealEstateListing"],"@id":"https:\/\/grupo-garcia.es\/fr\/properties\/grand-appartement-dans-un-excellent-emplacement-a-vendre-a-javea-25849208\/","url":"https:\/\/grupo-garcia.es\/fr\/properties\/grand-appartement-dans-un-excellent-emplacement-a-vendre-a-javea-25849208\/","name":"Grand appartement dans un excellent emplacement \u00e0 vendre \u00e0 Javea | Grupo Garcia","isPartOf":{"@id":"https:\/\/grupo-garcia.es\/fr\/#website"},"primaryImageOfPage":{"@id":"https:\/\/grupo-garcia.es\/fr\/properties\/grand-appartement-dans-un-excellent-emplacement-a-vendre-a-javea-25849208\/#primaryimage"},"image":{"@id":"https:\/\/grupo-garcia.es\/fr\/properties\/grand-appartement-dans-un-excellent-emplacement-a-vendre-a-javea-25849208\/#primaryimage"},"thumbnailUrl":"https:\/\/grupo-garcia.es\/wp-content\/uploads\/2025\/06\/3-1-5-scaled.jpg","datePublished":"2026-04-28T13:18:17+00:00","dateModified":"2026-04-29T05:46:20+00:00","description":"Grand appartement dans un excellent emplacement \u00e0 vendre \u00e0 Javea D\u00e9couvrez le refuge c\u00f4tier de vos r\u00eaves avec cet appartement de 3 chambres et 2 salles de bain, magnifiquement pr\u00e9sent\u00e9, id\u00e9alement situ\u00e9 \u00e0 quelques pas","breadcrumb":{"@id":"https:\/\/grupo-garcia.es\/fr\/properties\/grand-appartement-dans-un-excellent-emplacement-a-vendre-a-javea-25849208\/#breadcrumb"},"inLanguage":"fr-FR","potentialAction":[{"@type":"ReadAction","target":["https:\/\/grupo-garcia.es\/fr\/properties\/grand-appartement-dans-un-excellent-emplacement-a-vendre-a-javea-25849208\/"]}]},{"@type":"ImageObject","inLanguage":"fr-FR","@id":"https:\/\/grupo-garcia.es\/fr\/properties\/grand-appartement-dans-un-excellent-emplacement-a-vendre-a-javea-25849208\/#primaryimage","url":"https:\/\/grupo-garcia.es\/wp-content\/uploads\/2025\/06\/3-1-5-scaled.jpg","contentUrl":"https:\/\/grupo-garcia.es\/wp-content\/uploads\/2025\/06\/3-1-5-scaled.jpg","width":2560,"height":1706},{"@type":"BreadcrumbList","@id":"https:\/\/grupo-garcia.es\/fr\/properties\/grand-appartement-dans-un-excellent-emplacement-a-vendre-a-javea-25849208\/#breadcrumb","itemListElement":[{"@type":"ListItem","position":1,"name":"Portada","item":"https:\/\/grupo-garcia.es\/fr\/"},{"@type":"ListItem","position":2,"name":"Properties","item":"https:\/\/grupo-garcia.es\/fr\/properties\/"},{"@type":"ListItem","position":3,"name":"Grand appartement dans un excellent emplacement \u00e0 vendre \u00e0 Javea"}]},{"@type":"WebSite","@id":"https:\/\/grupo-garcia.es\/fr\/#website","url":"https:\/\/grupo-garcia.es\/fr\/","name":"Grupo Garcia","description":"Inmobiliaria en J\u00e1vea y Jal\u00f3n","potentialAction":[{"@type":"SearchAction","target":{"@type":"EntryPoint","urlTemplate":"https:\/\/grupo-garcia.es\/fr\/?s={search_term_string}"},"query-input":{"@type":"PropertyValueSpecification","valueRequired":true,"valueName":"search_term_string"}}],"inLanguage":"fr-FR"}]}},"_links":{"self":[{"href":"https:\/\/grupo-garcia.es\/fr\/wp-json\/wp\/v2\/properties\/13506775","targetHints":{"allow":["GET"]}}],"collection":[{"href":"https:\/\/grupo-garcia.es\/fr\/wp-json\/wp\/v2\/properties"}],"about":[{"href":"https:\/\/grupo-garcia.es\/fr\/wp-json\/wp\/v2\/types\/properties"}],"wp:featuredmedia":[{"embeddable":true,"href":"https:\/\/grupo-garcia.es\/fr\/wp-json\/wp\/v2\/media\/13506589"}],"wp:attachment":[{"href":"https:\/\/grupo-garcia.es\/fr\/wp-json\/wp\/v2\/media?parent=13506775"}],"wp:term":[{"taxonomy":"property-state","embeddable":true,"href":"https:\/\/grupo-garcia.es\/fr\/wp-json\/wp\/v2\/property-state?post=13506775"},{"taxonomy":"property-type","embeddable":true,"href":"https:\/\/grupo-garcia.es\/fr\/wp-json\/wp\/v2\/property-type?post=13506775"},{"taxonomy":"zone","embeddable":true,"href":"https:\/\/grupo-garcia.es\/fr\/wp-json\/wp\/v2\/zone?post=13506775"},{"taxonomy":"city","embeddable":true,"href":"https:\/\/grupo-garcia.es\/fr\/wp-json\/wp\/v2\/city?post=13506775"},{"taxonomy":"property_categories","embeddable":true,"href":"https:\/\/grupo-garcia.es\/fr\/wp-json\/wp\/v2\/property_categories?post=13506775"}],"curies":[{"name":"wp","href":"https:\/\/api.w.org\/{rel}","templated":true}]}}