{"id":13506189,"date":"2025-06-20T10:54:51","date_gmt":"2025-06-20T09:54:51","guid":{"rendered":"https:\/\/grupo-garcia.es\/properties\/nouveaux-appartements-de-luxe-a-vendre-a-denia-25849425\/"},"modified":"2026-04-28T06:51:21","modified_gmt":"2026-04-28T05:51:21","slug":"nouveaux-appartements-de-luxe-a-vendre-a-denia-25849425","status":"publish","type":"properties","link":"https:\/\/grupo-garcia.es\/fr\/properties\/nouveaux-appartements-de-luxe-a-vendre-a-denia-25849425\/","title":{"rendered":"Nouveaux appartements de luxe \u00e0 vendre \u00e0 Denia"},"content":{"rendered":"<p>D\u00e9couvrez un superbe nouveau programme r\u00e9sidentiel proposant une s\u00e9lection de maisons de 1, 2 et 3 chambres, chacune con\u00e7ue avec soin pour un style de vie moderne et un confort maximal. Ces \u00e9l\u00e9gantes r\u00e9sidences disposent de spacieuses terrasses priv\u00e9es, id\u00e9ales pour profiter d&rsquo;une vue panoramique sur la M\u00e9diterran\u00e9e et le paysage environnant. Que vous savouriez votre caf\u00e9 du matin ou contempliez le coucher du soleil, ces espaces ext\u00e9rieurs prolongent votre espace de vie et constituent un v\u00e9ritable atout pour chaque logement.<\/p>\n<p>Ce programme exclusif est plus qu&rsquo;un simple lieu de vie\u00a0: c&rsquo;est un v\u00e9ritable art de vivre. Entour\u00e9 de vastes espaces verts magnifiquement entretenus, les r\u00e9sidents peuvent se d\u00e9tendre et renouer avec la nature sans quitter la r\u00e9sidence. Les \u00e9quipements comprennent une grande piscine id\u00e9ale pour se d\u00e9tendre ou faire de l&rsquo;exercice, une salle de sport enti\u00e8rement \u00e9quip\u00e9e et des installations bien-\u00eatre telles qu&rsquo;un jacuzzi et un sauna. Pour ceux qui travaillent \u00e0 distance ou recherchent un environnement inspirant, l&rsquo;espace de coworking offre un cadre productif. Socialisez et tissez des liens dans l&rsquo;\u00e9l\u00e9gant club social, con\u00e7u pour r\u00e9unir les voisins dans le confort et le style.<\/p>\n<p>Id\u00e9alement situ\u00e9 \u00e0 quelques pas de la mer, ce programme offre un emplacement privil\u00e9gi\u00e9 alliant tranquillit\u00e9 et commodit\u00e9. Tous les services essentiels \u2013 supermarch\u00e9s, restaurants, soins de sant\u00e9 et bien plus encore \u2013 sont \u00e0 quelques pas, vous permettant de vivre au quotidien en toute s\u00e9r\u00e9nit\u00e9. Chaque maison comprend \u00e9galement une place de parking en surface, gage de plus-value et de confort.<\/p>\n<p>Situ\u00e9e sur la magnifique Costa Blanca, la charmante ville de D\u00e9nia offre un cadre id\u00e9al pour ce projet exceptionnel. Connue pour son port de plaisance anim\u00e9, son ch\u00e2teau historique et ses plages de sable fin, D\u00e9nia offre un m\u00e9lange unique de tradition, de culture et de charme c\u00f4tier. Avec son ensoleillement toute l&rsquo;ann\u00e9e, sa gastronomie dynamique et sa communaut\u00e9 accueillante, D\u00e9nia n&rsquo;est pas seulement un lieu de vie, c&rsquo;est une destination o\u00f9 il fait bon vivre.<\/p><\/p>\n","protected":false},"featured_media":13506151,"template":"","meta":{"id_inmovilla":["25849425"],"property_type":["Apartamento"],"property_ref":["PG6621"],"property_price":["230000"],"property_city":["El Verger"],"property_region":["ALICANTE"],"zona-auxiliar":["Playa setla mirarrosa"],"tipo-via":[""],"domicilio":[""],"numero":[""],"codigo-postal":["03779"],"altura":[""],"planta":[""],"piso":[""],"puerta":[""],"escalera":[""],"bloque":[""],"edificio":[""],"habitaciones-dobles":["1"],"bedrooms":["0"],"banos":["0"],"aseos":["0"],"salones":["0"],"parking":["0","true"],"plantas":["0"],"fecha-construccion":["0"],"distancia-playa":["200"],"comunidad":["0"],"periodicidad-comunidad":["MES"],"ibi":["0.00"],"distancia-al-mar":["200"],"metros-utiles":["0.00"],"metros-construidos":["61.00"],"metros-parcela":["0"],"metros-de-la-terraza":["62.00"],"metros-de-la-cocina":["0.00"],"metros-del-comedor":["0.00"],"metros-del-salon":["0.00"],"estado":["En proyecto"],"carpinteria-exterior":["Aluminio\/Climalit"],"tipo-suelo":["0"],"orientacion":[""],"carpinteria-interior":["Lacado Blanco"],"vistas":["0"],"tipo-de-calefaccion":["23"],"agua-caliente":["0"],"tipo-cocina":[""],"instalacion-electrica":["0"],"fachada":[""],"acceso-pmr":["false"],"armarios-empotrados":["false"],"calefaccion":["false"],"garaje":["false"],"jacuzzi":["false"],"solarium":["false"],"vivienda-adaptada":["false"],"ascensor":["true"],"calefaccion-central":["false"],"garaje-doble":["false"],"jardin":["false"],"puerta-blindada":["false"],"t-v":["false"],"aire-acond-central":["true"],"balcon":["true"],"chimenea":["false"],"gas-ciudad":["false"],"lavanderia":["false"],"patio":["false"],"aire-acondicionado":["false"],"bar":["false"],"deposito-agua":["false"],"gimnasio":["false"],"luminoso":["false"],"pergola":["false"],"terraza":["false"],"alarma":["false"],"barbacoa":["false"],"descalcificador":["false"],"hab-juegos":["false"],"luz":["false"],"piscina-comunitaria":["true"],"satelite":["false"],"terraza-acristalada":["false"],"alarma-incendio":["false"],"bomba-frio-y-calor":["false"],"despensa":["false"],"hidromasaje":["false"],"mirador":["false"],"piscina-propia":["false"],"sauna":["true"],"trastero":["false"],"apart-separado":["false"],"buhardilla":["false"],"esquina":["false"],"muebles":["false"],"preinst-aacc":["false"],"sotano":["false"],"videoportero":[""],"autobuses":["false"],"centros-comerciales":["false"],"colegios":["false"],"hospitales":["false"],"urbanizacion":["false"],"vistas-al-mar":["false"],"zonas-infantiles":["false"],"arboles":["false"],"centros-medicos":["false"],"costa":["true"],"metro":["false"],"primera-linea":["false"],"tranvia":["false"],"vallado":["false"],"golf":["false"],"montana":["false"],"rural":["false"],"tren":["false"],"exclusividad":["false"],"tour-virtual":[""],"video":[""],"disponibilidad-propiedad":["Libre"],"habitaciones_totales":["1"],"ojo_de_buey":["false"],"certificado_energetico":["G"],"energia_valor":["0"],"_wp_page_template":["default"],"galeria":["a:9:{i:13506151;s:67:\"https:\/\/grupo-garcia.es\/wp-content\/uploads\/2025\/06\/1-1-1-scaled.jpg\";i:13506155;s:67:\"https:\/\/grupo-garcia.es\/wp-content\/uploads\/2025\/06\/1-2-1-scaled.jpg\";i:13506159;s:60:\"https:\/\/grupo-garcia.es\/wp-content\/uploads\/2025\/06\/1-3-1.jpg\";i:13506163;s:67:\"https:\/\/grupo-garcia.es\/wp-content\/uploads\/2025\/06\/1-4-1-scaled.jpg\";i:13506167;s:67:\"https:\/\/grupo-garcia.es\/wp-content\/uploads\/2025\/06\/1-5-1-scaled.jpg\";i:13506171;s:67:\"https:\/\/grupo-garcia.es\/wp-content\/uploads\/2025\/06\/1-6-1-scaled.jpg\";i:13506175;s:60:\"https:\/\/grupo-garcia.es\/wp-content\/uploads\/2025\/06\/1-7-1.jpg\";i:13506179;s:60:\"https:\/\/grupo-garcia.es\/wp-content\/uploads\/2025\/06\/1-8-1.jpg\";i:13506183;s:67:\"https:\/\/grupo-garcia.es\/wp-content\/uploads\/2025\/06\/1-9-1-scaled.jpg\";}"],"_thumbnail_id":["13506151"],"_wpml_word_count":["370"]},"property-state":[209],"property-type":[255],"zone":[523],"city":[79],"property_categories":[269],"class_list":["post-13506189","properties","type-properties","status-publish","has-post-thumbnail","hentry","property-state-acheter-un-nouveau-batiment","property-type-appartement-fr","zone-playa-setla-mirarrosa","city-el-verger","property_categories-vendre"],"yoast_head":"<!-- This site is optimized with the Yoast SEO plugin v27.5 - https:\/\/yoast.com\/product\/yoast-seo-wordpress\/ -->\n<title>Nouveaux appartements de luxe \u00e0 vendre \u00e0 Denia | Grupo Garcia<\/title>\n<meta name=\"description\" content=\"Nouveaux appartements de luxe \u00e0 vendre \u00e0 Denia D\u00e9couvrez un superbe nouveau programme r\u00e9sidentiel proposant une s\u00e9lection de maisons de 1, 2 et 3 chambres, chacune con\u00e7ue avec soin pour un style de vie\" \/>\n<meta name=\"robots\" content=\"index, follow, max-snippet:-1, max-image-preview:large, max-video-preview:-1\" \/>\n<link rel=\"canonical\" href=\"https:\/\/grupo-garcia.es\/fr\/properties\/nouveaux-appartements-de-luxe-a-vendre-a-denia-25849425\/\" \/>\n<meta property=\"og:locale\" content=\"fr_FR\" \/>\n<meta property=\"og:type\" content=\"article\" \/>\n<meta property=\"og:title\" content=\"Nouveaux appartements de luxe \u00e0 vendre \u00e0 Denia | Grupo Garcia\" \/>\n<meta property=\"og:description\" content=\"Nouveaux appartements de luxe \u00e0 vendre \u00e0 Denia D\u00e9couvrez un superbe nouveau programme r\u00e9sidentiel proposant une s\u00e9lection de maisons de 1, 2 et 3 chambres, chacune con\u00e7ue avec soin pour un style de vie\" \/>\n<meta property=\"og:url\" content=\"https:\/\/grupo-garcia.es\/fr\/properties\/nouveaux-appartements-de-luxe-a-vendre-a-denia-25849425\/\" \/>\n<meta property=\"og:site_name\" content=\"Grupo Garcia\" \/>\n<meta property=\"article:publisher\" content=\"https:\/\/www.facebook.com\/grupogarciacostablanca\/\" \/>\n<meta property=\"article:modified_time\" content=\"2026-04-28T05:51:21+00:00\" \/>\n<meta property=\"og:image\" content=\"https:\/\/grupo-garcia.es\/wp-content\/uploads\/2025\/06\/1-1-1-scaled.jpg\" \/>\n\t<meta property=\"og:image:width\" content=\"2560\" \/>\n\t<meta property=\"og:image:height\" content=\"2560\" \/>\n\t<meta property=\"og:image:type\" content=\"image\/jpeg\" \/>\n<meta name=\"twitter:card\" content=\"summary_large_image\" \/>\n<meta name=\"twitter:label1\" content=\"Dur\u00e9e de lecture estim\u00e9e\" \/>\n\t<meta name=\"twitter:data1\" content=\"2 minutes\" \/>\n<script type=\"application\/ld+json\" class=\"yoast-schema-graph\">{\"@context\":\"https:\\\/\\\/schema.org\",\"@graph\":[{\"@type\":[\"WebPage\",\"RealEstateListing\"],\"@id\":\"https:\\\/\\\/grupo-garcia.es\\\/fr\\\/properties\\\/nouveaux-appartements-de-luxe-a-vendre-a-denia-25849425\\\/\",\"url\":\"https:\\\/\\\/grupo-garcia.es\\\/fr\\\/properties\\\/nouveaux-appartements-de-luxe-a-vendre-a-denia-25849425\\\/\",\"name\":\"Nouveaux appartements de luxe \u00e0 vendre \u00e0 Denia | Grupo Garcia\",\"isPartOf\":{\"@id\":\"https:\\\/\\\/grupo-garcia.es\\\/fr\\\/#website\"},\"primaryImageOfPage\":{\"@id\":\"https:\\\/\\\/grupo-garcia.es\\\/fr\\\/properties\\\/nouveaux-appartements-de-luxe-a-vendre-a-denia-25849425\\\/#primaryimage\"},\"image\":{\"@id\":\"https:\\\/\\\/grupo-garcia.es\\\/fr\\\/properties\\\/nouveaux-appartements-de-luxe-a-vendre-a-denia-25849425\\\/#primaryimage\"},\"thumbnailUrl\":\"https:\\\/\\\/grupo-garcia.es\\\/wp-content\\\/uploads\\\/2025\\\/06\\\/1-1-1-scaled.jpg\",\"datePublished\":\"2025-06-20T09:54:51+00:00\",\"dateModified\":\"2026-04-28T05:51:21+00:00\",\"description\":\"Nouveaux appartements de luxe \u00e0 vendre \u00e0 Denia D\u00e9couvrez un superbe nouveau programme r\u00e9sidentiel proposant une s\u00e9lection de maisons de 1, 2 et 3 chambres, chacune con\u00e7ue avec soin pour un style de vie\",\"breadcrumb\":{\"@id\":\"https:\\\/\\\/grupo-garcia.es\\\/fr\\\/properties\\\/nouveaux-appartements-de-luxe-a-vendre-a-denia-25849425\\\/#breadcrumb\"},\"inLanguage\":\"fr-FR\",\"potentialAction\":[{\"@type\":\"ReadAction\",\"target\":[\"https:\\\/\\\/grupo-garcia.es\\\/fr\\\/properties\\\/nouveaux-appartements-de-luxe-a-vendre-a-denia-25849425\\\/\"]}]},{\"@type\":\"ImageObject\",\"inLanguage\":\"fr-FR\",\"@id\":\"https:\\\/\\\/grupo-garcia.es\\\/fr\\\/properties\\\/nouveaux-appartements-de-luxe-a-vendre-a-denia-25849425\\\/#primaryimage\",\"url\":\"https:\\\/\\\/grupo-garcia.es\\\/wp-content\\\/uploads\\\/2025\\\/06\\\/1-1-1-scaled.jpg\",\"contentUrl\":\"https:\\\/\\\/grupo-garcia.es\\\/wp-content\\\/uploads\\\/2025\\\/06\\\/1-1-1-scaled.jpg\",\"width\":2560,\"height\":2560},{\"@type\":\"BreadcrumbList\",\"@id\":\"https:\\\/\\\/grupo-garcia.es\\\/fr\\\/properties\\\/nouveaux-appartements-de-luxe-a-vendre-a-denia-25849425\\\/#breadcrumb\",\"itemListElement\":[{\"@type\":\"ListItem\",\"position\":1,\"name\":\"Portada\",\"item\":\"https:\\\/\\\/grupo-garcia.es\\\/fr\\\/\"},{\"@type\":\"ListItem\",\"position\":2,\"name\":\"Properties\",\"item\":\"https:\\\/\\\/grupo-garcia.es\\\/fr\\\/properties\\\/\"},{\"@type\":\"ListItem\",\"position\":3,\"name\":\"Nouveaux appartements de luxe \u00e0 vendre \u00e0 Denia\"}]},{\"@type\":\"WebSite\",\"@id\":\"https:\\\/\\\/grupo-garcia.es\\\/fr\\\/#website\",\"url\":\"https:\\\/\\\/grupo-garcia.es\\\/fr\\\/\",\"name\":\"Grupo Garcia\",\"description\":\"Inmobiliaria en J\u00e1vea y Jal\u00f3n\",\"potentialAction\":[{\"@type\":\"SearchAction\",\"target\":{\"@type\":\"EntryPoint\",\"urlTemplate\":\"https:\\\/\\\/grupo-garcia.es\\\/fr\\\/?s={search_term_string}\"},\"query-input\":{\"@type\":\"PropertyValueSpecification\",\"valueRequired\":true,\"valueName\":\"search_term_string\"}}],\"inLanguage\":\"fr-FR\"}]}<\/script>\n<!-- \/ Yoast SEO plugin. -->","yoast_head_json":{"title":"Nouveaux appartements de luxe \u00e0 vendre \u00e0 Denia | Grupo Garcia","description":"Nouveaux appartements de luxe \u00e0 vendre \u00e0 Denia D\u00e9couvrez un superbe nouveau programme r\u00e9sidentiel proposant une s\u00e9lection de maisons de 1, 2 et 3 chambres, chacune con\u00e7ue avec soin pour un style de vie","robots":{"index":"index","follow":"follow","max-snippet":"max-snippet:-1","max-image-preview":"max-image-preview:large","max-video-preview":"max-video-preview:-1"},"canonical":"https:\/\/grupo-garcia.es\/fr\/properties\/nouveaux-appartements-de-luxe-a-vendre-a-denia-25849425\/","og_locale":"fr_FR","og_type":"article","og_title":"Nouveaux appartements de luxe \u00e0 vendre \u00e0 Denia | Grupo Garcia","og_description":"Nouveaux appartements de luxe \u00e0 vendre \u00e0 Denia D\u00e9couvrez un superbe nouveau programme r\u00e9sidentiel proposant une s\u00e9lection de maisons de 1, 2 et 3 chambres, chacune con\u00e7ue avec soin pour un style de vie","og_url":"https:\/\/grupo-garcia.es\/fr\/properties\/nouveaux-appartements-de-luxe-a-vendre-a-denia-25849425\/","og_site_name":"Grupo Garcia","article_publisher":"https:\/\/www.facebook.com\/grupogarciacostablanca\/","article_modified_time":"2026-04-28T05:51:21+00:00","og_image":[{"width":2560,"height":2560,"url":"https:\/\/grupo-garcia.es\/wp-content\/uploads\/2025\/06\/1-1-1-scaled.jpg","type":"image\/jpeg"}],"twitter_card":"summary_large_image","twitter_misc":{"Dur\u00e9e de lecture estim\u00e9e":"2 minutes"},"schema":{"@context":"https:\/\/schema.org","@graph":[{"@type":["WebPage","RealEstateListing"],"@id":"https:\/\/grupo-garcia.es\/fr\/properties\/nouveaux-appartements-de-luxe-a-vendre-a-denia-25849425\/","url":"https:\/\/grupo-garcia.es\/fr\/properties\/nouveaux-appartements-de-luxe-a-vendre-a-denia-25849425\/","name":"Nouveaux appartements de luxe \u00e0 vendre \u00e0 Denia | Grupo Garcia","isPartOf":{"@id":"https:\/\/grupo-garcia.es\/fr\/#website"},"primaryImageOfPage":{"@id":"https:\/\/grupo-garcia.es\/fr\/properties\/nouveaux-appartements-de-luxe-a-vendre-a-denia-25849425\/#primaryimage"},"image":{"@id":"https:\/\/grupo-garcia.es\/fr\/properties\/nouveaux-appartements-de-luxe-a-vendre-a-denia-25849425\/#primaryimage"},"thumbnailUrl":"https:\/\/grupo-garcia.es\/wp-content\/uploads\/2025\/06\/1-1-1-scaled.jpg","datePublished":"2025-06-20T09:54:51+00:00","dateModified":"2026-04-28T05:51:21+00:00","description":"Nouveaux appartements de luxe \u00e0 vendre \u00e0 Denia D\u00e9couvrez un superbe nouveau programme r\u00e9sidentiel proposant une s\u00e9lection de maisons de 1, 2 et 3 chambres, chacune con\u00e7ue avec soin pour un style de vie","breadcrumb":{"@id":"https:\/\/grupo-garcia.es\/fr\/properties\/nouveaux-appartements-de-luxe-a-vendre-a-denia-25849425\/#breadcrumb"},"inLanguage":"fr-FR","potentialAction":[{"@type":"ReadAction","target":["https:\/\/grupo-garcia.es\/fr\/properties\/nouveaux-appartements-de-luxe-a-vendre-a-denia-25849425\/"]}]},{"@type":"ImageObject","inLanguage":"fr-FR","@id":"https:\/\/grupo-garcia.es\/fr\/properties\/nouveaux-appartements-de-luxe-a-vendre-a-denia-25849425\/#primaryimage","url":"https:\/\/grupo-garcia.es\/wp-content\/uploads\/2025\/06\/1-1-1-scaled.jpg","contentUrl":"https:\/\/grupo-garcia.es\/wp-content\/uploads\/2025\/06\/1-1-1-scaled.jpg","width":2560,"height":2560},{"@type":"BreadcrumbList","@id":"https:\/\/grupo-garcia.es\/fr\/properties\/nouveaux-appartements-de-luxe-a-vendre-a-denia-25849425\/#breadcrumb","itemListElement":[{"@type":"ListItem","position":1,"name":"Portada","item":"https:\/\/grupo-garcia.es\/fr\/"},{"@type":"ListItem","position":2,"name":"Properties","item":"https:\/\/grupo-garcia.es\/fr\/properties\/"},{"@type":"ListItem","position":3,"name":"Nouveaux appartements de luxe \u00e0 vendre \u00e0 Denia"}]},{"@type":"WebSite","@id":"https:\/\/grupo-garcia.es\/fr\/#website","url":"https:\/\/grupo-garcia.es\/fr\/","name":"Grupo Garcia","description":"Inmobiliaria en J\u00e1vea y Jal\u00f3n","potentialAction":[{"@type":"SearchAction","target":{"@type":"EntryPoint","urlTemplate":"https:\/\/grupo-garcia.es\/fr\/?s={search_term_string}"},"query-input":{"@type":"PropertyValueSpecification","valueRequired":true,"valueName":"search_term_string"}}],"inLanguage":"fr-FR"}]}},"_links":{"self":[{"href":"https:\/\/grupo-garcia.es\/fr\/wp-json\/wp\/v2\/properties\/13506189","targetHints":{"allow":["GET"]}}],"collection":[{"href":"https:\/\/grupo-garcia.es\/fr\/wp-json\/wp\/v2\/properties"}],"about":[{"href":"https:\/\/grupo-garcia.es\/fr\/wp-json\/wp\/v2\/types\/properties"}],"wp:featuredmedia":[{"embeddable":true,"href":"https:\/\/grupo-garcia.es\/fr\/wp-json\/wp\/v2\/media\/13506151"}],"wp:attachment":[{"href":"https:\/\/grupo-garcia.es\/fr\/wp-json\/wp\/v2\/media?parent=13506189"}],"wp:term":[{"taxonomy":"property-state","embeddable":true,"href":"https:\/\/grupo-garcia.es\/fr\/wp-json\/wp\/v2\/property-state?post=13506189"},{"taxonomy":"property-type","embeddable":true,"href":"https:\/\/grupo-garcia.es\/fr\/wp-json\/wp\/v2\/property-type?post=13506189"},{"taxonomy":"zone","embeddable":true,"href":"https:\/\/grupo-garcia.es\/fr\/wp-json\/wp\/v2\/zone?post=13506189"},{"taxonomy":"city","embeddable":true,"href":"https:\/\/grupo-garcia.es\/fr\/wp-json\/wp\/v2\/city?post=13506189"},{"taxonomy":"property_categories","embeddable":true,"href":"https:\/\/grupo-garcia.es\/fr\/wp-json\/wp\/v2\/property_categories?post=13506189"}],"curies":[{"name":"wp","href":"https:\/\/api.w.org\/{rel}","templated":true}]}}