{"id":13501131,"date":"2025-11-18T13:30:50","date_gmt":"2025-11-18T12:30:50","guid":{"rendered":"https:\/\/grupo-garcia.es\/properties\/finca-granadella-finca-entierement-renovee-sur-un-grand-terrain-avec-cour-24786552\/"},"modified":"2026-04-28T06:50:50","modified_gmt":"2026-04-28T05:50:50","slug":"finca-granadella-finca-entierement-renovee-sur-un-grand-terrain-avec-cour-24786552","status":"publish","type":"properties","link":"https:\/\/grupo-garcia.es\/fr\/properties\/finca-granadella-finca-entierement-renovee-sur-un-grand-terrain-avec-cour-24786552\/","title":{"rendered":"Finca Granadella. Finca enti\u00e8rement r\u00e9nov\u00e9e sur un grand terrain avec cour."},"content":{"rendered":"<p>D\u00e9couvrez l&rsquo;alliance parfaite du style, de l&rsquo;espace et des possibilit\u00e9s avec cette r\u00e9sidence exceptionnelle de 389 m\u00b2, situ\u00e9e sur un terrain enti\u00e8rement plat de 5\u00a0302 m\u00b2. Con\u00e7ue de plain-pied, cette propri\u00e9t\u00e9 allie harmonieusement \u00e9l\u00e9gance contemporaine et charme rustique, offrant une exp\u00e9rience de vie raffin\u00e9e et confortable. D\u00e8s l&rsquo;entr\u00e9e, une sensation de grandeur et de potentiel illimit\u00e9 vous accueille. Au c\u0153ur de la maison se trouve une magnifique cour int\u00e9rieure, encadr\u00e9e d&rsquo;arches gracieuses et de riches d\u00e9tails architecturaux. Les murs en stuc blanc, les tuiles en terre cuite et le sol aux motifs artistiques cr\u00e9ent une ambiance m\u00e9diterran\u00e9enne chaleureuse, id\u00e9ale pour la d\u00e9tente et les r\u00e9ceptions.<\/p>\n<p>Le vaste s\u00e9jour et la salle \u00e0 manger, \u00e9clair\u00e9s par deux grandes baies vitr\u00e9es coulissantes, s&rsquo;ouvrent directement sur le jardin, cr\u00e9ant une belle fluidit\u00e9 entre l&rsquo;int\u00e9rieur et l&rsquo;ext\u00e9rieur. La cuisine, actuellement ferm\u00e9e, pourrait facilement \u00eatre r\u00e9am\u00e9nag\u00e9e en espace ouvert pour s&rsquo;adapter aux go\u00fbts modernes. Cette maison offre quatre chambres spacieuses, trois situ\u00e9es dans la maison principale et une quatri\u00e8me dans une annexe priv\u00e9e avec sa propre salle de bain attenante, id\u00e9ale pour les invit\u00e9s ou les membres de la famille recherchant plus d&rsquo;intimit\u00e9. Les salles de bains, aux proportions g\u00e9n\u00e9reuses et aux douches \u00e0 l&rsquo;italienne, offrent un confort et un design modernes.<\/p>\n<p>Dans toute la maison, des d\u00e9tails soign\u00e9s subliment l&rsquo;espace\u00a0: des meubles en bois naturel aux hauts plafonds avec poutres apparentes, en passant par les sols en pierre de qualit\u00e9 sup\u00e9rieure, alliant \u00e9l\u00e9gance et facilit\u00e9 d&rsquo;entretien. Une abondante lumi\u00e8re naturelle filtre \u00e0 travers des fen\u00eatres et des portes-fen\u00eatres judicieusement plac\u00e9es, cr\u00e9ant une atmosph\u00e8re lumineuse et stimulante dans chaque pi\u00e8ce.<\/p>\n<p>Le vaste terrain offre un potentiel consid\u00e9rable pour la vie en ext\u00e9rieur. Que vous envisagiez un espace d\u00e9tente au bord de la piscine, un espace barbecue, un court de paddle-tennis ou des jardins paysagers, cette propri\u00e9t\u00e9 offre l&rsquo;espace n\u00e9cessaire pour concr\u00e9tiser vos id\u00e9es. De plus, la possibilit\u00e9 unique de construire une autre maison jusqu&rsquo;\u00e0 671\u00a0m\u00b2 sur le m\u00eame terrain offre encore plus de flexibilit\u00e9 et de valeur.<\/p>\n<p>Situ\u00e9e dans la charmante ville c\u00f4ti\u00e8re de J\u00e1vea, cette propri\u00e9t\u00e9 est id\u00e9alement situ\u00e9e pour profiter du meilleur de la vie m\u00e9diterran\u00e9enne. J\u00e1vea est r\u00e9put\u00e9e pour ses plages magnifiques, ses parcs naturels et son riche m\u00e9lange de tradition et de modernit\u00e9. Que vous vous promeniez dans la vieille ville, profitiez de la marina anim\u00e9e ou exploriez ses sentiers de randonn\u00e9e pittoresques, J\u00e1vea offre un style de vie de beaut\u00e9, de loisirs et de communaut\u00e9.<\/p><\/p>\n","protected":false},"featured_media":13500988,"template":"","meta":{"id_inmovilla":["24786552"],"property_type":["Villa de Lujo"],"property_ref":["NC6602"],"property_price":["1600000"],"property_city":["J\u00e1vea - X\u00e0bia"],"property_region":["ALICANTE"],"zona-auxiliar":["Costa Nova"],"tipo-via":[""],"domicilio":[""],"numero":[""],"codigo-postal":["03738"],"altura":[""],"planta":[""],"piso":[""],"puerta":[""],"escalera":[""],"bloque":[""],"edificio":[""],"habitaciones-dobles":["4"],"bedrooms":["0"],"banos":["4"],"aseos":["0"],"salones":["0"],"parking":["0","false"],"plantas":["0"],"fecha-construccion":["2007"],"distancia-playa":["0"],"comunidad":["0"],"periodicidad-comunidad":["MES"],"ibi":["0.00"],"distancia-al-mar":["0"],"metros-utiles":["0.00"],"metros-construidos":["389.00"],"metros-parcela":["5302"],"metros-de-la-terraza":["0.00"],"metros-de-la-cocina":["0.00"],"metros-del-comedor":["0.00"],"metros-del-salon":["0.00"],"estado":["Buen estado"],"carpinteria-exterior":["PVC\/Climalit"],"tipo-suelo":["Stoneware"],"orientacion":["Sur"],"carpinteria-interior":["Madera"],"vistas":["Jardin"],"tipo-de-calefaccion":["25"],"agua-caliente":["0"],"tipo-cocina":[""],"instalacion-electrica":["0"],"fachada":[""],"acceso-pmr":["false"],"armarios-empotrados":["true"],"calefaccion":["true"],"garaje":["false"],"jacuzzi":["false"],"solarium":["false"],"vivienda-adaptada":["false"],"ascensor":["false"],"calefaccion-central":["false"],"garaje-doble":["false"],"jardin":["true"],"puerta-blindada":["false"],"t-v":["false"],"aire-acond-central":["true"],"balcon":["false"],"chimenea":["false"],"gas-ciudad":["false"],"lavanderia":["false"],"patio":["false"],"aire-acondicionado":["true"],"bar":["false"],"deposito-agua":["false"],"gimnasio":["false"],"luminoso":["false"],"pergola":["false"],"terraza":["false"],"alarma":["false"],"barbacoa":["false"],"descalcificador":["false"],"hab-juegos":["false"],"luz":["false"],"piscina-comunitaria":["false"],"satelite":["false"],"terraza-acristalada":["false"],"alarma-incendio":["false"],"bomba-frio-y-calor":["true"],"despensa":["false"],"hidromasaje":["false"],"mirador":["false"],"piscina-propia":["true"],"sauna":["false"],"trastero":["false"],"apart-separado":["false"],"buhardilla":["false"],"esquina":["false"],"muebles":["false"],"preinst-aacc":["false"],"sotano":["false"],"videoportero":[""],"autobuses":["false"],"centros-comerciales":["false"],"colegios":["false"],"hospitales":["false"],"urbanizacion":["false"],"vistas-al-mar":["false"],"zonas-infantiles":["false"],"arboles":["false"],"centros-medicos":["false"],"costa":["true"],"metro":["false"],"primera-linea":["false"],"tranvia":["false"],"vallado":["false"],"golf":["false"],"montana":["false"],"rural":["false"],"tren":["false"],"exclusividad":["false"],"tour-virtual":[""],"video":[""],"disponibilidad-propiedad":["Libre"],"habitaciones_totales":["4"],"ojo_de_buey":["false"],"certificado_energetico":["G"],"energia_valor":["0"],"_wp_page_template":["default"],"galeria":["a:36:{i:13500988;s:58:\"https:\/\/grupo-garcia.es\/wp-content\/uploads\/2025\/05\/2-1.jpg\";i:13500992;s:58:\"https:\/\/grupo-garcia.es\/wp-content\/uploads\/2025\/05\/2-2.jpg\";i:13500996;s:58:\"https:\/\/grupo-garcia.es\/wp-content\/uploads\/2025\/05\/2-3.jpg\";i:13501000;s:58:\"https:\/\/grupo-garcia.es\/wp-content\/uploads\/2025\/05\/2-4.jpg\";i:13501004;s:58:\"https:\/\/grupo-garcia.es\/wp-content\/uploads\/2025\/05\/2-5.jpg\";i:13501008;s:58:\"https:\/\/grupo-garcia.es\/wp-content\/uploads\/2025\/05\/2-6.jpg\";i:13501012;s:58:\"https:\/\/grupo-garcia.es\/wp-content\/uploads\/2025\/05\/2-7.jpg\";i:13501016;s:58:\"https:\/\/grupo-garcia.es\/wp-content\/uploads\/2025\/05\/2-8.jpg\";i:13501020;s:58:\"https:\/\/grupo-garcia.es\/wp-content\/uploads\/2025\/05\/2-9.jpg\";i:13501024;s:59:\"https:\/\/grupo-garcia.es\/wp-content\/uploads\/2025\/05\/2-10.jpg\";i:13501028;s:59:\"https:\/\/grupo-garcia.es\/wp-content\/uploads\/2025\/05\/2-11.jpg\";i:13501032;s:59:\"https:\/\/grupo-garcia.es\/wp-content\/uploads\/2025\/05\/2-12.jpg\";i:13501036;s:59:\"https:\/\/grupo-garcia.es\/wp-content\/uploads\/2025\/05\/2-13.jpg\";i:13501040;s:59:\"https:\/\/grupo-garcia.es\/wp-content\/uploads\/2025\/05\/2-14.jpg\";i:13501044;s:59:\"https:\/\/grupo-garcia.es\/wp-content\/uploads\/2025\/05\/2-15.jpg\";i:13501048;s:59:\"https:\/\/grupo-garcia.es\/wp-content\/uploads\/2025\/05\/2-16.jpg\";i:13501052;s:59:\"https:\/\/grupo-garcia.es\/wp-content\/uploads\/2025\/05\/2-17.jpg\";i:13501056;s:59:\"https:\/\/grupo-garcia.es\/wp-content\/uploads\/2025\/05\/2-18.jpg\";i:13501060;s:59:\"https:\/\/grupo-garcia.es\/wp-content\/uploads\/2025\/05\/2-19.jpg\";i:13501064;s:59:\"https:\/\/grupo-garcia.es\/wp-content\/uploads\/2025\/05\/2-20.jpg\";i:13501068;s:59:\"https:\/\/grupo-garcia.es\/wp-content\/uploads\/2025\/05\/2-21.jpg\";i:13501072;s:59:\"https:\/\/grupo-garcia.es\/wp-content\/uploads\/2025\/05\/2-22.jpg\";i:13501076;s:59:\"https:\/\/grupo-garcia.es\/wp-content\/uploads\/2025\/05\/2-23.jpg\";i:13501080;s:59:\"https:\/\/grupo-garcia.es\/wp-content\/uploads\/2025\/05\/2-24.jpg\";i:13501084;s:59:\"https:\/\/grupo-garcia.es\/wp-content\/uploads\/2025\/05\/2-25.jpg\";i:13501088;s:59:\"https:\/\/grupo-garcia.es\/wp-content\/uploads\/2025\/05\/2-26.jpg\";i:13501092;s:59:\"https:\/\/grupo-garcia.es\/wp-content\/uploads\/2025\/05\/2-27.jpg\";i:13501096;s:59:\"https:\/\/grupo-garcia.es\/wp-content\/uploads\/2025\/05\/2-28.jpg\";i:13501100;s:59:\"https:\/\/grupo-garcia.es\/wp-content\/uploads\/2025\/05\/2-29.jpg\";i:13501104;s:59:\"https:\/\/grupo-garcia.es\/wp-content\/uploads\/2025\/05\/2-30.jpg\";i:13501108;s:59:\"https:\/\/grupo-garcia.es\/wp-content\/uploads\/2025\/05\/2-31.jpg\";i:13501112;s:59:\"https:\/\/grupo-garcia.es\/wp-content\/uploads\/2025\/05\/2-32.jpg\";i:13501116;s:59:\"https:\/\/grupo-garcia.es\/wp-content\/uploads\/2025\/05\/2-33.jpg\";i:13501120;s:59:\"https:\/\/grupo-garcia.es\/wp-content\/uploads\/2025\/05\/2-34.jpg\";i:13501124;s:59:\"https:\/\/grupo-garcia.es\/wp-content\/uploads\/2025\/05\/2-35.jpg\";i:13501128;s:59:\"https:\/\/grupo-garcia.es\/wp-content\/uploads\/2025\/05\/2-36.jpg\";}"],"_thumbnail_id":["13500988"],"_wpml_word_count":["486"]},"property-state":[207],"property-type":[228],"zone":[136],"city":[67],"property_categories":[269],"class_list":["post-13501131","properties","type-properties","status-publish","has-post-thumbnail","hentry","property-state-revente","property-type-villas-de-luxe","zone-costa-nova","city-javea","property_categories-vendre"],"yoast_head":"<!-- This site is optimized with the Yoast SEO plugin v27.5 - https:\/\/yoast.com\/product\/yoast-seo-wordpress\/ -->\n<title>Finca Granadella. Finca enti\u00e8rement r\u00e9nov\u00e9e sur un grand terrain avec cour. | Grupo Garcia<\/title>\n<meta name=\"description\" content=\"Finca Granadella. Finca enti\u00e8rement r\u00e9nov\u00e9e sur un grand terrain avec cour. D\u00e9couvrez l&#039;alliance parfaite du style, de l&#039;espace et des possibilit\u00e9s avec cette r\u00e9sidence exceptionnelle de 389 m\u00b2, situ\u00e9e sur un terrain enti\u00e8rement\" \/>\n<meta name=\"robots\" content=\"index, follow, max-snippet:-1, max-image-preview:large, max-video-preview:-1\" \/>\n<link rel=\"canonical\" href=\"https:\/\/grupo-garcia.es\/fr\/properties\/finca-granadella-finca-entierement-renovee-sur-un-grand-terrain-avec-cour-24786552\/\" \/>\n<meta property=\"og:locale\" content=\"fr_FR\" \/>\n<meta property=\"og:type\" content=\"article\" \/>\n<meta property=\"og:title\" content=\"Finca Granadella. Finca enti\u00e8rement r\u00e9nov\u00e9e sur un grand terrain avec cour. | Grupo Garcia\" \/>\n<meta property=\"og:description\" content=\"Finca Granadella. Finca enti\u00e8rement r\u00e9nov\u00e9e sur un grand terrain avec cour. D\u00e9couvrez l&#039;alliance parfaite du style, de l&#039;espace et des possibilit\u00e9s avec cette r\u00e9sidence exceptionnelle de 389 m\u00b2, situ\u00e9e sur un terrain enti\u00e8rement\" \/>\n<meta property=\"og:url\" content=\"https:\/\/grupo-garcia.es\/fr\/properties\/finca-granadella-finca-entierement-renovee-sur-un-grand-terrain-avec-cour-24786552\/\" \/>\n<meta property=\"og:site_name\" content=\"Grupo Garcia\" \/>\n<meta property=\"article:publisher\" content=\"https:\/\/www.facebook.com\/grupogarciacostablanca\/\" \/>\n<meta property=\"article:modified_time\" content=\"2026-04-28T05:50:50+00:00\" \/>\n<meta property=\"og:image\" content=\"https:\/\/grupo-garcia.es\/wp-content\/uploads\/2025\/05\/2-1.jpg\" \/>\n\t<meta property=\"og:image:width\" content=\"2048\" \/>\n\t<meta property=\"og:image:height\" content=\"1365\" \/>\n\t<meta property=\"og:image:type\" content=\"image\/jpeg\" \/>\n<meta name=\"twitter:card\" content=\"summary_large_image\" \/>\n<meta name=\"twitter:label1\" content=\"Dur\u00e9e de lecture estim\u00e9e\" \/>\n\t<meta name=\"twitter:data1\" content=\"2 minutes\" \/>\n<script type=\"application\/ld+json\" class=\"yoast-schema-graph\">{\"@context\":\"https:\\\/\\\/schema.org\",\"@graph\":[{\"@type\":[\"WebPage\",\"RealEstateListing\"],\"@id\":\"https:\\\/\\\/grupo-garcia.es\\\/fr\\\/properties\\\/finca-granadella-finca-entierement-renovee-sur-un-grand-terrain-avec-cour-24786552\\\/\",\"url\":\"https:\\\/\\\/grupo-garcia.es\\\/fr\\\/properties\\\/finca-granadella-finca-entierement-renovee-sur-un-grand-terrain-avec-cour-24786552\\\/\",\"name\":\"Finca Granadella. Finca enti\u00e8rement r\u00e9nov\u00e9e sur un grand terrain avec cour. | Grupo Garcia\",\"isPartOf\":{\"@id\":\"https:\\\/\\\/grupo-garcia.es\\\/fr\\\/#website\"},\"primaryImageOfPage\":{\"@id\":\"https:\\\/\\\/grupo-garcia.es\\\/fr\\\/properties\\\/finca-granadella-finca-entierement-renovee-sur-un-grand-terrain-avec-cour-24786552\\\/#primaryimage\"},\"image\":{\"@id\":\"https:\\\/\\\/grupo-garcia.es\\\/fr\\\/properties\\\/finca-granadella-finca-entierement-renovee-sur-un-grand-terrain-avec-cour-24786552\\\/#primaryimage\"},\"thumbnailUrl\":\"https:\\\/\\\/grupo-garcia.es\\\/wp-content\\\/uploads\\\/2025\\\/05\\\/2-1.jpg\",\"datePublished\":\"2025-11-18T12:30:50+00:00\",\"dateModified\":\"2026-04-28T05:50:50+00:00\",\"description\":\"Finca Granadella. Finca enti\u00e8rement r\u00e9nov\u00e9e sur un grand terrain avec cour. D\u00e9couvrez l'alliance parfaite du style, de l'espace et des possibilit\u00e9s avec cette r\u00e9sidence exceptionnelle de 389 m\u00b2, situ\u00e9e sur un terrain enti\u00e8rement\",\"breadcrumb\":{\"@id\":\"https:\\\/\\\/grupo-garcia.es\\\/fr\\\/properties\\\/finca-granadella-finca-entierement-renovee-sur-un-grand-terrain-avec-cour-24786552\\\/#breadcrumb\"},\"inLanguage\":\"fr-FR\",\"potentialAction\":[{\"@type\":\"ReadAction\",\"target\":[\"https:\\\/\\\/grupo-garcia.es\\\/fr\\\/properties\\\/finca-granadella-finca-entierement-renovee-sur-un-grand-terrain-avec-cour-24786552\\\/\"]}]},{\"@type\":\"ImageObject\",\"inLanguage\":\"fr-FR\",\"@id\":\"https:\\\/\\\/grupo-garcia.es\\\/fr\\\/properties\\\/finca-granadella-finca-entierement-renovee-sur-un-grand-terrain-avec-cour-24786552\\\/#primaryimage\",\"url\":\"https:\\\/\\\/grupo-garcia.es\\\/wp-content\\\/uploads\\\/2025\\\/05\\\/2-1.jpg\",\"contentUrl\":\"https:\\\/\\\/grupo-garcia.es\\\/wp-content\\\/uploads\\\/2025\\\/05\\\/2-1.jpg\",\"width\":2048,\"height\":1365},{\"@type\":\"BreadcrumbList\",\"@id\":\"https:\\\/\\\/grupo-garcia.es\\\/fr\\\/properties\\\/finca-granadella-finca-entierement-renovee-sur-un-grand-terrain-avec-cour-24786552\\\/#breadcrumb\",\"itemListElement\":[{\"@type\":\"ListItem\",\"position\":1,\"name\":\"Portada\",\"item\":\"https:\\\/\\\/grupo-garcia.es\\\/fr\\\/\"},{\"@type\":\"ListItem\",\"position\":2,\"name\":\"Properties\",\"item\":\"https:\\\/\\\/grupo-garcia.es\\\/fr\\\/properties\\\/\"},{\"@type\":\"ListItem\",\"position\":3,\"name\":\"Finca Granadella. Finca enti\u00e8rement r\u00e9nov\u00e9e sur un grand terrain avec cour.\"}]},{\"@type\":\"WebSite\",\"@id\":\"https:\\\/\\\/grupo-garcia.es\\\/fr\\\/#website\",\"url\":\"https:\\\/\\\/grupo-garcia.es\\\/fr\\\/\",\"name\":\"Grupo Garcia\",\"description\":\"Inmobiliaria en J\u00e1vea y Jal\u00f3n\",\"potentialAction\":[{\"@type\":\"SearchAction\",\"target\":{\"@type\":\"EntryPoint\",\"urlTemplate\":\"https:\\\/\\\/grupo-garcia.es\\\/fr\\\/?s={search_term_string}\"},\"query-input\":{\"@type\":\"PropertyValueSpecification\",\"valueRequired\":true,\"valueName\":\"search_term_string\"}}],\"inLanguage\":\"fr-FR\"}]}<\/script>\n<!-- \/ Yoast SEO plugin. -->","yoast_head_json":{"title":"Finca Granadella. Finca enti\u00e8rement r\u00e9nov\u00e9e sur un grand terrain avec cour. | Grupo Garcia","description":"Finca Granadella. Finca enti\u00e8rement r\u00e9nov\u00e9e sur un grand terrain avec cour. D\u00e9couvrez l'alliance parfaite du style, de l'espace et des possibilit\u00e9s avec cette r\u00e9sidence exceptionnelle de 389 m\u00b2, situ\u00e9e sur un terrain enti\u00e8rement","robots":{"index":"index","follow":"follow","max-snippet":"max-snippet:-1","max-image-preview":"max-image-preview:large","max-video-preview":"max-video-preview:-1"},"canonical":"https:\/\/grupo-garcia.es\/fr\/properties\/finca-granadella-finca-entierement-renovee-sur-un-grand-terrain-avec-cour-24786552\/","og_locale":"fr_FR","og_type":"article","og_title":"Finca Granadella. Finca enti\u00e8rement r\u00e9nov\u00e9e sur un grand terrain avec cour. | Grupo Garcia","og_description":"Finca Granadella. Finca enti\u00e8rement r\u00e9nov\u00e9e sur un grand terrain avec cour. D\u00e9couvrez l'alliance parfaite du style, de l'espace et des possibilit\u00e9s avec cette r\u00e9sidence exceptionnelle de 389 m\u00b2, situ\u00e9e sur un terrain enti\u00e8rement","og_url":"https:\/\/grupo-garcia.es\/fr\/properties\/finca-granadella-finca-entierement-renovee-sur-un-grand-terrain-avec-cour-24786552\/","og_site_name":"Grupo Garcia","article_publisher":"https:\/\/www.facebook.com\/grupogarciacostablanca\/","article_modified_time":"2026-04-28T05:50:50+00:00","og_image":[{"width":2048,"height":1365,"url":"https:\/\/grupo-garcia.es\/wp-content\/uploads\/2025\/05\/2-1.jpg","type":"image\/jpeg"}],"twitter_card":"summary_large_image","twitter_misc":{"Dur\u00e9e de lecture estim\u00e9e":"2 minutes"},"schema":{"@context":"https:\/\/schema.org","@graph":[{"@type":["WebPage","RealEstateListing"],"@id":"https:\/\/grupo-garcia.es\/fr\/properties\/finca-granadella-finca-entierement-renovee-sur-un-grand-terrain-avec-cour-24786552\/","url":"https:\/\/grupo-garcia.es\/fr\/properties\/finca-granadella-finca-entierement-renovee-sur-un-grand-terrain-avec-cour-24786552\/","name":"Finca Granadella. Finca enti\u00e8rement r\u00e9nov\u00e9e sur un grand terrain avec cour. | Grupo Garcia","isPartOf":{"@id":"https:\/\/grupo-garcia.es\/fr\/#website"},"primaryImageOfPage":{"@id":"https:\/\/grupo-garcia.es\/fr\/properties\/finca-granadella-finca-entierement-renovee-sur-un-grand-terrain-avec-cour-24786552\/#primaryimage"},"image":{"@id":"https:\/\/grupo-garcia.es\/fr\/properties\/finca-granadella-finca-entierement-renovee-sur-un-grand-terrain-avec-cour-24786552\/#primaryimage"},"thumbnailUrl":"https:\/\/grupo-garcia.es\/wp-content\/uploads\/2025\/05\/2-1.jpg","datePublished":"2025-11-18T12:30:50+00:00","dateModified":"2026-04-28T05:50:50+00:00","description":"Finca Granadella. Finca enti\u00e8rement r\u00e9nov\u00e9e sur un grand terrain avec cour. D\u00e9couvrez l'alliance parfaite du style, de l'espace et des possibilit\u00e9s avec cette r\u00e9sidence exceptionnelle de 389 m\u00b2, situ\u00e9e sur un terrain enti\u00e8rement","breadcrumb":{"@id":"https:\/\/grupo-garcia.es\/fr\/properties\/finca-granadella-finca-entierement-renovee-sur-un-grand-terrain-avec-cour-24786552\/#breadcrumb"},"inLanguage":"fr-FR","potentialAction":[{"@type":"ReadAction","target":["https:\/\/grupo-garcia.es\/fr\/properties\/finca-granadella-finca-entierement-renovee-sur-un-grand-terrain-avec-cour-24786552\/"]}]},{"@type":"ImageObject","inLanguage":"fr-FR","@id":"https:\/\/grupo-garcia.es\/fr\/properties\/finca-granadella-finca-entierement-renovee-sur-un-grand-terrain-avec-cour-24786552\/#primaryimage","url":"https:\/\/grupo-garcia.es\/wp-content\/uploads\/2025\/05\/2-1.jpg","contentUrl":"https:\/\/grupo-garcia.es\/wp-content\/uploads\/2025\/05\/2-1.jpg","width":2048,"height":1365},{"@type":"BreadcrumbList","@id":"https:\/\/grupo-garcia.es\/fr\/properties\/finca-granadella-finca-entierement-renovee-sur-un-grand-terrain-avec-cour-24786552\/#breadcrumb","itemListElement":[{"@type":"ListItem","position":1,"name":"Portada","item":"https:\/\/grupo-garcia.es\/fr\/"},{"@type":"ListItem","position":2,"name":"Properties","item":"https:\/\/grupo-garcia.es\/fr\/properties\/"},{"@type":"ListItem","position":3,"name":"Finca Granadella. Finca enti\u00e8rement r\u00e9nov\u00e9e sur un grand terrain avec cour."}]},{"@type":"WebSite","@id":"https:\/\/grupo-garcia.es\/fr\/#website","url":"https:\/\/grupo-garcia.es\/fr\/","name":"Grupo Garcia","description":"Inmobiliaria en J\u00e1vea y Jal\u00f3n","potentialAction":[{"@type":"SearchAction","target":{"@type":"EntryPoint","urlTemplate":"https:\/\/grupo-garcia.es\/fr\/?s={search_term_string}"},"query-input":{"@type":"PropertyValueSpecification","valueRequired":true,"valueName":"search_term_string"}}],"inLanguage":"fr-FR"}]}},"_links":{"self":[{"href":"https:\/\/grupo-garcia.es\/fr\/wp-json\/wp\/v2\/properties\/13501131","targetHints":{"allow":["GET"]}}],"collection":[{"href":"https:\/\/grupo-garcia.es\/fr\/wp-json\/wp\/v2\/properties"}],"about":[{"href":"https:\/\/grupo-garcia.es\/fr\/wp-json\/wp\/v2\/types\/properties"}],"wp:featuredmedia":[{"embeddable":true,"href":"https:\/\/grupo-garcia.es\/fr\/wp-json\/wp\/v2\/media\/13500988"}],"wp:attachment":[{"href":"https:\/\/grupo-garcia.es\/fr\/wp-json\/wp\/v2\/media?parent=13501131"}],"wp:term":[{"taxonomy":"property-state","embeddable":true,"href":"https:\/\/grupo-garcia.es\/fr\/wp-json\/wp\/v2\/property-state?post=13501131"},{"taxonomy":"property-type","embeddable":true,"href":"https:\/\/grupo-garcia.es\/fr\/wp-json\/wp\/v2\/property-type?post=13501131"},{"taxonomy":"zone","embeddable":true,"href":"https:\/\/grupo-garcia.es\/fr\/wp-json\/wp\/v2\/zone?post=13501131"},{"taxonomy":"city","embeddable":true,"href":"https:\/\/grupo-garcia.es\/fr\/wp-json\/wp\/v2\/city?post=13501131"},{"taxonomy":"property_categories","embeddable":true,"href":"https:\/\/grupo-garcia.es\/fr\/wp-json\/wp\/v2\/property_categories?post=13501131"}],"curies":[{"name":"wp","href":"https:\/\/api.w.org\/{rel}","templated":true}]}}