{"id":13498571,"date":"2026-03-06T11:56:28","date_gmt":"2026-03-06T10:56:28","guid":{"rendered":"https:\/\/grupo-garcia.es\/properties\/appartement-renove-proche-de-la-plage-darenal-a-vendre-a-javea-24237782\/"},"modified":"2026-04-28T06:50:45","modified_gmt":"2026-04-28T05:50:45","slug":"appartement-renove-proche-de-la-plage-darenal-a-vendre-a-javea-24237782","status":"publish","type":"properties","link":"https:\/\/grupo-garcia.es\/fr\/properties\/appartement-renove-proche-de-la-plage-darenal-a-vendre-a-javea-24237782\/","title":{"rendered":"Appartement r\u00e9nov\u00e9 proche de la plage d&rsquo;Arenal \u00e0 vendre \u00e0 Javea"},"content":{"rendered":"<p>Situ\u00e9 \u00e0 deux pas de la plage populaire d&rsquo;Arenal, cet appartement a \u00e9t\u00e9 r\u00e9cemment r\u00e9nov\u00e9 dans un style sophistiqu\u00e9 et offre un espace de vie serein et confortable. La r\u00e9novation a \u00e9t\u00e9 effectu\u00e9e avec le souci du d\u00e9tail, donnant \u00e0 l&rsquo;appartement l&rsquo;\u00e9quilibre parfait entre le confort moderne et la tranquillit\u00e9.<\/p>\n<p>L&rsquo;appartement comprend deux chambres \u00e0 coucher, chacune avec sa propre salle de bains. Cette disposition garantit un maximum d&rsquo;intimit\u00e9, ce qui rend l&rsquo;appartement adapt\u00e9 aux familles ainsi qu&rsquo;aux personnes souhaitant un s\u00e9jour confortable. Les salles de bains sont finies avec des mat\u00e9riaux de haute qualit\u00e9, ce qui leur conf\u00e8re une touche de luxe suppl\u00e9mentaire.<\/p>\n<p>L&rsquo;entr\u00e9e se fait par un salon et une salle \u00e0 manger spacieux qui se prolonge par une cuisine ouverte. Cette disposition ouverte cr\u00e9e un espace id\u00e9al pour la d\u00e9tente et la convivialit\u00e9. Gr\u00e2ce aux grandes fen\u00eatres, la lumi\u00e8re naturelle p\u00e9n\u00e8tre abondamment dans la pi\u00e8ce, lui conf\u00e9rant une atmosph\u00e8re chaleureuse et accueillante.<\/p>\n<p>La terrasse est un v\u00e9ritable point fort de l&rsquo;appartement. C&rsquo;est l&rsquo;endroit id\u00e9al pour prendre une tasse de caf\u00e9 le matin ou un verre de vin au coucher du soleil, tout en profitant des vues magnifiques et de l&rsquo;atmosph\u00e8re paisible de la vie c\u00f4ti\u00e8re.<\/p>\n<p>Il n&rsquo;y a pas d&rsquo;ascenseur, mais cela permet d&rsquo;avoir plus d&rsquo;intimit\u00e9. Si cet appartement a retenu votre attention, n&rsquo;h\u00e9sitez pas \u00e0 contacter notre \u00e9quipe et nous organiserons un rendez-vous pour une visite.<\/p><\/p>\n","protected":false},"featured_media":13498461,"template":"","meta":{"id_inmovilla":["24237782"],"property_type":["Apartamento"],"property_ref":["NC6595"],"property_price":["325000"],"property_city":["J\u00e1vea - X\u00e0bia"],"property_region":["ALICANTE"],"zona-auxiliar":["Playa Del Arenal"],"tipo-via":[""],"domicilio":[""],"numero":[""],"codigo-postal":["03730"],"altura":[""],"planta":[""],"piso":[""],"puerta":[""],"escalera":[""],"bloque":[""],"edificio":[""],"habitaciones-dobles":["2"],"bedrooms":["0"],"banos":["2"],"aseos":["0"],"salones":["0"],"parking":["0","2"],"plantas":["0"],"fecha-construccion":["1974"],"distancia-playa":["2"],"comunidad":["0"],"periodicidad-comunidad":["MES"],"ibi":["0.00"],"distancia-al-mar":["2"],"metros-utiles":["88.00"],"metros-construidos":["89.00"],"metros-parcela":["89"],"metros-de-la-terraza":["0.00"],"metros-de-la-cocina":["0.00"],"metros-del-comedor":["0.00"],"metros-del-salon":["0.00"],"estado":["Buen estado"],"carpinteria-exterior":["PVC"],"tipo-suelo":["0"],"orientacion":["Sur"],"carpinteria-interior":[""],"vistas":["0"],"tipo-de-calefaccion":["0"],"agua-caliente":["0"],"tipo-cocina":[""],"instalacion-electrica":["0"],"fachada":[""],"acceso-pmr":["false"],"armarios-empotrados":["false"],"calefaccion":["false"],"garaje":["false"],"jacuzzi":["false"],"solarium":["false"],"vivienda-adaptada":["false"],"ascensor":["false"],"calefaccion-central":["false"],"garaje-doble":["false"],"jardin":["true"],"puerta-blindada":["false"],"t-v":["false"],"aire-acond-central":["false"],"balcon":["true"],"chimenea":["false"],"gas-ciudad":["false"],"lavanderia":["false"],"patio":["false"],"aire-acondicionado":["true"],"bar":["false"],"deposito-agua":["false"],"gimnasio":["false"],"luminoso":["false"],"pergola":["false"],"terraza":["true"],"alarma":["false"],"barbacoa":["false"],"descalcificador":["false"],"hab-juegos":["false"],"luz":["false"],"piscina-comunitaria":["false"],"satelite":["false"],"terraza-acristalada":["false"],"alarma-incendio":["false"],"bomba-frio-y-calor":["false"],"despensa":["false"],"hidromasaje":["false"],"mirador":["false"],"piscina-propia":["false"],"sauna":["false"],"trastero":["false"],"apart-separado":["false"],"buhardilla":["false"],"esquina":["false"],"muebles":["false"],"preinst-aacc":["false"],"sotano":["false"],"videoportero":[""],"autobuses":["true"],"centros-comerciales":["true"],"colegios":["false"],"hospitales":["false"],"urbanizacion":["false"],"vistas-al-mar":["false"],"zonas-infantiles":["false"],"arboles":["false"],"centros-medicos":["false"],"costa":["true"],"metro":["false"],"primera-linea":["false"],"tranvia":["false"],"vallado":["false"],"golf":["true"],"montana":["false"],"rural":["false"],"tren":["false"],"exclusividad":["false"],"tour-virtual":[""],"video":[""],"disponibilidad-propiedad":["Libre"],"habitaciones_totales":["2"],"ojo_de_buey":["false"],"certificado_energetico":["G"],"energia_valor":["0"],"_wp_page_template":["default"],"galeria":["a:27:{i:13498461;s:65:\"https:\/\/grupo-garcia.es\/wp-content\/uploads\/2025\/04\/2-1-scaled.jpg\";i:13498465;s:65:\"https:\/\/grupo-garcia.es\/wp-content\/uploads\/2025\/04\/2-2-scaled.jpg\";i:13498469;s:65:\"https:\/\/grupo-garcia.es\/wp-content\/uploads\/2025\/04\/2-3-scaled.jpg\";i:13498473;s:65:\"https:\/\/grupo-garcia.es\/wp-content\/uploads\/2025\/04\/2-4-scaled.jpg\";i:13498477;s:65:\"https:\/\/grupo-garcia.es\/wp-content\/uploads\/2025\/04\/2-5-scaled.jpg\";i:13498481;s:65:\"https:\/\/grupo-garcia.es\/wp-content\/uploads\/2025\/04\/2-6-scaled.jpg\";i:13498485;s:65:\"https:\/\/grupo-garcia.es\/wp-content\/uploads\/2025\/04\/2-7-scaled.jpg\";i:13498489;s:65:\"https:\/\/grupo-garcia.es\/wp-content\/uploads\/2025\/04\/2-8-scaled.jpg\";i:13498493;s:65:\"https:\/\/grupo-garcia.es\/wp-content\/uploads\/2025\/04\/2-9-scaled.jpg\";i:13498497;s:66:\"https:\/\/grupo-garcia.es\/wp-content\/uploads\/2025\/04\/2-10-scaled.jpg\";i:13498501;s:66:\"https:\/\/grupo-garcia.es\/wp-content\/uploads\/2025\/04\/2-11-scaled.jpg\";i:13498505;s:66:\"https:\/\/grupo-garcia.es\/wp-content\/uploads\/2025\/04\/2-12-scaled.jpg\";i:13498509;s:66:\"https:\/\/grupo-garcia.es\/wp-content\/uploads\/2025\/04\/2-13-scaled.jpg\";i:13498513;s:66:\"https:\/\/grupo-garcia.es\/wp-content\/uploads\/2025\/04\/2-14-scaled.jpg\";i:13498517;s:66:\"https:\/\/grupo-garcia.es\/wp-content\/uploads\/2025\/04\/2-15-scaled.jpg\";i:13498521;s:66:\"https:\/\/grupo-garcia.es\/wp-content\/uploads\/2025\/04\/2-16-scaled.jpg\";i:13498525;s:66:\"https:\/\/grupo-garcia.es\/wp-content\/uploads\/2025\/04\/2-17-scaled.jpg\";i:13498529;s:66:\"https:\/\/grupo-garcia.es\/wp-content\/uploads\/2025\/04\/2-18-scaled.jpg\";i:13498533;s:66:\"https:\/\/grupo-garcia.es\/wp-content\/uploads\/2025\/04\/2-19-scaled.jpg\";i:13498537;s:66:\"https:\/\/grupo-garcia.es\/wp-content\/uploads\/2025\/04\/2-20-scaled.jpg\";i:13498541;s:66:\"https:\/\/grupo-garcia.es\/wp-content\/uploads\/2025\/04\/2-21-scaled.jpg\";i:13498545;s:66:\"https:\/\/grupo-garcia.es\/wp-content\/uploads\/2025\/04\/2-22-scaled.jpg\";i:13498549;s:66:\"https:\/\/grupo-garcia.es\/wp-content\/uploads\/2025\/04\/2-23-scaled.jpg\";i:13498553;s:66:\"https:\/\/grupo-garcia.es\/wp-content\/uploads\/2025\/04\/2-24-scaled.jpg\";i:13498557;s:66:\"https:\/\/grupo-garcia.es\/wp-content\/uploads\/2025\/04\/2-25-scaled.jpg\";i:13498561;s:66:\"https:\/\/grupo-garcia.es\/wp-content\/uploads\/2025\/04\/2-26-scaled.jpg\";i:13498565;s:66:\"https:\/\/grupo-garcia.es\/wp-content\/uploads\/2025\/04\/2-27-scaled.jpg\";}"],"_thumbnail_id":["13498461"],"_wpml_word_count":["265"]},"property-state":[207],"property-type":[255],"zone":[125],"city":[67],"property_categories":[269],"class_list":["post-13498571","properties","type-properties","status-publish","has-post-thumbnail","hentry","property-state-revente","property-type-appartement-fr","zone-playa-del-arenal","city-javea","property_categories-vendre"],"yoast_head":"<!-- This site is optimized with the Yoast SEO plugin v27.5 - https:\/\/yoast.com\/product\/yoast-seo-wordpress\/ -->\n<title>Appartement r\u00e9nov\u00e9 proche de la plage d&#039;Arenal \u00e0 vendre \u00e0 Javea | Grupo Garcia<\/title>\n<meta name=\"description\" content=\"Appartement r\u00e9nov\u00e9 proche de la plage d&#039;Arenal \u00e0 vendre \u00e0 Javea Situ\u00e9 \u00e0 deux pas de la plage populaire d&#039;Arenal, cet appartement a \u00e9t\u00e9 r\u00e9cemment r\u00e9nov\u00e9 dans un style sophistiqu\u00e9 et offre un espace de vie serein et\" \/>\n<meta name=\"robots\" content=\"index, follow, max-snippet:-1, max-image-preview:large, max-video-preview:-1\" \/>\n<link rel=\"canonical\" href=\"https:\/\/grupo-garcia.es\/fr\/properties\/appartement-renove-proche-de-la-plage-darenal-a-vendre-a-javea-24237782\/\" \/>\n<meta property=\"og:locale\" content=\"fr_FR\" \/>\n<meta property=\"og:type\" content=\"article\" \/>\n<meta property=\"og:title\" content=\"Appartement r\u00e9nov\u00e9 proche de la plage d&#039;Arenal \u00e0 vendre \u00e0 Javea | Grupo Garcia\" \/>\n<meta property=\"og:description\" content=\"Appartement r\u00e9nov\u00e9 proche de la plage d&#039;Arenal \u00e0 vendre \u00e0 Javea Situ\u00e9 \u00e0 deux pas de la plage populaire d&#039;Arenal, cet appartement a \u00e9t\u00e9 r\u00e9cemment r\u00e9nov\u00e9 dans un style sophistiqu\u00e9 et offre un espace de vie serein et\" \/>\n<meta property=\"og:url\" content=\"https:\/\/grupo-garcia.es\/fr\/properties\/appartement-renove-proche-de-la-plage-darenal-a-vendre-a-javea-24237782\/\" \/>\n<meta property=\"og:site_name\" content=\"Grupo Garcia\" \/>\n<meta property=\"article:publisher\" content=\"https:\/\/www.facebook.com\/grupogarciacostablanca\/\" \/>\n<meta property=\"article:modified_time\" content=\"2026-04-28T05:50:45+00:00\" \/>\n<meta property=\"og:image\" content=\"https:\/\/grupo-garcia.es\/wp-content\/uploads\/2025\/04\/2-1-scaled.jpg\" \/>\n\t<meta property=\"og:image:width\" content=\"2560\" \/>\n\t<meta property=\"og:image:height\" content=\"1706\" \/>\n\t<meta property=\"og:image:type\" content=\"image\/jpeg\" \/>\n<meta name=\"twitter:card\" content=\"summary_large_image\" \/>\n<meta name=\"twitter:label1\" content=\"Dur\u00e9e de lecture estim\u00e9e\" \/>\n\t<meta name=\"twitter:data1\" content=\"1 minute\" \/>\n<script type=\"application\/ld+json\" class=\"yoast-schema-graph\">{\"@context\":\"https:\\\/\\\/schema.org\",\"@graph\":[{\"@type\":[\"WebPage\",\"RealEstateListing\"],\"@id\":\"https:\\\/\\\/grupo-garcia.es\\\/fr\\\/properties\\\/appartement-renove-proche-de-la-plage-darenal-a-vendre-a-javea-24237782\\\/\",\"url\":\"https:\\\/\\\/grupo-garcia.es\\\/fr\\\/properties\\\/appartement-renove-proche-de-la-plage-darenal-a-vendre-a-javea-24237782\\\/\",\"name\":\"Appartement r\u00e9nov\u00e9 proche de la plage d'Arenal \u00e0 vendre \u00e0 Javea | Grupo Garcia\",\"isPartOf\":{\"@id\":\"https:\\\/\\\/grupo-garcia.es\\\/fr\\\/#website\"},\"primaryImageOfPage\":{\"@id\":\"https:\\\/\\\/grupo-garcia.es\\\/fr\\\/properties\\\/appartement-renove-proche-de-la-plage-darenal-a-vendre-a-javea-24237782\\\/#primaryimage\"},\"image\":{\"@id\":\"https:\\\/\\\/grupo-garcia.es\\\/fr\\\/properties\\\/appartement-renove-proche-de-la-plage-darenal-a-vendre-a-javea-24237782\\\/#primaryimage\"},\"thumbnailUrl\":\"https:\\\/\\\/grupo-garcia.es\\\/wp-content\\\/uploads\\\/2025\\\/04\\\/2-1-scaled.jpg\",\"datePublished\":\"2026-03-06T10:56:28+00:00\",\"dateModified\":\"2026-04-28T05:50:45+00:00\",\"description\":\"Appartement r\u00e9nov\u00e9 proche de la plage d'Arenal \u00e0 vendre \u00e0 Javea Situ\u00e9 \u00e0 deux pas de la plage populaire d'Arenal, cet appartement a \u00e9t\u00e9 r\u00e9cemment r\u00e9nov\u00e9 dans un style sophistiqu\u00e9 et offre un espace de vie serein et\",\"breadcrumb\":{\"@id\":\"https:\\\/\\\/grupo-garcia.es\\\/fr\\\/properties\\\/appartement-renove-proche-de-la-plage-darenal-a-vendre-a-javea-24237782\\\/#breadcrumb\"},\"inLanguage\":\"fr-FR\",\"potentialAction\":[{\"@type\":\"ReadAction\",\"target\":[\"https:\\\/\\\/grupo-garcia.es\\\/fr\\\/properties\\\/appartement-renove-proche-de-la-plage-darenal-a-vendre-a-javea-24237782\\\/\"]}]},{\"@type\":\"ImageObject\",\"inLanguage\":\"fr-FR\",\"@id\":\"https:\\\/\\\/grupo-garcia.es\\\/fr\\\/properties\\\/appartement-renove-proche-de-la-plage-darenal-a-vendre-a-javea-24237782\\\/#primaryimage\",\"url\":\"https:\\\/\\\/grupo-garcia.es\\\/wp-content\\\/uploads\\\/2025\\\/04\\\/2-1-scaled.jpg\",\"contentUrl\":\"https:\\\/\\\/grupo-garcia.es\\\/wp-content\\\/uploads\\\/2025\\\/04\\\/2-1-scaled.jpg\",\"width\":2560,\"height\":1706},{\"@type\":\"BreadcrumbList\",\"@id\":\"https:\\\/\\\/grupo-garcia.es\\\/fr\\\/properties\\\/appartement-renove-proche-de-la-plage-darenal-a-vendre-a-javea-24237782\\\/#breadcrumb\",\"itemListElement\":[{\"@type\":\"ListItem\",\"position\":1,\"name\":\"Portada\",\"item\":\"https:\\\/\\\/grupo-garcia.es\\\/fr\\\/\"},{\"@type\":\"ListItem\",\"position\":2,\"name\":\"Properties\",\"item\":\"https:\\\/\\\/grupo-garcia.es\\\/fr\\\/properties\\\/\"},{\"@type\":\"ListItem\",\"position\":3,\"name\":\"Appartement r\u00e9nov\u00e9 proche de la plage d&rsquo;Arenal \u00e0 vendre \u00e0 Javea\"}]},{\"@type\":\"WebSite\",\"@id\":\"https:\\\/\\\/grupo-garcia.es\\\/fr\\\/#website\",\"url\":\"https:\\\/\\\/grupo-garcia.es\\\/fr\\\/\",\"name\":\"Grupo Garcia\",\"description\":\"Inmobiliaria en J\u00e1vea y Jal\u00f3n\",\"potentialAction\":[{\"@type\":\"SearchAction\",\"target\":{\"@type\":\"EntryPoint\",\"urlTemplate\":\"https:\\\/\\\/grupo-garcia.es\\\/fr\\\/?s={search_term_string}\"},\"query-input\":{\"@type\":\"PropertyValueSpecification\",\"valueRequired\":true,\"valueName\":\"search_term_string\"}}],\"inLanguage\":\"fr-FR\"}]}<\/script>\n<!-- \/ Yoast SEO plugin. -->","yoast_head_json":{"title":"Appartement r\u00e9nov\u00e9 proche de la plage d'Arenal \u00e0 vendre \u00e0 Javea | Grupo Garcia","description":"Appartement r\u00e9nov\u00e9 proche de la plage d'Arenal \u00e0 vendre \u00e0 Javea Situ\u00e9 \u00e0 deux pas de la plage populaire d'Arenal, cet appartement a \u00e9t\u00e9 r\u00e9cemment r\u00e9nov\u00e9 dans un style sophistiqu\u00e9 et offre un espace de vie serein et","robots":{"index":"index","follow":"follow","max-snippet":"max-snippet:-1","max-image-preview":"max-image-preview:large","max-video-preview":"max-video-preview:-1"},"canonical":"https:\/\/grupo-garcia.es\/fr\/properties\/appartement-renove-proche-de-la-plage-darenal-a-vendre-a-javea-24237782\/","og_locale":"fr_FR","og_type":"article","og_title":"Appartement r\u00e9nov\u00e9 proche de la plage d'Arenal \u00e0 vendre \u00e0 Javea | Grupo Garcia","og_description":"Appartement r\u00e9nov\u00e9 proche de la plage d'Arenal \u00e0 vendre \u00e0 Javea Situ\u00e9 \u00e0 deux pas de la plage populaire d'Arenal, cet appartement a \u00e9t\u00e9 r\u00e9cemment r\u00e9nov\u00e9 dans un style sophistiqu\u00e9 et offre un espace de vie serein et","og_url":"https:\/\/grupo-garcia.es\/fr\/properties\/appartement-renove-proche-de-la-plage-darenal-a-vendre-a-javea-24237782\/","og_site_name":"Grupo Garcia","article_publisher":"https:\/\/www.facebook.com\/grupogarciacostablanca\/","article_modified_time":"2026-04-28T05:50:45+00:00","og_image":[{"width":2560,"height":1706,"url":"https:\/\/grupo-garcia.es\/wp-content\/uploads\/2025\/04\/2-1-scaled.jpg","type":"image\/jpeg"}],"twitter_card":"summary_large_image","twitter_misc":{"Dur\u00e9e de lecture estim\u00e9e":"1 minute"},"schema":{"@context":"https:\/\/schema.org","@graph":[{"@type":["WebPage","RealEstateListing"],"@id":"https:\/\/grupo-garcia.es\/fr\/properties\/appartement-renove-proche-de-la-plage-darenal-a-vendre-a-javea-24237782\/","url":"https:\/\/grupo-garcia.es\/fr\/properties\/appartement-renove-proche-de-la-plage-darenal-a-vendre-a-javea-24237782\/","name":"Appartement r\u00e9nov\u00e9 proche de la plage d'Arenal \u00e0 vendre \u00e0 Javea | Grupo Garcia","isPartOf":{"@id":"https:\/\/grupo-garcia.es\/fr\/#website"},"primaryImageOfPage":{"@id":"https:\/\/grupo-garcia.es\/fr\/properties\/appartement-renove-proche-de-la-plage-darenal-a-vendre-a-javea-24237782\/#primaryimage"},"image":{"@id":"https:\/\/grupo-garcia.es\/fr\/properties\/appartement-renove-proche-de-la-plage-darenal-a-vendre-a-javea-24237782\/#primaryimage"},"thumbnailUrl":"https:\/\/grupo-garcia.es\/wp-content\/uploads\/2025\/04\/2-1-scaled.jpg","datePublished":"2026-03-06T10:56:28+00:00","dateModified":"2026-04-28T05:50:45+00:00","description":"Appartement r\u00e9nov\u00e9 proche de la plage d'Arenal \u00e0 vendre \u00e0 Javea Situ\u00e9 \u00e0 deux pas de la plage populaire d'Arenal, cet appartement a \u00e9t\u00e9 r\u00e9cemment r\u00e9nov\u00e9 dans un style sophistiqu\u00e9 et offre un espace de vie serein et","breadcrumb":{"@id":"https:\/\/grupo-garcia.es\/fr\/properties\/appartement-renove-proche-de-la-plage-darenal-a-vendre-a-javea-24237782\/#breadcrumb"},"inLanguage":"fr-FR","potentialAction":[{"@type":"ReadAction","target":["https:\/\/grupo-garcia.es\/fr\/properties\/appartement-renove-proche-de-la-plage-darenal-a-vendre-a-javea-24237782\/"]}]},{"@type":"ImageObject","inLanguage":"fr-FR","@id":"https:\/\/grupo-garcia.es\/fr\/properties\/appartement-renove-proche-de-la-plage-darenal-a-vendre-a-javea-24237782\/#primaryimage","url":"https:\/\/grupo-garcia.es\/wp-content\/uploads\/2025\/04\/2-1-scaled.jpg","contentUrl":"https:\/\/grupo-garcia.es\/wp-content\/uploads\/2025\/04\/2-1-scaled.jpg","width":2560,"height":1706},{"@type":"BreadcrumbList","@id":"https:\/\/grupo-garcia.es\/fr\/properties\/appartement-renove-proche-de-la-plage-darenal-a-vendre-a-javea-24237782\/#breadcrumb","itemListElement":[{"@type":"ListItem","position":1,"name":"Portada","item":"https:\/\/grupo-garcia.es\/fr\/"},{"@type":"ListItem","position":2,"name":"Properties","item":"https:\/\/grupo-garcia.es\/fr\/properties\/"},{"@type":"ListItem","position":3,"name":"Appartement r\u00e9nov\u00e9 proche de la plage d&rsquo;Arenal \u00e0 vendre \u00e0 Javea"}]},{"@type":"WebSite","@id":"https:\/\/grupo-garcia.es\/fr\/#website","url":"https:\/\/grupo-garcia.es\/fr\/","name":"Grupo Garcia","description":"Inmobiliaria en J\u00e1vea y Jal\u00f3n","potentialAction":[{"@type":"SearchAction","target":{"@type":"EntryPoint","urlTemplate":"https:\/\/grupo-garcia.es\/fr\/?s={search_term_string}"},"query-input":{"@type":"PropertyValueSpecification","valueRequired":true,"valueName":"search_term_string"}}],"inLanguage":"fr-FR"}]}},"_links":{"self":[{"href":"https:\/\/grupo-garcia.es\/fr\/wp-json\/wp\/v2\/properties\/13498571","targetHints":{"allow":["GET"]}}],"collection":[{"href":"https:\/\/grupo-garcia.es\/fr\/wp-json\/wp\/v2\/properties"}],"about":[{"href":"https:\/\/grupo-garcia.es\/fr\/wp-json\/wp\/v2\/types\/properties"}],"wp:featuredmedia":[{"embeddable":true,"href":"https:\/\/grupo-garcia.es\/fr\/wp-json\/wp\/v2\/media\/13498461"}],"wp:attachment":[{"href":"https:\/\/grupo-garcia.es\/fr\/wp-json\/wp\/v2\/media?parent=13498571"}],"wp:term":[{"taxonomy":"property-state","embeddable":true,"href":"https:\/\/grupo-garcia.es\/fr\/wp-json\/wp\/v2\/property-state?post=13498571"},{"taxonomy":"property-type","embeddable":true,"href":"https:\/\/grupo-garcia.es\/fr\/wp-json\/wp\/v2\/property-type?post=13498571"},{"taxonomy":"zone","embeddable":true,"href":"https:\/\/grupo-garcia.es\/fr\/wp-json\/wp\/v2\/zone?post=13498571"},{"taxonomy":"city","embeddable":true,"href":"https:\/\/grupo-garcia.es\/fr\/wp-json\/wp\/v2\/city?post=13498571"},{"taxonomy":"property_categories","embeddable":true,"href":"https:\/\/grupo-garcia.es\/fr\/wp-json\/wp\/v2\/property_categories?post=13498571"}],"curies":[{"name":"wp","href":"https:\/\/api.w.org\/{rel}","templated":true}]}}