{"id":13489397,"date":"2026-04-13T12:52:13","date_gmt":"2026-04-13T11:52:13","guid":{"rendered":"https:\/\/grupo-garcia.es\/properties\/superbe-nouvelle-villa-a-monte-solana-avec-des-vues-a-couper-le-souffle-23401715\/"},"modified":"2026-04-28T06:50:00","modified_gmt":"2026-04-28T05:50:00","slug":"superbe-nouvelle-villa-a-monte-solana-pedreguer-23401715","status":"publish","type":"properties","link":"https:\/\/grupo-garcia.es\/fr\/properties\/superbe-nouvelle-villa-a-monte-solana-pedreguer-23401715\/","title":{"rendered":"Superbe nouvelle villa \u00e0 Monte Solana, Pedreguer"},"content":{"rendered":"<p>Un rapport qualit\u00e9-prix exceptionnel et le m\u00e9lange parfait de vie moderne et de beaut\u00e9 naturelle avec cette nouvelle villa exceptionnelle \u00e0 Monte Solana, Pedreguer. Il s&rsquo;agit d&rsquo;un exemple d&rsquo;une propri\u00e9t\u00e9 r\u00e9cemment achev\u00e9e qui peut \u00eatre construite sur une s\u00e9lection de parcelles disponibles aupr\u00e8s du m\u00eame constructeur. Offrant une vue panoramique incroyable sur les montagnes et l&#8217;embl\u00e9matique Castellet de l&rsquo;Ocaive, cette propri\u00e9t\u00e9 repr\u00e9sente un rapport qualit\u00e9-prix exceptionnel et une opportunit\u00e9 id\u00e9ale de poss\u00e9der une maison dans cet endroit recherch\u00e9.<\/p>\n<p>En plus de ses vues \u00e0 couper le souffle, son emplacement se distingue par sa proximit\u00e9 avec l&rsquo;une des pistes cyclables les plus importantes d&rsquo;Espagne et avec deux espaces naturels uniques : le parc naturel Marjal Pego-Oliva et le parc naturel du Montg\u00f3.<\/p>\n<p>Con\u00e7ue avec soin sur deux \u00e9tages, cette villa contemporaine dispose de trois chambres spacieuses et de deux salles de bains \u00e9l\u00e9gantes au niveau sup\u00e9rieur. Chaque chambre dispose de son propre balcon priv\u00e9, offrant des vues impressionnantes et un espace serein pour commencer ou terminer votre journ\u00e9e.<\/p>\n<p>Au rez-de-chauss\u00e9e, l&rsquo;agencement ouvert cr\u00e9e un espace de vie lumineux et accueillant, reliant de mani\u00e8re transparente la cuisine moderne, la salle \u00e0 manger et le salon. La conception s&rsquo;\u00e9tend sans effort sur une terrasse ensoleill\u00e9e, o\u00f9 vous trouverez une piscine \u00e9tincelante, parfaite pour profiter du soleil m\u00e9diterran\u00e9en ou recevoir des invit\u00e9s.<\/p>\n<p>Cette villa est enti\u00e8rement \u00e9quip\u00e9e pour votre confort, avec une climatisation canalis\u00e9e chaude et froide, une cuisine \u00e9l\u00e9gante et enti\u00e8rement \u00e9quip\u00e9e et des finitions de haute qualit\u00e9 dans chaque salle de bains. Une fois les travaux termin\u00e9s, la maison sera pr\u00eate \u00e0 vous accueillir, avec un jardin vierge pr\u00e9par\u00e9 avec de la terre v\u00e9g\u00e9tale, vous invitant \u00e0 cr\u00e9er votre propre sanctuaire ext\u00e9rieur luxuriant.<\/p>\n<p>Nich\u00e9e dans le cadre tranquille et pittoresque de Monte Solana, cette villa offre la combinaison id\u00e9ale de d\u00e9tente et d&rsquo;accessibilit\u00e9, avec toutes les commodit\u00e9s essentielles et les attractions locales \u00e0 quelques minutes en voiture.<\/p>\n<p>Ne manquez pas cette chance de poss\u00e9der une toute nouvelle villa dans l&rsquo;un des quartiers les plus recherch\u00e9s, con\u00e7ue pour un confort moderne et un style de vie d&rsquo;une beaut\u00e9 in\u00e9gal\u00e9e. Contactez-nous d\u00e8s aujourd&rsquo;hui pour organiser une visite et faire le premier pas pour faire de cette incroyable propri\u00e9t\u00e9 votre nouvelle maison.<\/p><\/p>\n","protected":false},"featured_media":13513988,"template":"","meta":{"_wp_old_slug":["superbe-nouvelle-villa-a-monte-solana-avec-des-vues-a-couper-le-souffle-23401715","superbe-nouvelle-villa-a-monte-solana-pedreguer-avec-des-vues-a-couper-le-souffle-23401715"],"id_inmovilla":["23401715"],"property_type":["Villa"],"property_ref":["PG6562"],"property_price":["595000"],"property_city":["Pedreguer"],"property_region":["ALICANTE"],"zona-auxiliar":["Comunidad valenciana"],"tipo-via":[""],"domicilio":[""],"numero":[""],"codigo-postal":["03750"],"altura":[""],"planta":[""],"piso":[""],"puerta":[""],"escalera":[""],"bloque":[""],"edificio":[""],"habitaciones-dobles":["3"],"bedrooms":["0"],"banos":["3"],"aseos":["1"],"salones":["0"],"parking":["0","false"],"plantas":["0"],"fecha-construccion":["2025"],"distancia-playa":["0"],"comunidad":["0"],"periodicidad-comunidad":["MES"],"ibi":["0.00"],"distancia-al-mar":["0"],"metros-utiles":["0.00"],"metros-construidos":["116.00"],"metros-parcela":["315"],"metros-de-la-terraza":["0.00"],"metros-de-la-cocina":["0.00"],"metros-del-comedor":["0.00"],"metros-del-salon":["0.00"],"estado":["Nuevo"],"carpinteria-exterior":["Aluminio\/Climalit"],"tipo-suelo":["Stoneware and parquet"],"orientacion":["Sur"],"carpinteria-interior":["Lacado Blanco"],"vistas":["Montagne"],"tipo-de-calefaccion":["23"],"agua-caliente":["Electric Water Heater"],"tipo-cocina":[""],"instalacion-electrica":["0"],"fachada":[""],"acceso-pmr":["true"],"armarios-empotrados":["true"],"calefaccion":["true"],"garaje":["false"],"jacuzzi":["false"],"solarium":["false"],"vivienda-adaptada":["true"],"ascensor":["false"],"calefaccion-central":["false"],"garaje-doble":["false"],"jardin":["true"],"puerta-blindada":["false"],"t-v":["false"],"aire-acond-central":["false"],"balcon":["false"],"chimenea":["false"],"gas-ciudad":["false"],"lavanderia":["false"],"patio":["false"],"aire-acondicionado":["true"],"bar":["false"],"deposito-agua":["false"],"gimnasio":["false"],"luminoso":["true"],"pergola":["false"],"terraza":["true"],"alarma":["false"],"barbacoa":["false"],"descalcificador":["false"],"hab-juegos":["false"],"luz":["false"],"piscina-comunitaria":["false"],"satelite":["false"],"terraza-acristalada":["false"],"alarma-incendio":["false"],"bomba-frio-y-calor":["true"],"despensa":["false"],"hidromasaje":["false"],"mirador":["false"],"piscina-propia":["true"],"sauna":["false"],"trastero":["false"],"apart-separado":["false"],"buhardilla":["false"],"esquina":["false"],"muebles":["false"],"preinst-aacc":["false"],"sotano":["false"],"videoportero":[""],"autobuses":["false"],"centros-comerciales":["false"],"colegios":["false"],"hospitales":["false"],"urbanizacion":["false"],"vistas-al-mar":["false"],"zonas-infantiles":["false"],"arboles":["false"],"centros-medicos":["false"],"costa":["true"],"metro":["false"],"primera-linea":["false"],"tranvia":["false"],"vallado":["false"],"golf":["false"],"montana":["false"],"rural":["false"],"tren":["false"],"exclusividad":["false"],"tour-virtual":[""],"video":[""],"disponibilidad-propiedad":["Libre"],"habitaciones_totales":["3"],"ojo_de_buey":["false"],"certificado_energetico":["A"],"energia_valor":["0"],"_wp_page_template":["default"],"galeria":["a:18:{i:13513988;s:59:\"https:\/\/grupo-garcia.es\/wp-content\/uploads\/2025\/09\/32-1.jpg\";i:13513992;s:59:\"https:\/\/grupo-garcia.es\/wp-content\/uploads\/2025\/09\/32-2.jpg\";i:13513996;s:66:\"https:\/\/grupo-garcia.es\/wp-content\/uploads\/2025\/09\/32-3-scaled.jpg\";i:13514000;s:66:\"https:\/\/grupo-garcia.es\/wp-content\/uploads\/2025\/09\/32-4-scaled.jpg\";i:13514004;s:59:\"https:\/\/grupo-garcia.es\/wp-content\/uploads\/2025\/09\/32-5.jpg\";i:13514008;s:66:\"https:\/\/grupo-garcia.es\/wp-content\/uploads\/2025\/09\/32-6-scaled.jpg\";i:13514012;s:66:\"https:\/\/grupo-garcia.es\/wp-content\/uploads\/2025\/09\/32-7-scaled.jpg\";i:13514016;s:66:\"https:\/\/grupo-garcia.es\/wp-content\/uploads\/2025\/09\/32-8-scaled.jpg\";i:13514020;s:66:\"https:\/\/grupo-garcia.es\/wp-content\/uploads\/2025\/09\/32-9-scaled.jpg\";i:13514024;s:67:\"https:\/\/grupo-garcia.es\/wp-content\/uploads\/2025\/09\/32-10-scaled.jpg\";i:13514028;s:60:\"https:\/\/grupo-garcia.es\/wp-content\/uploads\/2025\/09\/32-11.jpg\";i:13514032;s:60:\"https:\/\/grupo-garcia.es\/wp-content\/uploads\/2025\/09\/32-12.jpg\";i:13514036;s:60:\"https:\/\/grupo-garcia.es\/wp-content\/uploads\/2025\/09\/32-13.jpg\";i:13514040;s:60:\"https:\/\/grupo-garcia.es\/wp-content\/uploads\/2025\/09\/32-14.jpg\";i:13514044;s:60:\"https:\/\/grupo-garcia.es\/wp-content\/uploads\/2025\/09\/32-15.jpg\";i:13514048;s:60:\"https:\/\/grupo-garcia.es\/wp-content\/uploads\/2025\/09\/32-16.jpg\";i:13514052;s:60:\"https:\/\/grupo-garcia.es\/wp-content\/uploads\/2025\/09\/32-17.jpg\";i:13514056;s:60:\"https:\/\/grupo-garcia.es\/wp-content\/uploads\/2025\/09\/32-18.jpg\";}"],"_thumbnail_id":["13513988"],"_wpml_word_count":["437"]},"property-state":[209],"property-type":[231],"zone":[474],"city":[66],"property_categories":[269],"class_list":["post-13489397","properties","type-properties","status-publish","has-post-thumbnail","hentry","property-state-acheter-un-nouveau-batiment","property-type-villas-fr","zone-comunidad-valenciana","city-pedreguer","property_categories-vendre"],"yoast_head":"<!-- This site is optimized with the Yoast SEO plugin v27.5 - https:\/\/yoast.com\/product\/yoast-seo-wordpress\/ -->\n<title>Superbe nouvelle villa \u00e0 Monte Solana, Pedreguer | Grupo Garcia<\/title>\n<meta name=\"description\" content=\"Superbe nouvelle villa \u00e0 Monte Solana, Pedreguer Un rapport qualit\u00e9-prix exceptionnel et le m\u00e9lange parfait de vie moderne et de beaut\u00e9 naturelle avec cette nouvelle villa exceptionnelle \u00e0 Monte Solana,\" \/>\n<meta name=\"robots\" content=\"index, follow, max-snippet:-1, max-image-preview:large, max-video-preview:-1\" \/>\n<link rel=\"canonical\" href=\"https:\/\/grupo-garcia.es\/fr\/properties\/superbe-nouvelle-villa-a-monte-solana-pedreguer-23401715\/\" \/>\n<meta property=\"og:locale\" content=\"fr_FR\" \/>\n<meta property=\"og:type\" content=\"article\" \/>\n<meta property=\"og:title\" content=\"Superbe nouvelle villa \u00e0 Monte Solana, Pedreguer | Grupo Garcia\" \/>\n<meta property=\"og:description\" content=\"Superbe nouvelle villa \u00e0 Monte Solana, Pedreguer Un rapport qualit\u00e9-prix exceptionnel et le m\u00e9lange parfait de vie moderne et de beaut\u00e9 naturelle avec cette nouvelle villa exceptionnelle \u00e0 Monte Solana,\" \/>\n<meta property=\"og:url\" content=\"https:\/\/grupo-garcia.es\/fr\/properties\/superbe-nouvelle-villa-a-monte-solana-pedreguer-23401715\/\" \/>\n<meta property=\"og:site_name\" content=\"Grupo Garcia\" \/>\n<meta property=\"article:publisher\" content=\"https:\/\/www.facebook.com\/grupogarciacostablanca\/\" \/>\n<meta property=\"article:modified_time\" content=\"2026-04-28T05:50:00+00:00\" \/>\n<meta property=\"og:image\" content=\"https:\/\/grupo-garcia.es\/wp-content\/uploads\/2025\/09\/32-1.jpg\" \/>\n\t<meta property=\"og:image:width\" content=\"2250\" \/>\n\t<meta property=\"og:image:height\" content=\"1500\" \/>\n\t<meta property=\"og:image:type\" content=\"image\/jpeg\" \/>\n<meta name=\"twitter:card\" content=\"summary_large_image\" \/>\n<meta name=\"twitter:label1\" content=\"Dur\u00e9e de lecture estim\u00e9e\" \/>\n\t<meta name=\"twitter:data1\" content=\"2 minutes\" \/>\n<script type=\"application\/ld+json\" class=\"yoast-schema-graph\">{\"@context\":\"https:\\\/\\\/schema.org\",\"@graph\":[{\"@type\":[\"WebPage\",\"RealEstateListing\"],\"@id\":\"https:\\\/\\\/grupo-garcia.es\\\/fr\\\/properties\\\/superbe-nouvelle-villa-a-monte-solana-pedreguer-23401715\\\/\",\"url\":\"https:\\\/\\\/grupo-garcia.es\\\/fr\\\/properties\\\/superbe-nouvelle-villa-a-monte-solana-pedreguer-23401715\\\/\",\"name\":\"Superbe nouvelle villa \u00e0 Monte Solana, Pedreguer | Grupo Garcia\",\"isPartOf\":{\"@id\":\"https:\\\/\\\/grupo-garcia.es\\\/fr\\\/#website\"},\"primaryImageOfPage\":{\"@id\":\"https:\\\/\\\/grupo-garcia.es\\\/fr\\\/properties\\\/superbe-nouvelle-villa-a-monte-solana-pedreguer-23401715\\\/#primaryimage\"},\"image\":{\"@id\":\"https:\\\/\\\/grupo-garcia.es\\\/fr\\\/properties\\\/superbe-nouvelle-villa-a-monte-solana-pedreguer-23401715\\\/#primaryimage\"},\"thumbnailUrl\":\"https:\\\/\\\/grupo-garcia.es\\\/wp-content\\\/uploads\\\/2025\\\/09\\\/32-1.jpg\",\"datePublished\":\"2026-04-13T11:52:13+00:00\",\"dateModified\":\"2026-04-28T05:50:00+00:00\",\"description\":\"Superbe nouvelle villa \u00e0 Monte Solana, Pedreguer Un rapport qualit\u00e9-prix exceptionnel et le m\u00e9lange parfait de vie moderne et de beaut\u00e9 naturelle avec cette nouvelle villa exceptionnelle \u00e0 Monte Solana,\",\"breadcrumb\":{\"@id\":\"https:\\\/\\\/grupo-garcia.es\\\/fr\\\/properties\\\/superbe-nouvelle-villa-a-monte-solana-pedreguer-23401715\\\/#breadcrumb\"},\"inLanguage\":\"fr-FR\",\"potentialAction\":[{\"@type\":\"ReadAction\",\"target\":[\"https:\\\/\\\/grupo-garcia.es\\\/fr\\\/properties\\\/superbe-nouvelle-villa-a-monte-solana-pedreguer-23401715\\\/\"]}]},{\"@type\":\"ImageObject\",\"inLanguage\":\"fr-FR\",\"@id\":\"https:\\\/\\\/grupo-garcia.es\\\/fr\\\/properties\\\/superbe-nouvelle-villa-a-monte-solana-pedreguer-23401715\\\/#primaryimage\",\"url\":\"https:\\\/\\\/grupo-garcia.es\\\/wp-content\\\/uploads\\\/2025\\\/09\\\/32-1.jpg\",\"contentUrl\":\"https:\\\/\\\/grupo-garcia.es\\\/wp-content\\\/uploads\\\/2025\\\/09\\\/32-1.jpg\",\"width\":2250,\"height\":1500},{\"@type\":\"BreadcrumbList\",\"@id\":\"https:\\\/\\\/grupo-garcia.es\\\/fr\\\/properties\\\/superbe-nouvelle-villa-a-monte-solana-pedreguer-23401715\\\/#breadcrumb\",\"itemListElement\":[{\"@type\":\"ListItem\",\"position\":1,\"name\":\"Portada\",\"item\":\"https:\\\/\\\/grupo-garcia.es\\\/fr\\\/\"},{\"@type\":\"ListItem\",\"position\":2,\"name\":\"Properties\",\"item\":\"https:\\\/\\\/grupo-garcia.es\\\/fr\\\/properties\\\/\"},{\"@type\":\"ListItem\",\"position\":3,\"name\":\"Superbe nouvelle villa \u00e0 Monte Solana, Pedreguer\"}]},{\"@type\":\"WebSite\",\"@id\":\"https:\\\/\\\/grupo-garcia.es\\\/fr\\\/#website\",\"url\":\"https:\\\/\\\/grupo-garcia.es\\\/fr\\\/\",\"name\":\"Grupo Garcia\",\"description\":\"Inmobiliaria en J\u00e1vea y Jal\u00f3n\",\"potentialAction\":[{\"@type\":\"SearchAction\",\"target\":{\"@type\":\"EntryPoint\",\"urlTemplate\":\"https:\\\/\\\/grupo-garcia.es\\\/fr\\\/?s={search_term_string}\"},\"query-input\":{\"@type\":\"PropertyValueSpecification\",\"valueRequired\":true,\"valueName\":\"search_term_string\"}}],\"inLanguage\":\"fr-FR\"}]}<\/script>\n<!-- \/ Yoast SEO plugin. -->","yoast_head_json":{"title":"Superbe nouvelle villa \u00e0 Monte Solana, Pedreguer | Grupo Garcia","description":"Superbe nouvelle villa \u00e0 Monte Solana, Pedreguer Un rapport qualit\u00e9-prix exceptionnel et le m\u00e9lange parfait de vie moderne et de beaut\u00e9 naturelle avec cette nouvelle villa exceptionnelle \u00e0 Monte Solana,","robots":{"index":"index","follow":"follow","max-snippet":"max-snippet:-1","max-image-preview":"max-image-preview:large","max-video-preview":"max-video-preview:-1"},"canonical":"https:\/\/grupo-garcia.es\/fr\/properties\/superbe-nouvelle-villa-a-monte-solana-pedreguer-23401715\/","og_locale":"fr_FR","og_type":"article","og_title":"Superbe nouvelle villa \u00e0 Monte Solana, Pedreguer | Grupo Garcia","og_description":"Superbe nouvelle villa \u00e0 Monte Solana, Pedreguer Un rapport qualit\u00e9-prix exceptionnel et le m\u00e9lange parfait de vie moderne et de beaut\u00e9 naturelle avec cette nouvelle villa exceptionnelle \u00e0 Monte Solana,","og_url":"https:\/\/grupo-garcia.es\/fr\/properties\/superbe-nouvelle-villa-a-monte-solana-pedreguer-23401715\/","og_site_name":"Grupo Garcia","article_publisher":"https:\/\/www.facebook.com\/grupogarciacostablanca\/","article_modified_time":"2026-04-28T05:50:00+00:00","og_image":[{"width":2250,"height":1500,"url":"https:\/\/grupo-garcia.es\/wp-content\/uploads\/2025\/09\/32-1.jpg","type":"image\/jpeg"}],"twitter_card":"summary_large_image","twitter_misc":{"Dur\u00e9e de lecture estim\u00e9e":"2 minutes"},"schema":{"@context":"https:\/\/schema.org","@graph":[{"@type":["WebPage","RealEstateListing"],"@id":"https:\/\/grupo-garcia.es\/fr\/properties\/superbe-nouvelle-villa-a-monte-solana-pedreguer-23401715\/","url":"https:\/\/grupo-garcia.es\/fr\/properties\/superbe-nouvelle-villa-a-monte-solana-pedreguer-23401715\/","name":"Superbe nouvelle villa \u00e0 Monte Solana, Pedreguer | Grupo Garcia","isPartOf":{"@id":"https:\/\/grupo-garcia.es\/fr\/#website"},"primaryImageOfPage":{"@id":"https:\/\/grupo-garcia.es\/fr\/properties\/superbe-nouvelle-villa-a-monte-solana-pedreguer-23401715\/#primaryimage"},"image":{"@id":"https:\/\/grupo-garcia.es\/fr\/properties\/superbe-nouvelle-villa-a-monte-solana-pedreguer-23401715\/#primaryimage"},"thumbnailUrl":"https:\/\/grupo-garcia.es\/wp-content\/uploads\/2025\/09\/32-1.jpg","datePublished":"2026-04-13T11:52:13+00:00","dateModified":"2026-04-28T05:50:00+00:00","description":"Superbe nouvelle villa \u00e0 Monte Solana, Pedreguer Un rapport qualit\u00e9-prix exceptionnel et le m\u00e9lange parfait de vie moderne et de beaut\u00e9 naturelle avec cette nouvelle villa exceptionnelle \u00e0 Monte Solana,","breadcrumb":{"@id":"https:\/\/grupo-garcia.es\/fr\/properties\/superbe-nouvelle-villa-a-monte-solana-pedreguer-23401715\/#breadcrumb"},"inLanguage":"fr-FR","potentialAction":[{"@type":"ReadAction","target":["https:\/\/grupo-garcia.es\/fr\/properties\/superbe-nouvelle-villa-a-monte-solana-pedreguer-23401715\/"]}]},{"@type":"ImageObject","inLanguage":"fr-FR","@id":"https:\/\/grupo-garcia.es\/fr\/properties\/superbe-nouvelle-villa-a-monte-solana-pedreguer-23401715\/#primaryimage","url":"https:\/\/grupo-garcia.es\/wp-content\/uploads\/2025\/09\/32-1.jpg","contentUrl":"https:\/\/grupo-garcia.es\/wp-content\/uploads\/2025\/09\/32-1.jpg","width":2250,"height":1500},{"@type":"BreadcrumbList","@id":"https:\/\/grupo-garcia.es\/fr\/properties\/superbe-nouvelle-villa-a-monte-solana-pedreguer-23401715\/#breadcrumb","itemListElement":[{"@type":"ListItem","position":1,"name":"Portada","item":"https:\/\/grupo-garcia.es\/fr\/"},{"@type":"ListItem","position":2,"name":"Properties","item":"https:\/\/grupo-garcia.es\/fr\/properties\/"},{"@type":"ListItem","position":3,"name":"Superbe nouvelle villa \u00e0 Monte Solana, Pedreguer"}]},{"@type":"WebSite","@id":"https:\/\/grupo-garcia.es\/fr\/#website","url":"https:\/\/grupo-garcia.es\/fr\/","name":"Grupo Garcia","description":"Inmobiliaria en J\u00e1vea y Jal\u00f3n","potentialAction":[{"@type":"SearchAction","target":{"@type":"EntryPoint","urlTemplate":"https:\/\/grupo-garcia.es\/fr\/?s={search_term_string}"},"query-input":{"@type":"PropertyValueSpecification","valueRequired":true,"valueName":"search_term_string"}}],"inLanguage":"fr-FR"}]}},"_links":{"self":[{"href":"https:\/\/grupo-garcia.es\/fr\/wp-json\/wp\/v2\/properties\/13489397","targetHints":{"allow":["GET"]}}],"collection":[{"href":"https:\/\/grupo-garcia.es\/fr\/wp-json\/wp\/v2\/properties"}],"about":[{"href":"https:\/\/grupo-garcia.es\/fr\/wp-json\/wp\/v2\/types\/properties"}],"wp:featuredmedia":[{"embeddable":true,"href":"https:\/\/grupo-garcia.es\/fr\/wp-json\/wp\/v2\/media\/13513988"}],"wp:attachment":[{"href":"https:\/\/grupo-garcia.es\/fr\/wp-json\/wp\/v2\/media?parent=13489397"}],"wp:term":[{"taxonomy":"property-state","embeddable":true,"href":"https:\/\/grupo-garcia.es\/fr\/wp-json\/wp\/v2\/property-state?post=13489397"},{"taxonomy":"property-type","embeddable":true,"href":"https:\/\/grupo-garcia.es\/fr\/wp-json\/wp\/v2\/property-type?post=13489397"},{"taxonomy":"zone","embeddable":true,"href":"https:\/\/grupo-garcia.es\/fr\/wp-json\/wp\/v2\/zone?post=13489397"},{"taxonomy":"city","embeddable":true,"href":"https:\/\/grupo-garcia.es\/fr\/wp-json\/wp\/v2\/city?post=13489397"},{"taxonomy":"property_categories","embeddable":true,"href":"https:\/\/grupo-garcia.es\/fr\/wp-json\/wp\/v2\/property_categories?post=13489397"}],"curies":[{"name":"wp","href":"https:\/\/api.w.org\/{rel}","templated":true}]}}