{"id":13487997,"date":"2025-05-27T17:34:44","date_gmt":"2025-05-27T16:34:44","guid":{"rendered":"https:\/\/grupo-garcia.es\/properties\/appartements-neufs-dans-un-environnement-exceptionnel-a-vendre-a-benitachell-23010093\/"},"modified":"2026-04-28T06:49:50","modified_gmt":"2026-04-28T05:49:50","slug":"appartements-neufs-dans-un-environnement-exceptionnel-a-vendre-a-benitachell-23010093","status":"publish","type":"properties","link":"https:\/\/grupo-garcia.es\/fr\/properties\/appartements-neufs-dans-un-environnement-exceptionnel-a-vendre-a-benitachell-23010093\/","title":{"rendered":"Appartements neufs dans un environnement exceptionnel \u00e0 vendre \u00e0 Benitachell"},"content":{"rendered":"<p>Appartement neuf de trois chambres, deux salles de bains et une terrasse ensoleill\u00e9e, pr\u00eats \u00e0 partir de l&rsquo;\u00e9t\u00e9 prochain, en 2026.<\/p>\n<p>  . Le syst\u00e8me de plomberie pour l&rsquo;eau chaude et froide est encastr\u00e9, conform\u00e9ment aux r\u00e9glementations en vigueur. Il est \u00e9quip\u00e9 d&rsquo;une pompe \u00e0 chaleur a\u00e9rothermique \u00e0 haute efficacit\u00e9 \u00e9nerg\u00e9tique, offrant chauffage par le sol en hiver, climatisation en \u00e9t\u00e9 et eau chaude sanitaire toute l&rsquo;ann\u00e9e. Le syst\u00e8me de ventilation de la maison comprend des grilles d&rsquo;entr\u00e9e d&rsquo;air sur les fa\u00e7ades du salon et des chambres, avec extraction m\u00e9canique de l&rsquo;air int\u00e9rieur via des conduits dans la cuisine et les salles de bains. Les salles de bains sont dot\u00e9es de toilettes murales, d&rsquo;un receveur de douche extra-plat, d&rsquo;une robinetterie moderne, d&rsquo;une paroi de douche et d&rsquo;un plan de travail en verre tremp\u00e9 avec meuble suspendu. La cuisine est \u00e9quip\u00e9e de meubles sur mesure, d&rsquo;un plan de travail en Silestone, d&rsquo;un \u00e9vier, de robinetterie et d&rsquo;appareils \u00e9lectrom\u00e9nagers Bosch ou \u00e9quivalents. <\/p>\n<p>D\u00e9couvrez les Jardins de Montecala, un lieu id\u00e9al pour vivre ou passer des vacances.<\/p><\/p>\n","protected":false},"featured_media":13500232,"template":"","meta":{"id_inmovilla":["23010093"],"property_type":["Apartamento"],"property_ref":["PG6539"],"property_price":["412000"],"property_city":["Benitachell"],"property_region":["ALICANTE"],"zona-auxiliar":["CUMBRES DEL SOL"],"tipo-via":[""],"domicilio":[""],"numero":[""],"codigo-postal":[""],"altura":[""],"planta":[""],"piso":[""],"puerta":[""],"escalera":[""],"bloque":[""],"edificio":[""],"habitaciones-dobles":["3"],"bedrooms":["0"],"banos":["2"],"aseos":["0"],"salones":["0"],"parking":["0","2"],"plantas":["0"],"fecha-construccion":["2024"],"distancia-playa":["5"],"comunidad":["0"],"periodicidad-comunidad":["MES"],"ibi":["0.00"],"distancia-al-mar":["5"],"metros-utiles":["103.00"],"metros-construidos":["205.00"],"metros-parcela":["0"],"metros-de-la-terraza":["54.00"],"metros-de-la-cocina":["0.00"],"metros-del-comedor":["0.00"],"metros-del-salon":["0.00"],"estado":["Obra Nueva"],"carpinteria-exterior":["Aluminio"],"tipo-suelo":["0"],"orientacion":["Sur"],"carpinteria-interior":["Madera"],"vistas":["0"],"tipo-de-calefaccion":["Underfloor heating"],"agua-caliente":["11"],"tipo-cocina":[""],"instalacion-electrica":["0"],"fachada":[""],"acceso-pmr":["true"],"armarios-empotrados":["false"],"calefaccion":["true"],"garaje":["false"],"jacuzzi":["false"],"solarium":["false"],"vivienda-adaptada":["true"],"ascensor":["false"],"calefaccion-central":["false"],"garaje-doble":["false"],"jardin":["false"],"puerta-blindada":["false"],"t-v":["false"],"aire-acond-central":["false"],"balcon":["false"],"chimenea":["false"],"gas-ciudad":["false"],"lavanderia":["false"],"patio":["false"],"aire-acondicionado":["false"],"bar":["false"],"deposito-agua":["false"],"gimnasio":["false"],"luminoso":["false"],"pergola":["false"],"terraza":["true"],"alarma":["true"],"barbacoa":["false"],"descalcificador":["false"],"hab-juegos":["false"],"luz":["true"],"piscina-comunitaria":["false"],"satelite":["false"],"terraza-acristalada":["false"],"alarma-incendio":["false"],"bomba-frio-y-calor":["false"],"despensa":["false"],"hidromasaje":["false"],"mirador":["false"],"piscina-propia":["false"],"sauna":["false"],"trastero":["false"],"apart-separado":["false"],"buhardilla":["false"],"esquina":["false"],"muebles":["false"],"preinst-aacc":["false"],"sotano":["false"],"videoportero":[""],"autobuses":["false"],"centros-comerciales":["false"],"colegios":["false"],"hospitales":["false"],"urbanizacion":["false"],"vistas-al-mar":["true"],"zonas-infantiles":["false"],"arboles":["false"],"centros-medicos":["false"],"costa":["false"],"metro":["false"],"primera-linea":["false"],"tranvia":["false"],"vallado":["false"],"golf":["false"],"montana":["true"],"rural":["false"],"tren":["false"],"exclusividad":["false"],"tour-virtual":[""],"video":[""],"disponibilidad-propiedad":["Libre"],"habitaciones_totales":["3"],"ojo_de_buey":["false"],"certificado_energetico":["G"],"energia_valor":["0"],"_wp_page_template":["default"],"galeria":["a:25:{i:13500232;s:59:\"https:\/\/grupo-garcia.es\/wp-content\/uploads\/2025\/04\/10-1.jpg\";i:13500236;s:59:\"https:\/\/grupo-garcia.es\/wp-content\/uploads\/2025\/04\/10-2.jpg\";i:13500240;s:59:\"https:\/\/grupo-garcia.es\/wp-content\/uploads\/2025\/04\/10-3.jpg\";i:13500244;s:59:\"https:\/\/grupo-garcia.es\/wp-content\/uploads\/2025\/04\/10-4.jpg\";i:13500248;s:59:\"https:\/\/grupo-garcia.es\/wp-content\/uploads\/2025\/04\/10-5.jpg\";i:13500252;s:59:\"https:\/\/grupo-garcia.es\/wp-content\/uploads\/2025\/04\/10-6.jpg\";i:13500256;s:59:\"https:\/\/grupo-garcia.es\/wp-content\/uploads\/2025\/04\/10-7.jpg\";i:13500260;s:59:\"https:\/\/grupo-garcia.es\/wp-content\/uploads\/2025\/04\/10-8.jpg\";i:13500264;s:59:\"https:\/\/grupo-garcia.es\/wp-content\/uploads\/2025\/04\/10-9.jpg\";i:13500268;s:60:\"https:\/\/grupo-garcia.es\/wp-content\/uploads\/2025\/04\/10-10.jpg\";i:13500272;s:60:\"https:\/\/grupo-garcia.es\/wp-content\/uploads\/2025\/04\/10-11.jpg\";i:13500276;s:60:\"https:\/\/grupo-garcia.es\/wp-content\/uploads\/2025\/04\/10-12.jpg\";i:13500280;s:60:\"https:\/\/grupo-garcia.es\/wp-content\/uploads\/2025\/04\/10-13.jpg\";i:13500284;s:60:\"https:\/\/grupo-garcia.es\/wp-content\/uploads\/2025\/04\/10-14.jpg\";i:13500288;s:60:\"https:\/\/grupo-garcia.es\/wp-content\/uploads\/2025\/04\/10-15.jpg\";i:13500292;s:60:\"https:\/\/grupo-garcia.es\/wp-content\/uploads\/2025\/04\/10-16.jpg\";i:13500296;s:60:\"https:\/\/grupo-garcia.es\/wp-content\/uploads\/2025\/04\/10-17.jpg\";i:13500300;s:60:\"https:\/\/grupo-garcia.es\/wp-content\/uploads\/2025\/04\/10-18.jpg\";i:13500304;s:60:\"https:\/\/grupo-garcia.es\/wp-content\/uploads\/2025\/04\/10-19.jpg\";i:13500308;s:60:\"https:\/\/grupo-garcia.es\/wp-content\/uploads\/2025\/04\/10-20.jpg\";i:13500312;s:60:\"https:\/\/grupo-garcia.es\/wp-content\/uploads\/2025\/04\/10-21.jpg\";i:13500316;s:60:\"https:\/\/grupo-garcia.es\/wp-content\/uploads\/2025\/04\/10-22.jpg\";i:13500320;s:60:\"https:\/\/grupo-garcia.es\/wp-content\/uploads\/2025\/04\/10-23.jpg\";i:13500324;s:60:\"https:\/\/grupo-garcia.es\/wp-content\/uploads\/2025\/04\/10-24.jpg\";i:13500328;s:60:\"https:\/\/grupo-garcia.es\/wp-content\/uploads\/2025\/04\/10-25.jpg\";}"],"_thumbnail_id":["13500232"],"_wpml_word_count":["204"]},"property-state":[209],"property-type":[255],"zone":[113],"city":[69],"property_categories":[269],"class_list":["post-13487997","properties","type-properties","status-publish","has-post-thumbnail","hentry","property-state-acheter-un-nouveau-batiment","property-type-appartement-fr","zone-cumbres-del-sol","city-benitachell","property_categories-vendre"],"yoast_head":"<!-- This site is optimized with the Yoast SEO plugin v27.5 - https:\/\/yoast.com\/product\/yoast-seo-wordpress\/ -->\n<title>Appartements neufs dans un environnement exceptionnel \u00e0 vendre \u00e0 Benitachell | Grupo Garcia<\/title>\n<meta name=\"description\" content=\"Appartements neufs dans un environnement exceptionnel \u00e0 vendre \u00e0 Benitachell Appartement neuf de trois chambres, deux salles de bains et une terrasse ensoleill\u00e9e, pr\u00eats \u00e0 partir de l&#039;\u00e9t\u00e9 prochain, en 2026. . Le syst\u00e8me de plomberie\" \/>\n<meta name=\"robots\" content=\"index, follow, max-snippet:-1, max-image-preview:large, max-video-preview:-1\" \/>\n<link rel=\"canonical\" href=\"https:\/\/grupo-garcia.es\/fr\/properties\/appartements-neufs-dans-un-environnement-exceptionnel-a-vendre-a-benitachell-23010093\/\" \/>\n<meta property=\"og:locale\" content=\"fr_FR\" \/>\n<meta property=\"og:type\" content=\"article\" \/>\n<meta property=\"og:title\" content=\"Appartements neufs dans un environnement exceptionnel \u00e0 vendre \u00e0 Benitachell | Grupo Garcia\" \/>\n<meta property=\"og:description\" content=\"Appartements neufs dans un environnement exceptionnel \u00e0 vendre \u00e0 Benitachell Appartement neuf de trois chambres, deux salles de bains et une terrasse ensoleill\u00e9e, pr\u00eats \u00e0 partir de l&#039;\u00e9t\u00e9 prochain, en 2026. . Le syst\u00e8me de plomberie\" \/>\n<meta property=\"og:url\" content=\"https:\/\/grupo-garcia.es\/fr\/properties\/appartements-neufs-dans-un-environnement-exceptionnel-a-vendre-a-benitachell-23010093\/\" \/>\n<meta property=\"og:site_name\" content=\"Grupo Garcia\" \/>\n<meta property=\"article:publisher\" content=\"https:\/\/www.facebook.com\/grupogarciacostablanca\/\" \/>\n<meta property=\"article:modified_time\" content=\"2026-04-28T05:49:50+00:00\" \/>\n<meta property=\"og:image\" content=\"https:\/\/grupo-garcia.es\/wp-content\/uploads\/2025\/04\/10-1.jpg\" \/>\n\t<meta property=\"og:image:width\" content=\"1620\" \/>\n\t<meta property=\"og:image:height\" content=\"1080\" \/>\n\t<meta property=\"og:image:type\" content=\"image\/jpeg\" \/>\n<meta name=\"twitter:card\" content=\"summary_large_image\" \/>\n<meta name=\"twitter:label1\" content=\"Dur\u00e9e de lecture estim\u00e9e\" \/>\n\t<meta name=\"twitter:data1\" content=\"1 minute\" \/>\n<script type=\"application\/ld+json\" class=\"yoast-schema-graph\">{\"@context\":\"https:\\\/\\\/schema.org\",\"@graph\":[{\"@type\":[\"WebPage\",\"RealEstateListing\"],\"@id\":\"https:\\\/\\\/grupo-garcia.es\\\/fr\\\/properties\\\/appartements-neufs-dans-un-environnement-exceptionnel-a-vendre-a-benitachell-23010093\\\/\",\"url\":\"https:\\\/\\\/grupo-garcia.es\\\/fr\\\/properties\\\/appartements-neufs-dans-un-environnement-exceptionnel-a-vendre-a-benitachell-23010093\\\/\",\"name\":\"Appartements neufs dans un environnement exceptionnel \u00e0 vendre \u00e0 Benitachell | Grupo Garcia\",\"isPartOf\":{\"@id\":\"https:\\\/\\\/grupo-garcia.es\\\/fr\\\/#website\"},\"primaryImageOfPage\":{\"@id\":\"https:\\\/\\\/grupo-garcia.es\\\/fr\\\/properties\\\/appartements-neufs-dans-un-environnement-exceptionnel-a-vendre-a-benitachell-23010093\\\/#primaryimage\"},\"image\":{\"@id\":\"https:\\\/\\\/grupo-garcia.es\\\/fr\\\/properties\\\/appartements-neufs-dans-un-environnement-exceptionnel-a-vendre-a-benitachell-23010093\\\/#primaryimage\"},\"thumbnailUrl\":\"https:\\\/\\\/grupo-garcia.es\\\/wp-content\\\/uploads\\\/2025\\\/04\\\/10-1.jpg\",\"datePublished\":\"2025-05-27T16:34:44+00:00\",\"dateModified\":\"2026-04-28T05:49:50+00:00\",\"description\":\"Appartements neufs dans un environnement exceptionnel \u00e0 vendre \u00e0 Benitachell Appartement neuf de trois chambres, deux salles de bains et une terrasse ensoleill\u00e9e, pr\u00eats \u00e0 partir de l'\u00e9t\u00e9 prochain, en 2026. . Le syst\u00e8me de plomberie\",\"breadcrumb\":{\"@id\":\"https:\\\/\\\/grupo-garcia.es\\\/fr\\\/properties\\\/appartements-neufs-dans-un-environnement-exceptionnel-a-vendre-a-benitachell-23010093\\\/#breadcrumb\"},\"inLanguage\":\"fr-FR\",\"potentialAction\":[{\"@type\":\"ReadAction\",\"target\":[\"https:\\\/\\\/grupo-garcia.es\\\/fr\\\/properties\\\/appartements-neufs-dans-un-environnement-exceptionnel-a-vendre-a-benitachell-23010093\\\/\"]}]},{\"@type\":\"ImageObject\",\"inLanguage\":\"fr-FR\",\"@id\":\"https:\\\/\\\/grupo-garcia.es\\\/fr\\\/properties\\\/appartements-neufs-dans-un-environnement-exceptionnel-a-vendre-a-benitachell-23010093\\\/#primaryimage\",\"url\":\"https:\\\/\\\/grupo-garcia.es\\\/wp-content\\\/uploads\\\/2025\\\/04\\\/10-1.jpg\",\"contentUrl\":\"https:\\\/\\\/grupo-garcia.es\\\/wp-content\\\/uploads\\\/2025\\\/04\\\/10-1.jpg\",\"width\":1620,\"height\":1080},{\"@type\":\"BreadcrumbList\",\"@id\":\"https:\\\/\\\/grupo-garcia.es\\\/fr\\\/properties\\\/appartements-neufs-dans-un-environnement-exceptionnel-a-vendre-a-benitachell-23010093\\\/#breadcrumb\",\"itemListElement\":[{\"@type\":\"ListItem\",\"position\":1,\"name\":\"Portada\",\"item\":\"https:\\\/\\\/grupo-garcia.es\\\/fr\\\/\"},{\"@type\":\"ListItem\",\"position\":2,\"name\":\"Properties\",\"item\":\"https:\\\/\\\/grupo-garcia.es\\\/fr\\\/properties\\\/\"},{\"@type\":\"ListItem\",\"position\":3,\"name\":\"Appartements neufs dans un environnement exceptionnel \u00e0 vendre \u00e0 Benitachell\"}]},{\"@type\":\"WebSite\",\"@id\":\"https:\\\/\\\/grupo-garcia.es\\\/fr\\\/#website\",\"url\":\"https:\\\/\\\/grupo-garcia.es\\\/fr\\\/\",\"name\":\"Grupo Garcia\",\"description\":\"Inmobiliaria en J\u00e1vea y Jal\u00f3n\",\"potentialAction\":[{\"@type\":\"SearchAction\",\"target\":{\"@type\":\"EntryPoint\",\"urlTemplate\":\"https:\\\/\\\/grupo-garcia.es\\\/fr\\\/?s={search_term_string}\"},\"query-input\":{\"@type\":\"PropertyValueSpecification\",\"valueRequired\":true,\"valueName\":\"search_term_string\"}}],\"inLanguage\":\"fr-FR\"}]}<\/script>\n<!-- \/ Yoast SEO plugin. -->","yoast_head_json":{"title":"Appartements neufs dans un environnement exceptionnel \u00e0 vendre \u00e0 Benitachell | Grupo Garcia","description":"Appartements neufs dans un environnement exceptionnel \u00e0 vendre \u00e0 Benitachell Appartement neuf de trois chambres, deux salles de bains et une terrasse ensoleill\u00e9e, pr\u00eats \u00e0 partir de l'\u00e9t\u00e9 prochain, en 2026. . Le syst\u00e8me de plomberie","robots":{"index":"index","follow":"follow","max-snippet":"max-snippet:-1","max-image-preview":"max-image-preview:large","max-video-preview":"max-video-preview:-1"},"canonical":"https:\/\/grupo-garcia.es\/fr\/properties\/appartements-neufs-dans-un-environnement-exceptionnel-a-vendre-a-benitachell-23010093\/","og_locale":"fr_FR","og_type":"article","og_title":"Appartements neufs dans un environnement exceptionnel \u00e0 vendre \u00e0 Benitachell | Grupo Garcia","og_description":"Appartements neufs dans un environnement exceptionnel \u00e0 vendre \u00e0 Benitachell Appartement neuf de trois chambres, deux salles de bains et une terrasse ensoleill\u00e9e, pr\u00eats \u00e0 partir de l'\u00e9t\u00e9 prochain, en 2026. . Le syst\u00e8me de plomberie","og_url":"https:\/\/grupo-garcia.es\/fr\/properties\/appartements-neufs-dans-un-environnement-exceptionnel-a-vendre-a-benitachell-23010093\/","og_site_name":"Grupo Garcia","article_publisher":"https:\/\/www.facebook.com\/grupogarciacostablanca\/","article_modified_time":"2026-04-28T05:49:50+00:00","og_image":[{"width":1620,"height":1080,"url":"https:\/\/grupo-garcia.es\/wp-content\/uploads\/2025\/04\/10-1.jpg","type":"image\/jpeg"}],"twitter_card":"summary_large_image","twitter_misc":{"Dur\u00e9e de lecture estim\u00e9e":"1 minute"},"schema":{"@context":"https:\/\/schema.org","@graph":[{"@type":["WebPage","RealEstateListing"],"@id":"https:\/\/grupo-garcia.es\/fr\/properties\/appartements-neufs-dans-un-environnement-exceptionnel-a-vendre-a-benitachell-23010093\/","url":"https:\/\/grupo-garcia.es\/fr\/properties\/appartements-neufs-dans-un-environnement-exceptionnel-a-vendre-a-benitachell-23010093\/","name":"Appartements neufs dans un environnement exceptionnel \u00e0 vendre \u00e0 Benitachell | Grupo Garcia","isPartOf":{"@id":"https:\/\/grupo-garcia.es\/fr\/#website"},"primaryImageOfPage":{"@id":"https:\/\/grupo-garcia.es\/fr\/properties\/appartements-neufs-dans-un-environnement-exceptionnel-a-vendre-a-benitachell-23010093\/#primaryimage"},"image":{"@id":"https:\/\/grupo-garcia.es\/fr\/properties\/appartements-neufs-dans-un-environnement-exceptionnel-a-vendre-a-benitachell-23010093\/#primaryimage"},"thumbnailUrl":"https:\/\/grupo-garcia.es\/wp-content\/uploads\/2025\/04\/10-1.jpg","datePublished":"2025-05-27T16:34:44+00:00","dateModified":"2026-04-28T05:49:50+00:00","description":"Appartements neufs dans un environnement exceptionnel \u00e0 vendre \u00e0 Benitachell Appartement neuf de trois chambres, deux salles de bains et une terrasse ensoleill\u00e9e, pr\u00eats \u00e0 partir de l'\u00e9t\u00e9 prochain, en 2026. . Le syst\u00e8me de plomberie","breadcrumb":{"@id":"https:\/\/grupo-garcia.es\/fr\/properties\/appartements-neufs-dans-un-environnement-exceptionnel-a-vendre-a-benitachell-23010093\/#breadcrumb"},"inLanguage":"fr-FR","potentialAction":[{"@type":"ReadAction","target":["https:\/\/grupo-garcia.es\/fr\/properties\/appartements-neufs-dans-un-environnement-exceptionnel-a-vendre-a-benitachell-23010093\/"]}]},{"@type":"ImageObject","inLanguage":"fr-FR","@id":"https:\/\/grupo-garcia.es\/fr\/properties\/appartements-neufs-dans-un-environnement-exceptionnel-a-vendre-a-benitachell-23010093\/#primaryimage","url":"https:\/\/grupo-garcia.es\/wp-content\/uploads\/2025\/04\/10-1.jpg","contentUrl":"https:\/\/grupo-garcia.es\/wp-content\/uploads\/2025\/04\/10-1.jpg","width":1620,"height":1080},{"@type":"BreadcrumbList","@id":"https:\/\/grupo-garcia.es\/fr\/properties\/appartements-neufs-dans-un-environnement-exceptionnel-a-vendre-a-benitachell-23010093\/#breadcrumb","itemListElement":[{"@type":"ListItem","position":1,"name":"Portada","item":"https:\/\/grupo-garcia.es\/fr\/"},{"@type":"ListItem","position":2,"name":"Properties","item":"https:\/\/grupo-garcia.es\/fr\/properties\/"},{"@type":"ListItem","position":3,"name":"Appartements neufs dans un environnement exceptionnel \u00e0 vendre \u00e0 Benitachell"}]},{"@type":"WebSite","@id":"https:\/\/grupo-garcia.es\/fr\/#website","url":"https:\/\/grupo-garcia.es\/fr\/","name":"Grupo Garcia","description":"Inmobiliaria en J\u00e1vea y Jal\u00f3n","potentialAction":[{"@type":"SearchAction","target":{"@type":"EntryPoint","urlTemplate":"https:\/\/grupo-garcia.es\/fr\/?s={search_term_string}"},"query-input":{"@type":"PropertyValueSpecification","valueRequired":true,"valueName":"search_term_string"}}],"inLanguage":"fr-FR"}]}},"_links":{"self":[{"href":"https:\/\/grupo-garcia.es\/fr\/wp-json\/wp\/v2\/properties\/13487997","targetHints":{"allow":["GET"]}}],"collection":[{"href":"https:\/\/grupo-garcia.es\/fr\/wp-json\/wp\/v2\/properties"}],"about":[{"href":"https:\/\/grupo-garcia.es\/fr\/wp-json\/wp\/v2\/types\/properties"}],"wp:featuredmedia":[{"embeddable":true,"href":"https:\/\/grupo-garcia.es\/fr\/wp-json\/wp\/v2\/media\/13500232"}],"wp:attachment":[{"href":"https:\/\/grupo-garcia.es\/fr\/wp-json\/wp\/v2\/media?parent=13487997"}],"wp:term":[{"taxonomy":"property-state","embeddable":true,"href":"https:\/\/grupo-garcia.es\/fr\/wp-json\/wp\/v2\/property-state?post=13487997"},{"taxonomy":"property-type","embeddable":true,"href":"https:\/\/grupo-garcia.es\/fr\/wp-json\/wp\/v2\/property-type?post=13487997"},{"taxonomy":"zone","embeddable":true,"href":"https:\/\/grupo-garcia.es\/fr\/wp-json\/wp\/v2\/zone?post=13487997"},{"taxonomy":"city","embeddable":true,"href":"https:\/\/grupo-garcia.es\/fr\/wp-json\/wp\/v2\/city?post=13487997"},{"taxonomy":"property_categories","embeddable":true,"href":"https:\/\/grupo-garcia.es\/fr\/wp-json\/wp\/v2\/property_categories?post=13487997"}],"curies":[{"name":"wp","href":"https:\/\/api.w.org\/{rel}","templated":true}]}}