{"id":13482564,"date":"2026-03-11T15:41:42","date_gmt":"2026-03-11T14:41:42","guid":{"rendered":"https:\/\/grupo-garcia.es\/properties\/3947514\/"},"modified":"2026-04-28T06:46:03","modified_gmt":"2026-04-28T05:46:03","slug":"villa-vista-del-sol-a-vendre-a-javea-avec-vue-ensoleillee-3947514","status":"publish","type":"properties","link":"https:\/\/grupo-garcia.es\/fr\/properties\/villa-vista-del-sol-a-vendre-a-javea-avec-vue-ensoleillee-3947514\/","title":{"rendered":"Villa Vista del Sol \u00e0 vendre \u00e0 Javea avec vue ensoleill\u00e9e"},"content":{"rendered":"<p>Cette superbe villa de luxe, situ\u00e9e dans le quartier exclusif de Cansalades \u00e0 Javea, offre une vue panoramique imprenable sur la mer et un m\u00e9lange de style, de qualit\u00e9 et de confort. Construite en 2009, r\u00e9nov\u00e9e en 2023, cette \u00e9l\u00e9gante propri\u00e9t\u00e9 de deux \u00e9tages comprend trois chambres spacieuses, trois salles de bains modernes et une surface habitable totale de 156 m\u00b2. Situ\u00e9e sur un terrain ensoleill\u00e9 et clos de 1 000 m\u00b2, la villa b\u00e9n\u00e9ficie d&rsquo;un cadre paisible au sein de ce d\u00e9veloppement recherch\u00e9, tout en \u00e9tant \u00e0 quelques minutes en voiture des belles plages, des commodit\u00e9s et des attractions de Javea.<\/p>\n<p>En entrant dans la propri\u00e9t\u00e9, un grand parking est disponible pour plusieurs v\u00e9hicules. Un escalier m\u00e8ne \u00e0 l&rsquo;entr\u00e9e principale de la villa, o\u00f9 une charmante naya vo\u00fbt\u00e9e vous accueille dans la maison. \u00c0 l&rsquo;int\u00e9rieur, le salon ouvert, lumineux et a\u00e9r\u00e9, comprend un salon spacieux, une salle \u00e0 manger attenante et une cuisine moderne enti\u00e8rement \u00e9quip\u00e9e. Les murs courbes et les portes cintr\u00e9es cr\u00e9ent une sensation de fluidit\u00e9 et d&rsquo;\u00e9l\u00e9gance, ajoutant \u00e0 l&rsquo;ambiance chaleureuse. Le salon, avec sa chemin\u00e9e, s&rsquo;ouvre directement sur la terrasse au bord de la piscine par de grandes portes-fen\u00eatres, parfaites pour une vie int\u00e9rieure-ext\u00e9rieure harmonieuse. La cuisine est dot\u00e9e d&rsquo;armoires, d&rsquo;appareils \u00e9lectrom\u00e9nagers et de comptoirs de haute qualit\u00e9, ce qui la rend \u00e0 la fois \u00e9l\u00e9gante et fonctionnelle.<\/p>\n<p>Au rez-de-chauss\u00e9e, il y a deux chambres doubles aux dimensions g\u00e9n\u00e9reuses, toutes deux avec placards int\u00e9gr\u00e9s et acc\u00e8s direct \u00e0 la terrasse de la piscine. L&rsquo;une des chambres b\u00e9n\u00e9ficie de sa propre salle de bain attenante, tandis que la seconde est desservie par une salle de bain familiale.<\/p>\n<p>Un escalier magnifiquement con\u00e7u dans le hall d&rsquo;entr\u00e9e m\u00e8ne \u00e0 l&rsquo;\u00e9tage sup\u00e9rieur, o\u00f9 vous attend la luxueuse suite parentale. Cet espace impressionnant comprend un dressing priv\u00e9, une salle de bain attenante et une terrasse ensoleill\u00e9e isol\u00e9e avec une vue imprenable sur la mer.<\/p>\n<p>\u00c0 l&rsquo;ext\u00e9rieur, la villa est compl\u00e9t\u00e9e par une magnifique piscine \u00e0 d\u00e9bordement avec un jacuzzi int\u00e9gr\u00e9, entour\u00e9e de terrasses immacul\u00e9es. Le terrain \u00e0 faible entretien est am\u00e9nag\u00e9 avec des plantes m\u00e9diterran\u00e9ennes matures, des arbres et de charmantes barrancas en pierre, ajoutant \u00e0 l&rsquo;attrait de la propri\u00e9t\u00e9.<\/p>\n<p>Soigneusement entretenue et dot\u00e9e d&rsquo;\u00e9quipements haut de gamme, dont un double vitrage climalit et un r\u00e9servoir d&rsquo;eau de 10 000 litres, cette villa offre un rapport qualit\u00e9-prix exceptionnel. Qu&rsquo;il s&rsquo;agisse d&rsquo;une r\u00e9sidence permanente ou d&rsquo;une maison de vacances avec un excellent potentiel locatif, une visite est fortement recommand\u00e9e. Contactez-nous pour plus de d\u00e9tails.<\/p><\/p>\n","protected":false},"featured_media":13482575,"template":"","meta":{"_wp_old_slug":["3947514"],"id_inmovilla":["3947514"],"property_type":["Villa"],"property_ref":["PG6533"],"property_price":["750000"],"property_city":["J\u00e1vea - X\u00e0bia"],"property_region":["ALICANTE"],"zona-auxiliar":["Cap Mart\u00ed - Pinomar"],"tipo-via":[""],"domicilio":[""],"numero":[""],"codigo-postal":["03730"],"altura":[""],"planta":[""],"piso":[""],"puerta":[""],"escalera":[""],"bloque":[""],"edificio":[""],"habitaciones-dobles":["3"],"bedrooms":["0"],"banos":["3"],"aseos":["0"],"salones":["0"],"parking":["0","2"],"plantas":["0"],"fecha-construccion":["0"],"distancia-playa":["0"],"comunidad":["0"],"periodicidad-comunidad":["MES"],"ibi":["0.00"],"distancia-al-mar":["0"],"metros-utiles":["133.00"],"metros-construidos":["156.00"],"metros-parcela":["1000"],"metros-de-la-terraza":["0.00"],"metros-de-la-cocina":["0.00"],"metros-del-comedor":["0.00"],"metros-del-salon":["0.00"],"estado":["Buen estado"],"carpinteria-exterior":["PVC\/Climalit"],"tipo-suelo":["Stoneware"],"orientacion":["Sur"],"carpinteria-interior":["Madera"],"vistas":["Vers la mer"],"tipo-de-calefaccion":["Other heating"],"agua-caliente":["Electric Water Heater"],"tipo-cocina":[""],"instalacion-electrica":["0"],"fachada":[""],"acceso-pmr":["true"],"armarios-empotrados":["false"],"calefaccion":["true"],"garaje":["false"],"jacuzzi":["false"],"solarium":["false"],"vivienda-adaptada":["true"],"ascensor":["false"],"calefaccion-central":["false"],"garaje-doble":["false"],"jardin":["false"],"puerta-blindada":["false"],"t-v":["false"],"aire-acond-central":["false"],"balcon":["false"],"chimenea":["false"],"gas-ciudad":["false"],"lavanderia":["false"],"patio":["false"],"aire-acondicionado":["false"],"bar":["false"],"deposito-agua":["false"],"gimnasio":["false"],"luminoso":["false"],"pergola":["false"],"terraza":["true"],"alarma":["false"],"barbacoa":["false"],"descalcificador":["false"],"hab-juegos":["false"],"luz":["false"],"piscina-comunitaria":["false"],"satelite":["false"],"terraza-acristalada":["false"],"alarma-incendio":["false"],"bomba-frio-y-calor":["false"],"despensa":["false"],"hidromasaje":["false"],"mirador":["false"],"piscina-propia":["true"],"sauna":["false"],"trastero":["false"],"apart-separado":["false"],"buhardilla":["false"],"esquina":["false"],"muebles":["false"],"preinst-aacc":["false"],"sotano":["false"],"videoportero":[""],"autobuses":["false"],"centros-comerciales":["false"],"colegios":["false"],"hospitales":["false"],"urbanizacion":["false"],"vistas-al-mar":["false"],"zonas-infantiles":["false"],"arboles":["false"],"centros-medicos":["false"],"costa":["true"],"metro":["false"],"primera-linea":["false"],"tranvia":["false"],"vallado":["true"],"golf":["false"],"montana":["false"],"rural":["false"],"tren":["false"],"exclusividad":["false"],"tour-virtual":[""],"video":[""],"disponibilidad-propiedad":["Libre"],"habitaciones_totales":["3"],"ojo_de_buey":["false"],"certificado_energetico":["G"],"energia_valor":["0"],"_wp_page_template":["default"],"galeria":["a:37:{i:13482575;s:61:\"https:\/\/grupo-garcia.es\/wp-content\/uploads\/2024\/10\/10-1-1.jpg\";i:13482571;s:68:\"https:\/\/grupo-garcia.es\/wp-content\/uploads\/2024\/10\/10-2-1-scaled.jpg\";i:13482579;s:68:\"https:\/\/grupo-garcia.es\/wp-content\/uploads\/2024\/10\/10-3-1-scaled.jpg\";i:13482583;s:68:\"https:\/\/grupo-garcia.es\/wp-content\/uploads\/2024\/10\/10-4-1-scaled.jpg\";i:13482587;s:68:\"https:\/\/grupo-garcia.es\/wp-content\/uploads\/2024\/10\/10-5-1-scaled.jpg\";i:13482591;s:68:\"https:\/\/grupo-garcia.es\/wp-content\/uploads\/2024\/10\/10-6-1-scaled.jpg\";i:13482595;s:68:\"https:\/\/grupo-garcia.es\/wp-content\/uploads\/2024\/10\/10-7-1-scaled.jpg\";i:13482599;s:68:\"https:\/\/grupo-garcia.es\/wp-content\/uploads\/2024\/10\/10-8-1-scaled.jpg\";i:13482603;s:68:\"https:\/\/grupo-garcia.es\/wp-content\/uploads\/2024\/10\/10-9-1-scaled.jpg\";i:13482607;s:69:\"https:\/\/grupo-garcia.es\/wp-content\/uploads\/2024\/10\/10-10-1-scaled.jpg\";i:13482611;s:69:\"https:\/\/grupo-garcia.es\/wp-content\/uploads\/2024\/10\/10-11-1-scaled.jpg\";i:13482615;s:69:\"https:\/\/grupo-garcia.es\/wp-content\/uploads\/2024\/10\/10-12-1-scaled.jpg\";i:13482619;s:69:\"https:\/\/grupo-garcia.es\/wp-content\/uploads\/2024\/10\/10-13-1-scaled.jpg\";i:13482623;s:69:\"https:\/\/grupo-garcia.es\/wp-content\/uploads\/2024\/10\/10-14-1-scaled.jpg\";i:13482627;s:69:\"https:\/\/grupo-garcia.es\/wp-content\/uploads\/2024\/10\/10-15-1-scaled.jpg\";i:13482631;s:69:\"https:\/\/grupo-garcia.es\/wp-content\/uploads\/2024\/10\/10-16-1-scaled.jpg\";i:13482635;s:69:\"https:\/\/grupo-garcia.es\/wp-content\/uploads\/2024\/10\/10-17-1-scaled.jpg\";i:13482639;s:69:\"https:\/\/grupo-garcia.es\/wp-content\/uploads\/2024\/10\/10-18-1-scaled.jpg\";i:13482643;s:69:\"https:\/\/grupo-garcia.es\/wp-content\/uploads\/2024\/10\/10-19-1-scaled.jpg\";i:13482647;s:69:\"https:\/\/grupo-garcia.es\/wp-content\/uploads\/2024\/10\/10-20-1-scaled.jpg\";i:13482651;s:69:\"https:\/\/grupo-garcia.es\/wp-content\/uploads\/2024\/10\/10-21-1-scaled.jpg\";i:13482655;s:69:\"https:\/\/grupo-garcia.es\/wp-content\/uploads\/2024\/10\/10-22-1-scaled.jpg\";i:13482659;s:62:\"https:\/\/grupo-garcia.es\/wp-content\/uploads\/2024\/10\/10-23-1.jpg\";i:13482663;s:69:\"https:\/\/grupo-garcia.es\/wp-content\/uploads\/2024\/10\/10-24-1-scaled.jpg\";i:13482667;s:69:\"https:\/\/grupo-garcia.es\/wp-content\/uploads\/2024\/10\/10-25-1-scaled.jpg\";i:13482671;s:69:\"https:\/\/grupo-garcia.es\/wp-content\/uploads\/2024\/10\/10-26-1-scaled.jpg\";i:13482675;s:69:\"https:\/\/grupo-garcia.es\/wp-content\/uploads\/2024\/10\/10-27-1-scaled.jpg\";i:13482679;s:69:\"https:\/\/grupo-garcia.es\/wp-content\/uploads\/2024\/10\/10-28-1-scaled.jpg\";i:13482683;s:69:\"https:\/\/grupo-garcia.es\/wp-content\/uploads\/2024\/10\/10-29-1-scaled.jpg\";i:13482687;s:69:\"https:\/\/grupo-garcia.es\/wp-content\/uploads\/2024\/10\/10-30-1-scaled.jpg\";i:13488002;s:67:\"https:\/\/grupo-garcia.es\/wp-content\/uploads\/2024\/12\/10-31-scaled.jpg\";i:13488006;s:67:\"https:\/\/grupo-garcia.es\/wp-content\/uploads\/2024\/12\/10-32-scaled.jpg\";i:13488010;s:67:\"https:\/\/grupo-garcia.es\/wp-content\/uploads\/2024\/12\/10-33-scaled.jpg\";i:13488014;s:67:\"https:\/\/grupo-garcia.es\/wp-content\/uploads\/2024\/12\/10-34-scaled.jpg\";i:13488018;s:67:\"https:\/\/grupo-garcia.es\/wp-content\/uploads\/2024\/12\/10-35-scaled.jpg\";i:13488022;s:67:\"https:\/\/grupo-garcia.es\/wp-content\/uploads\/2024\/12\/10-36-scaled.jpg\";i:13488026;s:67:\"https:\/\/grupo-garcia.es\/wp-content\/uploads\/2024\/12\/10-37-scaled.jpg\";}"],"_thumbnail_id":["13482575"],"_wpml_word_count":["475"]},"property-state":[207],"property-type":[231],"zone":[471],"city":[67],"property_categories":[269],"class_list":["post-13482564","properties","type-properties","status-publish","has-post-thumbnail","hentry","property-state-revente","property-type-villas-fr","zone-cap-marti-pinomar","city-javea","property_categories-vendre"],"yoast_head":"<!-- This site is optimized with the Yoast SEO plugin v27.5 - https:\/\/yoast.com\/product\/yoast-seo-wordpress\/ -->\n<title>Villa Vista del Sol \u00e0 vendre \u00e0 Javea avec vue ensoleill\u00e9e | Grupo Garcia<\/title>\n<meta name=\"description\" content=\"Villa Vista del Sol \u00e0 vendre \u00e0 Javea avec vue ensoleill\u00e9e Cette superbe villa de luxe, situ\u00e9e dans le quartier exclusif de Cansalades \u00e0 Javea, offre une vue panoramique imprenable sur la mer et un m\u00e9lange de\" \/>\n<meta name=\"robots\" content=\"index, follow, max-snippet:-1, max-image-preview:large, max-video-preview:-1\" \/>\n<link rel=\"canonical\" href=\"https:\/\/grupo-garcia.es\/fr\/properties\/villa-vista-del-sol-a-vendre-a-javea-avec-vue-ensoleillee-3947514\/\" \/>\n<meta property=\"og:locale\" content=\"fr_FR\" \/>\n<meta property=\"og:type\" content=\"article\" \/>\n<meta property=\"og:title\" content=\"Villa Vista del Sol \u00e0 vendre \u00e0 Javea avec vue ensoleill\u00e9e | Grupo Garcia\" \/>\n<meta property=\"og:description\" content=\"Villa Vista del Sol \u00e0 vendre \u00e0 Javea avec vue ensoleill\u00e9e Cette superbe villa de luxe, situ\u00e9e dans le quartier exclusif de Cansalades \u00e0 Javea, offre une vue panoramique imprenable sur la mer et un m\u00e9lange de\" \/>\n<meta property=\"og:url\" content=\"https:\/\/grupo-garcia.es\/fr\/properties\/villa-vista-del-sol-a-vendre-a-javea-avec-vue-ensoleillee-3947514\/\" \/>\n<meta property=\"og:site_name\" content=\"Grupo Garcia\" \/>\n<meta property=\"article:publisher\" content=\"https:\/\/www.facebook.com\/grupogarciacostablanca\/\" \/>\n<meta property=\"article:modified_time\" content=\"2026-04-28T05:46:03+00:00\" \/>\n<meta property=\"og:image\" content=\"https:\/\/grupo-garcia.es\/wp-content\/uploads\/2024\/10\/10-1-1.jpg\" \/>\n\t<meta property=\"og:image:width\" content=\"2467\" \/>\n\t<meta property=\"og:image:height\" content=\"1942\" \/>\n\t<meta property=\"og:image:type\" content=\"image\/jpeg\" \/>\n<meta name=\"twitter:card\" content=\"summary_large_image\" \/>\n<meta name=\"twitter:label1\" content=\"Dur\u00e9e de lecture estim\u00e9e\" \/>\n\t<meta name=\"twitter:data1\" content=\"2 minutes\" \/>\n<script type=\"application\/ld+json\" class=\"yoast-schema-graph\">{\"@context\":\"https:\\\/\\\/schema.org\",\"@graph\":[{\"@type\":[\"WebPage\",\"RealEstateListing\"],\"@id\":\"https:\\\/\\\/grupo-garcia.es\\\/fr\\\/properties\\\/villa-vista-del-sol-a-vendre-a-javea-avec-vue-ensoleillee-3947514\\\/\",\"url\":\"https:\\\/\\\/grupo-garcia.es\\\/fr\\\/properties\\\/villa-vista-del-sol-a-vendre-a-javea-avec-vue-ensoleillee-3947514\\\/\",\"name\":\"Villa Vista del Sol \u00e0 vendre \u00e0 Javea avec vue ensoleill\u00e9e | Grupo Garcia\",\"isPartOf\":{\"@id\":\"https:\\\/\\\/grupo-garcia.es\\\/fr\\\/#website\"},\"primaryImageOfPage\":{\"@id\":\"https:\\\/\\\/grupo-garcia.es\\\/fr\\\/properties\\\/villa-vista-del-sol-a-vendre-a-javea-avec-vue-ensoleillee-3947514\\\/#primaryimage\"},\"image\":{\"@id\":\"https:\\\/\\\/grupo-garcia.es\\\/fr\\\/properties\\\/villa-vista-del-sol-a-vendre-a-javea-avec-vue-ensoleillee-3947514\\\/#primaryimage\"},\"thumbnailUrl\":\"https:\\\/\\\/grupo-garcia.es\\\/wp-content\\\/uploads\\\/2024\\\/10\\\/10-1-1.jpg\",\"datePublished\":\"2026-03-11T14:41:42+00:00\",\"dateModified\":\"2026-04-28T05:46:03+00:00\",\"description\":\"Villa Vista del Sol \u00e0 vendre \u00e0 Javea avec vue ensoleill\u00e9e Cette superbe villa de luxe, situ\u00e9e dans le quartier exclusif de Cansalades \u00e0 Javea, offre une vue panoramique imprenable sur la mer et un m\u00e9lange de\",\"breadcrumb\":{\"@id\":\"https:\\\/\\\/grupo-garcia.es\\\/fr\\\/properties\\\/villa-vista-del-sol-a-vendre-a-javea-avec-vue-ensoleillee-3947514\\\/#breadcrumb\"},\"inLanguage\":\"fr-FR\",\"potentialAction\":[{\"@type\":\"ReadAction\",\"target\":[\"https:\\\/\\\/grupo-garcia.es\\\/fr\\\/properties\\\/villa-vista-del-sol-a-vendre-a-javea-avec-vue-ensoleillee-3947514\\\/\"]}]},{\"@type\":\"ImageObject\",\"inLanguage\":\"fr-FR\",\"@id\":\"https:\\\/\\\/grupo-garcia.es\\\/fr\\\/properties\\\/villa-vista-del-sol-a-vendre-a-javea-avec-vue-ensoleillee-3947514\\\/#primaryimage\",\"url\":\"https:\\\/\\\/grupo-garcia.es\\\/wp-content\\\/uploads\\\/2024\\\/10\\\/10-1-1.jpg\",\"contentUrl\":\"https:\\\/\\\/grupo-garcia.es\\\/wp-content\\\/uploads\\\/2024\\\/10\\\/10-1-1.jpg\",\"width\":2467,\"height\":1942},{\"@type\":\"BreadcrumbList\",\"@id\":\"https:\\\/\\\/grupo-garcia.es\\\/fr\\\/properties\\\/villa-vista-del-sol-a-vendre-a-javea-avec-vue-ensoleillee-3947514\\\/#breadcrumb\",\"itemListElement\":[{\"@type\":\"ListItem\",\"position\":1,\"name\":\"Portada\",\"item\":\"https:\\\/\\\/grupo-garcia.es\\\/fr\\\/\"},{\"@type\":\"ListItem\",\"position\":2,\"name\":\"Properties\",\"item\":\"https:\\\/\\\/grupo-garcia.es\\\/fr\\\/properties\\\/\"},{\"@type\":\"ListItem\",\"position\":3,\"name\":\"Villa Vista del Sol \u00e0 vendre \u00e0 Javea avec vue ensoleill\u00e9e\"}]},{\"@type\":\"WebSite\",\"@id\":\"https:\\\/\\\/grupo-garcia.es\\\/fr\\\/#website\",\"url\":\"https:\\\/\\\/grupo-garcia.es\\\/fr\\\/\",\"name\":\"Grupo Garcia\",\"description\":\"Inmobiliaria en J\u00e1vea y Jal\u00f3n\",\"potentialAction\":[{\"@type\":\"SearchAction\",\"target\":{\"@type\":\"EntryPoint\",\"urlTemplate\":\"https:\\\/\\\/grupo-garcia.es\\\/fr\\\/?s={search_term_string}\"},\"query-input\":{\"@type\":\"PropertyValueSpecification\",\"valueRequired\":true,\"valueName\":\"search_term_string\"}}],\"inLanguage\":\"fr-FR\"}]}<\/script>\n<!-- \/ Yoast SEO plugin. -->","yoast_head_json":{"title":"Villa Vista del Sol \u00e0 vendre \u00e0 Javea avec vue ensoleill\u00e9e | Grupo Garcia","description":"Villa Vista del Sol \u00e0 vendre \u00e0 Javea avec vue ensoleill\u00e9e Cette superbe villa de luxe, situ\u00e9e dans le quartier exclusif de Cansalades \u00e0 Javea, offre une vue panoramique imprenable sur la mer et un m\u00e9lange de","robots":{"index":"index","follow":"follow","max-snippet":"max-snippet:-1","max-image-preview":"max-image-preview:large","max-video-preview":"max-video-preview:-1"},"canonical":"https:\/\/grupo-garcia.es\/fr\/properties\/villa-vista-del-sol-a-vendre-a-javea-avec-vue-ensoleillee-3947514\/","og_locale":"fr_FR","og_type":"article","og_title":"Villa Vista del Sol \u00e0 vendre \u00e0 Javea avec vue ensoleill\u00e9e | Grupo Garcia","og_description":"Villa Vista del Sol \u00e0 vendre \u00e0 Javea avec vue ensoleill\u00e9e Cette superbe villa de luxe, situ\u00e9e dans le quartier exclusif de Cansalades \u00e0 Javea, offre une vue panoramique imprenable sur la mer et un m\u00e9lange de","og_url":"https:\/\/grupo-garcia.es\/fr\/properties\/villa-vista-del-sol-a-vendre-a-javea-avec-vue-ensoleillee-3947514\/","og_site_name":"Grupo Garcia","article_publisher":"https:\/\/www.facebook.com\/grupogarciacostablanca\/","article_modified_time":"2026-04-28T05:46:03+00:00","og_image":[{"width":2467,"height":1942,"url":"https:\/\/grupo-garcia.es\/wp-content\/uploads\/2024\/10\/10-1-1.jpg","type":"image\/jpeg"}],"twitter_card":"summary_large_image","twitter_misc":{"Dur\u00e9e de lecture estim\u00e9e":"2 minutes"},"schema":{"@context":"https:\/\/schema.org","@graph":[{"@type":["WebPage","RealEstateListing"],"@id":"https:\/\/grupo-garcia.es\/fr\/properties\/villa-vista-del-sol-a-vendre-a-javea-avec-vue-ensoleillee-3947514\/","url":"https:\/\/grupo-garcia.es\/fr\/properties\/villa-vista-del-sol-a-vendre-a-javea-avec-vue-ensoleillee-3947514\/","name":"Villa Vista del Sol \u00e0 vendre \u00e0 Javea avec vue ensoleill\u00e9e | Grupo Garcia","isPartOf":{"@id":"https:\/\/grupo-garcia.es\/fr\/#website"},"primaryImageOfPage":{"@id":"https:\/\/grupo-garcia.es\/fr\/properties\/villa-vista-del-sol-a-vendre-a-javea-avec-vue-ensoleillee-3947514\/#primaryimage"},"image":{"@id":"https:\/\/grupo-garcia.es\/fr\/properties\/villa-vista-del-sol-a-vendre-a-javea-avec-vue-ensoleillee-3947514\/#primaryimage"},"thumbnailUrl":"https:\/\/grupo-garcia.es\/wp-content\/uploads\/2024\/10\/10-1-1.jpg","datePublished":"2026-03-11T14:41:42+00:00","dateModified":"2026-04-28T05:46:03+00:00","description":"Villa Vista del Sol \u00e0 vendre \u00e0 Javea avec vue ensoleill\u00e9e Cette superbe villa de luxe, situ\u00e9e dans le quartier exclusif de Cansalades \u00e0 Javea, offre une vue panoramique imprenable sur la mer et un m\u00e9lange de","breadcrumb":{"@id":"https:\/\/grupo-garcia.es\/fr\/properties\/villa-vista-del-sol-a-vendre-a-javea-avec-vue-ensoleillee-3947514\/#breadcrumb"},"inLanguage":"fr-FR","potentialAction":[{"@type":"ReadAction","target":["https:\/\/grupo-garcia.es\/fr\/properties\/villa-vista-del-sol-a-vendre-a-javea-avec-vue-ensoleillee-3947514\/"]}]},{"@type":"ImageObject","inLanguage":"fr-FR","@id":"https:\/\/grupo-garcia.es\/fr\/properties\/villa-vista-del-sol-a-vendre-a-javea-avec-vue-ensoleillee-3947514\/#primaryimage","url":"https:\/\/grupo-garcia.es\/wp-content\/uploads\/2024\/10\/10-1-1.jpg","contentUrl":"https:\/\/grupo-garcia.es\/wp-content\/uploads\/2024\/10\/10-1-1.jpg","width":2467,"height":1942},{"@type":"BreadcrumbList","@id":"https:\/\/grupo-garcia.es\/fr\/properties\/villa-vista-del-sol-a-vendre-a-javea-avec-vue-ensoleillee-3947514\/#breadcrumb","itemListElement":[{"@type":"ListItem","position":1,"name":"Portada","item":"https:\/\/grupo-garcia.es\/fr\/"},{"@type":"ListItem","position":2,"name":"Properties","item":"https:\/\/grupo-garcia.es\/fr\/properties\/"},{"@type":"ListItem","position":3,"name":"Villa Vista del Sol \u00e0 vendre \u00e0 Javea avec vue ensoleill\u00e9e"}]},{"@type":"WebSite","@id":"https:\/\/grupo-garcia.es\/fr\/#website","url":"https:\/\/grupo-garcia.es\/fr\/","name":"Grupo Garcia","description":"Inmobiliaria en J\u00e1vea y Jal\u00f3n","potentialAction":[{"@type":"SearchAction","target":{"@type":"EntryPoint","urlTemplate":"https:\/\/grupo-garcia.es\/fr\/?s={search_term_string}"},"query-input":{"@type":"PropertyValueSpecification","valueRequired":true,"valueName":"search_term_string"}}],"inLanguage":"fr-FR"}]}},"_links":{"self":[{"href":"https:\/\/grupo-garcia.es\/fr\/wp-json\/wp\/v2\/properties\/13482564","targetHints":{"allow":["GET"]}}],"collection":[{"href":"https:\/\/grupo-garcia.es\/fr\/wp-json\/wp\/v2\/properties"}],"about":[{"href":"https:\/\/grupo-garcia.es\/fr\/wp-json\/wp\/v2\/types\/properties"}],"wp:featuredmedia":[{"embeddable":true,"href":"https:\/\/grupo-garcia.es\/fr\/wp-json\/wp\/v2\/media\/13482575"}],"wp:attachment":[{"href":"https:\/\/grupo-garcia.es\/fr\/wp-json\/wp\/v2\/media?parent=13482564"}],"wp:term":[{"taxonomy":"property-state","embeddable":true,"href":"https:\/\/grupo-garcia.es\/fr\/wp-json\/wp\/v2\/property-state?post=13482564"},{"taxonomy":"property-type","embeddable":true,"href":"https:\/\/grupo-garcia.es\/fr\/wp-json\/wp\/v2\/property-type?post=13482564"},{"taxonomy":"zone","embeddable":true,"href":"https:\/\/grupo-garcia.es\/fr\/wp-json\/wp\/v2\/zone?post=13482564"},{"taxonomy":"city","embeddable":true,"href":"https:\/\/grupo-garcia.es\/fr\/wp-json\/wp\/v2\/city?post=13482564"},{"taxonomy":"property_categories","embeddable":true,"href":"https:\/\/grupo-garcia.es\/fr\/wp-json\/wp\/v2\/property_categories?post=13482564"}],"curies":[{"name":"wp","href":"https:\/\/api.w.org\/{rel}","templated":true}]}}