{"id":13409102,"date":"2025-04-25T11:11:15","date_gmt":"2025-04-25T10:11:15","guid":{"rendered":"https:\/\/grupo-garcia.es\/properties\/maison-de-campagne-entierement-renovee-a-vendre-a-denia-une-propriete-incroyable-19456092\/"},"modified":"2026-04-28T06:48:08","modified_gmt":"2026-04-28T05:48:08","slug":"maison-de-campagne-entierement-renovee-a-vendre-a-denia-une-propriete-incroyable-19456092","status":"publish","type":"properties","link":"https:\/\/grupo-garcia.es\/fr\/properties\/maison-de-campagne-entierement-renovee-a-vendre-a-denia-une-propriete-incroyable-19456092\/","title":{"rendered":"Maison de campagne enti\u00e8rement r\u00e9nov\u00e9e \u00e0 vendre \u00e0 Denia &#8211; une propri\u00e9t\u00e9 incroyable"},"content":{"rendered":"<p>D\u00e9couvrez le charme d&rsquo;une maison de campagne m\u00e9ticuleusement rajeunie dans l&rsquo;enclave enchanteresse de Denia, Torrecarrals. Captivant nich\u00e9 \u00e0 seulement 5 minutes de la plage scintillante de Las Marinas, ce domaine se d\u00e9ploie sur un vaste terrain de 7 800 m\u00e8tres carr\u00e9s, offrant une incarnation de la s\u00e9r\u00e9nit\u00e9 et du luxe.<\/p>\n<p>Au fur et \u00e0 mesure que vous vous aventurez dans l&rsquo;all\u00e9e royale, un aper\u00e7u des merveilles qui vous attendent devient apparent. La fa\u00e7ade ext\u00e9rieure, orn\u00e9e de pierres naturelles, d\u00e9gage une chaleur invitante qui donne le ton au reste de la r\u00e9sidence. Une symphonie harmonieuse d&rsquo;espace et de design attend dans la demeure, soigneusement r\u00e9partie sur un seul niveau. Le grand salon\u00b7salle \u00e0 manger, dot\u00e9 d&rsquo;une chemin\u00e9e qui lui sert de pi\u00e8ce ma\u00eetresse, converge harmonieusement avec la cuisine, d\u00e9limitant astucieusement les deux espaces. R\u00e9pondant \u00e0 vos d\u00e9sirs de confort et d&rsquo;intimit\u00e9, trois chambres doubles g\u00e9n\u00e9reuses, chacune dot\u00e9e de sa propre salle de bain attenante, ornent l&rsquo;int\u00e9rieur. La suite principale, un sanctuaire d&rsquo;opulence, comprend un dressing qui renforce encore le sentiment de luxe.<\/p>\n<p>La lumi\u00e8re du soleil cascade \u00e0 travers de larges fen\u00eatres, illuminant sans effort l&rsquo;int\u00e9rieur et amplifiant la sensation d&rsquo;ouverture sans limites. Sortez dans une utopie m\u00e9diterran\u00e9enne, o\u00f9 des jardins luxuriants s&rsquo;entrem\u00ealent avec de multiples terrasses, cr\u00e9ant un cadre idyllique pour la d\u00e9tente. Une piscine de 12&#215;5 m\u00e8tres vous attend, promettant un r\u00e9pit lors des journ\u00e9es chaudes. Le domaine se g\u00e2te en outre avec une cuisine d&rsquo;\u00e9t\u00e9 ferm\u00e9e, parfaite pour les d\u00e9lices culinaires en plein air, ainsi qu&rsquo;une salle de bain ext\u00e9rieure pour compl\u00e9ter l&rsquo;oasis en plein air.<\/p>\n<p>Un joyau architectural vous invite vers le haut : une terrasse sur le toit accessible par un escalier ext\u00e9rieur. Ici, des vues panoramiques s&rsquo;\u00e9tendent devant vous, offrant une toile de fond \u00e0 couper le souffle qui marie les teintes azur de la mer M\u00e9diterran\u00e9e avec le ciel.<\/p>\n<p>La r\u00e9sidence est renforc\u00e9e par des \u00e9quipements modernes, notamment des fen\u00eatres en aluminium \u00e9quip\u00e9es de double vitrage, des volets \u00e9lectriques, des moustiquaires et un syst\u00e8me domotique complet. Profitez du confort toute l&rsquo;ann\u00e9e avec la climatisation chaude et froide par conduits, tandis que le chauffage au sol aliment\u00e9 par la technologie a\u00e9rothermique assure une ambiance chaleureuse.<\/p>\n<p>Isol\u00e9e et remplie d&rsquo;un sentiment de privil\u00e8ge, cette propri\u00e9t\u00e9 exceptionnelle \u00e9quilibre le luxe contemporain avec la proximit\u00e9 des services essentiels et des rives s\u00e9duisantes. Embarquez pour un voyage extraordinaire o\u00f9 l&rsquo;histoire rencontre la modernit\u00e9 et o\u00f9 la tranquillit\u00e9 se m\u00eale \u00e0 la commodit\u00e9.<\/p>\n<p>Nich\u00e9e sur les rives ensoleill\u00e9es de la Costa Blanca, Denia enchante par son allure m\u00e9diterran\u00e9enne intemporelle. Ce joyau c\u00f4tier combine sans effort l&rsquo;histoire et la beaut\u00e9 naturelle, offrant une tapisserie d&rsquo;exp\u00e9riences pour chaque vagabond. Impr\u00e9gnez-vous de la lueur dor\u00e9e de ses plages immacul\u00e9es, o\u00f9 les eaux c\u00e9rul\u00e9ennes dansent et vous invitent. Promenez-vous dans de charmantes rues pav\u00e9es et d\u00e9couvrez des tr\u00e9sors cach\u00e9s parmi des b\u00e2timents blanchis \u00e0 la chaux orn\u00e9s de bougainvill\u00e9es vibrantes. La culture dynamique et la sc\u00e8ne culinaire de Denia \u00e9veillent les sens, vous invitant \u00e0 savourer des sp\u00e9cialit\u00e9s de fruits de mer frais et des vins locaux.<\/p><\/p>\n","protected":false},"featured_media":13401820,"template":"","meta":{"id_inmovilla":["19456092"],"property_type":["Villa de Lujo"],"property_ref":["NC6434"],"property_price":["1600000"],"property_city":["Denia"],"property_region":["ALICANTE"],"zona-auxiliar":["Torrecarrals"],"tipo-via":[""],"domicilio":[""],"numero":[""],"codigo-postal":["03779"],"altura":[""],"planta":[""],"piso":[""],"puerta":[""],"escalera":[""],"bloque":[""],"edificio":[""],"habitaciones-dobles":["0"],"bedrooms":["3"],"banos":["5"],"aseos":["0"],"salones":["0"],"parking":["0","false"],"plantas":["1"],"fecha-construccion":["2022"],"distancia-playa":["0"],"comunidad":["0"],"periodicidad-comunidad":["MES"],"ibi":["0.00"],"distancia-al-mar":["0"],"metros-utiles":["224.00"],"metros-construidos":["333.00"],"metros-parcela":["7815"],"metros-de-la-terraza":["0.00"],"metros-de-la-cocina":["0.00"],"metros-del-comedor":["0.00"],"metros-del-salon":["0.00"],"estado":["Buen estado"],"carpinteria-exterior":["Aluminio\/Climalit"],"tipo-suelo":["0"],"orientacion":["Sur"],"carpinteria-interior":["Lacado Blanco"],"vistas":["Vers la piscine"],"tipo-de-calefaccion":["Underfloor heating"],"agua-caliente":["0"],"tipo-cocina":[""],"instalacion-electrica":["0"],"fachada":[""],"acceso-pmr":["false"],"armarios-empotrados":["true"],"calefaccion":["true"],"garaje":["false"],"jacuzzi":["false"],"solarium":["false"],"vivienda-adaptada":["false"],"ascensor":["false"],"calefaccion-central":["false"],"garaje-doble":["false"],"jardin":["true"],"puerta-blindada":["false"],"t-v":["false"],"aire-acond-central":["false"],"balcon":["false"],"chimenea":["true"],"gas-ciudad":["false"],"lavanderia":["false"],"patio":["false"],"aire-acondicionado":["true"],"bar":["false"],"deposito-agua":["true"],"gimnasio":["false"],"luminoso":["true"],"pergola":["false"],"terraza":["true"],"alarma":["false"],"barbacoa":["false"],"descalcificador":["false"],"hab-juegos":["false"],"luz":["false"],"piscina-comunitaria":["false"],"satelite":["false"],"terraza-acristalada":["false"],"alarma-incendio":["false"],"bomba-frio-y-calor":["true"],"despensa":["false"],"hidromasaje":["false"],"mirador":["false"],"piscina-propia":["true"],"sauna":["false"],"trastero":["false"],"apart-separado":["false"],"buhardilla":["false"],"esquina":["false"],"muebles":["false"],"preinst-aacc":["false"],"sotano":["false"],"videoportero":[""],"autobuses":["false"],"centros-comerciales":["false"],"colegios":["false"],"hospitales":["false"],"urbanizacion":["false"],"vistas-al-mar":["false"],"zonas-infantiles":["false"],"arboles":["false"],"centros-medicos":["false"],"costa":["true"],"metro":["false"],"primera-linea":["false"],"tranvia":["false"],"vallado":["true"],"golf":["false"],"montana":["false"],"rural":["true"],"tren":["false"],"exclusividad":["false"],"tour-virtual":[""],"video":[""],"disponibilidad-propiedad":["Libre"],"habitaciones_totales":["3"],"ojo_de_buey":["false"],"certificado_energetico":["G"],"energia_valor":["0"],"_wp_page_template":["default"],"galeria":["a:61:{i:13401820;s:68:\"https:\/\/grupo-garcia.es\/wp-content\/uploads\/2023\/11\/10-1-7-scaled.jpg\";i:13401816;s:68:\"https:\/\/grupo-garcia.es\/wp-content\/uploads\/2023\/11\/10-2-7-scaled.jpg\";i:13401824;s:68:\"https:\/\/grupo-garcia.es\/wp-content\/uploads\/2023\/11\/10-3-7-scaled.jpg\";i:13401828;s:68:\"https:\/\/grupo-garcia.es\/wp-content\/uploads\/2023\/11\/10-4-7-scaled.jpg\";i:13401832;s:68:\"https:\/\/grupo-garcia.es\/wp-content\/uploads\/2023\/11\/10-5-5-scaled.jpg\";i:13401836;s:68:\"https:\/\/grupo-garcia.es\/wp-content\/uploads\/2023\/11\/10-6-5-scaled.jpg\";i:13401840;s:68:\"https:\/\/grupo-garcia.es\/wp-content\/uploads\/2023\/11\/10-7-5-scaled.jpg\";i:13401844;s:68:\"https:\/\/grupo-garcia.es\/wp-content\/uploads\/2023\/11\/10-8-5-scaled.jpg\";i:13401848;s:68:\"https:\/\/grupo-garcia.es\/wp-content\/uploads\/2023\/11\/10-9-5-scaled.jpg\";i:13401852;s:69:\"https:\/\/grupo-garcia.es\/wp-content\/uploads\/2023\/11\/10-10-5-scaled.jpg\";i:13401856;s:69:\"https:\/\/grupo-garcia.es\/wp-content\/uploads\/2023\/11\/10-11-5-scaled.jpg\";i:13401860;s:69:\"https:\/\/grupo-garcia.es\/wp-content\/uploads\/2023\/11\/10-12-5-scaled.jpg\";i:13401864;s:69:\"https:\/\/grupo-garcia.es\/wp-content\/uploads\/2023\/11\/10-13-5-scaled.jpg\";i:13401868;s:69:\"https:\/\/grupo-garcia.es\/wp-content\/uploads\/2023\/11\/10-14-5-scaled.jpg\";i:13401872;s:69:\"https:\/\/grupo-garcia.es\/wp-content\/uploads\/2023\/11\/10-15-5-scaled.jpg\";i:13401876;s:69:\"https:\/\/grupo-garcia.es\/wp-content\/uploads\/2023\/11\/10-16-5-scaled.jpg\";i:13401880;s:69:\"https:\/\/grupo-garcia.es\/wp-content\/uploads\/2023\/11\/10-17-5-scaled.jpg\";i:13401884;s:69:\"https:\/\/grupo-garcia.es\/wp-content\/uploads\/2023\/11\/10-18-5-scaled.jpg\";i:13401888;s:69:\"https:\/\/grupo-garcia.es\/wp-content\/uploads\/2023\/11\/10-19-5-scaled.jpg\";i:13401892;s:69:\"https:\/\/grupo-garcia.es\/wp-content\/uploads\/2023\/11\/10-20-5-scaled.jpg\";i:13401896;s:69:\"https:\/\/grupo-garcia.es\/wp-content\/uploads\/2023\/11\/10-21-5-scaled.jpg\";i:13401900;s:69:\"https:\/\/grupo-garcia.es\/wp-content\/uploads\/2023\/11\/10-22-5-scaled.jpg\";i:13401904;s:69:\"https:\/\/grupo-garcia.es\/wp-content\/uploads\/2023\/11\/10-23-5-scaled.jpg\";i:13401908;s:69:\"https:\/\/grupo-garcia.es\/wp-content\/uploads\/2023\/11\/10-24-5-scaled.jpg\";i:13401912;s:62:\"https:\/\/grupo-garcia.es\/wp-content\/uploads\/2023\/11\/10-25-6.jpg\";i:13401916;s:69:\"https:\/\/grupo-garcia.es\/wp-content\/uploads\/2023\/11\/10-26-5-scaled.jpg\";i:13401920;s:69:\"https:\/\/grupo-garcia.es\/wp-content\/uploads\/2023\/11\/10-27-5-scaled.jpg\";i:13401924;s:69:\"https:\/\/grupo-garcia.es\/wp-content\/uploads\/2023\/11\/10-28-5-scaled.jpg\";i:13401928;s:69:\"https:\/\/grupo-garcia.es\/wp-content\/uploads\/2023\/11\/10-29-6-scaled.jpg\";i:13401932;s:69:\"https:\/\/grupo-garcia.es\/wp-content\/uploads\/2023\/11\/10-30-4-scaled.jpg\";i:13401936;s:69:\"https:\/\/grupo-garcia.es\/wp-content\/uploads\/2023\/11\/10-31-3-scaled.jpg\";i:13401940;s:69:\"https:\/\/grupo-garcia.es\/wp-content\/uploads\/2023\/11\/10-32-2-scaled.jpg\";i:13401944;s:69:\"https:\/\/grupo-garcia.es\/wp-content\/uploads\/2023\/11\/10-33-2-scaled.jpg\";i:13401948;s:69:\"https:\/\/grupo-garcia.es\/wp-content\/uploads\/2023\/11\/10-34-2-scaled.jpg\";i:13401952;s:69:\"https:\/\/grupo-garcia.es\/wp-content\/uploads\/2023\/11\/10-35-1-scaled.jpg\";i:13401956;s:69:\"https:\/\/grupo-garcia.es\/wp-content\/uploads\/2023\/11\/10-36-1-scaled.jpg\";i:13401960;s:69:\"https:\/\/grupo-garcia.es\/wp-content\/uploads\/2023\/11\/10-37-1-scaled.jpg\";i:13401964;s:67:\"https:\/\/grupo-garcia.es\/wp-content\/uploads\/2023\/11\/10-38-scaled.jpg\";i:13401968;s:67:\"https:\/\/grupo-garcia.es\/wp-content\/uploads\/2023\/11\/10-39-scaled.jpg\";i:13401972;s:67:\"https:\/\/grupo-garcia.es\/wp-content\/uploads\/2023\/11\/10-40-scaled.jpg\";i:13401976;s:67:\"https:\/\/grupo-garcia.es\/wp-content\/uploads\/2023\/11\/10-41-scaled.jpg\";i:13401980;s:67:\"https:\/\/grupo-garcia.es\/wp-content\/uploads\/2023\/11\/10-42-scaled.jpg\";i:13401984;s:67:\"https:\/\/grupo-garcia.es\/wp-content\/uploads\/2023\/11\/10-43-scaled.jpg\";i:13401988;s:67:\"https:\/\/grupo-garcia.es\/wp-content\/uploads\/2023\/11\/10-44-scaled.jpg\";i:13401992;s:67:\"https:\/\/grupo-garcia.es\/wp-content\/uploads\/2023\/11\/10-45-scaled.jpg\";i:13401996;s:67:\"https:\/\/grupo-garcia.es\/wp-content\/uploads\/2023\/11\/10-46-scaled.jpg\";i:13402000;s:67:\"https:\/\/grupo-garcia.es\/wp-content\/uploads\/2023\/11\/10-47-scaled.jpg\";i:13402004;s:67:\"https:\/\/grupo-garcia.es\/wp-content\/uploads\/2023\/11\/10-48-scaled.jpg\";i:13402008;s:67:\"https:\/\/grupo-garcia.es\/wp-content\/uploads\/2023\/11\/10-49-scaled.jpg\";i:13402012;s:67:\"https:\/\/grupo-garcia.es\/wp-content\/uploads\/2023\/11\/10-50-scaled.jpg\";i:13402016;s:67:\"https:\/\/grupo-garcia.es\/wp-content\/uploads\/2023\/11\/10-51-scaled.jpg\";i:13417836;s:67:\"https:\/\/grupo-garcia.es\/wp-content\/uploads\/2023\/11\/10-52-scaled.jpg\";i:13417840;s:67:\"https:\/\/grupo-garcia.es\/wp-content\/uploads\/2023\/11\/10-53-scaled.jpg\";i:13417844;s:67:\"https:\/\/grupo-garcia.es\/wp-content\/uploads\/2023\/11\/10-54-scaled.jpg\";i:13417848;s:67:\"https:\/\/grupo-garcia.es\/wp-content\/uploads\/2023\/11\/10-55-scaled.jpg\";i:13417852;s:67:\"https:\/\/grupo-garcia.es\/wp-content\/uploads\/2023\/11\/10-56-scaled.jpg\";i:13417856;s:67:\"https:\/\/grupo-garcia.es\/wp-content\/uploads\/2023\/11\/10-57-scaled.jpg\";i:13417860;s:67:\"https:\/\/grupo-garcia.es\/wp-content\/uploads\/2023\/11\/10-58-scaled.jpg\";i:13417864;s:67:\"https:\/\/grupo-garcia.es\/wp-content\/uploads\/2023\/11\/10-59-scaled.jpg\";i:13417868;s:67:\"https:\/\/grupo-garcia.es\/wp-content\/uploads\/2023\/11\/10-60-scaled.jpg\";i:13417872;s:67:\"https:\/\/grupo-garcia.es\/wp-content\/uploads\/2023\/11\/10-61-scaled.jpg\";}"],"_thumbnail_id":["13401820"],"_wpml_word_count":["598"]},"property-state":[207],"property-type":[228],"zone":[172],"city":[65],"property_categories":[269],"class_list":["post-13409102","properties","type-properties","status-publish","has-post-thumbnail","hentry","property-state-revente","property-type-villas-de-luxe","zone-torrecarrals","city-denia","property_categories-vendre"],"yoast_head":"<!-- This site is optimized with the Yoast SEO plugin v27.5 - https:\/\/yoast.com\/product\/yoast-seo-wordpress\/ -->\n<title>Maison de campagne enti\u00e8rement r\u00e9nov\u00e9e \u00e0 vendre \u00e0 Denia - une propri\u00e9t\u00e9 incroyable | Grupo Garcia<\/title>\n<meta name=\"description\" content=\"Maison de campagne enti\u00e8rement r\u00e9nov\u00e9e \u00e0 vendre \u00e0 Denia - une propri\u00e9t\u00e9 incroyable D\u00e9couvrez le charme d&#039;une maison de campagne m\u00e9ticuleusement rajeunie dans l&#039;enclave enchanteresse de Denia, Torrecarrals. Captivant nich\u00e9 \u00e0 seulement 5\" \/>\n<meta name=\"robots\" content=\"index, follow, max-snippet:-1, max-image-preview:large, max-video-preview:-1\" \/>\n<link rel=\"canonical\" href=\"https:\/\/grupo-garcia.es\/fr\/properties\/maison-de-campagne-entierement-renovee-a-vendre-a-denia-une-propriete-incroyable-19456092\/\" \/>\n<meta property=\"og:locale\" content=\"fr_FR\" \/>\n<meta property=\"og:type\" content=\"article\" \/>\n<meta property=\"og:title\" content=\"Maison de campagne enti\u00e8rement r\u00e9nov\u00e9e \u00e0 vendre \u00e0 Denia - une propri\u00e9t\u00e9 incroyable | Grupo Garcia\" \/>\n<meta property=\"og:description\" content=\"Maison de campagne enti\u00e8rement r\u00e9nov\u00e9e \u00e0 vendre \u00e0 Denia - une propri\u00e9t\u00e9 incroyable D\u00e9couvrez le charme d&#039;une maison de campagne m\u00e9ticuleusement rajeunie dans l&#039;enclave enchanteresse de Denia, Torrecarrals. Captivant nich\u00e9 \u00e0 seulement 5\" \/>\n<meta property=\"og:url\" content=\"https:\/\/grupo-garcia.es\/fr\/properties\/maison-de-campagne-entierement-renovee-a-vendre-a-denia-une-propriete-incroyable-19456092\/\" \/>\n<meta property=\"og:site_name\" content=\"Grupo Garcia\" \/>\n<meta property=\"article:publisher\" content=\"https:\/\/www.facebook.com\/grupogarciacostablanca\/\" \/>\n<meta property=\"article:modified_time\" content=\"2026-04-28T05:48:08+00:00\" \/>\n<meta property=\"og:image\" content=\"https:\/\/grupo-garcia.es\/wp-content\/uploads\/2023\/11\/10-1-7-scaled.jpg\" \/>\n\t<meta property=\"og:image:width\" content=\"2560\" \/>\n\t<meta property=\"og:image:height\" content=\"1920\" \/>\n\t<meta property=\"og:image:type\" content=\"image\/jpeg\" \/>\n<meta name=\"twitter:card\" content=\"summary_large_image\" \/>\n<meta name=\"twitter:label1\" content=\"Dur\u00e9e de lecture estim\u00e9e\" \/>\n\t<meta name=\"twitter:data1\" content=\"3 minutes\" \/>\n<script type=\"application\/ld+json\" class=\"yoast-schema-graph\">{\"@context\":\"https:\\\/\\\/schema.org\",\"@graph\":[{\"@type\":[\"WebPage\",\"RealEstateListing\"],\"@id\":\"https:\\\/\\\/grupo-garcia.es\\\/fr\\\/properties\\\/maison-de-campagne-entierement-renovee-a-vendre-a-denia-une-propriete-incroyable-19456092\\\/\",\"url\":\"https:\\\/\\\/grupo-garcia.es\\\/fr\\\/properties\\\/maison-de-campagne-entierement-renovee-a-vendre-a-denia-une-propriete-incroyable-19456092\\\/\",\"name\":\"Maison de campagne enti\u00e8rement r\u00e9nov\u00e9e \u00e0 vendre \u00e0 Denia - une propri\u00e9t\u00e9 incroyable | Grupo Garcia\",\"isPartOf\":{\"@id\":\"https:\\\/\\\/grupo-garcia.es\\\/fr\\\/#website\"},\"primaryImageOfPage\":{\"@id\":\"https:\\\/\\\/grupo-garcia.es\\\/fr\\\/properties\\\/maison-de-campagne-entierement-renovee-a-vendre-a-denia-une-propriete-incroyable-19456092\\\/#primaryimage\"},\"image\":{\"@id\":\"https:\\\/\\\/grupo-garcia.es\\\/fr\\\/properties\\\/maison-de-campagne-entierement-renovee-a-vendre-a-denia-une-propriete-incroyable-19456092\\\/#primaryimage\"},\"thumbnailUrl\":\"https:\\\/\\\/grupo-garcia.es\\\/wp-content\\\/uploads\\\/2023\\\/11\\\/10-1-7-scaled.jpg\",\"datePublished\":\"2025-04-25T10:11:15+00:00\",\"dateModified\":\"2026-04-28T05:48:08+00:00\",\"description\":\"Maison de campagne enti\u00e8rement r\u00e9nov\u00e9e \u00e0 vendre \u00e0 Denia - une propri\u00e9t\u00e9 incroyable D\u00e9couvrez le charme d'une maison de campagne m\u00e9ticuleusement rajeunie dans l'enclave enchanteresse de Denia, Torrecarrals. Captivant nich\u00e9 \u00e0 seulement 5\",\"breadcrumb\":{\"@id\":\"https:\\\/\\\/grupo-garcia.es\\\/fr\\\/properties\\\/maison-de-campagne-entierement-renovee-a-vendre-a-denia-une-propriete-incroyable-19456092\\\/#breadcrumb\"},\"inLanguage\":\"fr-FR\",\"potentialAction\":[{\"@type\":\"ReadAction\",\"target\":[\"https:\\\/\\\/grupo-garcia.es\\\/fr\\\/properties\\\/maison-de-campagne-entierement-renovee-a-vendre-a-denia-une-propriete-incroyable-19456092\\\/\"]}]},{\"@type\":\"ImageObject\",\"inLanguage\":\"fr-FR\",\"@id\":\"https:\\\/\\\/grupo-garcia.es\\\/fr\\\/properties\\\/maison-de-campagne-entierement-renovee-a-vendre-a-denia-une-propriete-incroyable-19456092\\\/#primaryimage\",\"url\":\"https:\\\/\\\/grupo-garcia.es\\\/wp-content\\\/uploads\\\/2023\\\/11\\\/10-1-7-scaled.jpg\",\"contentUrl\":\"https:\\\/\\\/grupo-garcia.es\\\/wp-content\\\/uploads\\\/2023\\\/11\\\/10-1-7-scaled.jpg\",\"width\":2560,\"height\":1920},{\"@type\":\"BreadcrumbList\",\"@id\":\"https:\\\/\\\/grupo-garcia.es\\\/fr\\\/properties\\\/maison-de-campagne-entierement-renovee-a-vendre-a-denia-une-propriete-incroyable-19456092\\\/#breadcrumb\",\"itemListElement\":[{\"@type\":\"ListItem\",\"position\":1,\"name\":\"Portada\",\"item\":\"https:\\\/\\\/grupo-garcia.es\\\/fr\\\/\"},{\"@type\":\"ListItem\",\"position\":2,\"name\":\"Properties\",\"item\":\"https:\\\/\\\/grupo-garcia.es\\\/fr\\\/properties\\\/\"},{\"@type\":\"ListItem\",\"position\":3,\"name\":\"Maison de campagne enti\u00e8rement r\u00e9nov\u00e9e \u00e0 vendre \u00e0 Denia &#8211; une propri\u00e9t\u00e9 incroyable\"}]},{\"@type\":\"WebSite\",\"@id\":\"https:\\\/\\\/grupo-garcia.es\\\/fr\\\/#website\",\"url\":\"https:\\\/\\\/grupo-garcia.es\\\/fr\\\/\",\"name\":\"Grupo Garcia\",\"description\":\"Inmobiliaria en J\u00e1vea y Jal\u00f3n\",\"potentialAction\":[{\"@type\":\"SearchAction\",\"target\":{\"@type\":\"EntryPoint\",\"urlTemplate\":\"https:\\\/\\\/grupo-garcia.es\\\/fr\\\/?s={search_term_string}\"},\"query-input\":{\"@type\":\"PropertyValueSpecification\",\"valueRequired\":true,\"valueName\":\"search_term_string\"}}],\"inLanguage\":\"fr-FR\"}]}<\/script>\n<!-- \/ Yoast SEO plugin. -->","yoast_head_json":{"title":"Maison de campagne enti\u00e8rement r\u00e9nov\u00e9e \u00e0 vendre \u00e0 Denia - une propri\u00e9t\u00e9 incroyable | Grupo Garcia","description":"Maison de campagne enti\u00e8rement r\u00e9nov\u00e9e \u00e0 vendre \u00e0 Denia - une propri\u00e9t\u00e9 incroyable D\u00e9couvrez le charme d'une maison de campagne m\u00e9ticuleusement rajeunie dans l'enclave enchanteresse de Denia, Torrecarrals. Captivant nich\u00e9 \u00e0 seulement 5","robots":{"index":"index","follow":"follow","max-snippet":"max-snippet:-1","max-image-preview":"max-image-preview:large","max-video-preview":"max-video-preview:-1"},"canonical":"https:\/\/grupo-garcia.es\/fr\/properties\/maison-de-campagne-entierement-renovee-a-vendre-a-denia-une-propriete-incroyable-19456092\/","og_locale":"fr_FR","og_type":"article","og_title":"Maison de campagne enti\u00e8rement r\u00e9nov\u00e9e \u00e0 vendre \u00e0 Denia - une propri\u00e9t\u00e9 incroyable | Grupo Garcia","og_description":"Maison de campagne enti\u00e8rement r\u00e9nov\u00e9e \u00e0 vendre \u00e0 Denia - une propri\u00e9t\u00e9 incroyable D\u00e9couvrez le charme d'une maison de campagne m\u00e9ticuleusement rajeunie dans l'enclave enchanteresse de Denia, Torrecarrals. Captivant nich\u00e9 \u00e0 seulement 5","og_url":"https:\/\/grupo-garcia.es\/fr\/properties\/maison-de-campagne-entierement-renovee-a-vendre-a-denia-une-propriete-incroyable-19456092\/","og_site_name":"Grupo Garcia","article_publisher":"https:\/\/www.facebook.com\/grupogarciacostablanca\/","article_modified_time":"2026-04-28T05:48:08+00:00","og_image":[{"width":2560,"height":1920,"url":"https:\/\/grupo-garcia.es\/wp-content\/uploads\/2023\/11\/10-1-7-scaled.jpg","type":"image\/jpeg"}],"twitter_card":"summary_large_image","twitter_misc":{"Dur\u00e9e de lecture estim\u00e9e":"3 minutes"},"schema":{"@context":"https:\/\/schema.org","@graph":[{"@type":["WebPage","RealEstateListing"],"@id":"https:\/\/grupo-garcia.es\/fr\/properties\/maison-de-campagne-entierement-renovee-a-vendre-a-denia-une-propriete-incroyable-19456092\/","url":"https:\/\/grupo-garcia.es\/fr\/properties\/maison-de-campagne-entierement-renovee-a-vendre-a-denia-une-propriete-incroyable-19456092\/","name":"Maison de campagne enti\u00e8rement r\u00e9nov\u00e9e \u00e0 vendre \u00e0 Denia - une propri\u00e9t\u00e9 incroyable | Grupo Garcia","isPartOf":{"@id":"https:\/\/grupo-garcia.es\/fr\/#website"},"primaryImageOfPage":{"@id":"https:\/\/grupo-garcia.es\/fr\/properties\/maison-de-campagne-entierement-renovee-a-vendre-a-denia-une-propriete-incroyable-19456092\/#primaryimage"},"image":{"@id":"https:\/\/grupo-garcia.es\/fr\/properties\/maison-de-campagne-entierement-renovee-a-vendre-a-denia-une-propriete-incroyable-19456092\/#primaryimage"},"thumbnailUrl":"https:\/\/grupo-garcia.es\/wp-content\/uploads\/2023\/11\/10-1-7-scaled.jpg","datePublished":"2025-04-25T10:11:15+00:00","dateModified":"2026-04-28T05:48:08+00:00","description":"Maison de campagne enti\u00e8rement r\u00e9nov\u00e9e \u00e0 vendre \u00e0 Denia - une propri\u00e9t\u00e9 incroyable D\u00e9couvrez le charme d'une maison de campagne m\u00e9ticuleusement rajeunie dans l'enclave enchanteresse de Denia, Torrecarrals. Captivant nich\u00e9 \u00e0 seulement 5","breadcrumb":{"@id":"https:\/\/grupo-garcia.es\/fr\/properties\/maison-de-campagne-entierement-renovee-a-vendre-a-denia-une-propriete-incroyable-19456092\/#breadcrumb"},"inLanguage":"fr-FR","potentialAction":[{"@type":"ReadAction","target":["https:\/\/grupo-garcia.es\/fr\/properties\/maison-de-campagne-entierement-renovee-a-vendre-a-denia-une-propriete-incroyable-19456092\/"]}]},{"@type":"ImageObject","inLanguage":"fr-FR","@id":"https:\/\/grupo-garcia.es\/fr\/properties\/maison-de-campagne-entierement-renovee-a-vendre-a-denia-une-propriete-incroyable-19456092\/#primaryimage","url":"https:\/\/grupo-garcia.es\/wp-content\/uploads\/2023\/11\/10-1-7-scaled.jpg","contentUrl":"https:\/\/grupo-garcia.es\/wp-content\/uploads\/2023\/11\/10-1-7-scaled.jpg","width":2560,"height":1920},{"@type":"BreadcrumbList","@id":"https:\/\/grupo-garcia.es\/fr\/properties\/maison-de-campagne-entierement-renovee-a-vendre-a-denia-une-propriete-incroyable-19456092\/#breadcrumb","itemListElement":[{"@type":"ListItem","position":1,"name":"Portada","item":"https:\/\/grupo-garcia.es\/fr\/"},{"@type":"ListItem","position":2,"name":"Properties","item":"https:\/\/grupo-garcia.es\/fr\/properties\/"},{"@type":"ListItem","position":3,"name":"Maison de campagne enti\u00e8rement r\u00e9nov\u00e9e \u00e0 vendre \u00e0 Denia &#8211; une propri\u00e9t\u00e9 incroyable"}]},{"@type":"WebSite","@id":"https:\/\/grupo-garcia.es\/fr\/#website","url":"https:\/\/grupo-garcia.es\/fr\/","name":"Grupo Garcia","description":"Inmobiliaria en J\u00e1vea y Jal\u00f3n","potentialAction":[{"@type":"SearchAction","target":{"@type":"EntryPoint","urlTemplate":"https:\/\/grupo-garcia.es\/fr\/?s={search_term_string}"},"query-input":{"@type":"PropertyValueSpecification","valueRequired":true,"valueName":"search_term_string"}}],"inLanguage":"fr-FR"}]}},"_links":{"self":[{"href":"https:\/\/grupo-garcia.es\/fr\/wp-json\/wp\/v2\/properties\/13409102","targetHints":{"allow":["GET"]}}],"collection":[{"href":"https:\/\/grupo-garcia.es\/fr\/wp-json\/wp\/v2\/properties"}],"about":[{"href":"https:\/\/grupo-garcia.es\/fr\/wp-json\/wp\/v2\/types\/properties"}],"wp:featuredmedia":[{"embeddable":true,"href":"https:\/\/grupo-garcia.es\/fr\/wp-json\/wp\/v2\/media\/13401820"}],"wp:attachment":[{"href":"https:\/\/grupo-garcia.es\/fr\/wp-json\/wp\/v2\/media?parent=13409102"}],"wp:term":[{"taxonomy":"property-state","embeddable":true,"href":"https:\/\/grupo-garcia.es\/fr\/wp-json\/wp\/v2\/property-state?post=13409102"},{"taxonomy":"property-type","embeddable":true,"href":"https:\/\/grupo-garcia.es\/fr\/wp-json\/wp\/v2\/property-type?post=13409102"},{"taxonomy":"zone","embeddable":true,"href":"https:\/\/grupo-garcia.es\/fr\/wp-json\/wp\/v2\/zone?post=13409102"},{"taxonomy":"city","embeddable":true,"href":"https:\/\/grupo-garcia.es\/fr\/wp-json\/wp\/v2\/city?post=13409102"},{"taxonomy":"property_categories","embeddable":true,"href":"https:\/\/grupo-garcia.es\/fr\/wp-json\/wp\/v2\/property_categories?post=13409102"}],"curies":[{"name":"wp","href":"https:\/\/api.w.org\/{rel}","templated":true}]}}