{"id":13409098,"date":"2025-11-05T10:06:21","date_gmt":"2025-11-05T09:06:21","guid":{"rendered":"https:\/\/grupo-garcia.es\/properties\/appartement-contemporain-a-denia-nouveau-19399533\/"},"modified":"2026-04-28T06:48:05","modified_gmt":"2026-04-28T05:48:05","slug":"appartement-contemporain-a-denia-nouveau-19399533","status":"publish","type":"properties","link":"https:\/\/grupo-garcia.es\/fr\/properties\/appartement-contemporain-a-denia-nouveau-19399533\/","title":{"rendered":"Appartement Contemporain \u00e0 Denia &#8211; Nouveau!!!"},"content":{"rendered":"<p>D\u00e9couvrez la vie moderne avec notre collection exquise d&rsquo;appartements nouvellement con\u00e7us \u00e0 vendre \u00e0 Denia. Si Denia est votre destination choisie, c&rsquo;est parce que vous reconnaissez et profitez des avantages in\u00e9gal\u00e9s qu&rsquo;elle offre. Une gamme vari\u00e9e d&rsquo;unit\u00e9s est maintenant disponible, chacune incarnant un confort et un style luxueux.<\/p>\n<p>Admirez depuis les fen\u00eatres de votre salon ou de votre chambre une vue \u00e0 couper le souffle avec la majestueuse fa\u00e7ade nord de Montg\u00f3, le vaste paysage de Marina Alta et, plus important encore, une connexion constante avec la mer sereine.<\/p>\n<p>Chaque aspect, de la s\u00e9lection m\u00e9ticuleuse des mat\u00e9riaux au m\u00e9lange harmonieux des couleurs, a \u00e9t\u00e9 m\u00e9ticuleusement choisi pour amplifier la joie d&rsquo;y r\u00e9sider. Ces propri\u00e9t\u00e9s partagent harmonieusement un magnifique espace commun, pour r\u00e9pondre \u00e0 vos activit\u00e9s sportives, r\u00e9cr\u00e9atives ou simplement profiter du grand air. Chaque propri\u00e9t\u00e9 est finie avec la climatisation canalis\u00e9e et comprend un parking souterrain s\u00e9curis\u00e9 et un stockage.<\/p>\n<p>Ce sont plus que de simples maisons; ils incarnent l&rsquo;esprit de la vie m\u00e9diterran\u00e9enne. Envelopp\u00e9 dans cette communaut\u00e9 exceptionnelle se trouvent une multitude d&rsquo;installations partag\u00e9es, y compris un club social ext\u00e9rieur adjacent \u00e0 la piscine commune accueillante, et un sanctuaire int\u00e9rieur dot\u00e9 d&rsquo;une cuisine froide et d&rsquo;un gymnase \u00e0 la pointe de la technologie, soigneusement \u00e9quip\u00e9 pour r\u00e9pondre \u00e0 toutes vos attentes. aspirations.<\/p>\n<p>C&rsquo;est plus qu&rsquo;une maison; c&rsquo;est une exp\u00e9rience captivante qui r\u00e9sume l&rsquo;essence de la vie c\u00f4ti\u00e8re.<\/p>\n<p>Les unit\u00e9s restantes varient en taille et en prix, veuillez donc nous contacter pour plus de d\u00e9tails.<\/p><\/p>\n","protected":false},"featured_media":13486224,"template":"","meta":{"id_inmovilla":["19399533"],"property_type":["Atico"],"property_ref":["DG6430"],"property_price":["360000"],"property_city":["Denia"],"property_region":["ALICANTE"],"zona-auxiliar":["Club Nautico"],"tipo-via":[""],"domicilio":[""],"numero":[""],"codigo-postal":["03700"],"altura":[""],"planta":[""],"piso":[""],"puerta":[""],"escalera":[""],"bloque":[""],"edificio":[""],"habitaciones-dobles":["2"],"bedrooms":["0"],"banos":["2"],"aseos":["0"],"salones":["0"],"parking":["0","2"],"plantas":["0"],"fecha-construccion":["0"],"distancia-playa":["0"],"comunidad":["0"],"periodicidad-comunidad":["MES"],"ibi":["0.00"],"distancia-al-mar":["0"],"metros-utiles":["56.00"],"metros-construidos":["80.00"],"metros-parcela":["0"],"metros-de-la-terraza":["0.00"],"metros-de-la-cocina":["0.00"],"metros-del-comedor":["0.00"],"metros-del-salon":["0.00"],"estado":["Nuevo"],"carpinteria-exterior":["Aluminio\/Climalit"],"tipo-suelo":["Stoneware"],"orientacion":["Sur"],"carpinteria-interior":["Lacado Blanco"],"vistas":["Clair"],"tipo-de-calefaccion":["23"],"agua-caliente":["0"],"tipo-cocina":[""],"instalacion-electrica":["0"],"fachada":[""],"acceso-pmr":["false"],"armarios-empotrados":["true"],"calefaccion":["true"],"garaje":["false"],"jacuzzi":["false"],"solarium":["false"],"vivienda-adaptada":["false"],"ascensor":["true"],"calefaccion-central":["false"],"garaje-doble":["false"],"jardin":["true"],"puerta-blindada":["true"],"t-v":["true"],"aire-acond-central":["false"],"balcon":["false"],"chimenea":["false"],"gas-ciudad":["false"],"lavanderia":["false"],"patio":["false"],"aire-acondicionado":["true"],"bar":["true"],"deposito-agua":["false"],"gimnasio":["true"],"luminoso":["true"],"pergola":["false"],"terraza":["true"],"alarma":["false"],"barbacoa":["false"],"descalcificador":["false"],"hab-juegos":["false"],"luz":["false"],"piscina-comunitaria":["true"],"satelite":["false"],"terraza-acristalada":["false"],"alarma-incendio":["false"],"bomba-frio-y-calor":["true"],"despensa":["false"],"hidromasaje":["false"],"mirador":["false"],"piscina-propia":["false"],"sauna":["false"],"trastero":["true"],"apart-separado":["false"],"buhardilla":["false"],"esquina":["false"],"muebles":["false"],"preinst-aacc":["false"],"sotano":["false"],"videoportero":[""],"autobuses":["false"],"centros-comerciales":["false"],"colegios":["false"],"hospitales":["false"],"urbanizacion":["false"],"vistas-al-mar":["false"],"zonas-infantiles":["false"],"arboles":["false"],"centros-medicos":["false"],"costa":["true"],"metro":["false"],"primera-linea":["false"],"tranvia":["false"],"vallado":["false"],"golf":["false"],"montana":["false"],"rural":["false"],"tren":["true"],"exclusividad":["false"],"tour-virtual":[""],"video":[""],"disponibilidad-propiedad":["Libre"],"habitaciones_totales":["2"],"ojo_de_buey":["false"],"certificado_energetico":["B"],"energia_valor":["0"],"_wp_page_template":["default"],"galeria":["a:11:{i:13486224;s:66:\"https:\/\/grupo-garcia.es\/wp-content\/uploads\/2024\/12\/15-1-scaled.jpg\";i:13486228;s:66:\"https:\/\/grupo-garcia.es\/wp-content\/uploads\/2024\/12\/15-2-scaled.jpg\";i:13486232;s:66:\"https:\/\/grupo-garcia.es\/wp-content\/uploads\/2024\/12\/15-3-scaled.jpg\";i:13486236;s:66:\"https:\/\/grupo-garcia.es\/wp-content\/uploads\/2024\/12\/15-4-scaled.jpg\";i:13486240;s:66:\"https:\/\/grupo-garcia.es\/wp-content\/uploads\/2024\/12\/15-5-scaled.jpg\";i:13486244;s:66:\"https:\/\/grupo-garcia.es\/wp-content\/uploads\/2024\/12\/15-6-scaled.jpg\";i:13486248;s:66:\"https:\/\/grupo-garcia.es\/wp-content\/uploads\/2024\/12\/15-7-scaled.jpg\";i:13486252;s:66:\"https:\/\/grupo-garcia.es\/wp-content\/uploads\/2024\/12\/15-8-scaled.jpg\";i:13486256;s:66:\"https:\/\/grupo-garcia.es\/wp-content\/uploads\/2024\/12\/15-9-scaled.jpg\";i:13486260;s:60:\"https:\/\/grupo-garcia.es\/wp-content\/uploads\/2024\/12\/15-10.jpg\";i:13486264;s:60:\"https:\/\/grupo-garcia.es\/wp-content\/uploads\/2024\/12\/15-11.jpg\";}"],"_thumbnail_id":["13486224"],"_wpml_word_count":["299"]},"property-state":[209],"property-type":[226],"zone":[171],"city":[65],"property_categories":[269],"class_list":["post-13409098","properties","type-properties","status-publish","has-post-thumbnail","hentry","property-state-acheter-un-nouveau-batiment","property-type-penthouse","zone-club-nautico","city-denia","property_categories-vendre"],"yoast_head":"<!-- This site is optimized with the Yoast SEO plugin v27.5 - https:\/\/yoast.com\/product\/yoast-seo-wordpress\/ -->\n<title>Appartement Contemporain \u00e0 Denia - Nouveau!!! | Grupo Garcia<\/title>\n<meta name=\"description\" content=\"Appartement Contemporain \u00e0 Denia - Nouveau!!! D\u00e9couvrez la vie moderne avec notre collection exquise d&#039;appartements nouvellement con\u00e7us \u00e0 vendre \u00e0 Denia. Si Denia est votre destination choisie, c&#039;est\" \/>\n<meta name=\"robots\" content=\"index, follow, max-snippet:-1, max-image-preview:large, max-video-preview:-1\" \/>\n<link rel=\"canonical\" href=\"https:\/\/grupo-garcia.es\/fr\/properties\/appartement-contemporain-a-denia-nouveau-19399533\/\" \/>\n<meta property=\"og:locale\" content=\"fr_FR\" \/>\n<meta property=\"og:type\" content=\"article\" \/>\n<meta property=\"og:title\" content=\"Appartement Contemporain \u00e0 Denia - Nouveau!!! | Grupo Garcia\" \/>\n<meta property=\"og:description\" content=\"Appartement Contemporain \u00e0 Denia - Nouveau!!! D\u00e9couvrez la vie moderne avec notre collection exquise d&#039;appartements nouvellement con\u00e7us \u00e0 vendre \u00e0 Denia. Si Denia est votre destination choisie, c&#039;est\" \/>\n<meta property=\"og:url\" content=\"https:\/\/grupo-garcia.es\/fr\/properties\/appartement-contemporain-a-denia-nouveau-19399533\/\" \/>\n<meta property=\"og:site_name\" content=\"Grupo Garcia\" \/>\n<meta property=\"article:publisher\" content=\"https:\/\/www.facebook.com\/grupogarciacostablanca\/\" \/>\n<meta property=\"article:modified_time\" content=\"2026-04-28T05:48:05+00:00\" \/>\n<meta property=\"og:image\" content=\"https:\/\/grupo-garcia.es\/wp-content\/uploads\/2024\/12\/15-1-scaled.jpg\" \/>\n\t<meta property=\"og:image:width\" content=\"2560\" \/>\n\t<meta property=\"og:image:height\" content=\"1155\" \/>\n\t<meta property=\"og:image:type\" content=\"image\/jpeg\" \/>\n<meta name=\"twitter:card\" content=\"summary_large_image\" \/>\n<meta name=\"twitter:label1\" content=\"Dur\u00e9e de lecture estim\u00e9e\" \/>\n\t<meta name=\"twitter:data1\" content=\"1 minute\" \/>\n<script type=\"application\/ld+json\" class=\"yoast-schema-graph\">{\"@context\":\"https:\\\/\\\/schema.org\",\"@graph\":[{\"@type\":[\"WebPage\",\"RealEstateListing\"],\"@id\":\"https:\\\/\\\/grupo-garcia.es\\\/fr\\\/properties\\\/appartement-contemporain-a-denia-nouveau-19399533\\\/\",\"url\":\"https:\\\/\\\/grupo-garcia.es\\\/fr\\\/properties\\\/appartement-contemporain-a-denia-nouveau-19399533\\\/\",\"name\":\"Appartement Contemporain \u00e0 Denia - Nouveau!!! | Grupo Garcia\",\"isPartOf\":{\"@id\":\"https:\\\/\\\/grupo-garcia.es\\\/fr\\\/#website\"},\"primaryImageOfPage\":{\"@id\":\"https:\\\/\\\/grupo-garcia.es\\\/fr\\\/properties\\\/appartement-contemporain-a-denia-nouveau-19399533\\\/#primaryimage\"},\"image\":{\"@id\":\"https:\\\/\\\/grupo-garcia.es\\\/fr\\\/properties\\\/appartement-contemporain-a-denia-nouveau-19399533\\\/#primaryimage\"},\"thumbnailUrl\":\"https:\\\/\\\/grupo-garcia.es\\\/wp-content\\\/uploads\\\/2024\\\/12\\\/15-1-scaled.jpg\",\"datePublished\":\"2025-11-05T09:06:21+00:00\",\"dateModified\":\"2026-04-28T05:48:05+00:00\",\"description\":\"Appartement Contemporain \u00e0 Denia - Nouveau!!! D\u00e9couvrez la vie moderne avec notre collection exquise d'appartements nouvellement con\u00e7us \u00e0 vendre \u00e0 Denia. Si Denia est votre destination choisie, c'est\",\"breadcrumb\":{\"@id\":\"https:\\\/\\\/grupo-garcia.es\\\/fr\\\/properties\\\/appartement-contemporain-a-denia-nouveau-19399533\\\/#breadcrumb\"},\"inLanguage\":\"fr-FR\",\"potentialAction\":[{\"@type\":\"ReadAction\",\"target\":[\"https:\\\/\\\/grupo-garcia.es\\\/fr\\\/properties\\\/appartement-contemporain-a-denia-nouveau-19399533\\\/\"]}]},{\"@type\":\"ImageObject\",\"inLanguage\":\"fr-FR\",\"@id\":\"https:\\\/\\\/grupo-garcia.es\\\/fr\\\/properties\\\/appartement-contemporain-a-denia-nouveau-19399533\\\/#primaryimage\",\"url\":\"https:\\\/\\\/grupo-garcia.es\\\/wp-content\\\/uploads\\\/2024\\\/12\\\/15-1-scaled.jpg\",\"contentUrl\":\"https:\\\/\\\/grupo-garcia.es\\\/wp-content\\\/uploads\\\/2024\\\/12\\\/15-1-scaled.jpg\",\"width\":2560,\"height\":1155},{\"@type\":\"BreadcrumbList\",\"@id\":\"https:\\\/\\\/grupo-garcia.es\\\/fr\\\/properties\\\/appartement-contemporain-a-denia-nouveau-19399533\\\/#breadcrumb\",\"itemListElement\":[{\"@type\":\"ListItem\",\"position\":1,\"name\":\"Portada\",\"item\":\"https:\\\/\\\/grupo-garcia.es\\\/fr\\\/\"},{\"@type\":\"ListItem\",\"position\":2,\"name\":\"Properties\",\"item\":\"https:\\\/\\\/grupo-garcia.es\\\/fr\\\/properties\\\/\"},{\"@type\":\"ListItem\",\"position\":3,\"name\":\"Appartement Contemporain \u00e0 Denia &#8211; Nouveau!!!\"}]},{\"@type\":\"WebSite\",\"@id\":\"https:\\\/\\\/grupo-garcia.es\\\/fr\\\/#website\",\"url\":\"https:\\\/\\\/grupo-garcia.es\\\/fr\\\/\",\"name\":\"Grupo Garcia\",\"description\":\"Inmobiliaria en J\u00e1vea y Jal\u00f3n\",\"potentialAction\":[{\"@type\":\"SearchAction\",\"target\":{\"@type\":\"EntryPoint\",\"urlTemplate\":\"https:\\\/\\\/grupo-garcia.es\\\/fr\\\/?s={search_term_string}\"},\"query-input\":{\"@type\":\"PropertyValueSpecification\",\"valueRequired\":true,\"valueName\":\"search_term_string\"}}],\"inLanguage\":\"fr-FR\"}]}<\/script>\n<!-- \/ Yoast SEO plugin. -->","yoast_head_json":{"title":"Appartement Contemporain \u00e0 Denia - Nouveau!!! | Grupo Garcia","description":"Appartement Contemporain \u00e0 Denia - Nouveau!!! D\u00e9couvrez la vie moderne avec notre collection exquise d'appartements nouvellement con\u00e7us \u00e0 vendre \u00e0 Denia. Si Denia est votre destination choisie, c'est","robots":{"index":"index","follow":"follow","max-snippet":"max-snippet:-1","max-image-preview":"max-image-preview:large","max-video-preview":"max-video-preview:-1"},"canonical":"https:\/\/grupo-garcia.es\/fr\/properties\/appartement-contemporain-a-denia-nouveau-19399533\/","og_locale":"fr_FR","og_type":"article","og_title":"Appartement Contemporain \u00e0 Denia - Nouveau!!! | Grupo Garcia","og_description":"Appartement Contemporain \u00e0 Denia - Nouveau!!! D\u00e9couvrez la vie moderne avec notre collection exquise d'appartements nouvellement con\u00e7us \u00e0 vendre \u00e0 Denia. Si Denia est votre destination choisie, c'est","og_url":"https:\/\/grupo-garcia.es\/fr\/properties\/appartement-contemporain-a-denia-nouveau-19399533\/","og_site_name":"Grupo Garcia","article_publisher":"https:\/\/www.facebook.com\/grupogarciacostablanca\/","article_modified_time":"2026-04-28T05:48:05+00:00","og_image":[{"width":2560,"height":1155,"url":"https:\/\/grupo-garcia.es\/wp-content\/uploads\/2024\/12\/15-1-scaled.jpg","type":"image\/jpeg"}],"twitter_card":"summary_large_image","twitter_misc":{"Dur\u00e9e de lecture estim\u00e9e":"1 minute"},"schema":{"@context":"https:\/\/schema.org","@graph":[{"@type":["WebPage","RealEstateListing"],"@id":"https:\/\/grupo-garcia.es\/fr\/properties\/appartement-contemporain-a-denia-nouveau-19399533\/","url":"https:\/\/grupo-garcia.es\/fr\/properties\/appartement-contemporain-a-denia-nouveau-19399533\/","name":"Appartement Contemporain \u00e0 Denia - Nouveau!!! | Grupo Garcia","isPartOf":{"@id":"https:\/\/grupo-garcia.es\/fr\/#website"},"primaryImageOfPage":{"@id":"https:\/\/grupo-garcia.es\/fr\/properties\/appartement-contemporain-a-denia-nouveau-19399533\/#primaryimage"},"image":{"@id":"https:\/\/grupo-garcia.es\/fr\/properties\/appartement-contemporain-a-denia-nouveau-19399533\/#primaryimage"},"thumbnailUrl":"https:\/\/grupo-garcia.es\/wp-content\/uploads\/2024\/12\/15-1-scaled.jpg","datePublished":"2025-11-05T09:06:21+00:00","dateModified":"2026-04-28T05:48:05+00:00","description":"Appartement Contemporain \u00e0 Denia - Nouveau!!! D\u00e9couvrez la vie moderne avec notre collection exquise d'appartements nouvellement con\u00e7us \u00e0 vendre \u00e0 Denia. Si Denia est votre destination choisie, c'est","breadcrumb":{"@id":"https:\/\/grupo-garcia.es\/fr\/properties\/appartement-contemporain-a-denia-nouveau-19399533\/#breadcrumb"},"inLanguage":"fr-FR","potentialAction":[{"@type":"ReadAction","target":["https:\/\/grupo-garcia.es\/fr\/properties\/appartement-contemporain-a-denia-nouveau-19399533\/"]}]},{"@type":"ImageObject","inLanguage":"fr-FR","@id":"https:\/\/grupo-garcia.es\/fr\/properties\/appartement-contemporain-a-denia-nouveau-19399533\/#primaryimage","url":"https:\/\/grupo-garcia.es\/wp-content\/uploads\/2024\/12\/15-1-scaled.jpg","contentUrl":"https:\/\/grupo-garcia.es\/wp-content\/uploads\/2024\/12\/15-1-scaled.jpg","width":2560,"height":1155},{"@type":"BreadcrumbList","@id":"https:\/\/grupo-garcia.es\/fr\/properties\/appartement-contemporain-a-denia-nouveau-19399533\/#breadcrumb","itemListElement":[{"@type":"ListItem","position":1,"name":"Portada","item":"https:\/\/grupo-garcia.es\/fr\/"},{"@type":"ListItem","position":2,"name":"Properties","item":"https:\/\/grupo-garcia.es\/fr\/properties\/"},{"@type":"ListItem","position":3,"name":"Appartement Contemporain \u00e0 Denia &#8211; Nouveau!!!"}]},{"@type":"WebSite","@id":"https:\/\/grupo-garcia.es\/fr\/#website","url":"https:\/\/grupo-garcia.es\/fr\/","name":"Grupo Garcia","description":"Inmobiliaria en J\u00e1vea y Jal\u00f3n","potentialAction":[{"@type":"SearchAction","target":{"@type":"EntryPoint","urlTemplate":"https:\/\/grupo-garcia.es\/fr\/?s={search_term_string}"},"query-input":{"@type":"PropertyValueSpecification","valueRequired":true,"valueName":"search_term_string"}}],"inLanguage":"fr-FR"}]}},"_links":{"self":[{"href":"https:\/\/grupo-garcia.es\/fr\/wp-json\/wp\/v2\/properties\/13409098","targetHints":{"allow":["GET"]}}],"collection":[{"href":"https:\/\/grupo-garcia.es\/fr\/wp-json\/wp\/v2\/properties"}],"about":[{"href":"https:\/\/grupo-garcia.es\/fr\/wp-json\/wp\/v2\/types\/properties"}],"wp:featuredmedia":[{"embeddable":true,"href":"https:\/\/grupo-garcia.es\/fr\/wp-json\/wp\/v2\/media\/13486224"}],"wp:attachment":[{"href":"https:\/\/grupo-garcia.es\/fr\/wp-json\/wp\/v2\/media?parent=13409098"}],"wp:term":[{"taxonomy":"property-state","embeddable":true,"href":"https:\/\/grupo-garcia.es\/fr\/wp-json\/wp\/v2\/property-state?post=13409098"},{"taxonomy":"property-type","embeddable":true,"href":"https:\/\/grupo-garcia.es\/fr\/wp-json\/wp\/v2\/property-type?post=13409098"},{"taxonomy":"zone","embeddable":true,"href":"https:\/\/grupo-garcia.es\/fr\/wp-json\/wp\/v2\/zone?post=13409098"},{"taxonomy":"city","embeddable":true,"href":"https:\/\/grupo-garcia.es\/fr\/wp-json\/wp\/v2\/city?post=13409098"},{"taxonomy":"property_categories","embeddable":true,"href":"https:\/\/grupo-garcia.es\/fr\/wp-json\/wp\/v2\/property_categories?post=13409098"}],"curies":[{"name":"wp","href":"https:\/\/api.w.org\/{rel}","templated":true}]}}