{"id":13409023,"date":"2025-04-14T09:32:34","date_gmt":"2025-04-14T08:32:34","guid":{"rendered":"https:\/\/grupo-garcia.es\/properties\/nouvelles-villas-a-vendre-a-finestrat-avec-vue-sur-la-mer-a-un-prix-exceptionnel-17687863\/"},"modified":"2026-04-28T06:47:27","modified_gmt":"2026-04-28T05:47:27","slug":"nouvelles-villas-a-vendre-a-finestrat-avec-vue-sur-la-mer-a-un-prix-exceptionnel-17687863","status":"publish","type":"properties","link":"https:\/\/grupo-garcia.es\/fr\/properties\/nouvelles-villas-a-vendre-a-finestrat-avec-vue-sur-la-mer-a-un-prix-exceptionnel-17687863\/","title":{"rendered":"Nouvelles villas \u00e0 vendre \u00e0 Finestrat avec vue sur la mer \u00e0 un prix exceptionnel."},"content":{"rendered":"<p>Un petit nombre de nouvelles villas sont actuellement en cours de construction \u00e0 Finestrat et seront pr\u00eates fin 2023. La taille et le prix des villas varient et commencent \u00e0 seulement 495.000 euros pour une propri\u00e9t\u00e9 de 2 lits, ce qui repr\u00e9sente un excellent rapport qualit\u00e9-prix.<\/p>\n<p>Situ\u00e9es \u00e0 seulement 2 minutes en voiture du joli village de Finestrat et peut-\u00eatre \u00e0 10 minutes de Benidorm et de l&rsquo;AP7, ces villas sont commod\u00e9ment cach\u00e9es.<\/p>\n<p>Chaque villa est diff\u00e9rente dans sa conception et sa disposition mais conserve un aspect m\u00e9diterran\u00e9en et moderne attrayant qui offre un espace de vie lumineux et spacieux et des jardins \u00e0 faible entretien et des solutions pratiques.<\/p>\n<p>Chaque propri\u00e9t\u00e9 est \u00e9quip\u00e9e de la climatisation, d&rsquo;une cuisine ouverte enti\u00e8rement \u00e9quip\u00e9e et de double vitrage. Toutes disposent d&rsquo;une piscine priv\u00e9e et d&rsquo;un parking hors route. Les propri\u00e9t\u00e9s sont offertes cl\u00e9s en main, pr\u00eates \u00e0 \u00eatre utilis\u00e9es. Tout ce que vous avez \u00e0 faire est d&rsquo;installer vos meubles et de profiter de plus de 300 jours de soleil par an.<\/p>\n<p>D\u00e9m\u00e9nager en Espagne est un choix de vie fantastique. Pr\u00e8s de 10 % de la population espagnole est compos\u00e9e de r\u00e9sidents non espagnols qui ont fait ce choix. Avec la possibilit\u00e9 de travailler \u00e0 domicile, de plus en plus de personnes d\u00e9cident de s&rsquo;installer en Espagne pour le soleil, le climat, l&rsquo;excellente cuisine et le style de vie.<\/p>\n<p>Veuillez nous contacter pour des plans plus d\u00e9taill\u00e9s, la disponibilit\u00e9 et les sp\u00e9cifications, nous sommes heureux de vous aider<\/p><\/p>\n","protected":false},"featured_media":13427624,"template":"","meta":{"id_inmovilla":["17687863"],"property_type":["Villa"],"property_ref":["DG6355A"],"property_price":["630000"],"property_city":["Finestrat"],"property_region":["ALICANTE"],"zona-auxiliar":["Finestrat hills"],"tipo-via":[""],"domicilio":[""],"numero":[""],"codigo-postal":["03509"],"altura":[""],"planta":[""],"piso":[""],"puerta":[""],"escalera":[""],"bloque":[""],"edificio":[""],"habitaciones-dobles":["2"],"bedrooms":["0"],"banos":["2"],"aseos":["0"],"salones":["1"],"parking":["0","false"],"plantas":["0"],"fecha-construccion":["2023"],"distancia-playa":["0"],"comunidad":["0"],"periodicidad-comunidad":["MES"],"ibi":["0.00"],"distancia-al-mar":["0"],"metros-utiles":["92.00"],"metros-construidos":["170.00"],"metros-parcela":["351"],"metros-de-la-terraza":["0.00"],"metros-de-la-cocina":["0.00"],"metros-del-comedor":["0.00"],"metros-del-salon":["0.00"],"estado":["Obra Nueva"],"carpinteria-exterior":["Aluminio\/Climalit"],"tipo-suelo":["Stoneware"],"orientacion":["Sur"],"carpinteria-interior":[""],"vistas":["Vers la mer"],"tipo-de-calefaccion":["24"],"agua-caliente":["0"],"tipo-cocina":[""],"instalacion-electrica":["0"],"fachada":[""],"acceso-pmr":["false"],"armarios-empotrados":["true"],"calefaccion":["true"],"garaje":["false"],"jacuzzi":["false"],"solarium":["false"],"vivienda-adaptada":["false"],"ascensor":["false"],"calefaccion-central":["false"],"garaje-doble":["false"],"jardin":["true"],"puerta-blindada":["false"],"t-v":["false"],"aire-acond-central":["false"],"balcon":["false"],"chimenea":["false"],"gas-ciudad":["false"],"lavanderia":["false"],"patio":["false"],"aire-acondicionado":["true"],"bar":["false"],"deposito-agua":["false"],"gimnasio":["false"],"luminoso":["true"],"pergola":["false"],"terraza":["true"],"alarma":["false"],"barbacoa":["false"],"descalcificador":["false"],"hab-juegos":["false"],"luz":["false"],"piscina-comunitaria":["false"],"satelite":["false"],"terraza-acristalada":["false"],"alarma-incendio":["false"],"bomba-frio-y-calor":["true"],"despensa":["false"],"hidromasaje":["false"],"mirador":["false"],"piscina-propia":["true"],"sauna":["false"],"trastero":["false"],"apart-separado":["false"],"buhardilla":["false"],"esquina":["false"],"muebles":["false"],"preinst-aacc":["false"],"sotano":["false"],"videoportero":[""],"autobuses":["false"],"centros-comerciales":["false"],"colegios":["false"],"hospitales":["false"],"urbanizacion":["true"],"vistas-al-mar":["true"],"zonas-infantiles":["false"],"arboles":["false"],"centros-medicos":["false"],"costa":["true"],"metro":["false"],"primera-linea":["false"],"tranvia":["false"],"vallado":["false"],"golf":["true"],"montana":["false"],"rural":["false"],"tren":["false"],"exclusividad":["false"],"tour-virtual":[""],"video":[""],"disponibilidad-propiedad":["Libre"],"habitaciones_totales":["2"],"ojo_de_buey":["false"],"certificado_energetico":["G"],"energia_valor":["0"],"_wp_page_template":["default"],"galeria":["a:52:{i:13427624;s:60:\"https:\/\/grupo-garcia.es\/wp-content\/uploads\/2023\/12\/3-1-4.jpg\";i:13427620;s:60:\"https:\/\/grupo-garcia.es\/wp-content\/uploads\/2023\/12\/3-2-4.jpg\";i:13427628;s:60:\"https:\/\/grupo-garcia.es\/wp-content\/uploads\/2023\/12\/3-3-4.jpg\";i:13427632;s:60:\"https:\/\/grupo-garcia.es\/wp-content\/uploads\/2023\/12\/3-4-4.jpg\";i:13427636;s:60:\"https:\/\/grupo-garcia.es\/wp-content\/uploads\/2023\/12\/3-5-4.jpg\";i:13427640;s:60:\"https:\/\/grupo-garcia.es\/wp-content\/uploads\/2023\/12\/3-6-4.jpg\";i:13427644;s:60:\"https:\/\/grupo-garcia.es\/wp-content\/uploads\/2023\/12\/3-7-4.jpg\";i:13427648;s:60:\"https:\/\/grupo-garcia.es\/wp-content\/uploads\/2023\/12\/3-8-4.jpg\";i:13427652;s:60:\"https:\/\/grupo-garcia.es\/wp-content\/uploads\/2023\/12\/3-9-4.jpg\";i:13427656;s:61:\"https:\/\/grupo-garcia.es\/wp-content\/uploads\/2023\/12\/3-10-4.jpg\";i:13427660;s:61:\"https:\/\/grupo-garcia.es\/wp-content\/uploads\/2023\/12\/3-11-4.jpg\";i:13427664;s:61:\"https:\/\/grupo-garcia.es\/wp-content\/uploads\/2023\/12\/3-12-3.jpg\";i:13427668;s:61:\"https:\/\/grupo-garcia.es\/wp-content\/uploads\/2023\/12\/3-13-3.jpg\";i:13427672;s:61:\"https:\/\/grupo-garcia.es\/wp-content\/uploads\/2023\/12\/3-14-3.jpg\";i:13427676;s:61:\"https:\/\/grupo-garcia.es\/wp-content\/uploads\/2023\/12\/3-15-3.jpg\";i:13427680;s:61:\"https:\/\/grupo-garcia.es\/wp-content\/uploads\/2023\/12\/3-16-3.jpg\";i:13427684;s:61:\"https:\/\/grupo-garcia.es\/wp-content\/uploads\/2023\/12\/3-17-3.jpg\";i:13427688;s:61:\"https:\/\/grupo-garcia.es\/wp-content\/uploads\/2023\/12\/3-18-3.jpg\";i:13427692;s:61:\"https:\/\/grupo-garcia.es\/wp-content\/uploads\/2023\/12\/3-19-2.jpg\";i:13427696;s:61:\"https:\/\/grupo-garcia.es\/wp-content\/uploads\/2023\/12\/3-20-2.jpg\";i:13427700;s:61:\"https:\/\/grupo-garcia.es\/wp-content\/uploads\/2023\/12\/3-21-1.jpg\";i:13427704;s:61:\"https:\/\/grupo-garcia.es\/wp-content\/uploads\/2023\/12\/3-22-1.jpg\";i:13427708;s:61:\"https:\/\/grupo-garcia.es\/wp-content\/uploads\/2023\/12\/3-23-1.jpg\";i:13427712;s:61:\"https:\/\/grupo-garcia.es\/wp-content\/uploads\/2023\/12\/3-24-1.jpg\";i:13427716;s:61:\"https:\/\/grupo-garcia.es\/wp-content\/uploads\/2023\/12\/3-25-1.jpg\";i:13427720;s:61:\"https:\/\/grupo-garcia.es\/wp-content\/uploads\/2023\/12\/3-26-1.jpg\";i:13427724;s:61:\"https:\/\/grupo-garcia.es\/wp-content\/uploads\/2023\/12\/3-27-1.jpg\";i:13427728;s:61:\"https:\/\/grupo-garcia.es\/wp-content\/uploads\/2023\/12\/3-28-1.jpg\";i:13427732;s:61:\"https:\/\/grupo-garcia.es\/wp-content\/uploads\/2023\/12\/3-29-1.jpg\";i:13427736;s:61:\"https:\/\/grupo-garcia.es\/wp-content\/uploads\/2023\/12\/3-30-1.jpg\";i:13427740;s:61:\"https:\/\/grupo-garcia.es\/wp-content\/uploads\/2023\/12\/3-31-1.jpg\";i:13427744;s:61:\"https:\/\/grupo-garcia.es\/wp-content\/uploads\/2023\/12\/3-32-1.jpg\";i:13427748;s:61:\"https:\/\/grupo-garcia.es\/wp-content\/uploads\/2023\/12\/3-33-1.jpg\";i:13427752;s:59:\"https:\/\/grupo-garcia.es\/wp-content\/uploads\/2023\/12\/3-34.jpg\";i:13427756;s:59:\"https:\/\/grupo-garcia.es\/wp-content\/uploads\/2023\/12\/3-35.jpg\";i:13427760;s:59:\"https:\/\/grupo-garcia.es\/wp-content\/uploads\/2023\/12\/3-36.jpg\";i:13427764;s:59:\"https:\/\/grupo-garcia.es\/wp-content\/uploads\/2023\/12\/3-37.jpg\";i:13427768;s:59:\"https:\/\/grupo-garcia.es\/wp-content\/uploads\/2023\/12\/3-38.jpg\";i:13427772;s:59:\"https:\/\/grupo-garcia.es\/wp-content\/uploads\/2023\/12\/3-39.jpg\";i:13427776;s:59:\"https:\/\/grupo-garcia.es\/wp-content\/uploads\/2023\/12\/3-40.jpg\";i:13427780;s:59:\"https:\/\/grupo-garcia.es\/wp-content\/uploads\/2023\/12\/3-41.jpg\";i:13427784;s:59:\"https:\/\/grupo-garcia.es\/wp-content\/uploads\/2023\/12\/3-42.jpg\";i:13427788;s:59:\"https:\/\/grupo-garcia.es\/wp-content\/uploads\/2023\/12\/3-43.jpg\";i:13427792;s:59:\"https:\/\/grupo-garcia.es\/wp-content\/uploads\/2023\/12\/3-44.jpg\";i:13427796;s:59:\"https:\/\/grupo-garcia.es\/wp-content\/uploads\/2023\/12\/3-45.jpg\";i:13427800;s:59:\"https:\/\/grupo-garcia.es\/wp-content\/uploads\/2023\/12\/3-46.jpg\";i:13427804;s:59:\"https:\/\/grupo-garcia.es\/wp-content\/uploads\/2023\/12\/3-47.jpg\";i:13427808;s:59:\"https:\/\/grupo-garcia.es\/wp-content\/uploads\/2023\/12\/3-48.jpg\";i:13427812;s:59:\"https:\/\/grupo-garcia.es\/wp-content\/uploads\/2023\/12\/3-49.jpg\";i:13427816;s:59:\"https:\/\/grupo-garcia.es\/wp-content\/uploads\/2023\/12\/3-50.jpg\";i:13427820;s:59:\"https:\/\/grupo-garcia.es\/wp-content\/uploads\/2023\/12\/3-51.jpg\";i:13427824;s:59:\"https:\/\/grupo-garcia.es\/wp-content\/uploads\/2023\/12\/3-52.jpg\";}"],"_thumbnail_id":["13427624"],"_wpml_word_count":["269"]},"property-state":[209],"property-type":[231],"zone":[149],"city":[73],"property_categories":[269],"class_list":["post-13409023","properties","type-properties","status-publish","has-post-thumbnail","hentry","property-state-acheter-un-nouveau-batiment","property-type-villas-fr","zone-finestrat-hills","city-finestrat","property_categories-vendre"],"yoast_head":"<!-- This site is optimized with the Yoast SEO plugin v27.5 - https:\/\/yoast.com\/product\/yoast-seo-wordpress\/ -->\n<title>Nouvelles villas \u00e0 vendre \u00e0 Finestrat avec vue sur la mer \u00e0 un prix exceptionnel. | Grupo Garcia<\/title>\n<meta name=\"description\" content=\"Nouvelles villas \u00e0 vendre \u00e0 Finestrat avec vue sur la mer \u00e0 un prix exceptionnel. Un petit nombre de nouvelles villas sont actuellement en cours de construction \u00e0 Finestrat et seront pr\u00eates fin 2023. La taille et le prix des villas\" \/>\n<meta name=\"robots\" content=\"index, follow, max-snippet:-1, max-image-preview:large, max-video-preview:-1\" \/>\n<link rel=\"canonical\" href=\"https:\/\/grupo-garcia.es\/fr\/properties\/nouvelles-villas-a-vendre-a-finestrat-avec-vue-sur-la-mer-a-un-prix-exceptionnel-17687863\/\" \/>\n<meta property=\"og:locale\" content=\"fr_FR\" \/>\n<meta property=\"og:type\" content=\"article\" \/>\n<meta property=\"og:title\" content=\"Nouvelles villas \u00e0 vendre \u00e0 Finestrat avec vue sur la mer \u00e0 un prix exceptionnel. | Grupo Garcia\" \/>\n<meta property=\"og:description\" content=\"Nouvelles villas \u00e0 vendre \u00e0 Finestrat avec vue sur la mer \u00e0 un prix exceptionnel. Un petit nombre de nouvelles villas sont actuellement en cours de construction \u00e0 Finestrat et seront pr\u00eates fin 2023. La taille et le prix des villas\" \/>\n<meta property=\"og:url\" content=\"https:\/\/grupo-garcia.es\/fr\/properties\/nouvelles-villas-a-vendre-a-finestrat-avec-vue-sur-la-mer-a-un-prix-exceptionnel-17687863\/\" \/>\n<meta property=\"og:site_name\" content=\"Grupo Garcia\" \/>\n<meta property=\"article:publisher\" content=\"https:\/\/www.facebook.com\/grupogarciacostablanca\/\" \/>\n<meta property=\"article:modified_time\" content=\"2026-04-28T05:47:27+00:00\" \/>\n<meta property=\"og:image\" content=\"https:\/\/grupo-garcia.es\/wp-content\/uploads\/2023\/12\/3-1-4.jpg\" \/>\n\t<meta property=\"og:image:width\" content=\"1400\" \/>\n\t<meta property=\"og:image:height\" content=\"933\" \/>\n\t<meta property=\"og:image:type\" content=\"image\/jpeg\" \/>\n<meta name=\"twitter:card\" content=\"summary_large_image\" \/>\n<meta name=\"twitter:label1\" content=\"Dur\u00e9e de lecture estim\u00e9e\" \/>\n\t<meta name=\"twitter:data1\" content=\"1 minute\" \/>\n<script type=\"application\/ld+json\" class=\"yoast-schema-graph\">{\"@context\":\"https:\\\/\\\/schema.org\",\"@graph\":[{\"@type\":[\"WebPage\",\"RealEstateListing\"],\"@id\":\"https:\\\/\\\/grupo-garcia.es\\\/fr\\\/properties\\\/nouvelles-villas-a-vendre-a-finestrat-avec-vue-sur-la-mer-a-un-prix-exceptionnel-17687863\\\/\",\"url\":\"https:\\\/\\\/grupo-garcia.es\\\/fr\\\/properties\\\/nouvelles-villas-a-vendre-a-finestrat-avec-vue-sur-la-mer-a-un-prix-exceptionnel-17687863\\\/\",\"name\":\"Nouvelles villas \u00e0 vendre \u00e0 Finestrat avec vue sur la mer \u00e0 un prix exceptionnel. | Grupo Garcia\",\"isPartOf\":{\"@id\":\"https:\\\/\\\/grupo-garcia.es\\\/fr\\\/#website\"},\"primaryImageOfPage\":{\"@id\":\"https:\\\/\\\/grupo-garcia.es\\\/fr\\\/properties\\\/nouvelles-villas-a-vendre-a-finestrat-avec-vue-sur-la-mer-a-un-prix-exceptionnel-17687863\\\/#primaryimage\"},\"image\":{\"@id\":\"https:\\\/\\\/grupo-garcia.es\\\/fr\\\/properties\\\/nouvelles-villas-a-vendre-a-finestrat-avec-vue-sur-la-mer-a-un-prix-exceptionnel-17687863\\\/#primaryimage\"},\"thumbnailUrl\":\"https:\\\/\\\/grupo-garcia.es\\\/wp-content\\\/uploads\\\/2023\\\/12\\\/3-1-4.jpg\",\"datePublished\":\"2025-04-14T08:32:34+00:00\",\"dateModified\":\"2026-04-28T05:47:27+00:00\",\"description\":\"Nouvelles villas \u00e0 vendre \u00e0 Finestrat avec vue sur la mer \u00e0 un prix exceptionnel. Un petit nombre de nouvelles villas sont actuellement en cours de construction \u00e0 Finestrat et seront pr\u00eates fin 2023. La taille et le prix des villas\",\"breadcrumb\":{\"@id\":\"https:\\\/\\\/grupo-garcia.es\\\/fr\\\/properties\\\/nouvelles-villas-a-vendre-a-finestrat-avec-vue-sur-la-mer-a-un-prix-exceptionnel-17687863\\\/#breadcrumb\"},\"inLanguage\":\"fr-FR\",\"potentialAction\":[{\"@type\":\"ReadAction\",\"target\":[\"https:\\\/\\\/grupo-garcia.es\\\/fr\\\/properties\\\/nouvelles-villas-a-vendre-a-finestrat-avec-vue-sur-la-mer-a-un-prix-exceptionnel-17687863\\\/\"]}]},{\"@type\":\"ImageObject\",\"inLanguage\":\"fr-FR\",\"@id\":\"https:\\\/\\\/grupo-garcia.es\\\/fr\\\/properties\\\/nouvelles-villas-a-vendre-a-finestrat-avec-vue-sur-la-mer-a-un-prix-exceptionnel-17687863\\\/#primaryimage\",\"url\":\"https:\\\/\\\/grupo-garcia.es\\\/wp-content\\\/uploads\\\/2023\\\/12\\\/3-1-4.jpg\",\"contentUrl\":\"https:\\\/\\\/grupo-garcia.es\\\/wp-content\\\/uploads\\\/2023\\\/12\\\/3-1-4.jpg\",\"width\":1400,\"height\":933},{\"@type\":\"BreadcrumbList\",\"@id\":\"https:\\\/\\\/grupo-garcia.es\\\/fr\\\/properties\\\/nouvelles-villas-a-vendre-a-finestrat-avec-vue-sur-la-mer-a-un-prix-exceptionnel-17687863\\\/#breadcrumb\",\"itemListElement\":[{\"@type\":\"ListItem\",\"position\":1,\"name\":\"Portada\",\"item\":\"https:\\\/\\\/grupo-garcia.es\\\/fr\\\/\"},{\"@type\":\"ListItem\",\"position\":2,\"name\":\"Properties\",\"item\":\"https:\\\/\\\/grupo-garcia.es\\\/fr\\\/properties\\\/\"},{\"@type\":\"ListItem\",\"position\":3,\"name\":\"Nouvelles villas \u00e0 vendre \u00e0 Finestrat avec vue sur la mer \u00e0 un prix exceptionnel.\"}]},{\"@type\":\"WebSite\",\"@id\":\"https:\\\/\\\/grupo-garcia.es\\\/fr\\\/#website\",\"url\":\"https:\\\/\\\/grupo-garcia.es\\\/fr\\\/\",\"name\":\"Grupo Garcia\",\"description\":\"Inmobiliaria en J\u00e1vea y Jal\u00f3n\",\"potentialAction\":[{\"@type\":\"SearchAction\",\"target\":{\"@type\":\"EntryPoint\",\"urlTemplate\":\"https:\\\/\\\/grupo-garcia.es\\\/fr\\\/?s={search_term_string}\"},\"query-input\":{\"@type\":\"PropertyValueSpecification\",\"valueRequired\":true,\"valueName\":\"search_term_string\"}}],\"inLanguage\":\"fr-FR\"}]}<\/script>\n<!-- \/ Yoast SEO plugin. -->","yoast_head_json":{"title":"Nouvelles villas \u00e0 vendre \u00e0 Finestrat avec vue sur la mer \u00e0 un prix exceptionnel. | Grupo Garcia","description":"Nouvelles villas \u00e0 vendre \u00e0 Finestrat avec vue sur la mer \u00e0 un prix exceptionnel. Un petit nombre de nouvelles villas sont actuellement en cours de construction \u00e0 Finestrat et seront pr\u00eates fin 2023. La taille et le prix des villas","robots":{"index":"index","follow":"follow","max-snippet":"max-snippet:-1","max-image-preview":"max-image-preview:large","max-video-preview":"max-video-preview:-1"},"canonical":"https:\/\/grupo-garcia.es\/fr\/properties\/nouvelles-villas-a-vendre-a-finestrat-avec-vue-sur-la-mer-a-un-prix-exceptionnel-17687863\/","og_locale":"fr_FR","og_type":"article","og_title":"Nouvelles villas \u00e0 vendre \u00e0 Finestrat avec vue sur la mer \u00e0 un prix exceptionnel. | Grupo Garcia","og_description":"Nouvelles villas \u00e0 vendre \u00e0 Finestrat avec vue sur la mer \u00e0 un prix exceptionnel. Un petit nombre de nouvelles villas sont actuellement en cours de construction \u00e0 Finestrat et seront pr\u00eates fin 2023. La taille et le prix des villas","og_url":"https:\/\/grupo-garcia.es\/fr\/properties\/nouvelles-villas-a-vendre-a-finestrat-avec-vue-sur-la-mer-a-un-prix-exceptionnel-17687863\/","og_site_name":"Grupo Garcia","article_publisher":"https:\/\/www.facebook.com\/grupogarciacostablanca\/","article_modified_time":"2026-04-28T05:47:27+00:00","og_image":[{"width":1400,"height":933,"url":"https:\/\/grupo-garcia.es\/wp-content\/uploads\/2023\/12\/3-1-4.jpg","type":"image\/jpeg"}],"twitter_card":"summary_large_image","twitter_misc":{"Dur\u00e9e de lecture estim\u00e9e":"1 minute"},"schema":{"@context":"https:\/\/schema.org","@graph":[{"@type":["WebPage","RealEstateListing"],"@id":"https:\/\/grupo-garcia.es\/fr\/properties\/nouvelles-villas-a-vendre-a-finestrat-avec-vue-sur-la-mer-a-un-prix-exceptionnel-17687863\/","url":"https:\/\/grupo-garcia.es\/fr\/properties\/nouvelles-villas-a-vendre-a-finestrat-avec-vue-sur-la-mer-a-un-prix-exceptionnel-17687863\/","name":"Nouvelles villas \u00e0 vendre \u00e0 Finestrat avec vue sur la mer \u00e0 un prix exceptionnel. | Grupo Garcia","isPartOf":{"@id":"https:\/\/grupo-garcia.es\/fr\/#website"},"primaryImageOfPage":{"@id":"https:\/\/grupo-garcia.es\/fr\/properties\/nouvelles-villas-a-vendre-a-finestrat-avec-vue-sur-la-mer-a-un-prix-exceptionnel-17687863\/#primaryimage"},"image":{"@id":"https:\/\/grupo-garcia.es\/fr\/properties\/nouvelles-villas-a-vendre-a-finestrat-avec-vue-sur-la-mer-a-un-prix-exceptionnel-17687863\/#primaryimage"},"thumbnailUrl":"https:\/\/grupo-garcia.es\/wp-content\/uploads\/2023\/12\/3-1-4.jpg","datePublished":"2025-04-14T08:32:34+00:00","dateModified":"2026-04-28T05:47:27+00:00","description":"Nouvelles villas \u00e0 vendre \u00e0 Finestrat avec vue sur la mer \u00e0 un prix exceptionnel. Un petit nombre de nouvelles villas sont actuellement en cours de construction \u00e0 Finestrat et seront pr\u00eates fin 2023. La taille et le prix des villas","breadcrumb":{"@id":"https:\/\/grupo-garcia.es\/fr\/properties\/nouvelles-villas-a-vendre-a-finestrat-avec-vue-sur-la-mer-a-un-prix-exceptionnel-17687863\/#breadcrumb"},"inLanguage":"fr-FR","potentialAction":[{"@type":"ReadAction","target":["https:\/\/grupo-garcia.es\/fr\/properties\/nouvelles-villas-a-vendre-a-finestrat-avec-vue-sur-la-mer-a-un-prix-exceptionnel-17687863\/"]}]},{"@type":"ImageObject","inLanguage":"fr-FR","@id":"https:\/\/grupo-garcia.es\/fr\/properties\/nouvelles-villas-a-vendre-a-finestrat-avec-vue-sur-la-mer-a-un-prix-exceptionnel-17687863\/#primaryimage","url":"https:\/\/grupo-garcia.es\/wp-content\/uploads\/2023\/12\/3-1-4.jpg","contentUrl":"https:\/\/grupo-garcia.es\/wp-content\/uploads\/2023\/12\/3-1-4.jpg","width":1400,"height":933},{"@type":"BreadcrumbList","@id":"https:\/\/grupo-garcia.es\/fr\/properties\/nouvelles-villas-a-vendre-a-finestrat-avec-vue-sur-la-mer-a-un-prix-exceptionnel-17687863\/#breadcrumb","itemListElement":[{"@type":"ListItem","position":1,"name":"Portada","item":"https:\/\/grupo-garcia.es\/fr\/"},{"@type":"ListItem","position":2,"name":"Properties","item":"https:\/\/grupo-garcia.es\/fr\/properties\/"},{"@type":"ListItem","position":3,"name":"Nouvelles villas \u00e0 vendre \u00e0 Finestrat avec vue sur la mer \u00e0 un prix exceptionnel."}]},{"@type":"WebSite","@id":"https:\/\/grupo-garcia.es\/fr\/#website","url":"https:\/\/grupo-garcia.es\/fr\/","name":"Grupo Garcia","description":"Inmobiliaria en J\u00e1vea y Jal\u00f3n","potentialAction":[{"@type":"SearchAction","target":{"@type":"EntryPoint","urlTemplate":"https:\/\/grupo-garcia.es\/fr\/?s={search_term_string}"},"query-input":{"@type":"PropertyValueSpecification","valueRequired":true,"valueName":"search_term_string"}}],"inLanguage":"fr-FR"}]}},"_links":{"self":[{"href":"https:\/\/grupo-garcia.es\/fr\/wp-json\/wp\/v2\/properties\/13409023","targetHints":{"allow":["GET"]}}],"collection":[{"href":"https:\/\/grupo-garcia.es\/fr\/wp-json\/wp\/v2\/properties"}],"about":[{"href":"https:\/\/grupo-garcia.es\/fr\/wp-json\/wp\/v2\/types\/properties"}],"wp:featuredmedia":[{"embeddable":true,"href":"https:\/\/grupo-garcia.es\/fr\/wp-json\/wp\/v2\/media\/13427624"}],"wp:attachment":[{"href":"https:\/\/grupo-garcia.es\/fr\/wp-json\/wp\/v2\/media?parent=13409023"}],"wp:term":[{"taxonomy":"property-state","embeddable":true,"href":"https:\/\/grupo-garcia.es\/fr\/wp-json\/wp\/v2\/property-state?post=13409023"},{"taxonomy":"property-type","embeddable":true,"href":"https:\/\/grupo-garcia.es\/fr\/wp-json\/wp\/v2\/property-type?post=13409023"},{"taxonomy":"zone","embeddable":true,"href":"https:\/\/grupo-garcia.es\/fr\/wp-json\/wp\/v2\/zone?post=13409023"},{"taxonomy":"city","embeddable":true,"href":"https:\/\/grupo-garcia.es\/fr\/wp-json\/wp\/v2\/city?post=13409023"},{"taxonomy":"property_categories","embeddable":true,"href":"https:\/\/grupo-garcia.es\/fr\/wp-json\/wp\/v2\/property_categories?post=13409023"}],"curies":[{"name":"wp","href":"https:\/\/api.w.org\/{rel}","templated":true}]}}