{"id":13409013,"date":"2025-05-27T17:44:50","date_gmt":"2025-05-27T16:44:50","guid":{"rendered":"https:\/\/grupo-garcia.es\/properties\/nouveau-projet-de-villa-de-luxe-a-vendre-a-calpe-avec-vue-sur-la-mer-17318764\/"},"modified":"2026-04-28T06:47:17","modified_gmt":"2026-04-28T05:47:17","slug":"nouveau-projet-de-villa-de-luxe-a-vendre-a-calpe-avec-vue-sur-la-mer-17318764","status":"publish","type":"properties","link":"https:\/\/grupo-garcia.es\/fr\/properties\/nouveau-projet-de-villa-de-luxe-a-vendre-a-calpe-avec-vue-sur-la-mer-17318764\/","title":{"rendered":"Nouveau projet de villa de luxe \u00e0 vendre \u00e0 Calpe avec vue sur la mer"},"content":{"rendered":"<\/p>\n<p>D\u00e9couvrez un extraordinaire nouveau projet de villa de luxe \u00e0 vendre \u00e0 Calpe, offrant une vue imprenable sur la mer et situ\u00e9 \u00e0 seulement 900 m du littoral. Situ\u00e9e \u00e0 70 km de l&rsquo;a\u00e9roport d&rsquo;Alicante, cette remarquable propri\u00e9t\u00e9 allie commodit\u00e9, \u00e9l\u00e9gance et design moderne. Pr\u00e9vue pour \u00eatre achev\u00e9e en 2023, elle promet d&rsquo;offrir le style de vie m\u00e9diterran\u00e9en ultime.<\/p>\n<p>Cette villa est soigneusement con\u00e7ue pour inclure toutes les commodit\u00e9s attendues d&rsquo;une propri\u00e9t\u00e9 de luxe. Les principales caract\u00e9ristiques comprennent un ascenseur, de vastes terrasses, des carreaux grand format et un chauffage au sol. Une superbe piscine \u00e0 d\u00e9bordement compl\u00e8te la propri\u00e9t\u00e9, offrant des vues incroyables sur la mer qui rehaussent l&rsquo;exp\u00e9rience de la vie ici.<\/p>\n<p>Construite par un promoteur r\u00e9put\u00e9 connu pour son savoir-faire exceptionnel, les acheteurs potentiels peuvent visiter des propri\u00e9t\u00e9s similaires achev\u00e9es pour appr\u00e9cier la qualit\u00e9 sup\u00e9rieure et l&rsquo;attention port\u00e9e aux d\u00e9tails.<\/p>\n<p>La villa dispose de quatre chambres doubles spacieuses, de cinq salles de bains et d&rsquo;un WC. Le salon et la salle \u00e0 manger d\u00e9cloisonn\u00e9s sont parfaitement reli\u00e9s \u00e0 une cuisine moderne et haut de gamme \u00e9quip\u00e9e d&rsquo;appareils \u00e9lectrom\u00e9nagers haut de gamme, ce qui la rend parfaite pour recevoir ou profiter de moments tranquilles en famille.<\/p>\n<p>Situ\u00e9e dans la magnifique r\u00e9gion de la Costa Blanca, plus pr\u00e9cis\u00e9ment \u00e0 Marina Alta, la propri\u00e9t\u00e9 est entour\u00e9e d&rsquo;un littoral exceptionnel. Des criques isol\u00e9es aux plages de sable immacul\u00e9es, des collines verdoyantes et des cha\u00eenes de montagnes majestueuses, la r\u00e9gion est un paradis naturel. Le climat temp\u00e9r\u00e9 assure une vie confortable toute l&rsquo;ann\u00e9e : les \u00e9t\u00e9s chauds et les hivers doux forment un \u00e9quilibre parfait.<\/p>\n<p>Il s&rsquo;agit d&rsquo;une opportunit\u00e9 rare de poss\u00e9der une villa de r\u00eave dans l&rsquo;un des endroits les plus \u00e9poustouflants d&rsquo;Espagne. Contactez-nous d\u00e8s aujourd&rsquo;hui pour organiser une visite et explorer de premi\u00e8re main les possibilit\u00e9s de ce projet spectaculaire.<\/p><\/p>\n","protected":false},"featured_media":13472129,"template":"","meta":{"id_inmovilla":["17318764"],"property_type":["Villa de Lujo"],"property_ref":["PG6337A"],"property_price":["1690000"],"property_city":["Calpe"],"property_region":["ALICANTE"],"zona-auxiliar":["Maryvilla"],"tipo-via":[""],"domicilio":[""],"numero":[""],"codigo-postal":["03710"],"altura":[""],"planta":[""],"piso":[""],"puerta":[""],"escalera":[""],"bloque":[""],"edificio":[""],"habitaciones-dobles":["4"],"bedrooms":["0"],"banos":["5"],"aseos":["1"],"salones":["0"],"parking":["0","false"],"plantas":["0"],"fecha-construccion":["2025"],"distancia-playa":["0"],"comunidad":["0"],"periodicidad-comunidad":["MES"],"ibi":["0.00"],"distancia-al-mar":["0"],"metros-utiles":["0.00"],"metros-construidos":["489.00"],"metros-parcela":["770"],"metros-de-la-terraza":["0.00"],"metros-de-la-cocina":["0.00"],"metros-del-comedor":["0.00"],"metros-del-salon":["0.00"],"estado":["Obra Nueva"],"carpinteria-exterior":["Aluminio\/Climalit"],"tipo-suelo":["Stoneware"],"orientacion":["Sureste"],"carpinteria-interior":[""],"vistas":["Vers la mer"],"tipo-de-calefaccion":["Underfloor heating"],"agua-caliente":["0"],"tipo-cocina":[""],"instalacion-electrica":["0"],"fachada":[""],"acceso-pmr":["false"],"armarios-empotrados":["true"],"calefaccion":["true"],"garaje":["false"],"jacuzzi":["true"],"solarium":["false"],"vivienda-adaptada":["false"],"ascensor":["true"],"calefaccion-central":["false"],"garaje-doble":["false"],"jardin":["true"],"puerta-blindada":["false"],"t-v":["false"],"aire-acond-central":["false"],"balcon":["false"],"chimenea":["false"],"gas-ciudad":["false"],"lavanderia":["false"],"patio":["false"],"aire-acondicionado":["true"],"bar":["false"],"deposito-agua":["false"],"gimnasio":["false"],"luminoso":["true"],"pergola":["false"],"terraza":["true"],"alarma":["false"],"barbacoa":["false"],"descalcificador":["false"],"hab-juegos":["false"],"luz":["false"],"piscina-comunitaria":["false"],"satelite":["false"],"terraza-acristalada":["false"],"alarma-incendio":["false"],"bomba-frio-y-calor":["false"],"despensa":["false"],"hidromasaje":["false"],"mirador":["false"],"piscina-propia":["true"],"sauna":["false"],"trastero":["false"],"apart-separado":["false"],"buhardilla":["false"],"esquina":["false"],"muebles":["false"],"preinst-aacc":["false"],"sotano":["false"],"videoportero":[""],"autobuses":["false"],"centros-comerciales":["false"],"colegios":["false"],"hospitales":["false"],"urbanizacion":["false"],"vistas-al-mar":["true"],"zonas-infantiles":["false"],"arboles":["false"],"centros-medicos":["false"],"costa":["true"],"metro":["false"],"primera-linea":["false"],"tranvia":["false"],"vallado":["false"],"golf":["false"],"montana":["false"],"rural":["false"],"tren":["false"],"exclusividad":["false"],"tour-virtual":[""],"video":[""],"disponibilidad-propiedad":["Libre"],"habitaciones_totales":["4"],"ojo_de_buey":["false"],"certificado_energetico":["A"],"energia_valor":["0"],"_wp_page_template":["default"],"galeria":["a:18:{i:13472129;s:60:\"https:\/\/grupo-garcia.es\/wp-content\/uploads\/2024\/07\/4-1-3.jpg\";i:13472125;s:60:\"https:\/\/grupo-garcia.es\/wp-content\/uploads\/2024\/07\/4-2-3.jpg\";i:13472133;s:60:\"https:\/\/grupo-garcia.es\/wp-content\/uploads\/2024\/07\/4-3-3.jpg\";i:13472137;s:60:\"https:\/\/grupo-garcia.es\/wp-content\/uploads\/2024\/07\/4-4-3.jpg\";i:13472141;s:60:\"https:\/\/grupo-garcia.es\/wp-content\/uploads\/2024\/07\/4-5-3.jpg\";i:13472145;s:60:\"https:\/\/grupo-garcia.es\/wp-content\/uploads\/2024\/07\/4-6-3.jpg\";i:13472149;s:60:\"https:\/\/grupo-garcia.es\/wp-content\/uploads\/2024\/07\/4-7-3.jpg\";i:13472153;s:60:\"https:\/\/grupo-garcia.es\/wp-content\/uploads\/2024\/07\/4-8-3.jpg\";i:13472157;s:60:\"https:\/\/grupo-garcia.es\/wp-content\/uploads\/2024\/07\/4-9-3.jpg\";i:13472161;s:61:\"https:\/\/grupo-garcia.es\/wp-content\/uploads\/2024\/07\/4-10-3.jpg\";i:13472165;s:61:\"https:\/\/grupo-garcia.es\/wp-content\/uploads\/2024\/07\/4-11-3.jpg\";i:13472169;s:61:\"https:\/\/grupo-garcia.es\/wp-content\/uploads\/2024\/07\/4-12-3.jpg\";i:13472173;s:61:\"https:\/\/grupo-garcia.es\/wp-content\/uploads\/2024\/07\/4-13-3.jpg\";i:13472177;s:61:\"https:\/\/grupo-garcia.es\/wp-content\/uploads\/2024\/07\/4-14-3.jpg\";i:13472181;s:61:\"https:\/\/grupo-garcia.es\/wp-content\/uploads\/2024\/07\/4-15-3.jpg\";i:13472185;s:68:\"https:\/\/grupo-garcia.es\/wp-content\/uploads\/2024\/07\/4-16-3-scaled.jpg\";i:13472189;s:68:\"https:\/\/grupo-garcia.es\/wp-content\/uploads\/2024\/07\/4-17-3-scaled.jpg\";i:13472193;s:68:\"https:\/\/grupo-garcia.es\/wp-content\/uploads\/2024\/07\/4-18-3-scaled.jpg\";}"],"_thumbnail_id":["13472129"],"_wpml_word_count":["358"]},"property-state":[209],"property-type":[228],"zone":[145],"city":[63],"property_categories":[269],"class_list":["post-13409013","properties","type-properties","status-publish","has-post-thumbnail","hentry","property-state-acheter-un-nouveau-batiment","property-type-villas-de-luxe","zone-maryvilla","city-calpe","property_categories-vendre"],"yoast_head":"<!-- This site is optimized with the Yoast SEO plugin v27.5 - https:\/\/yoast.com\/product\/yoast-seo-wordpress\/ -->\n<title>Nouveau projet de villa de luxe \u00e0 vendre \u00e0 Calpe avec vue sur la mer | Grupo Garcia<\/title>\n<meta name=\"description\" content=\"Nouveau projet de villa de luxe \u00e0 vendre \u00e0 Calpe avec vue sur la mer D\u00e9couvrez un extraordinaire nouveau projet de villa de luxe \u00e0 vendre \u00e0 Calpe, offrant une vue imprenable sur la mer et situ\u00e9 \u00e0 seulement 900 m du\" \/>\n<meta name=\"robots\" content=\"index, follow, max-snippet:-1, max-image-preview:large, max-video-preview:-1\" \/>\n<link rel=\"canonical\" href=\"https:\/\/grupo-garcia.es\/fr\/properties\/nouveau-projet-de-villa-de-luxe-a-vendre-a-calpe-avec-vue-sur-la-mer-17318764\/\" \/>\n<meta property=\"og:locale\" content=\"fr_FR\" \/>\n<meta property=\"og:type\" content=\"article\" \/>\n<meta property=\"og:title\" content=\"Nouveau projet de villa de luxe \u00e0 vendre \u00e0 Calpe avec vue sur la mer | Grupo Garcia\" \/>\n<meta property=\"og:description\" content=\"Nouveau projet de villa de luxe \u00e0 vendre \u00e0 Calpe avec vue sur la mer D\u00e9couvrez un extraordinaire nouveau projet de villa de luxe \u00e0 vendre \u00e0 Calpe, offrant une vue imprenable sur la mer et situ\u00e9 \u00e0 seulement 900 m du\" \/>\n<meta property=\"og:url\" content=\"https:\/\/grupo-garcia.es\/fr\/properties\/nouveau-projet-de-villa-de-luxe-a-vendre-a-calpe-avec-vue-sur-la-mer-17318764\/\" \/>\n<meta property=\"og:site_name\" content=\"Grupo Garcia\" \/>\n<meta property=\"article:publisher\" content=\"https:\/\/www.facebook.com\/grupogarciacostablanca\/\" \/>\n<meta property=\"article:modified_time\" content=\"2026-04-28T05:47:17+00:00\" \/>\n<meta property=\"og:image\" content=\"https:\/\/grupo-garcia.es\/wp-content\/uploads\/2024\/07\/4-1-3.jpg\" \/>\n\t<meta property=\"og:image:width\" content=\"800\" \/>\n\t<meta property=\"og:image:height\" content=\"450\" \/>\n\t<meta property=\"og:image:type\" content=\"image\/jpeg\" \/>\n<meta name=\"twitter:card\" content=\"summary_large_image\" \/>\n<meta name=\"twitter:label1\" content=\"Dur\u00e9e de lecture estim\u00e9e\" \/>\n\t<meta name=\"twitter:data1\" content=\"2 minutes\" \/>\n<script type=\"application\/ld+json\" class=\"yoast-schema-graph\">{\"@context\":\"https:\\\/\\\/schema.org\",\"@graph\":[{\"@type\":[\"WebPage\",\"RealEstateListing\"],\"@id\":\"https:\\\/\\\/grupo-garcia.es\\\/fr\\\/properties\\\/nouveau-projet-de-villa-de-luxe-a-vendre-a-calpe-avec-vue-sur-la-mer-17318764\\\/\",\"url\":\"https:\\\/\\\/grupo-garcia.es\\\/fr\\\/properties\\\/nouveau-projet-de-villa-de-luxe-a-vendre-a-calpe-avec-vue-sur-la-mer-17318764\\\/\",\"name\":\"Nouveau projet de villa de luxe \u00e0 vendre \u00e0 Calpe avec vue sur la mer | Grupo Garcia\",\"isPartOf\":{\"@id\":\"https:\\\/\\\/grupo-garcia.es\\\/fr\\\/#website\"},\"primaryImageOfPage\":{\"@id\":\"https:\\\/\\\/grupo-garcia.es\\\/fr\\\/properties\\\/nouveau-projet-de-villa-de-luxe-a-vendre-a-calpe-avec-vue-sur-la-mer-17318764\\\/#primaryimage\"},\"image\":{\"@id\":\"https:\\\/\\\/grupo-garcia.es\\\/fr\\\/properties\\\/nouveau-projet-de-villa-de-luxe-a-vendre-a-calpe-avec-vue-sur-la-mer-17318764\\\/#primaryimage\"},\"thumbnailUrl\":\"https:\\\/\\\/grupo-garcia.es\\\/wp-content\\\/uploads\\\/2024\\\/07\\\/4-1-3.jpg\",\"datePublished\":\"2025-05-27T16:44:50+00:00\",\"dateModified\":\"2026-04-28T05:47:17+00:00\",\"description\":\"Nouveau projet de villa de luxe \u00e0 vendre \u00e0 Calpe avec vue sur la mer D\u00e9couvrez un extraordinaire nouveau projet de villa de luxe \u00e0 vendre \u00e0 Calpe, offrant une vue imprenable sur la mer et situ\u00e9 \u00e0 seulement 900 m du\",\"breadcrumb\":{\"@id\":\"https:\\\/\\\/grupo-garcia.es\\\/fr\\\/properties\\\/nouveau-projet-de-villa-de-luxe-a-vendre-a-calpe-avec-vue-sur-la-mer-17318764\\\/#breadcrumb\"},\"inLanguage\":\"fr-FR\",\"potentialAction\":[{\"@type\":\"ReadAction\",\"target\":[\"https:\\\/\\\/grupo-garcia.es\\\/fr\\\/properties\\\/nouveau-projet-de-villa-de-luxe-a-vendre-a-calpe-avec-vue-sur-la-mer-17318764\\\/\"]}]},{\"@type\":\"ImageObject\",\"inLanguage\":\"fr-FR\",\"@id\":\"https:\\\/\\\/grupo-garcia.es\\\/fr\\\/properties\\\/nouveau-projet-de-villa-de-luxe-a-vendre-a-calpe-avec-vue-sur-la-mer-17318764\\\/#primaryimage\",\"url\":\"https:\\\/\\\/grupo-garcia.es\\\/wp-content\\\/uploads\\\/2024\\\/07\\\/4-1-3.jpg\",\"contentUrl\":\"https:\\\/\\\/grupo-garcia.es\\\/wp-content\\\/uploads\\\/2024\\\/07\\\/4-1-3.jpg\",\"width\":800,\"height\":450},{\"@type\":\"BreadcrumbList\",\"@id\":\"https:\\\/\\\/grupo-garcia.es\\\/fr\\\/properties\\\/nouveau-projet-de-villa-de-luxe-a-vendre-a-calpe-avec-vue-sur-la-mer-17318764\\\/#breadcrumb\",\"itemListElement\":[{\"@type\":\"ListItem\",\"position\":1,\"name\":\"Portada\",\"item\":\"https:\\\/\\\/grupo-garcia.es\\\/fr\\\/\"},{\"@type\":\"ListItem\",\"position\":2,\"name\":\"Properties\",\"item\":\"https:\\\/\\\/grupo-garcia.es\\\/fr\\\/properties\\\/\"},{\"@type\":\"ListItem\",\"position\":3,\"name\":\"Nouveau projet de villa de luxe \u00e0 vendre \u00e0 Calpe avec vue sur la mer\"}]},{\"@type\":\"WebSite\",\"@id\":\"https:\\\/\\\/grupo-garcia.es\\\/fr\\\/#website\",\"url\":\"https:\\\/\\\/grupo-garcia.es\\\/fr\\\/\",\"name\":\"Grupo Garcia\",\"description\":\"Inmobiliaria en J\u00e1vea y Jal\u00f3n\",\"potentialAction\":[{\"@type\":\"SearchAction\",\"target\":{\"@type\":\"EntryPoint\",\"urlTemplate\":\"https:\\\/\\\/grupo-garcia.es\\\/fr\\\/?s={search_term_string}\"},\"query-input\":{\"@type\":\"PropertyValueSpecification\",\"valueRequired\":true,\"valueName\":\"search_term_string\"}}],\"inLanguage\":\"fr-FR\"}]}<\/script>\n<!-- \/ Yoast SEO plugin. -->","yoast_head_json":{"title":"Nouveau projet de villa de luxe \u00e0 vendre \u00e0 Calpe avec vue sur la mer | Grupo Garcia","description":"Nouveau projet de villa de luxe \u00e0 vendre \u00e0 Calpe avec vue sur la mer D\u00e9couvrez un extraordinaire nouveau projet de villa de luxe \u00e0 vendre \u00e0 Calpe, offrant une vue imprenable sur la mer et situ\u00e9 \u00e0 seulement 900 m du","robots":{"index":"index","follow":"follow","max-snippet":"max-snippet:-1","max-image-preview":"max-image-preview:large","max-video-preview":"max-video-preview:-1"},"canonical":"https:\/\/grupo-garcia.es\/fr\/properties\/nouveau-projet-de-villa-de-luxe-a-vendre-a-calpe-avec-vue-sur-la-mer-17318764\/","og_locale":"fr_FR","og_type":"article","og_title":"Nouveau projet de villa de luxe \u00e0 vendre \u00e0 Calpe avec vue sur la mer | Grupo Garcia","og_description":"Nouveau projet de villa de luxe \u00e0 vendre \u00e0 Calpe avec vue sur la mer D\u00e9couvrez un extraordinaire nouveau projet de villa de luxe \u00e0 vendre \u00e0 Calpe, offrant une vue imprenable sur la mer et situ\u00e9 \u00e0 seulement 900 m du","og_url":"https:\/\/grupo-garcia.es\/fr\/properties\/nouveau-projet-de-villa-de-luxe-a-vendre-a-calpe-avec-vue-sur-la-mer-17318764\/","og_site_name":"Grupo Garcia","article_publisher":"https:\/\/www.facebook.com\/grupogarciacostablanca\/","article_modified_time":"2026-04-28T05:47:17+00:00","og_image":[{"width":800,"height":450,"url":"https:\/\/grupo-garcia.es\/wp-content\/uploads\/2024\/07\/4-1-3.jpg","type":"image\/jpeg"}],"twitter_card":"summary_large_image","twitter_misc":{"Dur\u00e9e de lecture estim\u00e9e":"2 minutes"},"schema":{"@context":"https:\/\/schema.org","@graph":[{"@type":["WebPage","RealEstateListing"],"@id":"https:\/\/grupo-garcia.es\/fr\/properties\/nouveau-projet-de-villa-de-luxe-a-vendre-a-calpe-avec-vue-sur-la-mer-17318764\/","url":"https:\/\/grupo-garcia.es\/fr\/properties\/nouveau-projet-de-villa-de-luxe-a-vendre-a-calpe-avec-vue-sur-la-mer-17318764\/","name":"Nouveau projet de villa de luxe \u00e0 vendre \u00e0 Calpe avec vue sur la mer | Grupo Garcia","isPartOf":{"@id":"https:\/\/grupo-garcia.es\/fr\/#website"},"primaryImageOfPage":{"@id":"https:\/\/grupo-garcia.es\/fr\/properties\/nouveau-projet-de-villa-de-luxe-a-vendre-a-calpe-avec-vue-sur-la-mer-17318764\/#primaryimage"},"image":{"@id":"https:\/\/grupo-garcia.es\/fr\/properties\/nouveau-projet-de-villa-de-luxe-a-vendre-a-calpe-avec-vue-sur-la-mer-17318764\/#primaryimage"},"thumbnailUrl":"https:\/\/grupo-garcia.es\/wp-content\/uploads\/2024\/07\/4-1-3.jpg","datePublished":"2025-05-27T16:44:50+00:00","dateModified":"2026-04-28T05:47:17+00:00","description":"Nouveau projet de villa de luxe \u00e0 vendre \u00e0 Calpe avec vue sur la mer D\u00e9couvrez un extraordinaire nouveau projet de villa de luxe \u00e0 vendre \u00e0 Calpe, offrant une vue imprenable sur la mer et situ\u00e9 \u00e0 seulement 900 m du","breadcrumb":{"@id":"https:\/\/grupo-garcia.es\/fr\/properties\/nouveau-projet-de-villa-de-luxe-a-vendre-a-calpe-avec-vue-sur-la-mer-17318764\/#breadcrumb"},"inLanguage":"fr-FR","potentialAction":[{"@type":"ReadAction","target":["https:\/\/grupo-garcia.es\/fr\/properties\/nouveau-projet-de-villa-de-luxe-a-vendre-a-calpe-avec-vue-sur-la-mer-17318764\/"]}]},{"@type":"ImageObject","inLanguage":"fr-FR","@id":"https:\/\/grupo-garcia.es\/fr\/properties\/nouveau-projet-de-villa-de-luxe-a-vendre-a-calpe-avec-vue-sur-la-mer-17318764\/#primaryimage","url":"https:\/\/grupo-garcia.es\/wp-content\/uploads\/2024\/07\/4-1-3.jpg","contentUrl":"https:\/\/grupo-garcia.es\/wp-content\/uploads\/2024\/07\/4-1-3.jpg","width":800,"height":450},{"@type":"BreadcrumbList","@id":"https:\/\/grupo-garcia.es\/fr\/properties\/nouveau-projet-de-villa-de-luxe-a-vendre-a-calpe-avec-vue-sur-la-mer-17318764\/#breadcrumb","itemListElement":[{"@type":"ListItem","position":1,"name":"Portada","item":"https:\/\/grupo-garcia.es\/fr\/"},{"@type":"ListItem","position":2,"name":"Properties","item":"https:\/\/grupo-garcia.es\/fr\/properties\/"},{"@type":"ListItem","position":3,"name":"Nouveau projet de villa de luxe \u00e0 vendre \u00e0 Calpe avec vue sur la mer"}]},{"@type":"WebSite","@id":"https:\/\/grupo-garcia.es\/fr\/#website","url":"https:\/\/grupo-garcia.es\/fr\/","name":"Grupo Garcia","description":"Inmobiliaria en J\u00e1vea y Jal\u00f3n","potentialAction":[{"@type":"SearchAction","target":{"@type":"EntryPoint","urlTemplate":"https:\/\/grupo-garcia.es\/fr\/?s={search_term_string}"},"query-input":{"@type":"PropertyValueSpecification","valueRequired":true,"valueName":"search_term_string"}}],"inLanguage":"fr-FR"}]}},"_links":{"self":[{"href":"https:\/\/grupo-garcia.es\/fr\/wp-json\/wp\/v2\/properties\/13409013","targetHints":{"allow":["GET"]}}],"collection":[{"href":"https:\/\/grupo-garcia.es\/fr\/wp-json\/wp\/v2\/properties"}],"about":[{"href":"https:\/\/grupo-garcia.es\/fr\/wp-json\/wp\/v2\/types\/properties"}],"wp:featuredmedia":[{"embeddable":true,"href":"https:\/\/grupo-garcia.es\/fr\/wp-json\/wp\/v2\/media\/13472129"}],"wp:attachment":[{"href":"https:\/\/grupo-garcia.es\/fr\/wp-json\/wp\/v2\/media?parent=13409013"}],"wp:term":[{"taxonomy":"property-state","embeddable":true,"href":"https:\/\/grupo-garcia.es\/fr\/wp-json\/wp\/v2\/property-state?post=13409013"},{"taxonomy":"property-type","embeddable":true,"href":"https:\/\/grupo-garcia.es\/fr\/wp-json\/wp\/v2\/property-type?post=13409013"},{"taxonomy":"zone","embeddable":true,"href":"https:\/\/grupo-garcia.es\/fr\/wp-json\/wp\/v2\/zone?post=13409013"},{"taxonomy":"city","embeddable":true,"href":"https:\/\/grupo-garcia.es\/fr\/wp-json\/wp\/v2\/city?post=13409013"},{"taxonomy":"property_categories","embeddable":true,"href":"https:\/\/grupo-garcia.es\/fr\/wp-json\/wp\/v2\/property_categories?post=13409013"}],"curies":[{"name":"wp","href":"https:\/\/api.w.org\/{rel}","templated":true}]}}