{"id":13408927,"date":"2026-03-03T16:06:05","date_gmt":"2026-03-03T15:06:05","guid":{"rendered":"https:\/\/grupo-garcia.es\/properties\/villa-a-vendre-a-pedreguer-6809037\/"},"modified":"2026-04-28T06:46:18","modified_gmt":"2026-04-28T05:46:18","slug":"villa-a-vendre-a-pedreguer-6809037","status":"publish","type":"properties","link":"https:\/\/grupo-garcia.es\/fr\/properties\/villa-a-vendre-a-pedreguer-6809037\/","title":{"rendered":"Belle villa \u00e0 vendre \u00e0 Pedreguer \u2013 Une propri\u00e9t\u00e9 polyvalente avec des possibilit\u00e9s infinies"},"content":{"rendered":"<\/p>\n<p>D\u00e9couvrez cette superbe villa \u00e0 vendre \u00e0 Pedreguer, parfaitement situ\u00e9e \u00e0 seulement 500 m\u00e8tres du centre-ville, offrant un acc\u00e8s facile \u00e0 toutes les commodit\u00e9s tout en \u00e9tant nich\u00e9e dans un quartier serein et paisible. Cette propri\u00e9t\u00e9 spacieuse est judicieusement r\u00e9partie sur deux niveaux reli\u00e9s par des escaliers ext\u00e9rieurs, offrant polyvalence et intimit\u00e9.<\/p>\n<p>La villa est entour\u00e9e d&rsquo;un jardin luxuriant et magnifiquement entretenu avec une grande piscine, cr\u00e9ant une oasis priv\u00e9e pour la d\u00e9tente et les loisirs. Un terrain plat attenant renforce l&rsquo;attrait de la propri\u00e9t\u00e9, offrant des possibilit\u00e9s infinies, que ce soit comme verger, enclos pour chevaux ou autre utilisation selon les besoins du propri\u00e9taire.<\/p>\n<p>Le rez-de-chauss\u00e9e comprend un salon confortable, une cuisine enti\u00e8rement \u00e9quip\u00e9e, trois chambres confortables et deux salles de bains. De plus, il y a une salle de loisirs et un *riu rau* traditionnel avec un espace barbecue, id\u00e9al pour organiser des r\u00e9unions ou profiter de moments de calme au bord de la piscine.<\/p>\n<p>Le niveau sup\u00e9rieur, accessible par un escalier ext\u00e9rieur, comprend un salon spacieux avec une cuisine int\u00e9gr\u00e9e, trois chambres, dont une avec salle de bain attenante, et deux salles de bain suppl\u00e9mentaires. Cet \u00e9tage comprend \u00e9galement deux pi\u00e8ces suppl\u00e9mentaires adjacentes \u00e0 une charmante terrasse, parfaite pour se d\u00e9tendre ou se divertir.<\/p>\n<p>La propri\u00e9t\u00e9 est con\u00e7ue \u00e0 la fois pour une vie r\u00e9sidentielle et pour un projet touristique, offrant de grandes terrasses, des vues d\u00e9gag\u00e9es et un grand espace de stationnement pour quatre v\u00e9hicules. Un r\u00e9servoir d&rsquo;eau de grande capacit\u00e9 et le terrain attenant facilement accessible am\u00e9liorent encore le c\u00f4t\u00e9 pratique et la valeur de la propri\u00e9t\u00e9.<\/p>\n<p>Qu&rsquo;il s&rsquo;agisse d&rsquo;une maison familiale luxueuse, d&rsquo;une opportunit\u00e9 d&rsquo;investissement ou d&rsquo;une entreprise commerciale unique, cette villa repr\u00e9sente une opportunit\u00e9 fantastique de cr\u00e9er le style de vie de vos r\u00eaves dans le cadre pittoresque de Pedreguer.<\/p><\/p>\n","protected":false},"featured_media":13385334,"template":"","meta":{"id_inmovilla":["6809037"],"property_type":["Villa"],"property_ref":["DG2018585"],"property_price":["692000"],"property_city":["Pedreguer"],"property_region":["ALICANTE"],"zona-auxiliar":["CAMPO"],"tipo-via":[""],"domicilio":[""],"numero":[""],"codigo-postal":["03750"],"altura":[""],"planta":[""],"piso":[""],"puerta":[""],"escalera":[""],"bloque":[""],"edificio":[""],"habitaciones-dobles":["8"],"bedrooms":["0"],"banos":["3"],"aseos":["0"],"salones":["3"],"parking":["0","2"],"plantas":["2"],"fecha-construccion":["1985"],"distancia-playa":["0"],"comunidad":["0"],"periodicidad-comunidad":["MES"],"ibi":["610.00"],"distancia-al-mar":["0"],"metros-utiles":["395.00"],"metros-construidos":["519.00"],"metros-parcela":["2267"],"metros-de-la-terraza":["57.00"],"metros-de-la-cocina":["0.00"],"metros-del-comedor":["0.00"],"metros-del-salon":["0.00"],"estado":["Buen estado"],"carpinteria-exterior":[""],"tipo-suelo":["Stoneware"],"orientacion":[""],"carpinteria-interior":[""],"vistas":["Clair"],"tipo-de-calefaccion":["19"],"agua-caliente":["0"],"tipo-cocina":[""],"instalacion-electrica":["0"],"fachada":[""],"acceso-pmr":["false"],"armarios-empotrados":["true"],"calefaccion":["true"],"garaje":["false"],"jacuzzi":["false"],"solarium":["false"],"vivienda-adaptada":["false"],"ascensor":["false"],"calefaccion-central":["false"],"garaje-doble":["true"],"jardin":["true"],"puerta-blindada":["false"],"t-v":["false"],"aire-acond-central":["false"],"balcon":["true"],"chimenea":["true"],"gas-ciudad":["false"],"lavanderia":["false"],"patio":["true"],"aire-acondicionado":["false"],"bar":["false"],"deposito-agua":["true"],"gimnasio":["false"],"luminoso":["false"],"pergola":["false"],"terraza":["true"],"alarma":["false"],"barbacoa":["true"],"descalcificador":["false"],"hab-juegos":["true"],"luz":["false"],"piscina-comunitaria":["false"],"satelite":["false"],"terraza-acristalada":["false"],"alarma-incendio":["false"],"bomba-frio-y-calor":["false"],"despensa":["true"],"hidromasaje":["false"],"mirador":["false"],"piscina-propia":["true"],"sauna":["false"],"trastero":["true"],"apart-separado":["false"],"buhardilla":["false"],"esquina":["false"],"muebles":["false"],"preinst-aacc":["false"],"sotano":["false"],"videoportero":[""],"autobuses":["false"],"centros-comerciales":["false"],"colegios":["true"],"hospitales":["false"],"urbanizacion":["false"],"vistas-al-mar":["false"],"zonas-infantiles":["false"],"arboles":["false"],"centros-medicos":["false"],"costa":["false"],"metro":["false"],"primera-linea":["false"],"tranvia":["false"],"vallado":["false"],"golf":["false"],"montana":["false"],"rural":["true"],"tren":["false"],"exclusividad":["false"],"tour-virtual":[""],"video":[""],"disponibilidad-propiedad":["Libre"],"habitaciones_totales":["8"],"ojo_de_buey":["false"],"certificado_energetico":["G"],"energia_valor":["0"],"_wp_page_template":["default"],"galeria":["a:30:{i:13385334;s:59:\"https:\/\/grupo-garcia.es\/wp-content\/uploads\/2023\/11\/10-1.jpg\";i:13385330;s:59:\"https:\/\/grupo-garcia.es\/wp-content\/uploads\/2023\/11\/10-2.jpg\";i:13385338;s:59:\"https:\/\/grupo-garcia.es\/wp-content\/uploads\/2023\/11\/10-3.jpg\";i:13385342;s:59:\"https:\/\/grupo-garcia.es\/wp-content\/uploads\/2023\/11\/10-4.jpg\";i:13385346;s:59:\"https:\/\/grupo-garcia.es\/wp-content\/uploads\/2023\/11\/10-5.jpg\";i:13385350;s:59:\"https:\/\/grupo-garcia.es\/wp-content\/uploads\/2023\/11\/10-6.jpg\";i:13385354;s:59:\"https:\/\/grupo-garcia.es\/wp-content\/uploads\/2023\/11\/10-7.jpg\";i:13385358;s:59:\"https:\/\/grupo-garcia.es\/wp-content\/uploads\/2023\/11\/10-8.jpg\";i:13385362;s:59:\"https:\/\/grupo-garcia.es\/wp-content\/uploads\/2023\/11\/10-9.jpg\";i:13385366;s:60:\"https:\/\/grupo-garcia.es\/wp-content\/uploads\/2023\/11\/10-10.jpg\";i:13385370;s:60:\"https:\/\/grupo-garcia.es\/wp-content\/uploads\/2023\/11\/10-11.jpg\";i:13385374;s:60:\"https:\/\/grupo-garcia.es\/wp-content\/uploads\/2023\/11\/10-12.jpg\";i:13385378;s:60:\"https:\/\/grupo-garcia.es\/wp-content\/uploads\/2023\/11\/10-13.jpg\";i:13385382;s:60:\"https:\/\/grupo-garcia.es\/wp-content\/uploads\/2023\/11\/10-14.jpg\";i:13385386;s:60:\"https:\/\/grupo-garcia.es\/wp-content\/uploads\/2023\/11\/10-15.jpg\";i:13385390;s:60:\"https:\/\/grupo-garcia.es\/wp-content\/uploads\/2023\/11\/10-16.jpg\";i:13385394;s:60:\"https:\/\/grupo-garcia.es\/wp-content\/uploads\/2023\/11\/10-17.jpg\";i:13385398;s:60:\"https:\/\/grupo-garcia.es\/wp-content\/uploads\/2023\/11\/10-18.jpg\";i:13385402;s:60:\"https:\/\/grupo-garcia.es\/wp-content\/uploads\/2023\/11\/10-19.jpg\";i:13385406;s:60:\"https:\/\/grupo-garcia.es\/wp-content\/uploads\/2023\/11\/10-20.jpg\";i:13385410;s:60:\"https:\/\/grupo-garcia.es\/wp-content\/uploads\/2023\/11\/10-21.jpg\";i:13385414;s:60:\"https:\/\/grupo-garcia.es\/wp-content\/uploads\/2023\/11\/10-22.jpg\";i:13385418;s:60:\"https:\/\/grupo-garcia.es\/wp-content\/uploads\/2023\/11\/10-23.jpg\";i:13385422;s:60:\"https:\/\/grupo-garcia.es\/wp-content\/uploads\/2023\/11\/10-24.jpg\";i:13385426;s:62:\"https:\/\/grupo-garcia.es\/wp-content\/uploads\/2023\/11\/10-25-1.jpg\";i:13385430;s:60:\"https:\/\/grupo-garcia.es\/wp-content\/uploads\/2023\/11\/10-26.jpg\";i:13385434;s:60:\"https:\/\/grupo-garcia.es\/wp-content\/uploads\/2023\/11\/10-27.jpg\";i:13385438;s:60:\"https:\/\/grupo-garcia.es\/wp-content\/uploads\/2023\/11\/10-28.jpg\";i:13385442;s:62:\"https:\/\/grupo-garcia.es\/wp-content\/uploads\/2023\/11\/10-29-1.jpg\";i:13385446;s:60:\"https:\/\/grupo-garcia.es\/wp-content\/uploads\/2023\/11\/10-30.jpg\";}"],"_thumbnail_id":["13385334"],"_wpml_word_count":["363"]},"property-state":[207],"property-type":[231],"zone":[96],"city":[66],"property_categories":[269],"class_list":["post-13408927","properties","type-properties","status-publish","has-post-thumbnail","hentry","property-state-revente","property-type-villas-fr","zone-campo","city-pedreguer","property_categories-vendre"],"yoast_head":"<!-- This site is optimized with the Yoast SEO plugin v27.5 - https:\/\/yoast.com\/product\/yoast-seo-wordpress\/ -->\n<title>Belle villa \u00e0 vendre \u00e0 Pedreguer \u2013 Une propri\u00e9t\u00e9 polyvalente avec des possibilit\u00e9s infinies | Grupo Garcia<\/title>\n<meta name=\"description\" content=\"Belle villa \u00e0 vendre \u00e0 Pedreguer \u2013 Une propri\u00e9t\u00e9 polyvalente avec des possibilit\u00e9s infinies D\u00e9couvrez cette superbe villa \u00e0 vendre \u00e0 Pedreguer, parfaitement situ\u00e9e \u00e0 seulement 500 m\u00e8tres du centre-ville, offrant un acc\u00e8s facile \u00e0 toutes les\" \/>\n<meta name=\"robots\" content=\"index, follow, max-snippet:-1, max-image-preview:large, max-video-preview:-1\" \/>\n<link rel=\"canonical\" href=\"https:\/\/grupo-garcia.es\/fr\/properties\/villa-a-vendre-a-pedreguer-6809037\/\" \/>\n<meta property=\"og:locale\" content=\"fr_FR\" \/>\n<meta property=\"og:type\" content=\"article\" \/>\n<meta property=\"og:title\" content=\"Belle villa \u00e0 vendre \u00e0 Pedreguer \u2013 Une propri\u00e9t\u00e9 polyvalente avec des possibilit\u00e9s infinies | Grupo Garcia\" \/>\n<meta property=\"og:description\" content=\"Belle villa \u00e0 vendre \u00e0 Pedreguer \u2013 Une propri\u00e9t\u00e9 polyvalente avec des possibilit\u00e9s infinies D\u00e9couvrez cette superbe villa \u00e0 vendre \u00e0 Pedreguer, parfaitement situ\u00e9e \u00e0 seulement 500 m\u00e8tres du centre-ville, offrant un acc\u00e8s facile \u00e0 toutes les\" \/>\n<meta property=\"og:url\" content=\"https:\/\/grupo-garcia.es\/fr\/properties\/villa-a-vendre-a-pedreguer-6809037\/\" \/>\n<meta property=\"og:site_name\" content=\"Grupo Garcia\" \/>\n<meta property=\"article:publisher\" content=\"https:\/\/www.facebook.com\/grupogarciacostablanca\/\" \/>\n<meta property=\"article:modified_time\" content=\"2026-04-28T05:46:18+00:00\" \/>\n<meta property=\"og:image\" content=\"https:\/\/grupo-garcia.es\/wp-content\/uploads\/2023\/11\/10-1.jpg\" \/>\n\t<meta property=\"og:image:width\" content=\"1200\" \/>\n\t<meta property=\"og:image:height\" content=\"800\" \/>\n\t<meta property=\"og:image:type\" content=\"image\/jpeg\" \/>\n<meta name=\"twitter:card\" content=\"summary_large_image\" \/>\n<meta name=\"twitter:label1\" content=\"Dur\u00e9e de lecture estim\u00e9e\" \/>\n\t<meta name=\"twitter:data1\" content=\"2 minutes\" \/>\n<script type=\"application\/ld+json\" class=\"yoast-schema-graph\">{\"@context\":\"https:\\\/\\\/schema.org\",\"@graph\":[{\"@type\":[\"WebPage\",\"RealEstateListing\"],\"@id\":\"https:\\\/\\\/grupo-garcia.es\\\/fr\\\/properties\\\/villa-a-vendre-a-pedreguer-6809037\\\/\",\"url\":\"https:\\\/\\\/grupo-garcia.es\\\/fr\\\/properties\\\/villa-a-vendre-a-pedreguer-6809037\\\/\",\"name\":\"Belle villa \u00e0 vendre \u00e0 Pedreguer \u2013 Une propri\u00e9t\u00e9 polyvalente avec des possibilit\u00e9s infinies | Grupo Garcia\",\"isPartOf\":{\"@id\":\"https:\\\/\\\/grupo-garcia.es\\\/fr\\\/#website\"},\"primaryImageOfPage\":{\"@id\":\"https:\\\/\\\/grupo-garcia.es\\\/fr\\\/properties\\\/villa-a-vendre-a-pedreguer-6809037\\\/#primaryimage\"},\"image\":{\"@id\":\"https:\\\/\\\/grupo-garcia.es\\\/fr\\\/properties\\\/villa-a-vendre-a-pedreguer-6809037\\\/#primaryimage\"},\"thumbnailUrl\":\"https:\\\/\\\/grupo-garcia.es\\\/wp-content\\\/uploads\\\/2023\\\/11\\\/10-1.jpg\",\"datePublished\":\"2026-03-03T15:06:05+00:00\",\"dateModified\":\"2026-04-28T05:46:18+00:00\",\"description\":\"Belle villa \u00e0 vendre \u00e0 Pedreguer \u2013 Une propri\u00e9t\u00e9 polyvalente avec des possibilit\u00e9s infinies D\u00e9couvrez cette superbe villa \u00e0 vendre \u00e0 Pedreguer, parfaitement situ\u00e9e \u00e0 seulement 500 m\u00e8tres du centre-ville, offrant un acc\u00e8s facile \u00e0 toutes les\",\"breadcrumb\":{\"@id\":\"https:\\\/\\\/grupo-garcia.es\\\/fr\\\/properties\\\/villa-a-vendre-a-pedreguer-6809037\\\/#breadcrumb\"},\"inLanguage\":\"fr-FR\",\"potentialAction\":[{\"@type\":\"ReadAction\",\"target\":[\"https:\\\/\\\/grupo-garcia.es\\\/fr\\\/properties\\\/villa-a-vendre-a-pedreguer-6809037\\\/\"]}]},{\"@type\":\"ImageObject\",\"inLanguage\":\"fr-FR\",\"@id\":\"https:\\\/\\\/grupo-garcia.es\\\/fr\\\/properties\\\/villa-a-vendre-a-pedreguer-6809037\\\/#primaryimage\",\"url\":\"https:\\\/\\\/grupo-garcia.es\\\/wp-content\\\/uploads\\\/2023\\\/11\\\/10-1.jpg\",\"contentUrl\":\"https:\\\/\\\/grupo-garcia.es\\\/wp-content\\\/uploads\\\/2023\\\/11\\\/10-1.jpg\",\"width\":1200,\"height\":800},{\"@type\":\"BreadcrumbList\",\"@id\":\"https:\\\/\\\/grupo-garcia.es\\\/fr\\\/properties\\\/villa-a-vendre-a-pedreguer-6809037\\\/#breadcrumb\",\"itemListElement\":[{\"@type\":\"ListItem\",\"position\":1,\"name\":\"Portada\",\"item\":\"https:\\\/\\\/grupo-garcia.es\\\/fr\\\/\"},{\"@type\":\"ListItem\",\"position\":2,\"name\":\"Properties\",\"item\":\"https:\\\/\\\/grupo-garcia.es\\\/fr\\\/properties\\\/\"},{\"@type\":\"ListItem\",\"position\":3,\"name\":\"Belle villa \u00e0 vendre \u00e0 Pedreguer \u2013 Une propri\u00e9t\u00e9 polyvalente avec des possibilit\u00e9s infinies\"}]},{\"@type\":\"WebSite\",\"@id\":\"https:\\\/\\\/grupo-garcia.es\\\/fr\\\/#website\",\"url\":\"https:\\\/\\\/grupo-garcia.es\\\/fr\\\/\",\"name\":\"Grupo Garcia\",\"description\":\"Inmobiliaria en J\u00e1vea y Jal\u00f3n\",\"potentialAction\":[{\"@type\":\"SearchAction\",\"target\":{\"@type\":\"EntryPoint\",\"urlTemplate\":\"https:\\\/\\\/grupo-garcia.es\\\/fr\\\/?s={search_term_string}\"},\"query-input\":{\"@type\":\"PropertyValueSpecification\",\"valueRequired\":true,\"valueName\":\"search_term_string\"}}],\"inLanguage\":\"fr-FR\"}]}<\/script>\n<!-- \/ Yoast SEO plugin. -->","yoast_head_json":{"title":"Belle villa \u00e0 vendre \u00e0 Pedreguer \u2013 Une propri\u00e9t\u00e9 polyvalente avec des possibilit\u00e9s infinies | Grupo Garcia","description":"Belle villa \u00e0 vendre \u00e0 Pedreguer \u2013 Une propri\u00e9t\u00e9 polyvalente avec des possibilit\u00e9s infinies D\u00e9couvrez cette superbe villa \u00e0 vendre \u00e0 Pedreguer, parfaitement situ\u00e9e \u00e0 seulement 500 m\u00e8tres du centre-ville, offrant un acc\u00e8s facile \u00e0 toutes les","robots":{"index":"index","follow":"follow","max-snippet":"max-snippet:-1","max-image-preview":"max-image-preview:large","max-video-preview":"max-video-preview:-1"},"canonical":"https:\/\/grupo-garcia.es\/fr\/properties\/villa-a-vendre-a-pedreguer-6809037\/","og_locale":"fr_FR","og_type":"article","og_title":"Belle villa \u00e0 vendre \u00e0 Pedreguer \u2013 Une propri\u00e9t\u00e9 polyvalente avec des possibilit\u00e9s infinies | Grupo Garcia","og_description":"Belle villa \u00e0 vendre \u00e0 Pedreguer \u2013 Une propri\u00e9t\u00e9 polyvalente avec des possibilit\u00e9s infinies D\u00e9couvrez cette superbe villa \u00e0 vendre \u00e0 Pedreguer, parfaitement situ\u00e9e \u00e0 seulement 500 m\u00e8tres du centre-ville, offrant un acc\u00e8s facile \u00e0 toutes les","og_url":"https:\/\/grupo-garcia.es\/fr\/properties\/villa-a-vendre-a-pedreguer-6809037\/","og_site_name":"Grupo Garcia","article_publisher":"https:\/\/www.facebook.com\/grupogarciacostablanca\/","article_modified_time":"2026-04-28T05:46:18+00:00","og_image":[{"width":1200,"height":800,"url":"https:\/\/grupo-garcia.es\/wp-content\/uploads\/2023\/11\/10-1.jpg","type":"image\/jpeg"}],"twitter_card":"summary_large_image","twitter_misc":{"Dur\u00e9e de lecture estim\u00e9e":"2 minutes"},"schema":{"@context":"https:\/\/schema.org","@graph":[{"@type":["WebPage","RealEstateListing"],"@id":"https:\/\/grupo-garcia.es\/fr\/properties\/villa-a-vendre-a-pedreguer-6809037\/","url":"https:\/\/grupo-garcia.es\/fr\/properties\/villa-a-vendre-a-pedreguer-6809037\/","name":"Belle villa \u00e0 vendre \u00e0 Pedreguer \u2013 Une propri\u00e9t\u00e9 polyvalente avec des possibilit\u00e9s infinies | Grupo Garcia","isPartOf":{"@id":"https:\/\/grupo-garcia.es\/fr\/#website"},"primaryImageOfPage":{"@id":"https:\/\/grupo-garcia.es\/fr\/properties\/villa-a-vendre-a-pedreguer-6809037\/#primaryimage"},"image":{"@id":"https:\/\/grupo-garcia.es\/fr\/properties\/villa-a-vendre-a-pedreguer-6809037\/#primaryimage"},"thumbnailUrl":"https:\/\/grupo-garcia.es\/wp-content\/uploads\/2023\/11\/10-1.jpg","datePublished":"2026-03-03T15:06:05+00:00","dateModified":"2026-04-28T05:46:18+00:00","description":"Belle villa \u00e0 vendre \u00e0 Pedreguer \u2013 Une propri\u00e9t\u00e9 polyvalente avec des possibilit\u00e9s infinies D\u00e9couvrez cette superbe villa \u00e0 vendre \u00e0 Pedreguer, parfaitement situ\u00e9e \u00e0 seulement 500 m\u00e8tres du centre-ville, offrant un acc\u00e8s facile \u00e0 toutes les","breadcrumb":{"@id":"https:\/\/grupo-garcia.es\/fr\/properties\/villa-a-vendre-a-pedreguer-6809037\/#breadcrumb"},"inLanguage":"fr-FR","potentialAction":[{"@type":"ReadAction","target":["https:\/\/grupo-garcia.es\/fr\/properties\/villa-a-vendre-a-pedreguer-6809037\/"]}]},{"@type":"ImageObject","inLanguage":"fr-FR","@id":"https:\/\/grupo-garcia.es\/fr\/properties\/villa-a-vendre-a-pedreguer-6809037\/#primaryimage","url":"https:\/\/grupo-garcia.es\/wp-content\/uploads\/2023\/11\/10-1.jpg","contentUrl":"https:\/\/grupo-garcia.es\/wp-content\/uploads\/2023\/11\/10-1.jpg","width":1200,"height":800},{"@type":"BreadcrumbList","@id":"https:\/\/grupo-garcia.es\/fr\/properties\/villa-a-vendre-a-pedreguer-6809037\/#breadcrumb","itemListElement":[{"@type":"ListItem","position":1,"name":"Portada","item":"https:\/\/grupo-garcia.es\/fr\/"},{"@type":"ListItem","position":2,"name":"Properties","item":"https:\/\/grupo-garcia.es\/fr\/properties\/"},{"@type":"ListItem","position":3,"name":"Belle villa \u00e0 vendre \u00e0 Pedreguer \u2013 Une propri\u00e9t\u00e9 polyvalente avec des possibilit\u00e9s infinies"}]},{"@type":"WebSite","@id":"https:\/\/grupo-garcia.es\/fr\/#website","url":"https:\/\/grupo-garcia.es\/fr\/","name":"Grupo Garcia","description":"Inmobiliaria en J\u00e1vea y Jal\u00f3n","potentialAction":[{"@type":"SearchAction","target":{"@type":"EntryPoint","urlTemplate":"https:\/\/grupo-garcia.es\/fr\/?s={search_term_string}"},"query-input":{"@type":"PropertyValueSpecification","valueRequired":true,"valueName":"search_term_string"}}],"inLanguage":"fr-FR"}]}},"_links":{"self":[{"href":"https:\/\/grupo-garcia.es\/fr\/wp-json\/wp\/v2\/properties\/13408927","targetHints":{"allow":["GET"]}}],"collection":[{"href":"https:\/\/grupo-garcia.es\/fr\/wp-json\/wp\/v2\/properties"}],"about":[{"href":"https:\/\/grupo-garcia.es\/fr\/wp-json\/wp\/v2\/types\/properties"}],"wp:featuredmedia":[{"embeddable":true,"href":"https:\/\/grupo-garcia.es\/fr\/wp-json\/wp\/v2\/media\/13385334"}],"wp:attachment":[{"href":"https:\/\/grupo-garcia.es\/fr\/wp-json\/wp\/v2\/media?parent=13408927"}],"wp:term":[{"taxonomy":"property-state","embeddable":true,"href":"https:\/\/grupo-garcia.es\/fr\/wp-json\/wp\/v2\/property-state?post=13408927"},{"taxonomy":"property-type","embeddable":true,"href":"https:\/\/grupo-garcia.es\/fr\/wp-json\/wp\/v2\/property-type?post=13408927"},{"taxonomy":"zone","embeddable":true,"href":"https:\/\/grupo-garcia.es\/fr\/wp-json\/wp\/v2\/zone?post=13408927"},{"taxonomy":"city","embeddable":true,"href":"https:\/\/grupo-garcia.es\/fr\/wp-json\/wp\/v2\/city?post=13408927"},{"taxonomy":"property_categories","embeddable":true,"href":"https:\/\/grupo-garcia.es\/fr\/wp-json\/wp\/v2\/property_categories?post=13408927"}],"curies":[{"name":"wp","href":"https:\/\/api.w.org\/{rel}","templated":true}]}}