{"id":13408913,"date":"2025-04-14T09:32:34","date_gmt":"2025-04-14T08:32:34","guid":{"rendered":"https:\/\/grupo-garcia.es\/properties\/superbe-nouvelle-construction-villas-avec-vue-sur-la-mer-6224351\/"},"modified":"2026-04-28T06:46:14","modified_gmt":"2026-04-28T05:46:14","slug":"villa-solana-superbe-villa-de-nouvelle-construction-a-vendre-avec-vue-sur-la-mer-6224351","status":"publish","type":"properties","link":"https:\/\/grupo-garcia.es\/fr\/properties\/villa-solana-superbe-villa-de-nouvelle-construction-a-vendre-avec-vue-sur-la-mer-6224351\/","title":{"rendered":"Villa Solana. Superbe villa de nouvelle construction \u00e0 vendre avec vue sur la mer"},"content":{"rendered":"<p>Cette superbe villa moderne \u00e0 vendre avec vue panoramique sur la mer peut \u00eatre construite sur une s\u00e9lection de parcelles pr\u00eates \u00e0 \u00eatre construites dans divers endroits pour le prix annonc\u00e9.<\/p>\n<p>Toutes les villas \u00e0 vendre sont construites selon un design contemporain comprenant 4 chambres doubles, trois salles de bains et un grand salon ouvert et une cuisine am\u00e9ricaine. Les finitions de chaque propri\u00e9t\u00e9 peuvent \u00eatre adapt\u00e9es aux go\u00fbts de chacun et la construction prend environ 12 mois.<\/p>\n<p>Chaque villa est \u00e9quip\u00e9e de la climatisation canalis\u00e9e et du double vitrage et le chauffage au sol peut \u00eatre ajout\u00e9 en option.<\/p>\n<p>Construite par un constructeur local \u00e9tabli, des maisons t\u00e9moins sont disponibles pour \u00eatre visit\u00e9es avant de faire votre choix.<\/p>\n<p>La Costa Blanca Nord a gagn\u00e9 en popularit\u00e9 ces derni\u00e8res ann\u00e9es en tant que destination de vacances familiale qui est l&rsquo;un des points continentaux les plus proches d&rsquo;Ibiza, partageant un niveau similaire de plages, de paysages mais sans les prix exorbitants, le tourisme \u00e0 petit budget et bien s\u00fbr, elle n&rsquo;est pas sur une \u00eele.<\/p>\n<p>Bien que la Costa Blanca Nord soit une destination de vacances, les mois de basse saison sont toujours charg\u00e9s o\u00f9 peut-\u00eatre seul un petit nombre de restaurants ferment pendant les semaines d&rsquo;hiver. Les temp\u00e9ratures en basse saison descendent rarement en dessous de 10\u00b0C pendant la journ\u00e9e. Tout cela signifie que c&rsquo;est un endroit fantastique o\u00f9 vivre toute l&rsquo;ann\u00e9e.<\/p>\n<p>C&rsquo;est une villa d&rsquo;un excellent rapport qualit\u00e9-prix \u00e0 vendre. N&rsquo;h\u00e9sitez pas \u00e0 nous contacter pour organiser des visites.<\/p><\/p>\n","protected":false},"featured_media":13384728,"template":"","meta":{"_wp_old_slug":["superbe-nouvelle-construction-villas-avec-vue-sur-la-mer-6224351"],"id_inmovilla":["6224351"],"property_type":["Villa"],"property_ref":["DG6300"],"property_price":["699000"],"property_city":["Pedreguer"],"property_region":["ALICANTE"],"zona-auxiliar":["MONTE SOLANA"],"tipo-via":[""],"domicilio":[""],"numero":[""],"codigo-postal":["03750"],"altura":[""],"planta":[""],"piso":[""],"puerta":[""],"escalera":[""],"bloque":[""],"edificio":[""],"habitaciones-dobles":["4"],"bedrooms":["0"],"banos":["3"],"aseos":["0"],"salones":["1"],"parking":["0","false"],"plantas":["0"],"fecha-construccion":["0"],"distancia-playa":["0"],"comunidad":["0"],"periodicidad-comunidad":["MES"],"ibi":["0.00"],"distancia-al-mar":["0"],"metros-utiles":["159.00"],"metros-construidos":["180.00"],"metros-parcela":["800"],"metros-de-la-terraza":["22.00"],"metros-de-la-cocina":["0.00"],"metros-del-comedor":["0.00"],"metros-del-salon":["0.00"],"estado":["Obra Nueva"],"carpinteria-exterior":["Aluminio\/Climalit"],"tipo-suelo":["Stoneware"],"orientacion":["Este"],"carpinteria-interior":["Madera"],"vistas":["Vers la mer"],"tipo-de-calefaccion":["Underfloor heating"],"agua-caliente":["Electric Water Heater"],"tipo-cocina":[""],"instalacion-electrica":["0"],"fachada":[""],"acceso-pmr":["false"],"armarios-empotrados":["false"],"calefaccion":["true"],"garaje":["false"],"jacuzzi":["false"],"solarium":["false"],"vivienda-adaptada":["false"],"ascensor":["false"],"calefaccion-central":["false"],"garaje-doble":["false"],"jardin":["true"],"puerta-blindada":["false"],"t-v":["false"],"aire-acond-central":["false"],"balcon":["false"],"chimenea":["false"],"gas-ciudad":["false"],"lavanderia":["false"],"patio":["false"],"aire-acondicionado":["false"],"bar":["false"],"deposito-agua":["false"],"gimnasio":["false"],"luminoso":["true"],"pergola":["false"],"terraza":["true"],"alarma":["false"],"barbacoa":["false"],"descalcificador":["false"],"hab-juegos":["false"],"luz":["false"],"piscina-comunitaria":["false"],"satelite":["false"],"terraza-acristalada":["false"],"alarma-incendio":["false"],"bomba-frio-y-calor":["true"],"despensa":["false"],"hidromasaje":["false"],"mirador":["false"],"piscina-propia":["true"],"sauna":["false"],"trastero":["false"],"apart-separado":["false"],"buhardilla":["false"],"esquina":["false"],"muebles":["false"],"preinst-aacc":["false"],"sotano":["false"],"videoportero":[""],"autobuses":["false"],"centros-comerciales":["false"],"colegios":["false"],"hospitales":["false"],"urbanizacion":["false"],"vistas-al-mar":["true"],"zonas-infantiles":["false"],"arboles":["false"],"centros-medicos":["false"],"costa":["true"],"metro":["false"],"primera-linea":["false"],"tranvia":["false"],"vallado":["false"],"golf":["false"],"montana":["false"],"rural":["false"],"tren":["false"],"exclusividad":["false"],"tour-virtual":[""],"video":[""],"disponibilidad-propiedad":["Libre"],"habitaciones_totales":["4"],"ojo_de_buey":["false"],"certificado_energetico":["G"],"energia_valor":["0"],"_wp_page_template":["default"],"galeria":["a:32:{i:13384728;s:60:\"https:\/\/grupo-garcia.es\/wp-content\/uploads\/2023\/11\/2-1-4.jpg\";i:13384724;s:60:\"https:\/\/grupo-garcia.es\/wp-content\/uploads\/2023\/11\/2-2-4.jpg\";i:13384732;s:60:\"https:\/\/grupo-garcia.es\/wp-content\/uploads\/2023\/11\/2-3-3.jpg\";i:13384736;s:60:\"https:\/\/grupo-garcia.es\/wp-content\/uploads\/2023\/11\/2-4-3.jpg\";i:13384740;s:60:\"https:\/\/grupo-garcia.es\/wp-content\/uploads\/2023\/11\/2-5-3.jpg\";i:13384744;s:60:\"https:\/\/grupo-garcia.es\/wp-content\/uploads\/2023\/11\/2-6-3.jpg\";i:13384748;s:60:\"https:\/\/grupo-garcia.es\/wp-content\/uploads\/2023\/11\/2-7-3.jpg\";i:13384752;s:60:\"https:\/\/grupo-garcia.es\/wp-content\/uploads\/2023\/11\/2-8-3.jpg\";i:13384756;s:60:\"https:\/\/grupo-garcia.es\/wp-content\/uploads\/2023\/11\/2-9-3.jpg\";i:13384760;s:61:\"https:\/\/grupo-garcia.es\/wp-content\/uploads\/2023\/11\/2-10-3.jpg\";i:13384764;s:61:\"https:\/\/grupo-garcia.es\/wp-content\/uploads\/2023\/11\/2-11-3.jpg\";i:13384768;s:61:\"https:\/\/grupo-garcia.es\/wp-content\/uploads\/2023\/11\/2-12-3.jpg\";i:13384772;s:61:\"https:\/\/grupo-garcia.es\/wp-content\/uploads\/2023\/11\/2-13-3.jpg\";i:13384776;s:61:\"https:\/\/grupo-garcia.es\/wp-content\/uploads\/2023\/11\/2-14-3.jpg\";i:13384780;s:61:\"https:\/\/grupo-garcia.es\/wp-content\/uploads\/2023\/11\/2-15-3.jpg\";i:13384784;s:61:\"https:\/\/grupo-garcia.es\/wp-content\/uploads\/2023\/11\/2-16-3.jpg\";i:13384788;s:61:\"https:\/\/grupo-garcia.es\/wp-content\/uploads\/2023\/11\/2-17-3.jpg\";i:13384792;s:61:\"https:\/\/grupo-garcia.es\/wp-content\/uploads\/2023\/11\/2-18-3.jpg\";i:13384796;s:61:\"https:\/\/grupo-garcia.es\/wp-content\/uploads\/2023\/11\/2-19-3.jpg\";i:13384800;s:61:\"https:\/\/grupo-garcia.es\/wp-content\/uploads\/2023\/11\/2-20-3.jpg\";i:13384804;s:61:\"https:\/\/grupo-garcia.es\/wp-content\/uploads\/2023\/11\/2-21-3.jpg\";i:13384808;s:61:\"https:\/\/grupo-garcia.es\/wp-content\/uploads\/2023\/11\/2-22-3.jpg\";i:13413580;s:68:\"https:\/\/grupo-garcia.es\/wp-content\/uploads\/2023\/11\/2-23-8-scaled.jpg\";i:13413584;s:68:\"https:\/\/grupo-garcia.es\/wp-content\/uploads\/2023\/11\/2-24-8-scaled.jpg\";i:13413588;s:68:\"https:\/\/grupo-garcia.es\/wp-content\/uploads\/2023\/11\/2-25-8-scaled.jpg\";i:13413592;s:68:\"https:\/\/grupo-garcia.es\/wp-content\/uploads\/2023\/11\/2-26-8-scaled.jpg\";i:13413596;s:68:\"https:\/\/grupo-garcia.es\/wp-content\/uploads\/2023\/11\/2-27-8-scaled.jpg\";i:13413600;s:68:\"https:\/\/grupo-garcia.es\/wp-content\/uploads\/2023\/11\/2-28-8-scaled.jpg\";i:13413604;s:68:\"https:\/\/grupo-garcia.es\/wp-content\/uploads\/2023\/11\/2-29-7-scaled.jpg\";i:13413608;s:68:\"https:\/\/grupo-garcia.es\/wp-content\/uploads\/2023\/11\/2-30-7-scaled.jpg\";i:13413612;s:68:\"https:\/\/grupo-garcia.es\/wp-content\/uploads\/2023\/11\/2-31-7-scaled.jpg\";i:13413616;s:68:\"https:\/\/grupo-garcia.es\/wp-content\/uploads\/2023\/11\/2-32-7-scaled.jpg\";}"],"_thumbnail_id":["13384728"],"_wpml_word_count":["282"]},"property-state":[209],"property-type":[231],"zone":[89],"city":[66],"property_categories":[269],"class_list":["post-13408913","properties","type-properties","status-publish","has-post-thumbnail","hentry","property-state-acheter-un-nouveau-batiment","property-type-villas-fr","zone-monte-solana","city-pedreguer","property_categories-vendre"],"yoast_head":"<!-- This site is optimized with the Yoast SEO plugin v27.5 - https:\/\/yoast.com\/product\/yoast-seo-wordpress\/ -->\n<title>Villa Solana. Superbe villa de nouvelle construction \u00e0 vendre avec vue sur la mer | Grupo Garcia<\/title>\n<meta name=\"description\" content=\"Villa Solana. Superbe villa de nouvelle construction \u00e0 vendre avec vue sur la mer Cette superbe villa moderne \u00e0 vendre avec vue panoramique sur la mer peut \u00eatre construite sur une s\u00e9lection de parcelles pr\u00eates \u00e0 \u00eatre construites dans\" \/>\n<meta name=\"robots\" content=\"index, follow, max-snippet:-1, max-image-preview:large, max-video-preview:-1\" \/>\n<link rel=\"canonical\" href=\"https:\/\/grupo-garcia.es\/fr\/properties\/villa-solana-superbe-villa-de-nouvelle-construction-a-vendre-avec-vue-sur-la-mer-6224351\/\" \/>\n<meta property=\"og:locale\" content=\"fr_FR\" \/>\n<meta property=\"og:type\" content=\"article\" \/>\n<meta property=\"og:title\" content=\"Villa Solana. Superbe villa de nouvelle construction \u00e0 vendre avec vue sur la mer | Grupo Garcia\" \/>\n<meta property=\"og:description\" content=\"Villa Solana. Superbe villa de nouvelle construction \u00e0 vendre avec vue sur la mer Cette superbe villa moderne \u00e0 vendre avec vue panoramique sur la mer peut \u00eatre construite sur une s\u00e9lection de parcelles pr\u00eates \u00e0 \u00eatre construites dans\" \/>\n<meta property=\"og:url\" content=\"https:\/\/grupo-garcia.es\/fr\/properties\/villa-solana-superbe-villa-de-nouvelle-construction-a-vendre-avec-vue-sur-la-mer-6224351\/\" \/>\n<meta property=\"og:site_name\" content=\"Grupo Garcia\" \/>\n<meta property=\"article:publisher\" content=\"https:\/\/www.facebook.com\/grupogarciacostablanca\/\" \/>\n<meta property=\"article:modified_time\" content=\"2026-04-28T05:46:14+00:00\" \/>\n<meta property=\"og:image\" content=\"https:\/\/grupo-garcia.es\/wp-content\/uploads\/2023\/11\/2-1-4.jpg\" \/>\n\t<meta property=\"og:image:width\" content=\"1200\" \/>\n\t<meta property=\"og:image:height\" content=\"800\" \/>\n\t<meta property=\"og:image:type\" content=\"image\/jpeg\" \/>\n<meta name=\"twitter:card\" content=\"summary_large_image\" \/>\n<meta name=\"twitter:label1\" content=\"Dur\u00e9e de lecture estim\u00e9e\" \/>\n\t<meta name=\"twitter:data1\" content=\"1 minute\" \/>\n<script type=\"application\/ld+json\" class=\"yoast-schema-graph\">{\"@context\":\"https:\\\/\\\/schema.org\",\"@graph\":[{\"@type\":[\"WebPage\",\"RealEstateListing\"],\"@id\":\"https:\\\/\\\/grupo-garcia.es\\\/fr\\\/properties\\\/villa-solana-superbe-villa-de-nouvelle-construction-a-vendre-avec-vue-sur-la-mer-6224351\\\/\",\"url\":\"https:\\\/\\\/grupo-garcia.es\\\/fr\\\/properties\\\/villa-solana-superbe-villa-de-nouvelle-construction-a-vendre-avec-vue-sur-la-mer-6224351\\\/\",\"name\":\"Villa Solana. Superbe villa de nouvelle construction \u00e0 vendre avec vue sur la mer | Grupo Garcia\",\"isPartOf\":{\"@id\":\"https:\\\/\\\/grupo-garcia.es\\\/fr\\\/#website\"},\"primaryImageOfPage\":{\"@id\":\"https:\\\/\\\/grupo-garcia.es\\\/fr\\\/properties\\\/villa-solana-superbe-villa-de-nouvelle-construction-a-vendre-avec-vue-sur-la-mer-6224351\\\/#primaryimage\"},\"image\":{\"@id\":\"https:\\\/\\\/grupo-garcia.es\\\/fr\\\/properties\\\/villa-solana-superbe-villa-de-nouvelle-construction-a-vendre-avec-vue-sur-la-mer-6224351\\\/#primaryimage\"},\"thumbnailUrl\":\"https:\\\/\\\/grupo-garcia.es\\\/wp-content\\\/uploads\\\/2023\\\/11\\\/2-1-4.jpg\",\"datePublished\":\"2025-04-14T08:32:34+00:00\",\"dateModified\":\"2026-04-28T05:46:14+00:00\",\"description\":\"Villa Solana. Superbe villa de nouvelle construction \u00e0 vendre avec vue sur la mer Cette superbe villa moderne \u00e0 vendre avec vue panoramique sur la mer peut \u00eatre construite sur une s\u00e9lection de parcelles pr\u00eates \u00e0 \u00eatre construites dans\",\"breadcrumb\":{\"@id\":\"https:\\\/\\\/grupo-garcia.es\\\/fr\\\/properties\\\/villa-solana-superbe-villa-de-nouvelle-construction-a-vendre-avec-vue-sur-la-mer-6224351\\\/#breadcrumb\"},\"inLanguage\":\"fr-FR\",\"potentialAction\":[{\"@type\":\"ReadAction\",\"target\":[\"https:\\\/\\\/grupo-garcia.es\\\/fr\\\/properties\\\/villa-solana-superbe-villa-de-nouvelle-construction-a-vendre-avec-vue-sur-la-mer-6224351\\\/\"]}]},{\"@type\":\"ImageObject\",\"inLanguage\":\"fr-FR\",\"@id\":\"https:\\\/\\\/grupo-garcia.es\\\/fr\\\/properties\\\/villa-solana-superbe-villa-de-nouvelle-construction-a-vendre-avec-vue-sur-la-mer-6224351\\\/#primaryimage\",\"url\":\"https:\\\/\\\/grupo-garcia.es\\\/wp-content\\\/uploads\\\/2023\\\/11\\\/2-1-4.jpg\",\"contentUrl\":\"https:\\\/\\\/grupo-garcia.es\\\/wp-content\\\/uploads\\\/2023\\\/11\\\/2-1-4.jpg\",\"width\":1200,\"height\":800},{\"@type\":\"BreadcrumbList\",\"@id\":\"https:\\\/\\\/grupo-garcia.es\\\/fr\\\/properties\\\/villa-solana-superbe-villa-de-nouvelle-construction-a-vendre-avec-vue-sur-la-mer-6224351\\\/#breadcrumb\",\"itemListElement\":[{\"@type\":\"ListItem\",\"position\":1,\"name\":\"Portada\",\"item\":\"https:\\\/\\\/grupo-garcia.es\\\/fr\\\/\"},{\"@type\":\"ListItem\",\"position\":2,\"name\":\"Properties\",\"item\":\"https:\\\/\\\/grupo-garcia.es\\\/fr\\\/properties\\\/\"},{\"@type\":\"ListItem\",\"position\":3,\"name\":\"Villa Solana. Superbe villa de nouvelle construction \u00e0 vendre avec vue sur la mer\"}]},{\"@type\":\"WebSite\",\"@id\":\"https:\\\/\\\/grupo-garcia.es\\\/fr\\\/#website\",\"url\":\"https:\\\/\\\/grupo-garcia.es\\\/fr\\\/\",\"name\":\"Grupo Garcia\",\"description\":\"Inmobiliaria en J\u00e1vea y Jal\u00f3n\",\"potentialAction\":[{\"@type\":\"SearchAction\",\"target\":{\"@type\":\"EntryPoint\",\"urlTemplate\":\"https:\\\/\\\/grupo-garcia.es\\\/fr\\\/?s={search_term_string}\"},\"query-input\":{\"@type\":\"PropertyValueSpecification\",\"valueRequired\":true,\"valueName\":\"search_term_string\"}}],\"inLanguage\":\"fr-FR\"}]}<\/script>\n<!-- \/ Yoast SEO plugin. -->","yoast_head_json":{"title":"Villa Solana. Superbe villa de nouvelle construction \u00e0 vendre avec vue sur la mer | Grupo Garcia","description":"Villa Solana. Superbe villa de nouvelle construction \u00e0 vendre avec vue sur la mer Cette superbe villa moderne \u00e0 vendre avec vue panoramique sur la mer peut \u00eatre construite sur une s\u00e9lection de parcelles pr\u00eates \u00e0 \u00eatre construites dans","robots":{"index":"index","follow":"follow","max-snippet":"max-snippet:-1","max-image-preview":"max-image-preview:large","max-video-preview":"max-video-preview:-1"},"canonical":"https:\/\/grupo-garcia.es\/fr\/properties\/villa-solana-superbe-villa-de-nouvelle-construction-a-vendre-avec-vue-sur-la-mer-6224351\/","og_locale":"fr_FR","og_type":"article","og_title":"Villa Solana. Superbe villa de nouvelle construction \u00e0 vendre avec vue sur la mer | Grupo Garcia","og_description":"Villa Solana. Superbe villa de nouvelle construction \u00e0 vendre avec vue sur la mer Cette superbe villa moderne \u00e0 vendre avec vue panoramique sur la mer peut \u00eatre construite sur une s\u00e9lection de parcelles pr\u00eates \u00e0 \u00eatre construites dans","og_url":"https:\/\/grupo-garcia.es\/fr\/properties\/villa-solana-superbe-villa-de-nouvelle-construction-a-vendre-avec-vue-sur-la-mer-6224351\/","og_site_name":"Grupo Garcia","article_publisher":"https:\/\/www.facebook.com\/grupogarciacostablanca\/","article_modified_time":"2026-04-28T05:46:14+00:00","og_image":[{"width":1200,"height":800,"url":"https:\/\/grupo-garcia.es\/wp-content\/uploads\/2023\/11\/2-1-4.jpg","type":"image\/jpeg"}],"twitter_card":"summary_large_image","twitter_misc":{"Dur\u00e9e de lecture estim\u00e9e":"1 minute"},"schema":{"@context":"https:\/\/schema.org","@graph":[{"@type":["WebPage","RealEstateListing"],"@id":"https:\/\/grupo-garcia.es\/fr\/properties\/villa-solana-superbe-villa-de-nouvelle-construction-a-vendre-avec-vue-sur-la-mer-6224351\/","url":"https:\/\/grupo-garcia.es\/fr\/properties\/villa-solana-superbe-villa-de-nouvelle-construction-a-vendre-avec-vue-sur-la-mer-6224351\/","name":"Villa Solana. Superbe villa de nouvelle construction \u00e0 vendre avec vue sur la mer | Grupo Garcia","isPartOf":{"@id":"https:\/\/grupo-garcia.es\/fr\/#website"},"primaryImageOfPage":{"@id":"https:\/\/grupo-garcia.es\/fr\/properties\/villa-solana-superbe-villa-de-nouvelle-construction-a-vendre-avec-vue-sur-la-mer-6224351\/#primaryimage"},"image":{"@id":"https:\/\/grupo-garcia.es\/fr\/properties\/villa-solana-superbe-villa-de-nouvelle-construction-a-vendre-avec-vue-sur-la-mer-6224351\/#primaryimage"},"thumbnailUrl":"https:\/\/grupo-garcia.es\/wp-content\/uploads\/2023\/11\/2-1-4.jpg","datePublished":"2025-04-14T08:32:34+00:00","dateModified":"2026-04-28T05:46:14+00:00","description":"Villa Solana. Superbe villa de nouvelle construction \u00e0 vendre avec vue sur la mer Cette superbe villa moderne \u00e0 vendre avec vue panoramique sur la mer peut \u00eatre construite sur une s\u00e9lection de parcelles pr\u00eates \u00e0 \u00eatre construites dans","breadcrumb":{"@id":"https:\/\/grupo-garcia.es\/fr\/properties\/villa-solana-superbe-villa-de-nouvelle-construction-a-vendre-avec-vue-sur-la-mer-6224351\/#breadcrumb"},"inLanguage":"fr-FR","potentialAction":[{"@type":"ReadAction","target":["https:\/\/grupo-garcia.es\/fr\/properties\/villa-solana-superbe-villa-de-nouvelle-construction-a-vendre-avec-vue-sur-la-mer-6224351\/"]}]},{"@type":"ImageObject","inLanguage":"fr-FR","@id":"https:\/\/grupo-garcia.es\/fr\/properties\/villa-solana-superbe-villa-de-nouvelle-construction-a-vendre-avec-vue-sur-la-mer-6224351\/#primaryimage","url":"https:\/\/grupo-garcia.es\/wp-content\/uploads\/2023\/11\/2-1-4.jpg","contentUrl":"https:\/\/grupo-garcia.es\/wp-content\/uploads\/2023\/11\/2-1-4.jpg","width":1200,"height":800},{"@type":"BreadcrumbList","@id":"https:\/\/grupo-garcia.es\/fr\/properties\/villa-solana-superbe-villa-de-nouvelle-construction-a-vendre-avec-vue-sur-la-mer-6224351\/#breadcrumb","itemListElement":[{"@type":"ListItem","position":1,"name":"Portada","item":"https:\/\/grupo-garcia.es\/fr\/"},{"@type":"ListItem","position":2,"name":"Properties","item":"https:\/\/grupo-garcia.es\/fr\/properties\/"},{"@type":"ListItem","position":3,"name":"Villa Solana. Superbe villa de nouvelle construction \u00e0 vendre avec vue sur la mer"}]},{"@type":"WebSite","@id":"https:\/\/grupo-garcia.es\/fr\/#website","url":"https:\/\/grupo-garcia.es\/fr\/","name":"Grupo Garcia","description":"Inmobiliaria en J\u00e1vea y Jal\u00f3n","potentialAction":[{"@type":"SearchAction","target":{"@type":"EntryPoint","urlTemplate":"https:\/\/grupo-garcia.es\/fr\/?s={search_term_string}"},"query-input":{"@type":"PropertyValueSpecification","valueRequired":true,"valueName":"search_term_string"}}],"inLanguage":"fr-FR"}]}},"_links":{"self":[{"href":"https:\/\/grupo-garcia.es\/fr\/wp-json\/wp\/v2\/properties\/13408913","targetHints":{"allow":["GET"]}}],"collection":[{"href":"https:\/\/grupo-garcia.es\/fr\/wp-json\/wp\/v2\/properties"}],"about":[{"href":"https:\/\/grupo-garcia.es\/fr\/wp-json\/wp\/v2\/types\/properties"}],"wp:featuredmedia":[{"embeddable":true,"href":"https:\/\/grupo-garcia.es\/fr\/wp-json\/wp\/v2\/media\/13384728"}],"wp:attachment":[{"href":"https:\/\/grupo-garcia.es\/fr\/wp-json\/wp\/v2\/media?parent=13408913"}],"wp:term":[{"taxonomy":"property-state","embeddable":true,"href":"https:\/\/grupo-garcia.es\/fr\/wp-json\/wp\/v2\/property-state?post=13408913"},{"taxonomy":"property-type","embeddable":true,"href":"https:\/\/grupo-garcia.es\/fr\/wp-json\/wp\/v2\/property-type?post=13408913"},{"taxonomy":"zone","embeddable":true,"href":"https:\/\/grupo-garcia.es\/fr\/wp-json\/wp\/v2\/zone?post=13408913"},{"taxonomy":"city","embeddable":true,"href":"https:\/\/grupo-garcia.es\/fr\/wp-json\/wp\/v2\/city?post=13408913"},{"taxonomy":"property_categories","embeddable":true,"href":"https:\/\/grupo-garcia.es\/fr\/wp-json\/wp\/v2\/property_categories?post=13408913"}],"curies":[{"name":"wp","href":"https:\/\/api.w.org\/{rel}","templated":true}]}}