{"id":13511829,"date":"2025-12-01T13:31:31","date_gmt":"2025-12-01T12:31:31","guid":{"rendered":"https:\/\/grupo-garcia.es\/properties\/panoramic-views-of-the-valley-5-bedroom-villa-for-sale-in-lliber-25838250\/"},"modified":"2026-04-28T04:21:29","modified_gmt":"2026-04-28T03:21:29","slug":"panoramic-views-of-the-valley-5-bedroom-villa-for-sale-in-lliber-25838250","status":"publish","type":"properties","link":"https:\/\/grupo-garcia.es\/en\/properties\/panoramic-views-of-the-valley-5-bedroom-villa-for-sale-in-lliber-25838250\/","title":{"rendered":"Panoramic views of the valley &#8211; 5-bedroom villa for sale in Ll\u00edber"},"content":{"rendered":"<p>Located in the picturesque town of Ll\u00edber, on the Costa Blanca, this spacious villa offers stunning views of the Pop Valley, the B\u00e8rnia mountain range and Montg\u00f3.<\/p>\n<p>In addition, its location and elevated position inspire relaxation and peace thanks to its great privacy, making it ideal for those seeking serenity.<\/p>\n<p>This property is surrounded by nature on the outside and has spacious rooms on the inside; the plot is almost 4000m\u00b2, on which we find a spacious 2-storey detached house with large windows that illuminate every corner of the house.<\/p>\n<p>Some of the highlights are the air conditioning, wide corridors, large swimming pool and open-plan layout, where you can enjoy the views from any room. <\/p>\n<p>On entering the main floor, you will find a fully equipped modern U-shaped kitchen, leading to an open-plan living-dining room with characteristic arches and a semi-circle that gives the property its Mediterranean character.<\/p>\n<p>The living-dining room leads to the spacious terrace with open views of the valley and overlooking the swimming pool.<\/p>\n<p>On the right-hand side, we move on to the wide corridor where we find the main bathroom equipped with a bathtub and the bedrooms on both sides. There are two large bedrooms with fitted wardrobes and access to the terrace. The master bedroom has built-in wardrobes and a large en-suite bathroom.<\/p>\n<p>The terrace has a large swimming pool with its own naya, where we find a bar for enjoying drinks and barbecues, ample space for a table, a bathroom with shower and a laundry room.<\/p>\n<p>Going down to the separate ground floor, we find the same high-quality features and bright, open spaces. Upon entering, we find ourselves in the main hallway, with two bedrooms with built-in wardrobes on the right and a bathroom with a shower and elegant black tile finish on the left.<\/p>\n<p>Continuing down the hallway, we find the living room, which once again offers views of the valley that give this property its unique character. The living room has been pre-installed for a kitchen so that this ground floor can be used as a separate guest apartment, designed to maintain privacy at all times.<\/p><\/p>\n","protected":false},"featured_media":13511486,"template":"","meta":{"id_inmovilla":["25838250"],"property_type":["Villa"],"property_ref":["PG5248"],"property_price":["780000"],"property_city":["Lliber"],"property_region":["ALICANTE"],"zona-auxiliar":["Ll\u00edber"],"tipo-via":[""],"domicilio":[""],"numero":[""],"codigo-postal":["03729"],"altura":[""],"planta":[""],"piso":[""],"puerta":[""],"escalera":[""],"bloque":[""],"edificio":[""],"habitaciones-dobles":["5"],"bedrooms":["0"],"banos":["3"],"aseos":["0"],"salones":["0"],"parking":["0","false"],"plantas":["0"],"fecha-construccion":["2000"],"distancia-playa":["0"],"comunidad":["0"],"periodicidad-comunidad":["MES"],"ibi":["0.00"],"distancia-al-mar":["0"],"metros-utiles":["0.00"],"metros-construidos":["362.00"],"metros-parcela":["3760"],"metros-de-la-terraza":["0.00"],"metros-de-la-cocina":["0.00"],"metros-del-comedor":["0.00"],"metros-del-salon":["0.00"],"estado":["Buen estado"],"carpinteria-exterior":[""],"tipo-suelo":["0"],"orientacion":[""],"carpinteria-interior":[""],"vistas":["0"],"tipo-de-calefaccion":["0"],"agua-caliente":["0"],"tipo-cocina":[""],"instalacion-electrica":["0"],"fachada":[""],"acceso-pmr":["false"],"armarios-empotrados":["false"],"calefaccion":["false"],"garaje":["false"],"jacuzzi":["false"],"solarium":["false"],"vivienda-adaptada":["false"],"ascensor":["false"],"calefaccion-central":["false"],"garaje-doble":["false"],"jardin":["false"],"puerta-blindada":["false"],"t-v":["false"],"aire-acond-central":["false"],"balcon":["false"],"chimenea":["false"],"gas-ciudad":["false"],"lavanderia":["false"],"patio":["false"],"aire-acondicionado":["false"],"bar":["false"],"deposito-agua":["false"],"gimnasio":["false"],"luminoso":["false"],"pergola":["false"],"terraza":["false"],"alarma":["false"],"barbacoa":["false"],"descalcificador":["false"],"hab-juegos":["false"],"luz":["false"],"piscina-comunitaria":["false"],"satelite":["false"],"terraza-acristalada":["false"],"alarma-incendio":["false"],"bomba-frio-y-calor":["false"],"despensa":["false"],"hidromasaje":["false"],"mirador":["false"],"piscina-propia":["false"],"sauna":["false"],"trastero":["false"],"apart-separado":["false"],"buhardilla":["false"],"esquina":["false"],"muebles":["false"],"preinst-aacc":["false"],"sotano":["false"],"videoportero":[""],"autobuses":["false"],"centros-comerciales":["false"],"colegios":["false"],"hospitales":["false"],"urbanizacion":["false"],"vistas-al-mar":["false"],"zonas-infantiles":["false"],"arboles":["false"],"centros-medicos":["false"],"costa":["false"],"metro":["false"],"primera-linea":["false"],"tranvia":["false"],"vallado":["false"],"golf":["false"],"montana":["false"],"rural":["false"],"tren":["false"],"exclusividad":["false"],"tour-virtual":[""],"video":[""],"disponibilidad-propiedad":["Reservado"],"habitaciones_totales":["5"],"ojo_de_buey":["false"],"certificado_energetico":["E"],"energia_valor":["138"],"_wp_page_template":["default"],"galeria":["a:50:{i:13511486;s:67:\"https:\/\/grupo-garcia.es\/wp-content\/uploads\/2025\/08\/3-1-1-scaled.jpg\";i:13511490;s:67:\"https:\/\/grupo-garcia.es\/wp-content\/uploads\/2025\/08\/3-2-1-scaled.jpg\";i:13511494;s:67:\"https:\/\/grupo-garcia.es\/wp-content\/uploads\/2025\/08\/3-3-1-scaled.jpg\";i:13511498;s:67:\"https:\/\/grupo-garcia.es\/wp-content\/uploads\/2025\/08\/3-4-1-scaled.jpg\";i:13511502;s:67:\"https:\/\/grupo-garcia.es\/wp-content\/uploads\/2025\/08\/3-5-1-scaled.jpg\";i:13511506;s:67:\"https:\/\/grupo-garcia.es\/wp-content\/uploads\/2025\/08\/3-6-1-scaled.jpg\";i:13511510;s:67:\"https:\/\/grupo-garcia.es\/wp-content\/uploads\/2025\/08\/3-7-1-scaled.jpg\";i:13511514;s:67:\"https:\/\/grupo-garcia.es\/wp-content\/uploads\/2025\/08\/3-8-1-scaled.jpg\";i:13511518;s:67:\"https:\/\/grupo-garcia.es\/wp-content\/uploads\/2025\/08\/3-9-1-scaled.jpg\";i:13511522;s:68:\"https:\/\/grupo-garcia.es\/wp-content\/uploads\/2025\/08\/3-10-1-scaled.jpg\";i:13511526;s:68:\"https:\/\/grupo-garcia.es\/wp-content\/uploads\/2025\/08\/3-11-1-scaled.jpg\";i:13511530;s:68:\"https:\/\/grupo-garcia.es\/wp-content\/uploads\/2025\/08\/3-12-1-scaled.jpg\";i:13511534;s:68:\"https:\/\/grupo-garcia.es\/wp-content\/uploads\/2025\/08\/3-13-1-scaled.jpg\";i:13511538;s:68:\"https:\/\/grupo-garcia.es\/wp-content\/uploads\/2025\/08\/3-14-1-scaled.jpg\";i:13511542;s:68:\"https:\/\/grupo-garcia.es\/wp-content\/uploads\/2025\/08\/3-15-1-scaled.jpg\";i:13511546;s:68:\"https:\/\/grupo-garcia.es\/wp-content\/uploads\/2025\/08\/3-16-1-scaled.jpg\";i:13511550;s:68:\"https:\/\/grupo-garcia.es\/wp-content\/uploads\/2025\/08\/3-17-1-scaled.jpg\";i:13511554;s:68:\"https:\/\/grupo-garcia.es\/wp-content\/uploads\/2025\/08\/3-18-1-scaled.jpg\";i:13511558;s:68:\"https:\/\/grupo-garcia.es\/wp-content\/uploads\/2025\/08\/3-19-1-scaled.jpg\";i:13511562;s:68:\"https:\/\/grupo-garcia.es\/wp-content\/uploads\/2025\/08\/3-20-1-scaled.jpg\";i:13511566;s:68:\"https:\/\/grupo-garcia.es\/wp-content\/uploads\/2025\/08\/3-21-1-scaled.jpg\";i:13511570;s:68:\"https:\/\/grupo-garcia.es\/wp-content\/uploads\/2025\/08\/3-22-1-scaled.jpg\";i:13511574;s:68:\"https:\/\/grupo-garcia.es\/wp-content\/uploads\/2025\/08\/3-23-1-scaled.jpg\";i:13511578;s:68:\"https:\/\/grupo-garcia.es\/wp-content\/uploads\/2025\/08\/3-24-1-scaled.jpg\";i:13511582;s:68:\"https:\/\/grupo-garcia.es\/wp-content\/uploads\/2025\/08\/3-25-1-scaled.jpg\";i:13511586;s:68:\"https:\/\/grupo-garcia.es\/wp-content\/uploads\/2025\/08\/3-26-1-scaled.jpg\";i:13511590;s:68:\"https:\/\/grupo-garcia.es\/wp-content\/uploads\/2025\/08\/3-27-1-scaled.jpg\";i:13511594;s:68:\"https:\/\/grupo-garcia.es\/wp-content\/uploads\/2025\/08\/3-28-1-scaled.jpg\";i:13511598;s:68:\"https:\/\/grupo-garcia.es\/wp-content\/uploads\/2025\/08\/3-29-1-scaled.jpg\";i:13511602;s:68:\"https:\/\/grupo-garcia.es\/wp-content\/uploads\/2025\/08\/3-30-1-scaled.jpg\";i:13511606;s:68:\"https:\/\/grupo-garcia.es\/wp-content\/uploads\/2025\/08\/3-31-1-scaled.jpg\";i:13511610;s:68:\"https:\/\/grupo-garcia.es\/wp-content\/uploads\/2025\/08\/3-32-1-scaled.jpg\";i:13511614;s:68:\"https:\/\/grupo-garcia.es\/wp-content\/uploads\/2025\/08\/3-33-1-scaled.jpg\";i:13511618;s:68:\"https:\/\/grupo-garcia.es\/wp-content\/uploads\/2025\/08\/3-34-1-scaled.jpg\";i:13511622;s:66:\"https:\/\/grupo-garcia.es\/wp-content\/uploads\/2025\/08\/3-35-scaled.jpg\";i:13511626;s:66:\"https:\/\/grupo-garcia.es\/wp-content\/uploads\/2025\/08\/3-36-scaled.jpg\";i:13511630;s:66:\"https:\/\/grupo-garcia.es\/wp-content\/uploads\/2025\/08\/3-37-scaled.jpg\";i:13511634;s:66:\"https:\/\/grupo-garcia.es\/wp-content\/uploads\/2025\/08\/3-38-scaled.jpg\";i:13511638;s:66:\"https:\/\/grupo-garcia.es\/wp-content\/uploads\/2025\/08\/3-39-scaled.jpg\";i:13511642;s:66:\"https:\/\/grupo-garcia.es\/wp-content\/uploads\/2025\/08\/3-40-scaled.jpg\";i:13511646;s:66:\"https:\/\/grupo-garcia.es\/wp-content\/uploads\/2025\/08\/3-41-scaled.jpg\";i:13511650;s:66:\"https:\/\/grupo-garcia.es\/wp-content\/uploads\/2025\/08\/3-42-scaled.jpg\";i:13511654;s:66:\"https:\/\/grupo-garcia.es\/wp-content\/uploads\/2025\/08\/3-43-scaled.jpg\";i:13511658;s:66:\"https:\/\/grupo-garcia.es\/wp-content\/uploads\/2025\/08\/3-44-scaled.jpg\";i:13511662;s:66:\"https:\/\/grupo-garcia.es\/wp-content\/uploads\/2025\/08\/3-45-scaled.jpg\";i:13511666;s:66:\"https:\/\/grupo-garcia.es\/wp-content\/uploads\/2025\/08\/3-46-scaled.jpg\";i:13511670;s:66:\"https:\/\/grupo-garcia.es\/wp-content\/uploads\/2025\/08\/3-47-scaled.jpg\";i:13512494;s:59:\"https:\/\/grupo-garcia.es\/wp-content\/uploads\/2025\/08\/3-48.jpg\";i:13512498;s:59:\"https:\/\/grupo-garcia.es\/wp-content\/uploads\/2025\/08\/3-49.jpg\";i:13512502;s:59:\"https:\/\/grupo-garcia.es\/wp-content\/uploads\/2025\/08\/3-50.jpg\";}"],"_thumbnail_id":["13511486"],"_wpml_word_count":["362"]},"property-state":[197],"property-type":[199],"zone":[158],"city":[71],"property_categories":[225],"class_list":["post-13511829","properties","type-properties","status-publish","has-post-thumbnail","hentry","property-state-resale","property-type-villas-en","zone-lliber","city-lliber","property_categories-sell"],"yoast_head":"<!-- This site is optimized with the Yoast SEO plugin v27.5 - https:\/\/yoast.com\/product\/yoast-seo-wordpress\/ -->\n<title>Panoramic views of the valley - 5-bedroom villa for sale in Ll\u00edber | Grupo Garcia<\/title>\n<meta name=\"description\" content=\"Panoramic views of the valley - 5-bedroom villa for sale in Ll\u00edber Located in the picturesque town of Ll\u00edber, on the Costa Blanca, this spacious villa offers stunning views of the Pop Valley, the B\u00e8rnia mountain range and\" \/>\n<meta name=\"robots\" content=\"index, follow, max-snippet:-1, max-image-preview:large, max-video-preview:-1\" \/>\n<link rel=\"canonical\" href=\"https:\/\/grupo-garcia.es\/en\/properties\/panoramic-views-of-the-valley-5-bedroom-villa-for-sale-in-lliber-25838250\/\" \/>\n<meta property=\"og:locale\" content=\"en_GB\" \/>\n<meta property=\"og:type\" content=\"article\" \/>\n<meta property=\"og:title\" content=\"Panoramic views of the valley - 5-bedroom villa for sale in Ll\u00edber | Grupo Garcia\" \/>\n<meta property=\"og:description\" content=\"Panoramic views of the valley - 5-bedroom villa for sale in Ll\u00edber Located in the picturesque town of Ll\u00edber, on the Costa Blanca, this spacious villa offers stunning views of the Pop Valley, the B\u00e8rnia mountain range and\" \/>\n<meta property=\"og:url\" content=\"https:\/\/grupo-garcia.es\/en\/properties\/panoramic-views-of-the-valley-5-bedroom-villa-for-sale-in-lliber-25838250\/\" \/>\n<meta property=\"og:site_name\" content=\"Grupo Garcia\" \/>\n<meta property=\"article:publisher\" content=\"https:\/\/www.facebook.com\/grupogarciacostablanca\/\" \/>\n<meta property=\"article:modified_time\" content=\"2026-04-28T03:21:29+00:00\" \/>\n<meta property=\"og:image\" content=\"https:\/\/grupo-garcia.es\/wp-content\/uploads\/2025\/08\/3-1-1-scaled.jpg\" \/>\n\t<meta property=\"og:image:width\" content=\"2560\" \/>\n\t<meta property=\"og:image:height\" content=\"1440\" \/>\n\t<meta property=\"og:image:type\" content=\"image\/jpeg\" \/>\n<meta name=\"twitter:card\" content=\"summary_large_image\" \/>\n<meta name=\"twitter:label1\" content=\"Estimated reading time\" \/>\n\t<meta name=\"twitter:data1\" content=\"2 minutes\" \/>\n<script type=\"application\/ld+json\" class=\"yoast-schema-graph\">{\"@context\":\"https:\\\/\\\/schema.org\",\"@graph\":[{\"@type\":[\"WebPage\",\"RealEstateListing\"],\"@id\":\"https:\\\/\\\/grupo-garcia.es\\\/en\\\/properties\\\/panoramic-views-of-the-valley-5-bedroom-villa-for-sale-in-lliber-25838250\\\/\",\"url\":\"https:\\\/\\\/grupo-garcia.es\\\/en\\\/properties\\\/panoramic-views-of-the-valley-5-bedroom-villa-for-sale-in-lliber-25838250\\\/\",\"name\":\"Panoramic views of the valley - 5-bedroom villa for sale in Ll\u00edber | Grupo Garcia\",\"isPartOf\":{\"@id\":\"https:\\\/\\\/grupo-garcia.es\\\/en\\\/#website\"},\"primaryImageOfPage\":{\"@id\":\"https:\\\/\\\/grupo-garcia.es\\\/en\\\/properties\\\/panoramic-views-of-the-valley-5-bedroom-villa-for-sale-in-lliber-25838250\\\/#primaryimage\"},\"image\":{\"@id\":\"https:\\\/\\\/grupo-garcia.es\\\/en\\\/properties\\\/panoramic-views-of-the-valley-5-bedroom-villa-for-sale-in-lliber-25838250\\\/#primaryimage\"},\"thumbnailUrl\":\"https:\\\/\\\/grupo-garcia.es\\\/wp-content\\\/uploads\\\/2025\\\/08\\\/3-1-1-scaled.jpg\",\"datePublished\":\"2025-12-01T12:31:31+00:00\",\"dateModified\":\"2026-04-28T03:21:29+00:00\",\"description\":\"Panoramic views of the valley - 5-bedroom villa for sale in Ll\u00edber Located in the picturesque town of Ll\u00edber, on the Costa Blanca, this spacious villa offers stunning views of the Pop Valley, the B\u00e8rnia mountain range and\",\"breadcrumb\":{\"@id\":\"https:\\\/\\\/grupo-garcia.es\\\/en\\\/properties\\\/panoramic-views-of-the-valley-5-bedroom-villa-for-sale-in-lliber-25838250\\\/#breadcrumb\"},\"inLanguage\":\"en-GB\",\"potentialAction\":[{\"@type\":\"ReadAction\",\"target\":[\"https:\\\/\\\/grupo-garcia.es\\\/en\\\/properties\\\/panoramic-views-of-the-valley-5-bedroom-villa-for-sale-in-lliber-25838250\\\/\"]}]},{\"@type\":\"ImageObject\",\"inLanguage\":\"en-GB\",\"@id\":\"https:\\\/\\\/grupo-garcia.es\\\/en\\\/properties\\\/panoramic-views-of-the-valley-5-bedroom-villa-for-sale-in-lliber-25838250\\\/#primaryimage\",\"url\":\"https:\\\/\\\/grupo-garcia.es\\\/wp-content\\\/uploads\\\/2025\\\/08\\\/3-1-1-scaled.jpg\",\"contentUrl\":\"https:\\\/\\\/grupo-garcia.es\\\/wp-content\\\/uploads\\\/2025\\\/08\\\/3-1-1-scaled.jpg\",\"width\":2560,\"height\":1440},{\"@type\":\"BreadcrumbList\",\"@id\":\"https:\\\/\\\/grupo-garcia.es\\\/en\\\/properties\\\/panoramic-views-of-the-valley-5-bedroom-villa-for-sale-in-lliber-25838250\\\/#breadcrumb\",\"itemListElement\":[{\"@type\":\"ListItem\",\"position\":1,\"name\":\"Portada\",\"item\":\"https:\\\/\\\/grupo-garcia.es\\\/en\\\/\"},{\"@type\":\"ListItem\",\"position\":2,\"name\":\"Properties\",\"item\":\"https:\\\/\\\/grupo-garcia.es\\\/en\\\/properties\\\/\"},{\"@type\":\"ListItem\",\"position\":3,\"name\":\"Panoramic views of the valley &#8211; 5-bedroom villa for sale in Ll\u00edber\"}]},{\"@type\":\"WebSite\",\"@id\":\"https:\\\/\\\/grupo-garcia.es\\\/en\\\/#website\",\"url\":\"https:\\\/\\\/grupo-garcia.es\\\/en\\\/\",\"name\":\"Grupo Garcia\",\"description\":\"Inmobiliaria en J\u00e1vea y Jal\u00f3n\",\"potentialAction\":[{\"@type\":\"SearchAction\",\"target\":{\"@type\":\"EntryPoint\",\"urlTemplate\":\"https:\\\/\\\/grupo-garcia.es\\\/en\\\/?s={search_term_string}\"},\"query-input\":{\"@type\":\"PropertyValueSpecification\",\"valueRequired\":true,\"valueName\":\"search_term_string\"}}],\"inLanguage\":\"en-GB\"}]}<\/script>\n<!-- \/ Yoast SEO plugin. -->","yoast_head_json":{"title":"Panoramic views of the valley - 5-bedroom villa for sale in Ll\u00edber | Grupo Garcia","description":"Panoramic views of the valley - 5-bedroom villa for sale in Ll\u00edber Located in the picturesque town of Ll\u00edber, on the Costa Blanca, this spacious villa offers stunning views of the Pop Valley, the B\u00e8rnia mountain range and","robots":{"index":"index","follow":"follow","max-snippet":"max-snippet:-1","max-image-preview":"max-image-preview:large","max-video-preview":"max-video-preview:-1"},"canonical":"https:\/\/grupo-garcia.es\/en\/properties\/panoramic-views-of-the-valley-5-bedroom-villa-for-sale-in-lliber-25838250\/","og_locale":"en_GB","og_type":"article","og_title":"Panoramic views of the valley - 5-bedroom villa for sale in Ll\u00edber | Grupo Garcia","og_description":"Panoramic views of the valley - 5-bedroom villa for sale in Ll\u00edber Located in the picturesque town of Ll\u00edber, on the Costa Blanca, this spacious villa offers stunning views of the Pop Valley, the B\u00e8rnia mountain range and","og_url":"https:\/\/grupo-garcia.es\/en\/properties\/panoramic-views-of-the-valley-5-bedroom-villa-for-sale-in-lliber-25838250\/","og_site_name":"Grupo Garcia","article_publisher":"https:\/\/www.facebook.com\/grupogarciacostablanca\/","article_modified_time":"2026-04-28T03:21:29+00:00","og_image":[{"width":2560,"height":1440,"url":"https:\/\/grupo-garcia.es\/wp-content\/uploads\/2025\/08\/3-1-1-scaled.jpg","type":"image\/jpeg"}],"twitter_card":"summary_large_image","twitter_misc":{"Estimated reading time":"2 minutes"},"schema":{"@context":"https:\/\/schema.org","@graph":[{"@type":["WebPage","RealEstateListing"],"@id":"https:\/\/grupo-garcia.es\/en\/properties\/panoramic-views-of-the-valley-5-bedroom-villa-for-sale-in-lliber-25838250\/","url":"https:\/\/grupo-garcia.es\/en\/properties\/panoramic-views-of-the-valley-5-bedroom-villa-for-sale-in-lliber-25838250\/","name":"Panoramic views of the valley - 5-bedroom villa for sale in Ll\u00edber | Grupo Garcia","isPartOf":{"@id":"https:\/\/grupo-garcia.es\/en\/#website"},"primaryImageOfPage":{"@id":"https:\/\/grupo-garcia.es\/en\/properties\/panoramic-views-of-the-valley-5-bedroom-villa-for-sale-in-lliber-25838250\/#primaryimage"},"image":{"@id":"https:\/\/grupo-garcia.es\/en\/properties\/panoramic-views-of-the-valley-5-bedroom-villa-for-sale-in-lliber-25838250\/#primaryimage"},"thumbnailUrl":"https:\/\/grupo-garcia.es\/wp-content\/uploads\/2025\/08\/3-1-1-scaled.jpg","datePublished":"2025-12-01T12:31:31+00:00","dateModified":"2026-04-28T03:21:29+00:00","description":"Panoramic views of the valley - 5-bedroom villa for sale in Ll\u00edber Located in the picturesque town of Ll\u00edber, on the Costa Blanca, this spacious villa offers stunning views of the Pop Valley, the B\u00e8rnia mountain range and","breadcrumb":{"@id":"https:\/\/grupo-garcia.es\/en\/properties\/panoramic-views-of-the-valley-5-bedroom-villa-for-sale-in-lliber-25838250\/#breadcrumb"},"inLanguage":"en-GB","potentialAction":[{"@type":"ReadAction","target":["https:\/\/grupo-garcia.es\/en\/properties\/panoramic-views-of-the-valley-5-bedroom-villa-for-sale-in-lliber-25838250\/"]}]},{"@type":"ImageObject","inLanguage":"en-GB","@id":"https:\/\/grupo-garcia.es\/en\/properties\/panoramic-views-of-the-valley-5-bedroom-villa-for-sale-in-lliber-25838250\/#primaryimage","url":"https:\/\/grupo-garcia.es\/wp-content\/uploads\/2025\/08\/3-1-1-scaled.jpg","contentUrl":"https:\/\/grupo-garcia.es\/wp-content\/uploads\/2025\/08\/3-1-1-scaled.jpg","width":2560,"height":1440},{"@type":"BreadcrumbList","@id":"https:\/\/grupo-garcia.es\/en\/properties\/panoramic-views-of-the-valley-5-bedroom-villa-for-sale-in-lliber-25838250\/#breadcrumb","itemListElement":[{"@type":"ListItem","position":1,"name":"Portada","item":"https:\/\/grupo-garcia.es\/en\/"},{"@type":"ListItem","position":2,"name":"Properties","item":"https:\/\/grupo-garcia.es\/en\/properties\/"},{"@type":"ListItem","position":3,"name":"Panoramic views of the valley &#8211; 5-bedroom villa for sale in Ll\u00edber"}]},{"@type":"WebSite","@id":"https:\/\/grupo-garcia.es\/en\/#website","url":"https:\/\/grupo-garcia.es\/en\/","name":"Grupo Garcia","description":"Inmobiliaria en J\u00e1vea y Jal\u00f3n","potentialAction":[{"@type":"SearchAction","target":{"@type":"EntryPoint","urlTemplate":"https:\/\/grupo-garcia.es\/en\/?s={search_term_string}"},"query-input":{"@type":"PropertyValueSpecification","valueRequired":true,"valueName":"search_term_string"}}],"inLanguage":"en-GB"}]}},"_links":{"self":[{"href":"https:\/\/grupo-garcia.es\/en\/wp-json\/wp\/v2\/properties\/13511829","targetHints":{"allow":["GET"]}}],"collection":[{"href":"https:\/\/grupo-garcia.es\/en\/wp-json\/wp\/v2\/properties"}],"about":[{"href":"https:\/\/grupo-garcia.es\/en\/wp-json\/wp\/v2\/types\/properties"}],"wp:featuredmedia":[{"embeddable":true,"href":"https:\/\/grupo-garcia.es\/en\/wp-json\/wp\/v2\/media\/13511486"}],"wp:attachment":[{"href":"https:\/\/grupo-garcia.es\/en\/wp-json\/wp\/v2\/media?parent=13511829"}],"wp:term":[{"taxonomy":"property-state","embeddable":true,"href":"https:\/\/grupo-garcia.es\/en\/wp-json\/wp\/v2\/property-state?post=13511829"},{"taxonomy":"property-type","embeddable":true,"href":"https:\/\/grupo-garcia.es\/en\/wp-json\/wp\/v2\/property-type?post=13511829"},{"taxonomy":"zone","embeddable":true,"href":"https:\/\/grupo-garcia.es\/en\/wp-json\/wp\/v2\/zone?post=13511829"},{"taxonomy":"city","embeddable":true,"href":"https:\/\/grupo-garcia.es\/en\/wp-json\/wp\/v2\/city?post=13511829"},{"taxonomy":"property_categories","embeddable":true,"href":"https:\/\/grupo-garcia.es\/en\/wp-json\/wp\/v2\/property_categories?post=13511829"}],"curies":[{"name":"wp","href":"https:\/\/api.w.org\/{rel}","templated":true}]}}