{"id":13503738,"date":"2026-04-21T13:28:47","date_gmt":"2026-04-21T12:28:47","guid":{"rendered":"https:\/\/grupo-garcia.es\/properties\/modern-3-bedroom-apartments-for-sale-in-calpe-views-of-the-penon-de-ifach-and-las-salinas-25344012\/"},"modified":"2026-04-28T04:21:15","modified_gmt":"2026-04-28T03:21:15","slug":"modern-3-bedroom-apartments-for-sale-in-calpe-views-of-the-penon-de-ifach-and-las-salinas-25344012","status":"publish","type":"properties","link":"https:\/\/grupo-garcia.es\/en\/properties\/modern-3-bedroom-apartments-for-sale-in-calpe-views-of-the-penon-de-ifach-and-las-salinas-25344012\/","title":{"rendered":"Modern 3-bedroom apartments for sale in Calpe &#8211; Views of the Pe\u00f1\u00f3n de Ifach and Las Salinas"},"content":{"rendered":"<p>With unobstructed views of the Pe\u00f1\u00f3n de Ifach and Las Salinas, this exclusive residential complex consists of two elegant 10-storey towers. Each three-bedroom apartment has been designed to offer spaciousness, natural light and a fluid connection between indoor and outdoor spaces.<\/p>\n<p>Upon entering, we step into a hallway that leads to the left to the sleeping area, where we find two double bedrooms with built-in wardrobes and a shared bathroom, with the option of choosing between a bath or shower according to preference. At the back, the master bedroom is an intimate space with its own en-suite bathroom, equipped with a double sink and a large shower.<\/p>\n<p>The living area is an open and modern space that integrates the living room, dining room and kitchen with an island. The room is very bright, with floor-to-ceiling windows that flood the room with natural light and open onto the terrace, creating a harmonious connection between the interior and exterior. The kitchen is fully equipped, with resistant and sophisticated quartz surfaces, contemporary designer furniture and a careful selection of appliances.<\/p>\n<p>Each home can be personalised: there are three different styles of wall paint, two options for flooring and bathroom tiles, and three possible combinations for the furniture and kitchen worktop, allowing every detail to be adapted to the taste of the occupant.<\/p>\n<p>All homes include a parking space and a storage room.<\/p>\n<p>The complex has spacious communal areas designed for the enjoyment of the whole family: a swimming pool for adults and children with a sunbathing area, a paddle tennis court, a gourmet room for celebrations, green areas and a children&#8217;s playground. All this is accompanied by an efficient aerothermal air conditioning system and heat pump air conditioning, which guarantees a pleasant temperature all year round.<\/p>\n<p>In terms of proximity to points of interest, this residence is located a few steps from the Mercadona supermarket and less than a kilometre from La Fossa Beach. A short drive away are schools, a golf course, the port and several shopping areas.<\/p>\n<p>Alicante airport is less than an hour away and Valencia airport is less than an hour and a half away.<\/p>\n<p>An ideal proposition in the heart of Calpe, both for year-round living and for enjoying a second home by the sea.<\/p>\n<p>Calpe is known for its iconic Pe\u00f1\u00f3n de Ifach, which rises imposingly above the coast and offers hiking trails with spectacular views.<\/p>\n<p>The area is known for its beaches with crystal clear waters and fine sand, such as Playa del Arenal-Bol and Playa de la Fossa, ideal for enjoying the mild climate all year round. Just a few minutes away, exclusive yacht clubs, golf courses and marinas allow you to enjoy activities such as sailing, diving and paddle surfing.<\/p>\n<p>Culturally, the calendar of local festivals is very lively, with highlights including the Fallas, the patron saint festivities in honour of the Virgen de las Nieves, and the traditional Moors and Christians festival. All this takes place in a friendly and welcoming atmosphere, typical of Mediterranean villages. Gastronomy is another major attraction: rice dishes, fresh fish and local products can be enjoyed in both traditional restaurants and modern eateries. In addition, the proximity to other towns such as Altea, Moraira and J\u00e1vea offers even more options for exploring the region&#8217;s riches.<\/p><\/p>\n","protected":false},"featured_media":13503550,"template":"","meta":{"id_inmovilla":["25344012"],"property_type":["Apartamento"],"property_ref":["NC5229"],"property_price":["429000"],"property_city":["Calpe"],"property_region":["ALICANTE"],"zona-auxiliar":["Calpe"],"tipo-via":[""],"domicilio":[""],"numero":[""],"codigo-postal":["03710"],"altura":[""],"planta":[""],"piso":[""],"puerta":[""],"escalera":[""],"bloque":[""],"edificio":[""],"habitaciones-dobles":["3"],"bedrooms":["0"],"banos":["2"],"aseos":["0"],"salones":["1"],"parking":["1","2"],"plantas":["10"],"fecha-construccion":["2025"],"distancia-playa":["700"],"comunidad":["0"],"periodicidad-comunidad":["MES"],"ibi":["0.00"],"distancia-al-mar":["700"],"metros-utiles":["92.00"],"metros-construidos":["110.00"],"metros-parcela":["0"],"metros-de-la-terraza":["13.00"],"metros-de-la-cocina":["0.00"],"metros-del-comedor":["0.00"],"metros-del-salon":["0.00"],"estado":["Nuevo"],"carpinteria-exterior":["Aluminio\/Climalit"],"tipo-suelo":["Stoneware and parquet"],"orientacion":[""],"carpinteria-interior":["Madera"],"vistas":["Lake and mountain"],"tipo-de-calefaccion":["23"],"agua-caliente":["11"],"tipo-cocina":[""],"instalacion-electrica":["220W"],"fachada":[""],"acceso-pmr":["false"],"armarios-empotrados":["true"],"calefaccion":["true"],"garaje":["false"],"jacuzzi":["false"],"solarium":["false"],"vivienda-adaptada":["false"],"ascensor":["true"],"calefaccion-central":["true"],"garaje-doble":["false"],"jardin":["true"],"puerta-blindada":["false"],"t-v":["false"],"aire-acond-central":["true"],"balcon":["false"],"chimenea":["false"],"gas-ciudad":["false"],"lavanderia":["false"],"patio":["false"],"aire-acondicionado":["true"],"bar":["false"],"deposito-agua":["false"],"gimnasio":["false"],"luminoso":["true"],"pergola":["false"],"terraza":["true"],"alarma":["false"],"barbacoa":["false"],"descalcificador":["false"],"hab-juegos":["false"],"luz":["false"],"piscina-comunitaria":["true"],"satelite":["false"],"terraza-acristalada":["false"],"alarma-incendio":["false"],"bomba-frio-y-calor":["true"],"despensa":["false"],"hidromasaje":["false"],"mirador":["false"],"piscina-propia":["false"],"sauna":["false"],"trastero":["true"],"apart-separado":["false"],"buhardilla":["false"],"esquina":["false"],"muebles":["true"],"preinst-aacc":["false"],"sotano":["false"],"videoportero":[""],"autobuses":["true"],"centros-comerciales":["true"],"colegios":["true"],"hospitales":["false"],"urbanizacion":["false"],"vistas-al-mar":["true"],"zonas-infantiles":["false"],"arboles":["false"],"centros-medicos":["false"],"costa":["true"],"metro":["false"],"primera-linea":["false"],"tranvia":["false"],"vallado":["false"],"golf":["true"],"montana":["false"],"rural":["false"],"tren":["false"],"exclusividad":["false"],"tour-virtual":[""],"video":[""],"disponibilidad-propiedad":["Libre"],"habitaciones_totales":["3"],"ojo_de_buey":["false"],"certificado_energetico":["G"],"energia_valor":["0"],"_wp_page_template":["default"],"galeria":["a:12:{i:13503550;s:67:\"https:\/\/grupo-garcia.es\/wp-content\/uploads\/2025\/06\/4-1-1-scaled.jpg\";i:13503554;s:67:\"https:\/\/grupo-garcia.es\/wp-content\/uploads\/2025\/06\/4-2-1-scaled.jpg\";i:13503558;s:67:\"https:\/\/grupo-garcia.es\/wp-content\/uploads\/2025\/06\/4-3-1-scaled.jpg\";i:13503562;s:67:\"https:\/\/grupo-garcia.es\/wp-content\/uploads\/2025\/06\/4-4-1-scaled.jpg\";i:13503566;s:67:\"https:\/\/grupo-garcia.es\/wp-content\/uploads\/2025\/06\/4-5-1-scaled.jpg\";i:13503570;s:67:\"https:\/\/grupo-garcia.es\/wp-content\/uploads\/2025\/06\/4-6-1-scaled.jpg\";i:13503574;s:67:\"https:\/\/grupo-garcia.es\/wp-content\/uploads\/2025\/06\/4-7-1-scaled.jpg\";i:13503578;s:67:\"https:\/\/grupo-garcia.es\/wp-content\/uploads\/2025\/06\/4-8-1-scaled.jpg\";i:13503582;s:67:\"https:\/\/grupo-garcia.es\/wp-content\/uploads\/2025\/06\/4-9-1-scaled.jpg\";i:13503586;s:68:\"https:\/\/grupo-garcia.es\/wp-content\/uploads\/2025\/06\/4-10-1-scaled.jpg\";i:13503590;s:68:\"https:\/\/grupo-garcia.es\/wp-content\/uploads\/2025\/06\/4-11-1-scaled.jpg\";i:13503594;s:68:\"https:\/\/grupo-garcia.es\/wp-content\/uploads\/2025\/06\/4-12-1-scaled.jpg\";}"],"_thumbnail_id":["13503550"],"_wpml_word_count":["579"]},"property-state":[198],"property-type":[200],"zone":[352],"city":[63],"property_categories":[225],"class_list":["post-13503738","properties","type-properties","status-publish","has-post-thumbnail","hentry","property-state-buy-a-new-building","property-type-flats","zone-calpe","city-calpe","property_categories-sell"],"yoast_head":"<!-- This site is optimized with the Yoast SEO plugin v27.5 - https:\/\/yoast.com\/product\/yoast-seo-wordpress\/ -->\n<title>Modern 3-bedroom apartments for sale in Calpe - Views of the Pe\u00f1\u00f3n de Ifach and Las Salinas | Grupo Garcia<\/title>\n<meta name=\"description\" content=\"Modern 3-bedroom apartments for sale in Calpe - Views of the Pe\u00f1\u00f3n de Ifach and Las Salinas With unobstructed views of the Pe\u00f1\u00f3n de Ifach and Las Salinas, this exclusive residential complex consists of two elegant 10-storey towers. Each\" \/>\n<meta name=\"robots\" content=\"index, follow, max-snippet:-1, max-image-preview:large, max-video-preview:-1\" \/>\n<link rel=\"canonical\" href=\"https:\/\/grupo-garcia.es\/en\/properties\/modern-3-bedroom-apartments-for-sale-in-calpe-views-of-the-penon-de-ifach-and-las-salinas-25344012\/\" \/>\n<meta property=\"og:locale\" content=\"en_GB\" \/>\n<meta property=\"og:type\" content=\"article\" \/>\n<meta property=\"og:title\" content=\"Modern 3-bedroom apartments for sale in Calpe - Views of the Pe\u00f1\u00f3n de Ifach and Las Salinas | Grupo Garcia\" \/>\n<meta property=\"og:description\" content=\"Modern 3-bedroom apartments for sale in Calpe - Views of the Pe\u00f1\u00f3n de Ifach and Las Salinas With unobstructed views of the Pe\u00f1\u00f3n de Ifach and Las Salinas, this exclusive residential complex consists of two elegant 10-storey towers. Each\" \/>\n<meta property=\"og:url\" content=\"https:\/\/grupo-garcia.es\/en\/properties\/modern-3-bedroom-apartments-for-sale-in-calpe-views-of-the-penon-de-ifach-and-las-salinas-25344012\/\" \/>\n<meta property=\"og:site_name\" content=\"Grupo Garcia\" \/>\n<meta property=\"article:publisher\" content=\"https:\/\/www.facebook.com\/grupogarciacostablanca\/\" \/>\n<meta property=\"article:modified_time\" content=\"2026-04-28T03:21:15+00:00\" \/>\n<meta property=\"og:image\" content=\"https:\/\/grupo-garcia.es\/wp-content\/uploads\/2025\/06\/4-1-1-scaled.jpg\" \/>\n\t<meta property=\"og:image:width\" content=\"2560\" \/>\n\t<meta property=\"og:image:height\" content=\"2133\" \/>\n\t<meta property=\"og:image:type\" content=\"image\/jpeg\" \/>\n<meta name=\"twitter:card\" content=\"summary_large_image\" \/>\n<meta name=\"twitter:label1\" content=\"Estimated reading time\" \/>\n\t<meta name=\"twitter:data1\" content=\"3 minutes\" \/>\n<script type=\"application\/ld+json\" class=\"yoast-schema-graph\">{\"@context\":\"https:\\\/\\\/schema.org\",\"@graph\":[{\"@type\":[\"WebPage\",\"RealEstateListing\"],\"@id\":\"https:\\\/\\\/grupo-garcia.es\\\/en\\\/properties\\\/modern-3-bedroom-apartments-for-sale-in-calpe-views-of-the-penon-de-ifach-and-las-salinas-25344012\\\/\",\"url\":\"https:\\\/\\\/grupo-garcia.es\\\/en\\\/properties\\\/modern-3-bedroom-apartments-for-sale-in-calpe-views-of-the-penon-de-ifach-and-las-salinas-25344012\\\/\",\"name\":\"Modern 3-bedroom apartments for sale in Calpe - Views of the Pe\u00f1\u00f3n de Ifach and Las Salinas | Grupo Garcia\",\"isPartOf\":{\"@id\":\"https:\\\/\\\/grupo-garcia.es\\\/en\\\/#website\"},\"primaryImageOfPage\":{\"@id\":\"https:\\\/\\\/grupo-garcia.es\\\/en\\\/properties\\\/modern-3-bedroom-apartments-for-sale-in-calpe-views-of-the-penon-de-ifach-and-las-salinas-25344012\\\/#primaryimage\"},\"image\":{\"@id\":\"https:\\\/\\\/grupo-garcia.es\\\/en\\\/properties\\\/modern-3-bedroom-apartments-for-sale-in-calpe-views-of-the-penon-de-ifach-and-las-salinas-25344012\\\/#primaryimage\"},\"thumbnailUrl\":\"https:\\\/\\\/grupo-garcia.es\\\/wp-content\\\/uploads\\\/2025\\\/06\\\/4-1-1-scaled.jpg\",\"datePublished\":\"2026-04-21T12:28:47+00:00\",\"dateModified\":\"2026-04-28T03:21:15+00:00\",\"description\":\"Modern 3-bedroom apartments for sale in Calpe - Views of the Pe\u00f1\u00f3n de Ifach and Las Salinas With unobstructed views of the Pe\u00f1\u00f3n de Ifach and Las Salinas, this exclusive residential complex consists of two elegant 10-storey towers. Each\",\"breadcrumb\":{\"@id\":\"https:\\\/\\\/grupo-garcia.es\\\/en\\\/properties\\\/modern-3-bedroom-apartments-for-sale-in-calpe-views-of-the-penon-de-ifach-and-las-salinas-25344012\\\/#breadcrumb\"},\"inLanguage\":\"en-GB\",\"potentialAction\":[{\"@type\":\"ReadAction\",\"target\":[\"https:\\\/\\\/grupo-garcia.es\\\/en\\\/properties\\\/modern-3-bedroom-apartments-for-sale-in-calpe-views-of-the-penon-de-ifach-and-las-salinas-25344012\\\/\"]}]},{\"@type\":\"ImageObject\",\"inLanguage\":\"en-GB\",\"@id\":\"https:\\\/\\\/grupo-garcia.es\\\/en\\\/properties\\\/modern-3-bedroom-apartments-for-sale-in-calpe-views-of-the-penon-de-ifach-and-las-salinas-25344012\\\/#primaryimage\",\"url\":\"https:\\\/\\\/grupo-garcia.es\\\/wp-content\\\/uploads\\\/2025\\\/06\\\/4-1-1-scaled.jpg\",\"contentUrl\":\"https:\\\/\\\/grupo-garcia.es\\\/wp-content\\\/uploads\\\/2025\\\/06\\\/4-1-1-scaled.jpg\",\"width\":2560,\"height\":2133},{\"@type\":\"BreadcrumbList\",\"@id\":\"https:\\\/\\\/grupo-garcia.es\\\/en\\\/properties\\\/modern-3-bedroom-apartments-for-sale-in-calpe-views-of-the-penon-de-ifach-and-las-salinas-25344012\\\/#breadcrumb\",\"itemListElement\":[{\"@type\":\"ListItem\",\"position\":1,\"name\":\"Portada\",\"item\":\"https:\\\/\\\/grupo-garcia.es\\\/en\\\/\"},{\"@type\":\"ListItem\",\"position\":2,\"name\":\"Properties\",\"item\":\"https:\\\/\\\/grupo-garcia.es\\\/en\\\/properties\\\/\"},{\"@type\":\"ListItem\",\"position\":3,\"name\":\"Modern 3-bedroom apartments for sale in Calpe &#8211; Views of the Pe\u00f1\u00f3n de Ifach and Las Salinas\"}]},{\"@type\":\"WebSite\",\"@id\":\"https:\\\/\\\/grupo-garcia.es\\\/en\\\/#website\",\"url\":\"https:\\\/\\\/grupo-garcia.es\\\/en\\\/\",\"name\":\"Grupo Garcia\",\"description\":\"Inmobiliaria en J\u00e1vea y Jal\u00f3n\",\"potentialAction\":[{\"@type\":\"SearchAction\",\"target\":{\"@type\":\"EntryPoint\",\"urlTemplate\":\"https:\\\/\\\/grupo-garcia.es\\\/en\\\/?s={search_term_string}\"},\"query-input\":{\"@type\":\"PropertyValueSpecification\",\"valueRequired\":true,\"valueName\":\"search_term_string\"}}],\"inLanguage\":\"en-GB\"}]}<\/script>\n<!-- \/ Yoast SEO plugin. -->","yoast_head_json":{"title":"Modern 3-bedroom apartments for sale in Calpe - Views of the Pe\u00f1\u00f3n de Ifach and Las Salinas | Grupo Garcia","description":"Modern 3-bedroom apartments for sale in Calpe - Views of the Pe\u00f1\u00f3n de Ifach and Las Salinas With unobstructed views of the Pe\u00f1\u00f3n de Ifach and Las Salinas, this exclusive residential complex consists of two elegant 10-storey towers. Each","robots":{"index":"index","follow":"follow","max-snippet":"max-snippet:-1","max-image-preview":"max-image-preview:large","max-video-preview":"max-video-preview:-1"},"canonical":"https:\/\/grupo-garcia.es\/en\/properties\/modern-3-bedroom-apartments-for-sale-in-calpe-views-of-the-penon-de-ifach-and-las-salinas-25344012\/","og_locale":"en_GB","og_type":"article","og_title":"Modern 3-bedroom apartments for sale in Calpe - Views of the Pe\u00f1\u00f3n de Ifach and Las Salinas | Grupo Garcia","og_description":"Modern 3-bedroom apartments for sale in Calpe - Views of the Pe\u00f1\u00f3n de Ifach and Las Salinas With unobstructed views of the Pe\u00f1\u00f3n de Ifach and Las Salinas, this exclusive residential complex consists of two elegant 10-storey towers. Each","og_url":"https:\/\/grupo-garcia.es\/en\/properties\/modern-3-bedroom-apartments-for-sale-in-calpe-views-of-the-penon-de-ifach-and-las-salinas-25344012\/","og_site_name":"Grupo Garcia","article_publisher":"https:\/\/www.facebook.com\/grupogarciacostablanca\/","article_modified_time":"2026-04-28T03:21:15+00:00","og_image":[{"width":2560,"height":2133,"url":"https:\/\/grupo-garcia.es\/wp-content\/uploads\/2025\/06\/4-1-1-scaled.jpg","type":"image\/jpeg"}],"twitter_card":"summary_large_image","twitter_misc":{"Estimated reading time":"3 minutes"},"schema":{"@context":"https:\/\/schema.org","@graph":[{"@type":["WebPage","RealEstateListing"],"@id":"https:\/\/grupo-garcia.es\/en\/properties\/modern-3-bedroom-apartments-for-sale-in-calpe-views-of-the-penon-de-ifach-and-las-salinas-25344012\/","url":"https:\/\/grupo-garcia.es\/en\/properties\/modern-3-bedroom-apartments-for-sale-in-calpe-views-of-the-penon-de-ifach-and-las-salinas-25344012\/","name":"Modern 3-bedroom apartments for sale in Calpe - Views of the Pe\u00f1\u00f3n de Ifach and Las Salinas | Grupo Garcia","isPartOf":{"@id":"https:\/\/grupo-garcia.es\/en\/#website"},"primaryImageOfPage":{"@id":"https:\/\/grupo-garcia.es\/en\/properties\/modern-3-bedroom-apartments-for-sale-in-calpe-views-of-the-penon-de-ifach-and-las-salinas-25344012\/#primaryimage"},"image":{"@id":"https:\/\/grupo-garcia.es\/en\/properties\/modern-3-bedroom-apartments-for-sale-in-calpe-views-of-the-penon-de-ifach-and-las-salinas-25344012\/#primaryimage"},"thumbnailUrl":"https:\/\/grupo-garcia.es\/wp-content\/uploads\/2025\/06\/4-1-1-scaled.jpg","datePublished":"2026-04-21T12:28:47+00:00","dateModified":"2026-04-28T03:21:15+00:00","description":"Modern 3-bedroom apartments for sale in Calpe - Views of the Pe\u00f1\u00f3n de Ifach and Las Salinas With unobstructed views of the Pe\u00f1\u00f3n de Ifach and Las Salinas, this exclusive residential complex consists of two elegant 10-storey towers. Each","breadcrumb":{"@id":"https:\/\/grupo-garcia.es\/en\/properties\/modern-3-bedroom-apartments-for-sale-in-calpe-views-of-the-penon-de-ifach-and-las-salinas-25344012\/#breadcrumb"},"inLanguage":"en-GB","potentialAction":[{"@type":"ReadAction","target":["https:\/\/grupo-garcia.es\/en\/properties\/modern-3-bedroom-apartments-for-sale-in-calpe-views-of-the-penon-de-ifach-and-las-salinas-25344012\/"]}]},{"@type":"ImageObject","inLanguage":"en-GB","@id":"https:\/\/grupo-garcia.es\/en\/properties\/modern-3-bedroom-apartments-for-sale-in-calpe-views-of-the-penon-de-ifach-and-las-salinas-25344012\/#primaryimage","url":"https:\/\/grupo-garcia.es\/wp-content\/uploads\/2025\/06\/4-1-1-scaled.jpg","contentUrl":"https:\/\/grupo-garcia.es\/wp-content\/uploads\/2025\/06\/4-1-1-scaled.jpg","width":2560,"height":2133},{"@type":"BreadcrumbList","@id":"https:\/\/grupo-garcia.es\/en\/properties\/modern-3-bedroom-apartments-for-sale-in-calpe-views-of-the-penon-de-ifach-and-las-salinas-25344012\/#breadcrumb","itemListElement":[{"@type":"ListItem","position":1,"name":"Portada","item":"https:\/\/grupo-garcia.es\/en\/"},{"@type":"ListItem","position":2,"name":"Properties","item":"https:\/\/grupo-garcia.es\/en\/properties\/"},{"@type":"ListItem","position":3,"name":"Modern 3-bedroom apartments for sale in Calpe &#8211; Views of the Pe\u00f1\u00f3n de Ifach and Las Salinas"}]},{"@type":"WebSite","@id":"https:\/\/grupo-garcia.es\/en\/#website","url":"https:\/\/grupo-garcia.es\/en\/","name":"Grupo Garcia","description":"Inmobiliaria en J\u00e1vea y Jal\u00f3n","potentialAction":[{"@type":"SearchAction","target":{"@type":"EntryPoint","urlTemplate":"https:\/\/grupo-garcia.es\/en\/?s={search_term_string}"},"query-input":{"@type":"PropertyValueSpecification","valueRequired":true,"valueName":"search_term_string"}}],"inLanguage":"en-GB"}]}},"_links":{"self":[{"href":"https:\/\/grupo-garcia.es\/en\/wp-json\/wp\/v2\/properties\/13503738","targetHints":{"allow":["GET"]}}],"collection":[{"href":"https:\/\/grupo-garcia.es\/en\/wp-json\/wp\/v2\/properties"}],"about":[{"href":"https:\/\/grupo-garcia.es\/en\/wp-json\/wp\/v2\/types\/properties"}],"wp:featuredmedia":[{"embeddable":true,"href":"https:\/\/grupo-garcia.es\/en\/wp-json\/wp\/v2\/media\/13503550"}],"wp:attachment":[{"href":"https:\/\/grupo-garcia.es\/en\/wp-json\/wp\/v2\/media?parent=13503738"}],"wp:term":[{"taxonomy":"property-state","embeddable":true,"href":"https:\/\/grupo-garcia.es\/en\/wp-json\/wp\/v2\/property-state?post=13503738"},{"taxonomy":"property-type","embeddable":true,"href":"https:\/\/grupo-garcia.es\/en\/wp-json\/wp\/v2\/property-type?post=13503738"},{"taxonomy":"zone","embeddable":true,"href":"https:\/\/grupo-garcia.es\/en\/wp-json\/wp\/v2\/zone?post=13503738"},{"taxonomy":"city","embeddable":true,"href":"https:\/\/grupo-garcia.es\/en\/wp-json\/wp\/v2\/city?post=13503738"},{"taxonomy":"property_categories","embeddable":true,"href":"https:\/\/grupo-garcia.es\/en\/wp-json\/wp\/v2\/property_categories?post=13503738"}],"curies":[{"name":"wp","href":"https:\/\/api.w.org\/{rel}","templated":true}]}}